{"id":10931,"date":"2022-06-14T14:18:20","date_gmt":"2022-06-14T17:18:20","guid":{"rendered":"https:\/\/www.jinsai.org\/pt-BR\/?page_id=10931"},"modified":"2022-06-14T14:18:20","modified_gmt":"2022-06-14T17:18:20","slug":"volume-2","status":"publish","type":"page","link":"https:\/\/www.jinsai.org\/pt-BR\/meishu-sama\/a-luz-do-oriente\/volume-2\/","title":{"rendered":"Volume 2"},"content":{"rendered":"<div id=\"pl-10931\"  class=\"panel-layout\" ><div id=\"pg-10931-0\"  class=\"panel-grid panel-no-style\" ><div id=\"pgc-10931-0-0\"  class=\"panel-grid-cell\" ><div id=\"panel-10931-0-0-0\" class=\"so-panel widget_siteorigin-panels-postloop panel-first-child\" data-index=\"0\" >\n\t<div id=\"vantage-circleicon-loop\" class=\"vantage-circleicon-loop circleicon-loop-columns-3\">\n\n\t\t<div class=\"widget widget_circleicon-widget\">\t\t<div class=\"circle-icon-box circle-icon-position-top circle-icon-hide-box circle-icon-size-small\">\n\t\t\t<div class=\"circle-icon-wrapper\">\n\t\t\t\t<a href=\"https:\/\/www.jinsai.org\/pt-BR\/meishu-sama\/a-luz-do-oriente\/volume-2\/capitulo-xix\/\" class=\"link-icon\" >\t\t\t\t<div class=\"circle-icon icon-style-set\" style=\"background-image: url(https:\/\/www.jinsai.org\/pt-BR\/wp-content\/uploads\/2022\/10\/238-B-150x53.jpg)\">\n\t\t\t\t\t\t\t\t\t<\/div>\n\t\t\t\t<\/a>\t\t\t<\/div>\n\n\t\t\t<a href=\"https:\/\/www.jinsai.org\/pt-BR\/meishu-sama\/a-luz-do-oriente\/volume-2\/capitulo-xix\/\" class=\"link-title\" >\t\t\t<h5 >Volume 2<\/h5>\t\t\t<h4 >CAP\u00cdTULO XIX<\/h4>\t\t\t<\/a>\n\t\t\t<p class=\"text\" >Para a vis\u00e3o do historiador e do fil\u00f3sofo, a civiliza\u00e7\u00e3o atual compara-se a um fruto que apodreceu. O mundo se apresenta amadurecido para profundas renova\u00e7\u00f5es. Infelizmente, os homens que est\u00e3o liderando a humanidade parecem n\u00e3o ter consci\u00eancia de que \u201cos tempos s\u00e3o chegados\u201d. Estes l\u00edderes nem sequer parecem pressentir a imin\u00eancia da Nova Era. A [&hellip;]<\/p>\t\t\t\t\t\t\t<a href=\"https:\/\/www.jinsai.org\/pt-BR\/meishu-sama\/a-luz-do-oriente\/volume-2\/capitulo-xix\/\" class=\"more-button\" >Continue lendo <i><\/i><\/a>\n\t\t\t\t\t<\/div>\n\t\t<\/div><div class=\"widget widget_circleicon-widget\">\t\t<div class=\"circle-icon-box circle-icon-position-top circle-icon-hide-box circle-icon-size-small\">\n\t\t\t<div class=\"circle-icon-wrapper\">\n\t\t\t\t<a href=\"https:\/\/www.jinsai.org\/pt-BR\/meishu-sama\/a-luz-do-oriente\/volume-2\/capitulo-xviii\/\" class=\"link-icon\" >\t\t\t\t<div class=\"circle-icon icon-style-set\" style=\"background-image: url(https:\/\/www.jinsai.org\/pt-BR\/wp-content\/uploads\/2022\/08\/208-A-150x53.jpg)\">\n\t\t\t\t\t\t\t\t\t<\/div>\n\t\t\t\t<\/a>\t\t\t<\/div>\n\n\t\t\t<a href=\"https:\/\/www.jinsai.org\/pt-BR\/meishu-sama\/a-luz-do-oriente\/volume-2\/capitulo-xviii\/\" class=\"link-title\" >\t\t\t<h5 >Volume 2<\/h5>\t\t\t<h4 >CAP\u00cdTULO XVIII<\/h4>\t\t\t<\/a>\n\t\t\t<p class=\"text\" >O esp\u00edrito precede a mat\u00e9ria. Cada ocorr\u00eancia no Plano F\u00edsico \u00e9 um reflexo da ideia gerada no Plano Espiritual. O homem vive num universo infinito, misterioso, por\u00e9m perfeitamente organizado e regido por leis imut\u00e1veis; sempre as mesmas, tanto no macrocosmos como no microcosmos . A evolu\u00e7\u00e3o \u00e9 uma destas leis. A evolu\u00e7\u00e3o faz-se em espiral. [&hellip;]<\/p>\t\t\t\t\t\t\t<a href=\"https:\/\/www.jinsai.org\/pt-BR\/meishu-sama\/a-luz-do-oriente\/volume-2\/capitulo-xviii\/\" class=\"more-button\" >Continue lendo <i><\/i><\/a>\n\t\t\t\t\t<\/div>\n\t\t<\/div><div class=\"widget widget_circleicon-widget\">\t\t<div class=\"circle-icon-box circle-icon-position-top circle-icon-hide-box circle-icon-size-small\">\n\t\t\t<div class=\"circle-icon-wrapper\">\n\t\t\t\t<a href=\"https:\/\/www.jinsai.org\/pt-BR\/meishu-sama\/a-luz-do-oriente\/volume-2\/capitulo-xvii\/\" class=\"link-icon\" >\t\t\t\t<div class=\"circle-icon icon-style-set\" style=\"background-image: url(https:\/\/www.jinsai.org\/pt-BR\/wp-content\/uploads\/2022\/07\/MeishuSama70-150x53.jpg)\">\n\t\t\t\t\t\t\t\t\t<\/div>\n\t\t\t\t<\/a>\t\t\t<\/div>\n\n\t\t\t<a href=\"https:\/\/www.jinsai.org\/pt-BR\/meishu-sama\/a-luz-do-oriente\/volume-2\/capitulo-xvii\/\" class=\"link-title\" >\t\t\t<h5 >Volume 2<\/h5>\t\t\t<h4 >CAP\u00cdTULO XVII<\/h4>\t\t\t<\/a>\n\t\t\t<p class=\"text\" >\u00c9 voz corrente nos tempos de hoje que \u201cos tempos s\u00e3o chegados\u201d. V\u00e1rias seitas crist\u00e3s anunciam o Fim do Mundo pelo Ju\u00edzo Final. A Doutrina Messi\u00e2nica d\u00e1 esclarecimentos sobre este dia t\u00e3o temido. Na velha concep\u00e7\u00e3o judaica est\u00e1 expressa a ideia dum deus tribal que defende seu povo. Este deus conduziu seu povo escolhido \u00e0 [&hellip;]<\/p>\t\t\t\t\t\t\t<a href=\"https:\/\/www.jinsai.org\/pt-BR\/meishu-sama\/a-luz-do-oriente\/volume-2\/capitulo-xvii\/\" class=\"more-button\" >Continue lendo <i><\/i><\/a>\n\t\t\t\t\t<\/div>\n\t\t<\/div><div class=\"clear\"><\/div><div class=\"widget widget_circleicon-widget\">\t\t<div class=\"circle-icon-box circle-icon-position-top circle-icon-hide-box circle-icon-size-small\">\n\t\t\t<div class=\"circle-icon-wrapper\">\n\t\t\t\t<a href=\"https:\/\/www.jinsai.org\/pt-BR\/meishu-sama\/a-luz-do-oriente\/volume-2\/capitulo-xvi\/\" class=\"link-icon\" >\t\t\t\t<div class=\"circle-icon icon-style-set\" style=\"background-image: url(https:\/\/www.jinsai.org\/pt-BR\/wp-content\/uploads\/2022\/07\/0meishu8-1-150x53.jpg)\">\n\t\t\t\t\t\t\t\t\t<\/div>\n\t\t\t\t<\/a>\t\t\t<\/div>\n\n\t\t\t<a href=\"https:\/\/www.jinsai.org\/pt-BR\/meishu-sama\/a-luz-do-oriente\/volume-2\/capitulo-xvi\/\" class=\"link-title\" >\t\t\t<h5 >Volume 2<\/h5>\t\t\t<h4 >CAP\u00cdTULO XVI<\/h4>\t\t\t<\/a>\n\t\t\t<p class=\"text\" >Meishu Sama tinha uma espantosa intui\u00e7\u00e3o. No despontar do ano de 1922 tinha uma grande loja atacadista na Avenida Yaessu-Kitamaki-cho, no lado leste da esta\u00e7\u00e3o ferrovi\u00e1ria de T\u00f3kio. Tinha se casado em segundas n\u00fapcias com Yoshiko-oota em 1919, e morava a pouca dist\u00e2ncia da loja. Teve um estranho pressentimento e decidiu, de repente, mudar-se para [&hellip;]<\/p>\t\t\t\t\t\t\t<a href=\"https:\/\/www.jinsai.org\/pt-BR\/meishu-sama\/a-luz-do-oriente\/volume-2\/capitulo-xvi\/\" class=\"more-button\" >Continue lendo <i><\/i><\/a>\n\t\t\t\t\t<\/div>\n\t\t<\/div><div class=\"widget widget_circleicon-widget\">\t\t<div class=\"circle-icon-box circle-icon-position-top circle-icon-hide-box circle-icon-size-small\">\n\t\t\t<div class=\"circle-icon-wrapper\">\n\t\t\t\t<a href=\"https:\/\/www.jinsai.org\/pt-BR\/meishu-sama\/a-luz-do-oriente\/volume-2\/capitulo-xv\/\" class=\"link-icon\" >\t\t\t\t<div class=\"circle-icon icon-style-set\" style=\"background-image: url(https:\/\/www.jinsai.org\/pt-BR\/wp-content\/uploads\/2022\/07\/161-150x53.jpg)\">\n\t\t\t\t\t\t\t\t\t<\/div>\n\t\t\t\t<\/a>\t\t\t<\/div>\n\n\t\t\t<a href=\"https:\/\/www.jinsai.org\/pt-BR\/meishu-sama\/a-luz-do-oriente\/volume-2\/capitulo-xv\/\" class=\"link-title\" >\t\t\t<h5 >Volume 2<\/h5>\t\t\t<h4 >CAP\u00cdTULO XV<\/h4>\t\t\t<\/a>\n\t\t\t<p class=\"text\" >Mokiti Okada, desde cedo em sua vida de homem comum, apesar de dotado de grande intelig\u00eancia e de grandes dotes art\u00edsticos, impressionou-se com fatos misteriosos que lhe marcavam o destino. Aos 14 anos, quis dedicar-se \u00e0 pintura e desenho, mas teve de sair da Escola de Arte por causa de uma doen\u00e7a nos olhos. Sempre [&hellip;]<\/p>\t\t\t\t\t\t\t<a href=\"https:\/\/www.jinsai.org\/pt-BR\/meishu-sama\/a-luz-do-oriente\/volume-2\/capitulo-xv\/\" class=\"more-button\" >Continue lendo <i><\/i><\/a>\n\t\t\t\t\t<\/div>\n\t\t<\/div><div class=\"widget widget_circleicon-widget\">\t\t<div class=\"circle-icon-box circle-icon-position-top circle-icon-hide-box circle-icon-size-small\">\n\t\t\t<div class=\"circle-icon-wrapper\">\n\t\t\t\t<a href=\"https:\/\/www.jinsai.org\/pt-BR\/meishu-sama\/a-luz-do-oriente\/volume-2\/capitulo-xiv\/\" class=\"link-icon\" >\t\t\t\t<div class=\"circle-icon icon-style-set\" style=\"background-image: url(https:\/\/www.jinsai.org\/pt-BR\/wp-content\/uploads\/2022\/06\/Digitalizar0002-150x53.jpg)\">\n\t\t\t\t\t\t\t\t\t<\/div>\n\t\t\t\t<\/a>\t\t\t<\/div>\n\n\t\t\t<a href=\"https:\/\/www.jinsai.org\/pt-BR\/meishu-sama\/a-luz-do-oriente\/volume-2\/capitulo-xiv\/\" class=\"link-title\" >\t\t\t<h5 >Volume 2<\/h5>\t\t\t<h4 >CAP\u00cdTULO XIV<\/h4>\t\t\t<\/a>\n\t\t\t<p class=\"text\" >Meishu Sama viveu compenetrado de sua miss\u00e3o de difundir o Programa da Luz Divina no Jap\u00e3o e no mundo inteiro. Por isso, n\u00e3o perdia um minuto e exigia que os seus seguidores tamb\u00e9m n\u00e3o perdessem tempo em coisas f\u00fateis ou desnecess\u00e1rias. Foi um homem que trabalhou muito, numa espantosa atividade concentrada num Sublime Ideal. Cada [&hellip;]<\/p>\t\t\t\t\t\t\t<a href=\"https:\/\/www.jinsai.org\/pt-BR\/meishu-sama\/a-luz-do-oriente\/volume-2\/capitulo-xiv\/\" class=\"more-button\" >Continue lendo <i><\/i><\/a>\n\t\t\t\t\t<\/div>\n\t\t<\/div><div class=\"clear\"><\/div>\t<\/div>\n\t<\/div><div id=\"panel-10931-0-0-1\" class=\"widget_text so-panel widget_custom_html panel-last-child\" data-index=\"1\" ><div class=\"textwidget custom-html-widget\"><iframe loading=\"lazy\" src=\"https:\/\/www.facebook.com\/plugins\/like.php?href=https%3A%2F%2Fwww.jinsai.org%2Fpt-BR%2Fmeishu-sama%2Fa-luz-do-oriente%2volume-2&width=174&layout=button_count&action=like&size=large&share=false&height=46&appId=171964893011161\" width=\"174\" height=\"46\" style=\"border:none;overflow:hidden\" scrolling=\"no\" frameborder=\"0\" allowfullscreen=\"true\" allow=\"autoplay; clipboard-write; encrypted-media; picture-in-picture; web-share\"><\/iframe>\n<div id=\"fb-root\"><\/div>\n<script src=\"http:\/\/connect.facebook.net\/pt_BR\/all.js#appId=APP_ID&amp;xfbml=1\"><\/script><fb:comments href=\" https:\/\/www.jinsai.org\/pt-BR\/meishu-sama\/a-luz-do-oriente\/volume-2\" num_posts=\"100\" width=\"500\"><\/fb:comments><meta property=\"fb:app_id\" content=\"171964893011161\">\n<div id=\"fb-root\"><\/div>\n<script>(function(d, s, id) {<br \/>\n  var js, fjs = d.getElementsByTagName(s)[0];<br \/>\n  if (d.getElementById(id)) return;<br \/>\n  js = d.createElement(s); js.id = id;<br \/>\n  js.src = 'https:\/\/connect.facebook.net\/pt_BR\/sdk.js#xfbml=1&version=v3.0&appId=171964893011161&autoLogAppEvents=1';<br \/>\n  fjs.parentNode.insertBefore(js, fjs);<br \/>\n}(document, 'script', 'facebook-jssdk'));<\/script>\n<div class=\"fb-share-button\" data-href=\" https:\/\/www.jinsai.org\/pt-BR\/meishu-sama\/a-luz-do-oriente\/volume-2\" data-layout=\"button_count\" data-size=\"large\" data-mobile-iframe=\"true\"><a target=\"_blank\" href=\"https:\/\/www.facebook.com\/sharer\/sharer.php?u=http%3A%2F% https:\/\/www.jinsai.org\/pt-BR\/meishu-sama\/a-luz-do-oriente\/volume-2%2F&amp;src=sdkpreparse\" class=\"fb-xfbml-parse-ignore\">Compartilhar<\/a><\/div><\/div><\/div><\/div><\/div><\/div>","protected":false},"excerpt":{"rendered":"<p>Meishu Sama viveu compenetrado de sua miss\u00e3o de difundir o Programa da Luz Divina no Jap\u00e3o e no mundo inteiro. Por isso, n\u00e3o perdia um minuto e exigia que os seus seguidores tamb\u00e9m n\u00e3o perdessem tempo em coisas f\u00fateis ou desnecess\u00e1rias. Foi um homem que trabalhou muito, numa espantosa atividade concentrada num Sublime Ideal. Cada [&hellip;]<\/p>\n","protected":false},"author":1,"featured_media":0,"parent":10625,"menu_order":0,"comment_status":"open","ping_status":"closed","template":"templates\/template-full.php","meta":{"footnotes":""},"class_list":["post-10931","page","type-page","status-publish","hentry","post","post-with-thumbnail","post-with-thumbnail-icon"],"_links":{"self":[{"href":"https:\/\/www.jinsai.org\/pt-BR\/wp-json\/wp\/v2\/pages\/10931","targetHints":{"allow":["GET"]}}],"collection":[{"href":"https:\/\/www.jinsai.org\/pt-BR\/wp-json\/wp\/v2\/pages"}],"about":[{"href":"https:\/\/www.jinsai.org\/pt-BR\/wp-json\/wp\/v2\/types\/page"}],"author":[{"embeddable":true,"href":"https:\/\/www.jinsai.org\/pt-BR\/wp-json\/wp\/v2\/users\/1"}],"replies":[{"embeddable":true,"href":"https:\/\/www.jinsai.org\/pt-BR\/wp-json\/wp\/v2\/comments?post=10931"}],"version-history":[{"count":2,"href":"https:\/\/www.jinsai.org\/pt-BR\/wp-json\/wp\/v2\/pages\/10931\/revisions"}],"predecessor-version":[{"id":10935,"href":"https:\/\/www.jinsai.org\/pt-BR\/wp-json\/wp\/v2\/pages\/10931\/revisions\/10935"}],"up":[{"embeddable":true,"href":"https:\/\/www.jinsai.org\/pt-BR\/wp-json\/wp\/v2\/pages\/10625"}],"wp:attachment":[{"href":"https:\/\/www.jinsai.org\/pt-BR\/wp-json\/wp\/v2\/media?parent=10931"}],"curies":[{"name":"wp","href":"https:\/\/api.w.org\/{rel}","templated":true}]}}