{"id":110,"date":"2018-06-02T07:47:00","date_gmt":"2018-06-02T10:47:00","guid":{"rendered":"http:\/\/www.jinsai.org\/pt-BR\/?page_id=110"},"modified":"2021-05-23T11:01:02","modified_gmt":"2021-05-23T14:01:02","slug":"memorias","status":"publish","type":"page","link":"https:\/\/www.jinsai.org\/pt-BR\/meishu-sama\/memorias\/","title":{"rendered":"Mem\u00f3rias"},"content":{"rendered":"<div id=\"pl-110\"  class=\"panel-layout\" ><div id=\"pg-110-0\"  class=\"panel-grid panel-no-style\" ><div id=\"pgc-110-0-0\"  class=\"panel-grid-cell\" ><div id=\"panel-110-0-0-0\" class=\"so-panel widget_sow-editor panel-first-child panel-last-child\" data-index=\"0\" ><div\n\t\t\t\n\t\t\tclass=\"so-widget-sow-editor so-widget-sow-editor-base\"\n\t\t\t\n\t\t>\n<div class=\"siteorigin-widget-tinymce textwidget\">\n\t<p class=\"style3\" align=\"justify\"><span class=\"style47\">Com o objetivo de mostrar que os Ensinamentos podem perfeitamente ser cumpridos, Meishu-Sama dizia a Seus disc\u00edpulos: \"\u00c9 dever de voc\u00eas transmitir meu dia-a-dia a todas as pessoas, de modo que todos vejam que eu realmente pratico o que ensino\". S\u00e3o exemplos que mostram a aplica\u00e7\u00e3o dos Ensinamentos no cotidiano. <\/span><\/p>\n<p>&nbsp;<\/p>\n<\/div>\n<\/div><\/div><\/div><\/div><div id=\"pg-110-1\"  class=\"panel-grid panel-no-style\" ><div id=\"pgc-110-1-0\"  class=\"panel-grid-cell\" ><div id=\"panel-110-1-0-0\" class=\"so-panel widget_siteorigin-panels-postloop panel-first-child panel-last-child\" data-index=\"1\" >\n\t<div id=\"vantage-circleicon-loop\" class=\"vantage-circleicon-loop circleicon-loop-columns-3\">\n\n\t\t<div class=\"widget widget_circleicon-widget\">\t\t<div class=\"circle-icon-box circle-icon-position-top circle-icon-hide-box circle-icon-size-small\">\n\t\t\t<div class=\"circle-icon-wrapper\">\n\t\t\t\t<a href=\"https:\/\/www.jinsai.org\/pt-BR\/meishu-sama\/memorias\/okaniwa-shinjiro\/o-benfeitor-que-descobriu-meishu-sama\/\" class=\"link-icon\" >\t\t\t\t<div class=\"circle-icon icon-style-set\" style=\"background-image: url(https:\/\/www.jinsai.org\/pt-BR\/wp-content\/uploads\/2020\/01\/Logos-Ensinamentos-Mem\u00f3rias-Small.jpg)\">\n\t\t\t\t\t\t\t\t\t<\/div>\n\t\t\t\t<\/a>\t\t\t<\/div>\n\n\t\t\t<a href=\"https:\/\/www.jinsai.org\/pt-BR\/meishu-sama\/memorias\/okaniwa-shinjiro\/o-benfeitor-que-descobriu-meishu-sama\/\" class=\"link-title\" >\t\t\t<h5 >Okaniwa Shinjiro<\/h5>\t\t\t<h4 >O BENFEITOR QUE DESCOBRIU MEISHU-SAMA<\/h4>\t\t\t<\/a>\n\t\t\t<p class=\"text\" >No per\u00edodo anterior a estes acontecimentos, ou seja, a partir de 1914 aproximadamente, Meishu-Sama come\u00e7ou a receber revela\u00e7\u00f5es de Deus, \u00e0s quais tomava notas e casos em que passava oralmente \u00e0 sua esposa e esta as anotava. Naquela \u00e9poca j\u00e1 havia chegado a uma posi\u00e7\u00e3o que o permitia conhecer acontecimentos sucedidos h\u00e1 500 mil anos, [&hellip;]<\/p>\t\t\t\t\t\t\t<a href=\"https:\/\/www.jinsai.org\/pt-BR\/meishu-sama\/memorias\/okaniwa-shinjiro\/o-benfeitor-que-descobriu-meishu-sama\/\" class=\"more-button\" >Continue lendo <i><\/i><\/a>\n\t\t\t\t\t<\/div>\n\t\t<\/div><div class=\"widget widget_circleicon-widget\">\t\t<div class=\"circle-icon-box circle-icon-position-top circle-icon-hide-box circle-icon-size-small\">\n\t\t\t<div class=\"circle-icon-wrapper\">\n\t\t\t\t<a href=\"https:\/\/www.jinsai.org\/pt-BR\/meishu-sama\/memorias\/okaniwa-shinjiro\/toquio-se-convertera-num-mar-de-fogo\/\" class=\"link-icon\" >\t\t\t\t<div class=\"circle-icon icon-style-set\" style=\"background-image: url(https:\/\/www.jinsai.org\/pt-BR\/wp-content\/uploads\/2020\/01\/Logos-Ensinamentos-Mem\u00f3rias-Small.jpg)\">\n\t\t\t\t\t\t\t\t\t<\/div>\n\t\t\t\t<\/a>\t\t\t<\/div>\n\n\t\t\t<a href=\"https:\/\/www.jinsai.org\/pt-BR\/meishu-sama\/memorias\/okaniwa-shinjiro\/toquio-se-convertera-num-mar-de-fogo\/\" class=\"link-title\" >\t\t\t<h5 >Okaniwa Shinjiro<\/h5>\t\t\t<h4 >T\u00d3QUIO SE CONVERTER\u00c1 NUM MAR DE FOGO<\/h4>\t\t\t<\/a>\n\t\t\t<p class=\"text\" >Em maio de 1923, no mesmo ano em que aconteceu o terremoto de Kanto, Meishu-Sama, ent\u00e3o presidente de uma empresa de vendas, cuja loja estava localizada em Makimachi, vendeu sua casa localizada em Daikyo-cho, ao pre\u00e7o de 36.500 ienes (o valor corrente naquela \u00e9poca era mais de 50.000 ienes) e comprou outra casa em Oomori [&hellip;]<\/p>\t\t\t\t\t\t\t<a href=\"https:\/\/www.jinsai.org\/pt-BR\/meishu-sama\/memorias\/okaniwa-shinjiro\/toquio-se-convertera-num-mar-de-fogo\/\" class=\"more-button\" >Continue lendo <i><\/i><\/a>\n\t\t\t\t\t<\/div>\n\t\t<\/div><div class=\"widget widget_circleicon-widget\">\t\t<div class=\"circle-icon-box circle-icon-position-top circle-icon-hide-box circle-icon-size-small\">\n\t\t\t<div class=\"circle-icon-wrapper\">\n\t\t\t\t<a href=\"https:\/\/www.jinsai.org\/pt-BR\/meishu-sama\/memorias\/okaniwa-shinjiro\/na-reuniao-de-poemas-de-humor\/\" class=\"link-icon\" >\t\t\t\t<div class=\"circle-icon icon-style-set\" style=\"background-image: url(https:\/\/www.jinsai.org\/pt-BR\/wp-content\/uploads\/2020\/01\/Logos-Ensinamentos-Mem\u00f3rias-Small.jpg)\">\n\t\t\t\t\t\t\t\t\t<\/div>\n\t\t\t\t<\/a>\t\t\t<\/div>\n\n\t\t\t<a href=\"https:\/\/www.jinsai.org\/pt-BR\/meishu-sama\/memorias\/okaniwa-shinjiro\/na-reuniao-de-poemas-de-humor\/\" class=\"link-title\" >\t\t\t<h5 >Okaniwa Shinjiro<\/h5>\t\t\t<h4 >NA REUNI\u00c3O DE POEMAS DE HUMOR<\/h4>\t\t\t<\/a>\n\t\t\t<p class=\"text\" >Enquanto visitava a casa de Meishu-Sama, em 22 de janeiro de 1932, perdi a minha casa e comecei a dedicar exclusivamente a Deus, como tinha sido previsto por Meishu-Sama. Desde que havia recebido esta predi\u00e7\u00e3o, haviam transcorridos um ano e oito meses, durante os quais, quase todas as noites, havia ido ouvir suas experi\u00eancias. Ent\u00e3o [&hellip;]<\/p>\t\t\t\t\t\t\t<a href=\"https:\/\/www.jinsai.org\/pt-BR\/meishu-sama\/memorias\/okaniwa-shinjiro\/na-reuniao-de-poemas-de-humor\/\" class=\"more-button\" >Continue lendo <i><\/i><\/a>\n\t\t\t\t\t<\/div>\n\t\t<\/div><div class=\"clear\"><\/div><div class=\"widget widget_circleicon-widget\">\t\t<div class=\"circle-icon-box circle-icon-position-top circle-icon-hide-box circle-icon-size-small\">\n\t\t\t<div class=\"circle-icon-wrapper\">\n\t\t\t\t<a href=\"https:\/\/www.jinsai.org\/pt-BR\/meishu-sama\/memorias\/okaniwa-shinjiro\/vencer-com-um-por-cento-de-forca\/\" class=\"link-icon\" >\t\t\t\t<div class=\"circle-icon icon-style-set\" style=\"background-image: url(https:\/\/www.jinsai.org\/pt-BR\/wp-content\/uploads\/2020\/01\/Logos-Ensinamentos-Mem\u00f3rias-Small.jpg)\">\n\t\t\t\t\t\t\t\t\t<\/div>\n\t\t\t\t<\/a>\t\t\t<\/div>\n\n\t\t\t<a href=\"https:\/\/www.jinsai.org\/pt-BR\/meishu-sama\/memorias\/okaniwa-shinjiro\/vencer-com-um-por-cento-de-forca\/\" class=\"link-title\" >\t\t\t<h5 >Okaniwa Shinjiro<\/h5>\t\t\t<h4 >VENCER COM UM POR CENTO DE FOR\u00c7A<\/h4>\t\t\t<\/a>\n\t\t\t<p class=\"text\" >Em certa ocasi\u00e3o chegou, da regi\u00e3o de Tohoku, um enfermo grave, possu\u00eddo por um esp\u00edrito. Era um homem feroz que numa s\u00f3 noite era capaz de comer uma caixa de ma\u00e7\u00e3s ou de p\u00earas. Chamava-se Misawa. Quando Meishu-Sama nos contou que tal homem estava possu\u00eddo de esp\u00edrito de aranha, todos o chamavam de aranha, na [&hellip;]<\/p>\t\t\t\t\t\t\t<a href=\"https:\/\/www.jinsai.org\/pt-BR\/meishu-sama\/memorias\/okaniwa-shinjiro\/vencer-com-um-por-cento-de-forca\/\" class=\"more-button\" >Continue lendo <i><\/i><\/a>\n\t\t\t\t\t<\/div>\n\t\t<\/div><div class=\"widget widget_circleicon-widget\">\t\t<div class=\"circle-icon-box circle-icon-position-top circle-icon-hide-box circle-icon-size-small\">\n\t\t\t<div class=\"circle-icon-wrapper\">\n\t\t\t\t<a href=\"https:\/\/www.jinsai.org\/pt-BR\/meishu-sama\/memorias\/deus-homem-imbuido-de-grande-proposito\/\" class=\"link-icon\" >\t\t\t\t<div class=\"circle-icon icon-style-set\" style=\"background-image: url(https:\/\/www.jinsai.org\/pt-BR\/wp-content\/uploads\/2020\/01\/Logos-Ensinamentos-Mem\u00f3rias-Small.jpg)\">\n\t\t\t\t\t\t\t\t\t<\/div>\n\t\t\t\t<\/a>\t\t\t<\/div>\n\n\t\t\t<a href=\"https:\/\/www.jinsai.org\/pt-BR\/meishu-sama\/memorias\/deus-homem-imbuido-de-grande-proposito\/\" class=\"link-title\" >\t\t\t<h5 >Mem\u00f3rias<\/h5>\t\t\t<h4 >DEUS-HOMEM IMBU\u00cdDO DE GRANDE PROP\u00d3SITO<\/h4>\t\t\t<\/a>\n\t\t\t<p class=\"text\" >No outono de 1952, quando estava previsto que Meishu-Sama ia a Nara, um chefe da Igreja residente em Kansai, tendo como guia o chefe da filial Kassugano, inspecionou previamente o itiner\u00e1rio dele. Havia na programa\u00e7\u00e3o uma visita ao Templo Xinto\u00edsta Kassuga e, quando n\u00f3s chegamos l\u00e1, o anoitecer j\u00e1 estava pr\u00f3ximo. Na volta, o chefe [&hellip;]<\/p>\t\t\t\t\t\t\t<a href=\"https:\/\/www.jinsai.org\/pt-BR\/meishu-sama\/memorias\/deus-homem-imbuido-de-grande-proposito\/\" class=\"more-button\" >Continue lendo <i><\/i><\/a>\n\t\t\t\t\t<\/div>\n\t\t<\/div><div class=\"widget widget_circleicon-widget\">\t\t<div class=\"circle-icon-box circle-icon-position-top circle-icon-hide-box circle-icon-size-small\">\n\t\t\t<div class=\"circle-icon-wrapper\">\n\t\t\t\t<a href=\"https:\/\/www.jinsai.org\/pt-BR\/meishu-sama\/memorias\/lagrimas-de-alegria-do-deus-dragao\/\" class=\"link-icon\" >\t\t\t\t<div class=\"circle-icon icon-style-set\" style=\"background-image: url(https:\/\/www.jinsai.org\/pt-BR\/wp-content\/uploads\/2020\/01\/Logos-Ensinamentos-Mem\u00f3rias-Small.jpg)\">\n\t\t\t\t\t\t\t\t\t<\/div>\n\t\t\t\t<\/a>\t\t\t<\/div>\n\n\t\t\t<a href=\"https:\/\/www.jinsai.org\/pt-BR\/meishu-sama\/memorias\/lagrimas-de-alegria-do-deus-dragao\/\" class=\"link-title\" >\t\t\t<h5 >Mem\u00f3rias<\/h5>\t\t\t<h4 >L\u00c1GRIMAS DE ALEGRIA DO DEUS DRAG\u00c3O<\/h4>\t\t\t<\/a>\n\t\t\t<p class=\"text\" >Em 12 de abril de 1954, Meishu-Sama visitou a regi\u00e3o de Kansai e proferiu palestra no Audit\u00f3rio P\u00fablico de Nara. Nesse dia, onde quer que Meishu-Sama fosse, misteriosamente chovia antes d'Ele chegar ao local, mas na hora da sua chegada o tempo se abria por completo.No mesmo dia, Meishu-Sama jantou no Hotel Nara, onde nos [&hellip;]<\/p>\t\t\t\t\t\t\t<a href=\"https:\/\/www.jinsai.org\/pt-BR\/meishu-sama\/memorias\/lagrimas-de-alegria-do-deus-dragao\/\" class=\"more-button\" >Continue lendo <i><\/i><\/a>\n\t\t\t\t\t<\/div>\n\t\t<\/div><div class=\"clear\"><\/div><div class=\"widget widget_circleicon-widget\">\t\t<div class=\"circle-icon-box circle-icon-position-top circle-icon-hide-box circle-icon-size-small\">\n\t\t\t<div class=\"circle-icon-wrapper\">\n\t\t\t\t<a href=\"https:\/\/www.jinsai.org\/pt-BR\/meishu-sama\/memorias\/okaniwa-shinjiro\/o-milagre-de-oteshiro\/\" class=\"link-icon\" >\t\t\t\t<div class=\"circle-icon icon-style-set\" style=\"background-image: url(https:\/\/www.jinsai.org\/pt-BR\/wp-content\/uploads\/2020\/01\/Logos-Ensinamentos-Mem\u00f3rias-Small.jpg)\">\n\t\t\t\t\t\t\t\t\t<\/div>\n\t\t\t\t<\/a>\t\t\t<\/div>\n\n\t\t\t<a href=\"https:\/\/www.jinsai.org\/pt-BR\/meishu-sama\/memorias\/okaniwa-shinjiro\/o-milagre-de-oteshiro\/\" class=\"link-title\" >\t\t\t<h5 >Okaniwa Shinjiro<\/h5>\t\t\t<h4 >O MILAGRE DE OTESHIRO<\/h4>\t\t\t<\/a>\n\t\t\t<p class=\"text\" >Como foi mencionado no n\u00famero anterior, Meishu-Sama come\u00e7ou a dar tratamento atrav\u00e9s do kototama. Embora falasse simplesmente o seu kototama, \u201cSuma-te, dor\u201d ela de imediato sumia; mas o que ele desejava, principalmente, era a elimina\u00e7\u00e3o das toxinas. Por isso deixou o tratamento atrav\u00e9s de kototama, e voltou novamente ao tratamento normal. Naquele tempo Meishu-Sama n\u00e3o [&hellip;]<\/p>\t\t\t\t\t\t\t<a href=\"https:\/\/www.jinsai.org\/pt-BR\/meishu-sama\/memorias\/okaniwa-shinjiro\/o-milagre-de-oteshiro\/\" class=\"more-button\" >Continue lendo <i><\/i><\/a>\n\t\t\t\t\t<\/div>\n\t\t<\/div><div class=\"widget widget_circleicon-widget\">\t\t<div class=\"circle-icon-box circle-icon-position-top circle-icon-hide-box circle-icon-size-small\">\n\t\t\t<div class=\"circle-icon-wrapper\">\n\t\t\t\t<a href=\"https:\/\/www.jinsai.org\/pt-BR\/meishu-sama\/memorias\/o-que-importa-e-se-gostou-ou-nao\/\" class=\"link-icon\" >\t\t\t\t<div class=\"circle-icon icon-style-set\" style=\"background-image: url(https:\/\/www.jinsai.org\/pt-BR\/wp-content\/uploads\/2020\/01\/Logos-Ensinamentos-Mem\u00f3rias-Small.jpg)\">\n\t\t\t\t\t\t\t\t\t<\/div>\n\t\t\t\t<\/a>\t\t\t<\/div>\n\n\t\t\t<a href=\"https:\/\/www.jinsai.org\/pt-BR\/meishu-sama\/memorias\/o-que-importa-e-se-gostou-ou-nao\/\" class=\"link-title\" >\t\t\t<h5 >Mem\u00f3rias<\/h5>\t\t\t<h4 >O QUE IMPORTA \u00c9 SE GOSTOU OU N\u00c3O<\/h4>\t\t\t<\/a>\n\t\t\t<p class=\"text\" >Certo dia, quando visitei o Hekiun-So, Meishu-Sama perguntou minha opini\u00e3o sobre um quadro do pintor Seiho Takeuti (1864-1942) que estava exposto no tokonoma[1]: \u201cO que voc\u00ea acha? N\u00e3o \u00e9 \u00f3timo?\u201d Respondi: \u201cParece-me excelente, por\u00e9m, eu ainda n\u00e3o consigo assimilar o seu verdadeiro valor...\u201d Imediatamente, Meishu-Sama se mostrou mal-humorado e retrucou: \u201cN\u00e3o precisa apreciar de maneira [&hellip;]<\/p>\t\t\t\t\t\t\t<a href=\"https:\/\/www.jinsai.org\/pt-BR\/meishu-sama\/memorias\/o-que-importa-e-se-gostou-ou-nao\/\" class=\"more-button\" >Continue lendo <i><\/i><\/a>\n\t\t\t\t\t<\/div>\n\t\t<\/div><div class=\"widget widget_circleicon-widget\">\t\t<div class=\"circle-icon-box circle-icon-position-top circle-icon-hide-box circle-icon-size-small\">\n\t\t\t<div class=\"circle-icon-wrapper\">\n\t\t\t\t<a href=\"https:\/\/www.jinsai.org\/pt-BR\/meishu-sama\/memorias\/okaniwa-shinjiro\/a-grande-perspicacia-e-o-johrei\/\" class=\"link-icon\" >\t\t\t\t<div class=\"circle-icon icon-style-set\" style=\"background-image: url(https:\/\/www.jinsai.org\/pt-BR\/wp-content\/uploads\/2020\/01\/Logos-Ensinamentos-Mem\u00f3rias-Small.jpg)\">\n\t\t\t\t\t\t\t\t\t<\/div>\n\t\t\t\t<\/a>\t\t\t<\/div>\n\n\t\t\t<a href=\"https:\/\/www.jinsai.org\/pt-BR\/meishu-sama\/memorias\/okaniwa-shinjiro\/a-grande-perspicacia-e-o-johrei\/\" class=\"link-title\" >\t\t\t<h5 >Okaniwa Shinjiro<\/h5>\t\t\t<h4 >A GRANDE PERSPIC\u00c1CIA E O JOHREI<\/h4>\t\t\t<\/a>\n\t\t\t<p class=\"text\" >Enquanto Meishu-Sama se dedicava ao seu neg\u00f3cio, sucederam a crise financeira de 1920 e o grande terremoto de Kanto; devido a estes dois acontecimentos, decidiu deixar o neg\u00f3cio e dedicar-se exclusivamente \u00e0 Obra Divina. Desde ent\u00e3o foi reduzindo gradualmente as atividades do com\u00e9rcio e finalmente deixou-o para os seus empregados. Assim, a partir de 1928, [&hellip;]<\/p>\t\t\t\t\t\t\t<a href=\"https:\/\/www.jinsai.org\/pt-BR\/meishu-sama\/memorias\/okaniwa-shinjiro\/a-grande-perspicacia-e-o-johrei\/\" class=\"more-button\" >Continue lendo <i><\/i><\/a>\n\t\t\t\t\t<\/div>\n\t\t<\/div><div class=\"clear\"><\/div><div class=\"widget widget_circleicon-widget\">\t\t<div class=\"circle-icon-box circle-icon-position-top circle-icon-hide-box circle-icon-size-small\">\n\t\t\t<div class=\"circle-icon-wrapper\">\n\t\t\t\t<a href=\"https:\/\/www.jinsai.org\/pt-BR\/meishu-sama\/memorias\/okaniwa-shinjiro\/preparacao-para-a-cerimonia-inaugural-da-dai-nippon-kannon-kai\/\" class=\"link-icon\" >\t\t\t\t<div class=\"circle-icon icon-style-set\" style=\"background-image: url(https:\/\/www.jinsai.org\/pt-BR\/wp-content\/uploads\/2020\/01\/Logos-Ensinamentos-Mem\u00f3rias-Small.jpg)\">\n\t\t\t\t\t\t\t\t\t<\/div>\n\t\t\t\t<\/a>\t\t\t<\/div>\n\n\t\t\t<a href=\"https:\/\/www.jinsai.org\/pt-BR\/meishu-sama\/memorias\/okaniwa-shinjiro\/preparacao-para-a-cerimonia-inaugural-da-dai-nippon-kannon-kai\/\" class=\"link-title\" >\t\t\t<h5 >Okaniwa Shinjiro<\/h5>\t\t\t<h4 >PREPARA\u00c7\u00c3O PARA A CERIM\u00d4NIA INAUGURAL DA DAI NIPPON KANNON KAI<\/h4>\t\t\t<\/a>\n\t\t\t<p class=\"text\" >Em 18 de dezembro realizou-se a cerim\u00f4nia mensal no Ojindo e, por fim, o Deus Kannon Branco, que at\u00e9 ent\u00e3o havia sido a imagem divina, foi mudado ao t\u00e9rmino da cerim\u00f4nia. Em seu lugar, colocou-se o rolo pendente do Deus Senju Kannon, com o seu adorno maravilhosamente preparado para o evento. No dia seguinte, 19, [&hellip;]<\/p>\t\t\t\t\t\t\t<a href=\"https:\/\/www.jinsai.org\/pt-BR\/meishu-sama\/memorias\/okaniwa-shinjiro\/preparacao-para-a-cerimonia-inaugural-da-dai-nippon-kannon-kai\/\" class=\"more-button\" >Continue lendo <i><\/i><\/a>\n\t\t\t\t\t<\/div>\n\t\t<\/div>\t<\/div>\n\t\t<nav role=\"navigation\" id=\"nav-below\" class=\"site-navigation paging-navigation\">\n\t\t<h2 class=\"assistive-text\">Post navigation<\/h2>\n\n\t\n\t\t<div class='pagination'><span aria-current=\"page\" class=\"page-numbers current\">1<\/span>\n<a class=\"page-numbers\" href=\"https:\/\/www.jinsai.org\/pt-BR\/wp-json\/wp\/v2\/pages\/110\/page\/2\/\">2<\/a>\n<a class=\"page-numbers\" href=\"https:\/\/www.jinsai.org\/pt-BR\/wp-json\/wp\/v2\/pages\/110\/page\/3\/\">3<\/a>\n<a class=\"next page-numbers\" href=\"https:\/\/www.jinsai.org\/pt-BR\/wp-json\/wp\/v2\/pages\/110\/page\/2\/\">Pr\u00f3ximo &raquo;<\/a><\/div>\n\n\t\n\t<\/nav><!-- #nav-below -->\n\t<\/div><\/div><\/div><div id=\"pg-110-2\"  class=\"panel-grid panel-no-style\" ><div id=\"pgc-110-2-0\"  class=\"panel-grid-cell\" ><div id=\"panel-110-2-0-0\" class=\"widget_text so-panel widget_custom_html panel-first-child panel-last-child\" data-index=\"2\" ><div class=\"textwidget custom-html-widget\"><iframe src=\"http:\/\/www.facebook.com\/plugins\/like.php?href=http:\/\/www.jinsai.org\/pt-BR\/meishu-sama\/memorias\/&%0Alayout=standard&show_faces=false&width=380&action=like&colorscheme=light&height=25\" style=\"border: medium none ; overflow: hidden; width: 350px; height: 25px;\" allowtransparency=\"true\" frameborder=\"0\" scrolling=\"no\"><\/iframe>\n\n<div id=\"fb-root\"><\/div><script src=\"http:\/\/connect.facebook.net\/pt_BR\/all.js#appId=APP_ID&amp;xfbml=1\"><\/script><fb:comments href=\"http:\/\/www.jinsai.org\/pt-BR\/meishu-sama\/memorias\/\" num_posts=\"100\" width=\"500\"><\/fb:comments><meta property='fb:app_id' content='171964893011161'\/> \n\n<div id=\"fb-root\"><\/div>\n<script>(function(d, s, id) {\n  var js, fjs = d.getElementsByTagName(s)[0];\n  if (d.getElementById(id)) return;\n  js = d.createElement(s); js.id = id;\n  js.src = 'https:\/\/connect.facebook.net\/pt_BR\/sdk.js#xfbml=1&version=v3.0&appId=171964893011161&autoLogAppEvents=1';\n  fjs.parentNode.insertBefore(js, fjs);\n}(document, 'script', 'facebook-jssdk'));<\/script>\n<div class=\"fb-share-button\" data-href=\"http:\/\/www.jinsai.org\/pt-BR\/meishu-sama\/memorias\/\" data-layout=\"button_count\" data-size=\"large\" data-mobile-iframe=\"true\"><a target=\"_blank\" href=\"https:\/\/www.facebook.com\/sharer\/sharer.php?u=http%3A%2F%2Fwww.jinsai.org%2Fpt-BR%2Fmeishu-sama%2Fmemorias%2F&amp;src=sdkpreparse\" class=\"fb-xfbml-parse-ignore\">Compartilhar<\/a><\/div>\n<\/div><\/div><\/div><\/div><\/div>","protected":false},"excerpt":{"rendered":"<p>Em 18 de dezembro realizou-se a cerim\u00f4nia mensal no Ojindo e, por fim, o Deus Kannon Branco, que at\u00e9 ent\u00e3o havia sido a imagem divina, foi mudado ao t\u00e9rmino da cerim\u00f4nia. Em seu lugar, colocou-se o rolo pendente do Deus Senju Kannon, com o seu adorno maravilhosamente preparado para o evento. No dia seguinte, 19, [&hellip;]<\/p>\n","protected":false},"author":1,"featured_media":0,"parent":94,"menu_order":0,"comment_status":"open","ping_status":"closed","template":"templates\/template-full.php","meta":{"footnotes":""},"class_list":["post-110","page","type-page","status-publish","hentry","post","post-with-thumbnail","post-with-thumbnail-icon"],"_links":{"self":[{"href":"https:\/\/www.jinsai.org\/pt-BR\/wp-json\/wp\/v2\/pages\/110","targetHints":{"allow":["GET"]}}],"collection":[{"href":"https:\/\/www.jinsai.org\/pt-BR\/wp-json\/wp\/v2\/pages"}],"about":[{"href":"https:\/\/www.jinsai.org\/pt-BR\/wp-json\/wp\/v2\/types\/page"}],"author":[{"embeddable":true,"href":"https:\/\/www.jinsai.org\/pt-BR\/wp-json\/wp\/v2\/users\/1"}],"replies":[{"embeddable":true,"href":"https:\/\/www.jinsai.org\/pt-BR\/wp-json\/wp\/v2\/comments?post=110"}],"version-history":[{"count":58,"href":"https:\/\/www.jinsai.org\/pt-BR\/wp-json\/wp\/v2\/pages\/110\/revisions"}],"predecessor-version":[{"id":9299,"href":"https:\/\/www.jinsai.org\/pt-BR\/wp-json\/wp\/v2\/pages\/110\/revisions\/9299"}],"up":[{"embeddable":true,"href":"https:\/\/www.jinsai.org\/pt-BR\/wp-json\/wp\/v2\/pages\/94"}],"wp:attachment":[{"href":"https:\/\/www.jinsai.org\/pt-BR\/wp-json\/wp\/v2\/media?parent=110"}],"curies":[{"name":"wp","href":"https:\/\/api.w.org\/{rel}","templated":true}]}}