{"id":2400,"date":"2018-07-05T12:31:05","date_gmt":"2018-07-05T15:31:05","guid":{"rendered":"http:\/\/www.jinsai.org\/pt-BR\/?page_id=2400"},"modified":"2018-07-05T15:17:34","modified_gmt":"2018-07-05T18:17:34","slug":"religiao","status":"publish","type":"page","link":"https:\/\/www.jinsai.org\/pt-BR\/ensinamentos\/religiao\/","title":{"rendered":"Religi\u00e3o"},"content":{"rendered":"<div id=\"pl-2400\"  class=\"panel-layout\" ><div id=\"pg-2400-0\"  class=\"panel-grid panel-no-style\" ><div id=\"pgc-2400-0-0\"  class=\"panel-grid-cell\" ><div id=\"panel-2400-0-0-0\" class=\"so-panel widget_siteorigin-panels-postloop panel-first-child\" data-index=\"0\" >\n\t<div id=\"vantage-circleicon-loop\" class=\"vantage-circleicon-loop circleicon-loop-columns-3\">\n\n\t\t<div class=\"widget widget_circleicon-widget\">\t\t<div class=\"circle-icon-box circle-icon-position-top circle-icon-hide-box circle-icon-size-small\">\n\t\t\t<div class=\"circle-icon-wrapper\">\n\t\t\t\t<a href=\"https:\/\/www.jinsai.org\/pt-BR\/ensinamentos\/religiao\/a-morte-e-a-posicao-do-corpo\/\" class=\"link-icon\" >\t\t\t\t<div class=\"circle-icon icon-style-set\" style=\"background-image: url(https:\/\/www.jinsai.org\/pt-BR\/wp-content\/uploads\/2018\/06\/Logos-Ensinamentos-Religi\u00e3o-Small.jpg)\">\n\t\t\t\t\t\t\t\t\t<\/div>\n\t\t\t\t<\/a>\t\t\t<\/div>\n\n\t\t\t<a href=\"https:\/\/www.jinsai.org\/pt-BR\/ensinamentos\/religiao\/a-morte-e-a-posicao-do-corpo\/\" class=\"link-title\" >\t\t\t<h5 >Religi\u00e3o<\/h5>\t\t\t<h4 >A MORTE E A POSI\u00c7\u00c3O DO CORPO<\/h4>\t\t\t<\/a>\n\t\t\t<p class=\"text\" >Pergunta: Quando uma pessoa morre, o corpo \u00e9 colocado com a cabe\u00e7a voltada para o lado norte e uma ferramenta afiada, faca ou espada \u00e9 colocada ao lado da cabe\u00e7a. Por que isso? Meishu-Sama: Esses procedimentos s\u00e3o seguidos para afastar os maus esp\u00edritos. Os esp\u00edritos malignos n\u00e3o gostam de facas e espadas, por isso esses [&hellip;]<\/p>\t\t\t\t\t\t\t<a href=\"https:\/\/www.jinsai.org\/pt-BR\/ensinamentos\/religiao\/a-morte-e-a-posicao-do-corpo\/\" class=\"more-button\" >Continue lendo <i><\/i><\/a>\n\t\t\t\t\t<\/div>\n\t\t<\/div><div class=\"widget widget_circleicon-widget\">\t\t<div class=\"circle-icon-box circle-icon-position-top circle-icon-hide-box circle-icon-size-small\">\n\t\t\t<div class=\"circle-icon-wrapper\">\n\t\t\t\t<a href=\"https:\/\/www.jinsai.org\/pt-BR\/ensinamentos\/religiao\/a-era-do-dia-e-a-extincao-do-sofrimento\/\" class=\"link-icon\" >\t\t\t\t<div class=\"circle-icon icon-style-set\" style=\"background-image: url(https:\/\/www.jinsai.org\/pt-BR\/wp-content\/uploads\/2018\/06\/Logos-Ensinamentos-Religi\u00e3o-Small.jpg)\">\n\t\t\t\t\t\t\t\t\t<\/div>\n\t\t\t\t<\/a>\t\t\t<\/div>\n\n\t\t\t<a href=\"https:\/\/www.jinsai.org\/pt-BR\/ensinamentos\/religiao\/a-era-do-dia-e-a-extincao-do-sofrimento\/\" class=\"link-title\" >\t\t\t<h5 >Religi\u00e3o<\/h5>\t\t\t<h4 >A ERA DO DIA E A EXTIN\u00c7\u00c3O DO SOFRIMENTO<\/h4>\t\t\t<\/a>\n\t\t\t<p class=\"text\" >Pergunta: Se o sofrimento vai desaparecer na Era da Luz do Dia, isso significa que o karma tamb\u00e9m vai desaparecer e a exist\u00eancia de pessoas ignorantes que pensam mal e praticam a\u00e7\u00f5es m\u00e1s n\u00e3o ser\u00e1 permitida? Al\u00e9m disso, no mundo diurno, como ser\u00e3o determinados os costumes de tempo, lugar e ocasi\u00e3o? Meishu-Sama: N\u00e3o exatamente. O [&hellip;]<\/p>\t\t\t\t\t\t\t<a href=\"https:\/\/www.jinsai.org\/pt-BR\/ensinamentos\/religiao\/a-era-do-dia-e-a-extincao-do-sofrimento\/\" class=\"more-button\" >Continue lendo <i><\/i><\/a>\n\t\t\t\t\t<\/div>\n\t\t<\/div><div class=\"widget widget_circleicon-widget\">\t\t<div class=\"circle-icon-box circle-icon-position-top circle-icon-hide-box circle-icon-size-small\">\n\t\t\t<div class=\"circle-icon-wrapper\">\n\t\t\t\t<a href=\"https:\/\/www.jinsai.org\/pt-BR\/ensinamentos\/religiao\/o-messias-e-a-descida-das-nuvens\/\" class=\"link-icon\" >\t\t\t\t<div class=\"circle-icon icon-style-set\" style=\"background-image: url(https:\/\/www.jinsai.org\/pt-BR\/wp-content\/uploads\/2018\/06\/Logos-Ensinamentos-Religi\u00e3o-Small.jpg)\">\n\t\t\t\t\t\t\t\t\t<\/div>\n\t\t\t\t<\/a>\t\t\t<\/div>\n\n\t\t\t<a href=\"https:\/\/www.jinsai.org\/pt-BR\/ensinamentos\/religiao\/o-messias-e-a-descida-das-nuvens\/\" class=\"link-title\" >\t\t\t<h5 >Religi\u00e3o<\/h5>\t\t\t<h4 >O MESSIAS E A DESCIDA DAS NUVENS<\/h4>\t\t\t<\/a>\n\t\t\t<p class=\"text\" >Pergunta: No Novo Testamento est\u00e1 a passagem: \u201cE, respondendo o sumo sacerdote, disse-lhe: Conjuro-te pelo Deus vivo que nos digas se tu \u00e9s o Cristo, o Filho de Deus. Disse-lhe Jesus: Tu disseste; n\u00e3o obstante, eu vos digo. Depois vereis o Filho do homem assentado \u00e0 direita do Poder e vindo nas nuvens do c\u00e9u\u201d. [&hellip;]<\/p>\t\t\t\t\t\t\t<a href=\"https:\/\/www.jinsai.org\/pt-BR\/ensinamentos\/religiao\/o-messias-e-a-descida-das-nuvens\/\" class=\"more-button\" >Continue lendo <i><\/i><\/a>\n\t\t\t\t\t<\/div>\n\t\t<\/div><div class=\"clear\"><\/div><div class=\"widget widget_circleicon-widget\">\t\t<div class=\"circle-icon-box circle-icon-position-top circle-icon-hide-box circle-icon-size-small\">\n\t\t\t<div class=\"circle-icon-wrapper\">\n\t\t\t\t<a href=\"https:\/\/www.jinsai.org\/pt-BR\/ensinamentos\/religiao\/fotografia-de-meishu-sama-e-oferendas\/\" class=\"link-icon\" >\t\t\t\t<div class=\"circle-icon icon-style-set\" style=\"background-image: url(https:\/\/www.jinsai.org\/pt-BR\/wp-content\/uploads\/2018\/06\/Logos-Ensinamentos-Religi\u00e3o-Small.jpg)\">\n\t\t\t\t\t\t\t\t\t<\/div>\n\t\t\t\t<\/a>\t\t\t<\/div>\n\n\t\t\t<a href=\"https:\/\/www.jinsai.org\/pt-BR\/ensinamentos\/religiao\/fotografia-de-meishu-sama-e-oferendas\/\" class=\"link-title\" >\t\t\t<h5 >Religi\u00e3o<\/h5>\t\t\t<h4 >FOTOGRAFIA DE MEISHU-SAMA E OFERENDAS<\/h4>\t\t\t<\/a>\n\t\t\t<p class=\"text\" >Pergunta: O que devemos fazer quando encontramos uma fotografia sua ou uma reprodu\u00e7\u00e3o de sua caligrafia em qualquer m\u00eddia de massa? Meishu-Sama: Se algum membro encontrar, pode ser recortada e usada. Ouvi dizer que em Osaka existem aqueles que as cortam para exibi\u00e7\u00e3o e adora\u00e7\u00e3o\u2026. Pergunta: Seria correto distribuir aos membros o que foi oferecido [&hellip;]<\/p>\t\t\t\t\t\t\t<a href=\"https:\/\/www.jinsai.org\/pt-BR\/ensinamentos\/religiao\/fotografia-de-meishu-sama-e-oferendas\/\" class=\"more-button\" >Continue lendo <i><\/i><\/a>\n\t\t\t\t\t<\/div>\n\t\t<\/div><div class=\"widget widget_circleicon-widget\">\t\t<div class=\"circle-icon-box circle-icon-position-top circle-icon-hide-box circle-icon-size-small\">\n\t\t\t<div class=\"circle-icon-wrapper\">\n\t\t\t\t<a href=\"https:\/\/www.jinsai.org\/pt-BR\/ensinamentos\/religiao\/a-reputacao-e-as-emocoes\/\" class=\"link-icon\" >\t\t\t\t<div class=\"circle-icon icon-style-set\" style=\"background-image: url(https:\/\/www.jinsai.org\/pt-BR\/wp-content\/uploads\/2018\/06\/Logos-Ensinamentos-Religi\u00e3o-Small.jpg)\">\n\t\t\t\t\t\t\t\t\t<\/div>\n\t\t\t\t<\/a>\t\t\t<\/div>\n\n\t\t\t<a href=\"https:\/\/www.jinsai.org\/pt-BR\/ensinamentos\/religiao\/a-reputacao-e-as-emocoes\/\" class=\"link-title\" >\t\t\t<h5 >Religi\u00e3o<\/h5>\t\t\t<h4 >A REPUTA\u00c7\u00c3O E AS EMO\u00c7\u00d5ES<\/h4>\t\t\t<\/a>\n\t\t\t<p class=\"text\" >Todos est\u00e3o cientes de que, seja a reputa\u00e7\u00e3o de uma pessoa boa ou ruim, h\u00e1 conex\u00f5es imprevistas com o destino dessa pessoa. Costuma-se dizer que certas pessoas t\u00eam boa reputa\u00e7\u00e3o para que possam ser confi\u00e1veis \u200b\u200bou que outras pessoas t\u00eam m\u00e1 reputa\u00e7\u00e3o, ent\u00e3o tome cuidado com elas, e at\u00e9 que ponto o destino de um [&hellip;]<\/p>\t\t\t\t\t\t\t<a href=\"https:\/\/www.jinsai.org\/pt-BR\/ensinamentos\/religiao\/a-reputacao-e-as-emocoes\/\" class=\"more-button\" >Continue lendo <i><\/i><\/a>\n\t\t\t\t\t<\/div>\n\t\t<\/div><div class=\"widget widget_circleicon-widget\">\t\t<div class=\"circle-icon-box circle-icon-position-top circle-icon-hide-box circle-icon-size-small\">\n\t\t\t<div class=\"circle-icon-wrapper\">\n\t\t\t\t<a href=\"https:\/\/www.jinsai.org\/pt-BR\/ensinamentos\/religiao\/as-mulheres-e-o-sexto-sentido\/\" class=\"link-icon\" >\t\t\t\t<div class=\"circle-icon icon-style-set\" style=\"background-image: url(https:\/\/www.jinsai.org\/pt-BR\/wp-content\/uploads\/2018\/06\/Logos-Ensinamentos-Religi\u00e3o-Small.jpg)\">\n\t\t\t\t\t\t\t\t\t<\/div>\n\t\t\t\t<\/a>\t\t\t<\/div>\n\n\t\t\t<a href=\"https:\/\/www.jinsai.org\/pt-BR\/ensinamentos\/religiao\/as-mulheres-e-o-sexto-sentido\/\" class=\"link-title\" >\t\t\t<h5 >Religi\u00e3o<\/h5>\t\t\t<h4 >AS MULHERES E O SEXTO SENTIDO<\/h4>\t\t\t<\/a>\n\t\t\t<p class=\"text\" >Pergunta: Gostaria de perguntar sobre a ideia de que as mulheres se unem \u00e0 f\u00e9 com base em seu sexto sentido. Meishu-Sama: N\u00e3o se deve presumir tal coisa. As mulheres t\u00eam seis sentidos, mas tamb\u00e9m t\u00eam raz\u00e3o. Mas como o aspecto emocional das mulheres funciona em um grau mais forte, h\u00e1 muitos casos em que [&hellip;]<\/p>\t\t\t\t\t\t\t<a href=\"https:\/\/www.jinsai.org\/pt-BR\/ensinamentos\/religiao\/as-mulheres-e-o-sexto-sentido\/\" class=\"more-button\" >Continue lendo <i><\/i><\/a>\n\t\t\t\t\t<\/div>\n\t\t<\/div><div class=\"clear\"><\/div><div class=\"widget widget_circleicon-widget\">\t\t<div class=\"circle-icon-box circle-icon-position-top circle-icon-hide-box circle-icon-size-small\">\n\t\t\t<div class=\"circle-icon-wrapper\">\n\t\t\t\t<a href=\"https:\/\/www.jinsai.org\/pt-BR\/ensinamentos\/religiao\/o-mes-de-kannazuki\/\" class=\"link-icon\" >\t\t\t\t<div class=\"circle-icon icon-style-set\" style=\"background-image: url(https:\/\/www.jinsai.org\/pt-BR\/wp-content\/uploads\/2018\/06\/Logos-Ensinamentos-Religi\u00e3o-Small.jpg)\">\n\t\t\t\t\t\t\t\t\t<\/div>\n\t\t\t\t<\/a>\t\t\t<\/div>\n\n\t\t\t<a href=\"https:\/\/www.jinsai.org\/pt-BR\/ensinamentos\/religiao\/o-mes-de-kannazuki\/\" class=\"link-title\" >\t\t\t<h5 >Religi\u00e3o<\/h5>\t\t\t<h4 >O M\u00caS DE KANNAZUKI<\/h4>\t\t\t<\/a>\n\t\t\t<p class=\"text\" >Pergunta: \u00c9 verdade que todos os deuses e divindades se re\u00fanem em Izumo durante o per\u00edodo tradicionalmente conhecido como kannazuki [\u201cm\u00eas em que n\u00e3o h\u00e1 deuses\u201d, o d\u00e9cimo m\u00eas no calend\u00e1rio lunar japon\u00eas]? Meishu-Sama: Os deuses n\u00e3o se re\u00fanem em Izumo, eles saem de Izumo e voltam para seu pa\u00eds de origem, a Cor\u00e9ia. Susanoo-no-Mikoto [&hellip;]<\/p>\t\t\t\t\t\t\t<a href=\"https:\/\/www.jinsai.org\/pt-BR\/ensinamentos\/religiao\/o-mes-de-kannazuki\/\" class=\"more-button\" >Continue lendo <i><\/i><\/a>\n\t\t\t\t\t<\/div>\n\t\t<\/div><div class=\"widget widget_circleicon-widget\">\t\t<div class=\"circle-icon-box circle-icon-position-top circle-icon-hide-box circle-icon-size-small\">\n\t\t\t<div class=\"circle-icon-wrapper\">\n\t\t\t\t<a href=\"https:\/\/www.jinsai.org\/pt-BR\/ensinamentos\/religiao\/os-tres-espiritos-e-o-mundo-espiritual\/\" class=\"link-icon\" >\t\t\t\t<div class=\"circle-icon icon-style-set\" style=\"background-image: url(https:\/\/www.jinsai.org\/pt-BR\/wp-content\/uploads\/2018\/06\/Logos-Ensinamentos-Religi\u00e3o-Small.jpg)\">\n\t\t\t\t\t\t\t\t\t<\/div>\n\t\t\t\t<\/a>\t\t\t<\/div>\n\n\t\t\t<a href=\"https:\/\/www.jinsai.org\/pt-BR\/ensinamentos\/religiao\/os-tres-espiritos-e-o-mundo-espiritual\/\" class=\"link-title\" >\t\t\t<h5 >Religi\u00e3o<\/h5>\t\t\t<h4 >OS TR\u00caS ESP\u00cdRITOS E O MUNDO ESPIRITUAL<\/h4>\t\t\t<\/a>\n\t\t\t<p class=\"text\" >Pergunta: Quando uma pessoa morre, o que acontece com os tr\u00eas esp\u00edritos, primordial, secund\u00e1rio e guardi\u00e3o, no Mundo Espiritual? Meishu-Sama: O esp\u00edrito primordial realiza a mesma atividade que no Mundo Material. A \u00fanica diferen\u00e7a \u00e9 que n\u00e3o h\u00e1 corpo f\u00edsico. N\u00e3o h\u00e1 necessidade do esp\u00edrito guardi\u00e3o, por isso ele desempenha uma fun\u00e7\u00e3o diferente. Em alguns [&hellip;]<\/p>\t\t\t\t\t\t\t<a href=\"https:\/\/www.jinsai.org\/pt-BR\/ensinamentos\/religiao\/os-tres-espiritos-e-o-mundo-espiritual\/\" class=\"more-button\" >Continue lendo <i><\/i><\/a>\n\t\t\t\t\t<\/div>\n\t\t<\/div><div class=\"widget widget_circleicon-widget\">\t\t<div class=\"circle-icon-box circle-icon-position-top circle-icon-hide-box circle-icon-size-small\">\n\t\t\t<div class=\"circle-icon-wrapper\">\n\t\t\t\t<a href=\"https:\/\/www.jinsai.org\/pt-BR\/ensinamentos\/religiao\/fe-kannon\/\" class=\"link-icon\" >\t\t\t\t<div class=\"circle-icon icon-style-set\" style=\"background-image: url(https:\/\/www.jinsai.org\/pt-BR\/wp-content\/uploads\/2018\/06\/Logos-Ensinamentos-Religi\u00e3o-Small.jpg)\">\n\t\t\t\t\t\t\t\t\t<\/div>\n\t\t\t\t<\/a>\t\t\t<\/div>\n\n\t\t\t<a href=\"https:\/\/www.jinsai.org\/pt-BR\/ensinamentos\/religiao\/fe-kannon\/\" class=\"link-title\" >\t\t\t<h5 >Religi\u00e3o<\/h5>\t\t\t<h4 >F\u00c9 KANNON<\/h4>\t\t\t<\/a>\n\t\t\t<p class=\"text\" >Aplic\u00e1vel a tudo na vida, mas particularmente na f\u00e9 Kannon, tudo deve ser redondo, el\u00e1stico, livre e flex\u00edvel. Ser redondo \u00e9 a propriedade de uma bola que pode rolar, por isso, se houver cantos ou arestas, a bola n\u00e3o pode se mover. Em japon\u00eas, costuma-se ouvir a express\u00e3o \u201celes j\u00e1 viram grande parte do mundo, [&hellip;]<\/p>\t\t\t\t\t\t\t<a href=\"https:\/\/www.jinsai.org\/pt-BR\/ensinamentos\/religiao\/fe-kannon\/\" class=\"more-button\" >Continue lendo <i><\/i><\/a>\n\t\t\t\t\t<\/div>\n\t\t<\/div><div class=\"clear\"><\/div><div class=\"widget widget_circleicon-widget\">\t\t<div class=\"circle-icon-box circle-icon-position-top circle-icon-hide-box circle-icon-size-small\">\n\t\t\t<div class=\"circle-icon-wrapper\">\n\t\t\t\t<a href=\"https:\/\/www.jinsai.org\/pt-BR\/ensinamentos\/religiao\/salvacao-e-fe-correta\/\" class=\"link-icon\" >\t\t\t\t<div class=\"circle-icon icon-style-set\" style=\"background-image: url(https:\/\/www.jinsai.org\/pt-BR\/wp-content\/uploads\/2018\/06\/Logos-Ensinamentos-Religi\u00e3o-Small.jpg)\">\n\t\t\t\t\t\t\t\t\t<\/div>\n\t\t\t\t<\/a>\t\t\t<\/div>\n\n\t\t\t<a href=\"https:\/\/www.jinsai.org\/pt-BR\/ensinamentos\/religiao\/salvacao-e-fe-correta\/\" class=\"link-title\" >\t\t\t<h5 >Religi\u00e3o<\/h5>\t\t\t<h4 >SALVA\u00c7\u00c3O E F\u00c9 CORRETA<\/h4>\t\t\t<\/a>\n\t\t\t<p class=\"text\" >Pergunta: Meu irm\u00e3o mais velho estava sofrendo de um colapso nervoso e desapareceu repentinamente h\u00e1 cerca de trinta anos. A fam\u00edlia fez com que um asceta budista lesse a situa\u00e7\u00e3o espiritualmente e ele nos disse que meu irm\u00e3o havia se afogado. No quarto ano ap\u00f3s o desaparecimento de meu irm\u00e3o, minha irm\u00e3 mais velha (a [&hellip;]<\/p>\t\t\t\t\t\t\t<a href=\"https:\/\/www.jinsai.org\/pt-BR\/ensinamentos\/religiao\/salvacao-e-fe-correta\/\" class=\"more-button\" >Continue lendo <i><\/i><\/a>\n\t\t\t\t\t<\/div>\n\t\t<\/div><div class=\"widget widget_circleicon-widget\">\t\t<div class=\"circle-icon-box circle-icon-position-top circle-icon-hide-box circle-icon-size-small\">\n\t\t\t<div class=\"circle-icon-wrapper\">\n\t\t\t\t<a href=\"https:\/\/www.jinsai.org\/pt-BR\/ensinamentos\/religiao\/fe-e-igual-a-justica\/\" class=\"link-icon\" >\t\t\t\t<div class=\"circle-icon icon-style-set\" style=\"background-image: url(https:\/\/www.jinsai.org\/pt-BR\/wp-content\/uploads\/2018\/06\/Logos-Ensinamentos-Religi\u00e3o-Small.jpg)\">\n\t\t\t\t\t\t\t\t\t<\/div>\n\t\t\t\t<\/a>\t\t\t<\/div>\n\n\t\t\t<a href=\"https:\/\/www.jinsai.org\/pt-BR\/ensinamentos\/religiao\/fe-e-igual-a-justica\/\" class=\"link-title\" >\t\t\t<h5 >Religi\u00e3o<\/h5>\t\t\t<h4 >F\u00c9 \u00c9 IGUAL \u00c0 JUSTI\u00c7A<\/h4>\t\t\t<\/a>\n\t\t\t<p class=\"text\" >Ao abordar a quest\u00e3o do que \u00e9 religi\u00e3o, n\u00e3o deveria ser necess\u00e1rio descrev\u00ea-la como a explica\u00e7\u00e3o de teorias religiosas dif\u00edceis ou como filosofia religiosa. Em \u00faltima an\u00e1lise, a religi\u00e3o \u00e9 a forma\u00e7\u00e3o do verdadeiro ser humano. N\u00e3o h\u00e1 nada mais na religi\u00e3o do que este \u00fanico fato. No entanto, dizer isso \u00e9 extremamente f\u00e1cil, mas [&hellip;]<\/p>\t\t\t\t\t\t\t<a href=\"https:\/\/www.jinsai.org\/pt-BR\/ensinamentos\/religiao\/fe-e-igual-a-justica\/\" class=\"more-button\" >Continue lendo <i><\/i><\/a>\n\t\t\t\t\t<\/div>\n\t\t<\/div><div class=\"widget widget_circleicon-widget\">\t\t<div class=\"circle-icon-box circle-icon-position-top circle-icon-hide-box circle-icon-size-small\">\n\t\t\t<div class=\"circle-icon-wrapper\">\n\t\t\t\t<a href=\"https:\/\/www.jinsai.org\/pt-BR\/ensinamentos\/religiao\/amor-romantico-e-religiao\/\" class=\"link-icon\" >\t\t\t\t<div class=\"circle-icon icon-style-set\" style=\"background-image: url(https:\/\/www.jinsai.org\/pt-BR\/wp-content\/uploads\/2018\/06\/Logos-Ensinamentos-Religi\u00e3o-Small.jpg)\">\n\t\t\t\t\t\t\t\t\t<\/div>\n\t\t\t\t<\/a>\t\t\t<\/div>\n\n\t\t\t<a href=\"https:\/\/www.jinsai.org\/pt-BR\/ensinamentos\/religiao\/amor-romantico-e-religiao\/\" class=\"link-title\" >\t\t\t<h5 >Religi\u00e3o<\/h5>\t\t\t<h4 >AMOR ROM\u00c2NTICO E RELIGI\u00c3O<\/h4>\t\t\t<\/a>\n\t\t\t<p class=\"text\" >Frequentemente me perguntam sobre o amor rom\u00e2ntico e respondo da seguinte maneira. Por si s\u00f3, o amor rom\u00e2ntico \u00e9 a maior b\u00ean\u00e7\u00e3o que Deus concedeu aos seres humanos. Diz-se que o resultado natural do amor rom\u00e2ntico \u00e9 o casamento, e essa interpreta\u00e7\u00e3o \u00e9 verdadeira. Portanto, a sabedoria e o autoexame devem ser exercidos no amor [&hellip;]<\/p>\t\t\t\t\t\t\t<a href=\"https:\/\/www.jinsai.org\/pt-BR\/ensinamentos\/religiao\/amor-romantico-e-religiao\/\" class=\"more-button\" >Continue lendo <i><\/i><\/a>\n\t\t\t\t\t<\/div>\n\t\t<\/div><div class=\"clear\"><\/div><div class=\"widget widget_circleicon-widget\">\t\t<div class=\"circle-icon-box circle-icon-position-top circle-icon-hide-box circle-icon-size-small\">\n\t\t\t<div class=\"circle-icon-wrapper\">\n\t\t\t\t<a href=\"https:\/\/www.jinsai.org\/pt-BR\/ensinamentos\/religiao\/possessao-e-habilidades-sobre-humanas\/\" class=\"link-icon\" >\t\t\t\t<div class=\"circle-icon icon-style-set\" style=\"background-image: url(https:\/\/www.jinsai.org\/pt-BR\/wp-content\/uploads\/2018\/06\/Logos-Ensinamentos-Religi\u00e3o-Small.jpg)\">\n\t\t\t\t\t\t\t\t\t<\/div>\n\t\t\t\t<\/a>\t\t\t<\/div>\n\n\t\t\t<a href=\"https:\/\/www.jinsai.org\/pt-BR\/ensinamentos\/religiao\/possessao-e-habilidades-sobre-humanas\/\" class=\"link-title\" >\t\t\t<h5 >Religi\u00e3o<\/h5>\t\t\t<h4 >POSSESS\u00c3O E HABILIDADES SOBRE-HUMANAS<\/h4>\t\t\t<\/a>\n\t\t\t<p class=\"text\" >Pergunta: Em um de seus livros li que um tengu do Monte Kurama possuiu Yoshitsune. Eu me pergunto se todos aqueles que mostram habilidades sobre-humanas, como desportistas ou mestres de artes marciais, o fazem porque t\u00eam um esp\u00edrito possessivo. Meishu-Sama: Sim, isso mesmo. H\u00e1 momentos em que os nadadores s\u00e3o possu\u00eddos pelo esp\u00edrito de um [&hellip;]<\/p>\t\t\t\t\t\t\t<a href=\"https:\/\/www.jinsai.org\/pt-BR\/ensinamentos\/religiao\/possessao-e-habilidades-sobre-humanas\/\" class=\"more-button\" >Continue lendo <i><\/i><\/a>\n\t\t\t\t\t<\/div>\n\t\t<\/div><div class=\"widget widget_circleicon-widget\">\t\t<div class=\"circle-icon-box circle-icon-position-top circle-icon-hide-box circle-icon-size-small\">\n\t\t\t<div class=\"circle-icon-wrapper\">\n\t\t\t\t<a href=\"https:\/\/www.jinsai.org\/pt-BR\/ensinamentos\/religiao\/relacao-entre-amida-e-kannon\/\" class=\"link-icon\" >\t\t\t\t<div class=\"circle-icon icon-style-set\" style=\"background-image: url(https:\/\/www.jinsai.org\/pt-BR\/wp-content\/uploads\/2018\/06\/Logos-Ensinamentos-Religi\u00e3o-Small.jpg)\">\n\t\t\t\t\t\t\t\t\t<\/div>\n\t\t\t\t<\/a>\t\t\t<\/div>\n\n\t\t\t<a href=\"https:\/\/www.jinsai.org\/pt-BR\/ensinamentos\/religiao\/relacao-entre-amida-e-kannon\/\" class=\"link-title\" >\t\t\t<h5 >Religi\u00e3o<\/h5>\t\t\t<h4 >RELA\u00c7\u00c3O ENTRE AMIDA E KANNON<\/h4>\t\t\t<\/a>\n\t\t\t<p class=\"text\" >Pergunta: Por que o Buda Amida aparece na coroa de Senju Kannon na imagem consagrada no altar de antepassados? Meishu-Sama: O Buda Amida \u00e9 a m\u00e3e de Kannon. Diz-se que Kannon \u00e9 o Miroku do Sol e Amida \u00e9 o Miroku da Lua, e isso significa que a Lua d\u00e1 \u00e0 luz o Sol. \u00c9 [&hellip;]<\/p>\t\t\t\t\t\t\t<a href=\"https:\/\/www.jinsai.org\/pt-BR\/ensinamentos\/religiao\/relacao-entre-amida-e-kannon\/\" class=\"more-button\" >Continue lendo <i><\/i><\/a>\n\t\t\t\t\t<\/div>\n\t\t<\/div><div class=\"widget widget_circleicon-widget\">\t\t<div class=\"circle-icon-box circle-icon-position-top circle-icon-hide-box circle-icon-size-small\">\n\t\t\t<div class=\"circle-icon-wrapper\">\n\t\t\t\t<a href=\"https:\/\/www.jinsai.org\/pt-BR\/ensinamentos\/religiao\/bramanismo-e-islamismo\/\" class=\"link-icon\" >\t\t\t\t<div class=\"circle-icon icon-style-set\" style=\"background-image: url(https:\/\/www.jinsai.org\/pt-BR\/wp-content\/uploads\/2018\/06\/Logos-Ensinamentos-Religi\u00e3o-Small.jpg)\">\n\t\t\t\t\t\t\t\t\t<\/div>\n\t\t\t\t<\/a>\t\t\t<\/div>\n\n\t\t\t<a href=\"https:\/\/www.jinsai.org\/pt-BR\/ensinamentos\/religiao\/bramanismo-e-islamismo\/\" class=\"link-title\" >\t\t\t<h5 >Religi\u00e3o<\/h5>\t\t\t<h4 >BRAMANISMO E ISLAMISMO<\/h4>\t\t\t<\/a>\n\t\t\t<p class=\"text\" >Das muitas religi\u00f5es do mundo, duas que s\u00e3o bastante distintas s\u00e3o o bramanismo no Oriente e a religi\u00e3o fundada por Maom\u00e9 no Ocidente. Ambos s\u00e3o exemplos de f\u00e9 extremamente Shojo. Mesmo em seu local de nascimento na \u00cdndia, diz-se que o bramanismo tem uma exist\u00eancia insignificante e apenas alguns ascetas br\u00e2manes permanecem agora. Quem estuda [&hellip;]<\/p>\t\t\t\t\t\t\t<a href=\"https:\/\/www.jinsai.org\/pt-BR\/ensinamentos\/religiao\/bramanismo-e-islamismo\/\" class=\"more-button\" >Continue lendo <i><\/i><\/a>\n\t\t\t\t\t<\/div>\n\t\t<\/div><div class=\"clear\"><\/div><div class=\"widget widget_circleicon-widget\">\t\t<div class=\"circle-icon-box circle-icon-position-top circle-icon-hide-box circle-icon-size-small\">\n\t\t\t<div class=\"circle-icon-wrapper\">\n\t\t\t\t<a href=\"https:\/\/www.jinsai.org\/pt-BR\/ensinamentos\/religiao\/doenca-causada-por-encosto-de-espirito-falecido\/\" class=\"link-icon\" >\t\t\t\t<div class=\"circle-icon icon-style-set\" style=\"background-image: url(https:\/\/www.jinsai.org\/pt-BR\/wp-content\/uploads\/2018\/06\/Logos-Ensinamentos-Religi\u00e3o-Small.jpg)\">\n\t\t\t\t\t\t\t\t\t<\/div>\n\t\t\t\t<\/a>\t\t\t<\/div>\n\n\t\t\t<a href=\"https:\/\/www.jinsai.org\/pt-BR\/ensinamentos\/religiao\/doenca-causada-por-encosto-de-espirito-falecido\/\" class=\"link-title\" >\t\t\t<h5 >Religi\u00e3o<\/h5>\t\t\t<h4 >DOEN\u00c7A CAUSADA POR ENCOSTO DE ESP\u00cdRITO FALECIDO<\/h4>\t\t\t<\/a>\n\t\t\t<p class=\"text\" >Pergunta: Mulher, quarenta e seis anos, \u00e9 membro desde agosto. Ela perdeu o marido h\u00e1 quatro anos por causa de um c\u00e2ncer na l\u00edngua. Ela mora sozinha e trabalha desde ent\u00e3o, mas desde junho passado se sentiu let\u00e1rgica e sua l\u00edngua, l\u00e1bios, pontas dos dedos, bra\u00e7os, pernas est\u00e3o t\u00e3o dormentes que ela n\u00e3o consegue trabalhar. [&hellip;]<\/p>\t\t\t\t\t\t\t<a href=\"https:\/\/www.jinsai.org\/pt-BR\/ensinamentos\/religiao\/doenca-causada-por-encosto-de-espirito-falecido\/\" class=\"more-button\" >Continue lendo <i><\/i><\/a>\n\t\t\t\t\t<\/div>\n\t\t<\/div><div class=\"widget widget_circleicon-widget\">\t\t<div class=\"circle-icon-box circle-icon-position-top circle-icon-hide-box circle-icon-size-small\">\n\t\t\t<div class=\"circle-icon-wrapper\">\n\t\t\t\t<a href=\"https:\/\/www.jinsai.org\/pt-BR\/ensinamentos\/religiao\/o-significado-de-inari\/\" class=\"link-icon\" >\t\t\t\t<div class=\"circle-icon icon-style-set\" style=\"background-image: url(https:\/\/www.jinsai.org\/pt-BR\/wp-content\/uploads\/2018\/06\/Logos-Ensinamentos-Religi\u00e3o-Small.jpg)\">\n\t\t\t\t\t\t\t\t\t<\/div>\n\t\t\t\t<\/a>\t\t\t<\/div>\n\n\t\t\t<a href=\"https:\/\/www.jinsai.org\/pt-BR\/ensinamentos\/religiao\/o-significado-de-inari\/\" class=\"link-title\" >\t\t\t<h5 >Religi\u00e3o<\/h5>\t\t\t<h4 >O SIGNIFICADO DE INARI<\/h4>\t\t\t<\/a>\n\t\t\t<p class=\"text\" >De todos os esp\u00edritos e divindades consagrados em cada regi\u00e3o do Jap\u00e3o, provavelmente n\u00e3o h\u00e1 maior n\u00famero do que os esp\u00edritos Inari. Portanto, conhecer as origens dos esp\u00edritos Inari deve ser de algum valor. Nos prim\u00f3rdios do Jap\u00e3o, \u00e0 medida que a popula\u00e7\u00e3o crescia gradualmente, o aumento na produ\u00e7\u00e3o do alimento b\u00e1sico, o arroz, tornou-se [&hellip;]<\/p>\t\t\t\t\t\t\t<a href=\"https:\/\/www.jinsai.org\/pt-BR\/ensinamentos\/religiao\/o-significado-de-inari\/\" class=\"more-button\" >Continue lendo <i><\/i><\/a>\n\t\t\t\t\t<\/div>\n\t\t<\/div><div class=\"widget widget_circleicon-widget\">\t\t<div class=\"circle-icon-box circle-icon-position-top circle-icon-hide-box circle-icon-size-small\">\n\t\t\t<div class=\"circle-icon-wrapper\">\n\t\t\t\t<a href=\"https:\/\/www.jinsai.org\/pt-BR\/ensinamentos\/religiao\/a-batalha-da-passagem-plana-do-inferno\/\" class=\"link-icon\" >\t\t\t\t<div class=\"circle-icon icon-style-set\" style=\"background-image: url(https:\/\/www.jinsai.org\/pt-BR\/wp-content\/uploads\/2018\/06\/Logos-Ensinamentos-Religi\u00e3o-Small.jpg)\">\n\t\t\t\t\t\t\t\t\t<\/div>\n\t\t\t\t<\/a>\t\t\t<\/div>\n\n\t\t\t<a href=\"https:\/\/www.jinsai.org\/pt-BR\/ensinamentos\/religiao\/a-batalha-da-passagem-plana-do-inferno\/\" class=\"link-title\" >\t\t\t<h5 >Religi\u00e3o<\/h5>\t\t\t<h4 >A BATALHA DA PASSAGEM PLANA DO INFERNO<\/h4>\t\t\t<\/a>\n\t\t\t<p class=\"text\" >Como ocasionalmente me perguntam sobre o t\u00edtulo deste artigo, farei um resumo geral. A Yomotsu Hirasaka no Tatakai[1] \u00e9, naturalmente, um relato do Kojiki (Registros Antigos do Jap\u00e3o), e descreverei os detalhes de como realmente experimentei esse conflito. Cerca de vinte anos atr\u00e1s, em um ponto ao longo da avenida que leva ao Santu\u00e1rio Meiji [&hellip;]<\/p>\t\t\t\t\t\t\t<a href=\"https:\/\/www.jinsai.org\/pt-BR\/ensinamentos\/religiao\/a-batalha-da-passagem-plana-do-inferno\/\" class=\"more-button\" >Continue lendo <i><\/i><\/a>\n\t\t\t\t\t<\/div>\n\t\t<\/div><div class=\"clear\"><\/div><div class=\"widget widget_circleicon-widget\">\t\t<div class=\"circle-icon-box circle-icon-position-top circle-icon-hide-box circle-icon-size-small\">\n\t\t\t<div class=\"circle-icon-wrapper\">\n\t\t\t\t<a href=\"https:\/\/www.jinsai.org\/pt-BR\/ensinamentos\/religiao\/a-aptidao-e-os-espiritos-do-homem\/\" class=\"link-icon\" >\t\t\t\t<div class=\"circle-icon icon-style-set\" style=\"background-image: url(https:\/\/www.jinsai.org\/pt-BR\/wp-content\/uploads\/2018\/06\/Logos-Ensinamentos-Religi\u00e3o-Small.jpg)\">\n\t\t\t\t\t\t\t\t\t<\/div>\n\t\t\t\t<\/a>\t\t\t<\/div>\n\n\t\t\t<a href=\"https:\/\/www.jinsai.org\/pt-BR\/ensinamentos\/religiao\/a-aptidao-e-os-espiritos-do-homem\/\" class=\"link-title\" >\t\t\t<h5 >Religi\u00e3o<\/h5>\t\t\t<h4 >A APTID\u00c3O E OS ESP\u00cdRITOS DO HOMEM<\/h4>\t\t\t<\/a>\n\t\t\t<p class=\"text\" >Pergunta: H\u00e1 pessoas que nascem com um talento ou destino particular, mas a qual dos esp\u00edritos isso corresponde? Meishu-Sama: N\u00e3o se pode dizer qual. H\u00e1 momentos em que o esp\u00edrito secund\u00e1rio trabalha muito. O esp\u00edrito secund\u00e1rio trabalha muito com animadores. Comediantes e contadores de hist\u00f3rias fazem as pessoas rirem, mas como o esp\u00edrito prim\u00e1rio n\u00e3o [&hellip;]<\/p>\t\t\t\t\t\t\t<a href=\"https:\/\/www.jinsai.org\/pt-BR\/ensinamentos\/religiao\/a-aptidao-e-os-espiritos-do-homem\/\" class=\"more-button\" >Continue lendo <i><\/i><\/a>\n\t\t\t\t\t<\/div>\n\t\t<\/div><div class=\"widget widget_circleicon-widget\">\t\t<div class=\"circle-icon-box circle-icon-position-top circle-icon-hide-box circle-icon-size-small\">\n\t\t\t<div class=\"circle-icon-wrapper\">\n\t\t\t\t<a href=\"https:\/\/www.jinsai.org\/pt-BR\/ensinamentos\/religiao\/yakushi-nyorai-o-buda-da-medicina\/\" class=\"link-icon\" >\t\t\t\t<div class=\"circle-icon icon-style-set\" style=\"background-image: url(https:\/\/www.jinsai.org\/pt-BR\/wp-content\/uploads\/2018\/06\/Logos-Ensinamentos-Religi\u00e3o-Small.jpg)\">\n\t\t\t\t\t\t\t\t\t<\/div>\n\t\t\t\t<\/a>\t\t\t<\/div>\n\n\t\t\t<a href=\"https:\/\/www.jinsai.org\/pt-BR\/ensinamentos\/religiao\/yakushi-nyorai-o-buda-da-medicina\/\" class=\"link-title\" >\t\t\t<h5 >Religi\u00e3o<\/h5>\t\t\t<h4 >YAKUSHI NYORAI, O BUDA DA MEDICINA<\/h4>\t\t\t<\/a>\n\t\t\t<p class=\"text\" >Yakushi Nyorai (Bhaisajyaguru [s\u00e2nscrito], que significa o Mestre da Cura ou Buda da Medicina, que reprime todas as doen\u00e7as e prolonga a vida) \u00e9 uma encarna\u00e7\u00e3o de Kannon e tamb\u00e9m \u00e9 chamado de \"Yakushi Nyorai do Leste\u201d ('O Leste' indica 'o Para\u00edso do Leste').\" Tenho exercido o Poder Kannon e insistido que rem\u00e9dios s\u00e3o venenos, [&hellip;]<\/p>\t\t\t\t\t\t\t<a href=\"https:\/\/www.jinsai.org\/pt-BR\/ensinamentos\/religiao\/yakushi-nyorai-o-buda-da-medicina\/\" class=\"more-button\" >Continue lendo <i><\/i><\/a>\n\t\t\t\t\t<\/div>\n\t\t<\/div><div class=\"widget widget_circleicon-widget\">\t\t<div class=\"circle-icon-box circle-icon-position-top circle-icon-hide-box circle-icon-size-small\">\n\t\t\t<div class=\"circle-icon-wrapper\">\n\t\t\t\t<a href=\"https:\/\/www.jinsai.org\/pt-BR\/ensinamentos\/religiao\/os-dois-tipos-de-satori\/\" class=\"link-icon\" >\t\t\t\t<div class=\"circle-icon icon-style-set\" style=\"background-image: url(https:\/\/www.jinsai.org\/pt-BR\/wp-content\/uploads\/2018\/06\/Logos-Ensinamentos-Religi\u00e3o-Small.jpg)\">\n\t\t\t\t\t\t\t\t\t<\/div>\n\t\t\t\t<\/a>\t\t\t<\/div>\n\n\t\t\t<a href=\"https:\/\/www.jinsai.org\/pt-BR\/ensinamentos\/religiao\/os-dois-tipos-de-satori\/\" class=\"link-title\" >\t\t\t<h5 >Religi\u00e3o<\/h5>\t\t\t<h4 >OS DOIS TIPOS DE SATORI<\/h4>\t\t\t<\/a>\n\t\t\t<p class=\"text\" >Na l\u00edngua corriqueira, usamos a palavra satori, mas ela pode ser escrita de duas maneiras diferentes com os ideogramas chineses. Uma maneira \u00e9 escrever satori com o ideograma que significa \u201cpercep\u00e7\u00e3o\u201d, e a outra \u00e9 usar o ideograma para \u201caprender\u201d. Esses dois tipos de satori diferem muito, na verdade eles s\u00e3o opostos. Podemos dizer que [&hellip;]<\/p>\t\t\t\t\t\t\t<a href=\"https:\/\/www.jinsai.org\/pt-BR\/ensinamentos\/religiao\/os-dois-tipos-de-satori\/\" class=\"more-button\" >Continue lendo <i><\/i><\/a>\n\t\t\t\t\t<\/div>\n\t\t<\/div><div class=\"clear\"><\/div><div class=\"widget widget_circleicon-widget\">\t\t<div class=\"circle-icon-box circle-icon-position-top circle-icon-hide-box circle-icon-size-small\">\n\t\t\t<div class=\"circle-icon-wrapper\">\n\t\t\t\t<a href=\"https:\/\/www.jinsai.org\/pt-BR\/ensinamentos\/religiao\/minha-epoca-como-membro-da-religiao-oomoto\/\" class=\"link-icon\" >\t\t\t\t<div class=\"circle-icon icon-style-set\" style=\"background-image: url(https:\/\/www.jinsai.org\/pt-BR\/wp-content\/uploads\/2018\/06\/Logos-Ensinamentos-Religi\u00e3o-Small.jpg)\">\n\t\t\t\t\t\t\t\t\t<\/div>\n\t\t\t\t<\/a>\t\t\t<\/div>\n\n\t\t\t<a href=\"https:\/\/www.jinsai.org\/pt-BR\/ensinamentos\/religiao\/minha-epoca-como-membro-da-religiao-oomoto\/\" class=\"link-title\" >\t\t\t<h5 >Religi\u00e3o<\/h5>\t\t\t<h4 >MINHA \u00c9POCA COMO MEMBRO DA RELIGI\u00c3O OOMOTO<\/h4>\t\t\t<\/a>\n\t\t\t<p class=\"text\" >Por v\u00e1rios anos depois que entrei para a religi\u00e3o Oomoto, ela era verdadeiramente de mente estreita (shojo), certinha e extremamente abstinente. Para roupas e afins, os produtos fabricados com seda n\u00e3o serviriam. Foi informado a todos que nada poderia ser usado a menos que fosse feito de algod\u00e3o. De acordo com os princ\u00edpios do Esp\u00edrito [&hellip;]<\/p>\t\t\t\t\t\t\t<a href=\"https:\/\/www.jinsai.org\/pt-BR\/ensinamentos\/religiao\/minha-epoca-como-membro-da-religiao-oomoto\/\" class=\"more-button\" >Continue lendo <i><\/i><\/a>\n\t\t\t\t\t<\/div>\n\t\t<\/div><div class=\"widget widget_circleicon-widget\">\t\t<div class=\"circle-icon-box circle-icon-position-top circle-icon-hide-box circle-icon-size-small\">\n\t\t\t<div class=\"circle-icon-wrapper\">\n\t\t\t\t<a href=\"https:\/\/www.jinsai.org\/pt-BR\/ensinamentos\/religiao\/anuncio-sobre-a-vinda-do-messias\/\" class=\"link-icon\" >\t\t\t\t<div class=\"circle-icon icon-style-set\" style=\"background-image: url(https:\/\/www.jinsai.org\/pt-BR\/wp-content\/uploads\/2018\/06\/Logos-Ensinamentos-Religi\u00e3o-Small.jpg)\">\n\t\t\t\t\t\t\t\t\t<\/div>\n\t\t\t\t<\/a>\t\t\t<\/div>\n\n\t\t\t<a href=\"https:\/\/www.jinsai.org\/pt-BR\/ensinamentos\/religiao\/anuncio-sobre-a-vinda-do-messias\/\" class=\"link-title\" >\t\t\t<h5 >Religi\u00e3o<\/h5>\t\t\t<h4 >AN\u00daNCIO SOBRE A VINDA DO MESSIAS<\/h4>\t\t\t<\/a>\n\t\t\t<p class=\"text\" >Fala-se sobre a vinda do Messias, n\u00e3o? Pois o Messias nasceu. N\u00e3o s\u00e3o apenas palavras; \u00e9 realidade mesmo. Eu pr\u00f3prio fiquei surpreso. E n\u00e3o se trata de renascer, mas de nascer novamente. \u00c9 esquisito nascer depois de velho, mas o mais interessante \u00e9 que minha pele ficou como a de um beb\u00ea e, al\u00e9m disso, [&hellip;]<\/p>\t\t\t\t\t\t\t<a href=\"https:\/\/www.jinsai.org\/pt-BR\/ensinamentos\/religiao\/anuncio-sobre-a-vinda-do-messias\/\" class=\"more-button\" >Continue lendo <i><\/i><\/a>\n\t\t\t\t\t<\/div>\n\t\t<\/div><div class=\"widget widget_circleicon-widget\">\t\t<div class=\"circle-icon-box circle-icon-position-top circle-icon-hide-box circle-icon-size-small\">\n\t\t\t<div class=\"circle-icon-wrapper\">\n\t\t\t\t<a href=\"https:\/\/www.jinsai.org\/pt-BR\/ensinamentos\/religiao\/a-relacao-entre-espiritos-de-dragao-e-doenca\/\" class=\"link-icon\" >\t\t\t\t<div class=\"circle-icon icon-style-set\" style=\"background-image: url(https:\/\/www.jinsai.org\/pt-BR\/wp-content\/uploads\/2018\/06\/Logos-Ensinamentos-Religi\u00e3o-Small.jpg)\">\n\t\t\t\t\t\t\t\t\t<\/div>\n\t\t\t\t<\/a>\t\t\t<\/div>\n\n\t\t\t<a href=\"https:\/\/www.jinsai.org\/pt-BR\/ensinamentos\/religiao\/a-relacao-entre-espiritos-de-dragao-e-doenca\/\" class=\"link-title\" >\t\t\t<h5 >Religi\u00e3o<\/h5>\t\t\t<h4 >A RELA\u00c7\u00c3O ENTRE ESP\u00cdRITOS DE DRAG\u00c3O E DOEN\u00c7A<\/h4>\t\t\t<\/a>\n\t\t\t<p class=\"text\" >O relato seguinte \u00e9 um relato de uma doen\u00e7a causada por uma condi\u00e7\u00e3o espiritual. Do ponto de vista de algu\u00e9m sem conhecimento de assuntos espirituais, deve parecer absolutamente mistificador, por isso vou dar um esbo\u00e7o aqui. Entre os ancestrais desta fam\u00edlia, est\u00e1 um que morreu e foi para o Mundo Espiritual, e devido a algum [&hellip;]<\/p>\t\t\t\t\t\t\t<a href=\"https:\/\/www.jinsai.org\/pt-BR\/ensinamentos\/religiao\/a-relacao-entre-espiritos-de-dragao-e-doenca\/\" class=\"more-button\" >Continue lendo <i><\/i><\/a>\n\t\t\t\t\t<\/div>\n\t\t<\/div><div class=\"clear\"><\/div><div class=\"widget widget_circleicon-widget\">\t\t<div class=\"circle-icon-box circle-icon-position-top circle-icon-hide-box circle-icon-size-small\">\n\t\t\t<div class=\"circle-icon-wrapper\">\n\t\t\t\t<a href=\"https:\/\/www.jinsai.org\/pt-BR\/ensinamentos\/religiao\/nosso-trabalho-e-a-religiao-crista\/\" class=\"link-icon\" >\t\t\t\t<div class=\"circle-icon icon-style-set\" style=\"background-image: url(https:\/\/www.jinsai.org\/pt-BR\/wp-content\/uploads\/2018\/06\/Logos-Ensinamentos-Religi\u00e3o-Small.jpg)\">\n\t\t\t\t\t\t\t\t\t<\/div>\n\t\t\t\t<\/a>\t\t\t<\/div>\n\n\t\t\t<a href=\"https:\/\/www.jinsai.org\/pt-BR\/ensinamentos\/religiao\/nosso-trabalho-e-a-religiao-crista\/\" class=\"link-title\" >\t\t\t<h5 >Religi\u00e3o<\/h5>\t\t\t<h4 >NOSSO TRABALHO E A RELIGI\u00c3O CRIST\u00c3<\/h4>\t\t\t<\/a>\n\t\t\t<p class=\"text\" >Conforme nosso trabalho for expandindo, vai acabar rivalizando com a religi\u00e3o crist\u00e3. Quem mais vai se sentir amea\u00e7ada ser\u00e1 a Igreja Cat\u00f3lica. A base \u00e9 o Papa, portanto, eu j\u00e1 tenho em mente o que fazer para submeter o Papa. No fim, pretendo fazer com que o Papa nos reverencie. Isto j\u00e1 est\u00e1 certo. Afinal, [&hellip;]<\/p>\t\t\t\t\t\t\t<a href=\"https:\/\/www.jinsai.org\/pt-BR\/ensinamentos\/religiao\/nosso-trabalho-e-a-religiao-crista\/\" class=\"more-button\" >Continue lendo <i><\/i><\/a>\n\t\t\t\t\t<\/div>\n\t\t<\/div><div class=\"widget widget_circleicon-widget\">\t\t<div class=\"circle-icon-box circle-icon-position-top circle-icon-hide-box circle-icon-size-small\">\n\t\t\t<div class=\"circle-icon-wrapper\">\n\t\t\t\t<a href=\"https:\/\/www.jinsai.org\/pt-BR\/ensinamentos\/religiao\/lancamento-da-pedra-fundamental\/\" class=\"link-icon\" >\t\t\t\t<div class=\"circle-icon icon-style-set\" style=\"background-image: url(https:\/\/www.jinsai.org\/pt-BR\/wp-content\/uploads\/2018\/06\/Logos-Ensinamentos-Religi\u00e3o-Small.jpg)\">\n\t\t\t\t\t\t\t\t\t<\/div>\n\t\t\t\t<\/a>\t\t\t<\/div>\n\n\t\t\t<a href=\"https:\/\/www.jinsai.org\/pt-BR\/ensinamentos\/religiao\/lancamento-da-pedra-fundamental\/\" class=\"link-title\" >\t\t\t<h5 >Religi\u00e3o<\/h5>\t\t\t<h4 >LAN\u00c7AMENTO DA PEDRA FUNDAMENTAL<\/h4>\t\t\t<\/a>\n\t\t\t<p class=\"text\" >Pergunta: Como devemos proceder no Jichinsai (Culto de Lan\u00e7amento da Pedra Fundamental)? Meishu Sama: A ora\u00e7\u00e3o do Jichinsai (ora\u00e7\u00e3o de abertura do culto) j\u00e1 est\u00e1 pronta. \u00c9 melhor faz\u00ea-la. Ao fazer isso (ora\u00e7\u00e3o de abertura do culto) recebe-se a permiss\u00e3o de Deus na dimens\u00e3o espiritual. Assim \u00e9 purificado e desaparecem os obst\u00e1culos. Deve-se vestir roupas [&hellip;]<\/p>\t\t\t\t\t\t\t<a href=\"https:\/\/www.jinsai.org\/pt-BR\/ensinamentos\/religiao\/lancamento-da-pedra-fundamental\/\" class=\"more-button\" >Continue lendo <i><\/i><\/a>\n\t\t\t\t\t<\/div>\n\t\t<\/div><div class=\"widget widget_circleicon-widget\">\t\t<div class=\"circle-icon-box circle-icon-position-top circle-icon-hide-box circle-icon-size-small\">\n\t\t\t<div class=\"circle-icon-wrapper\">\n\t\t\t\t<a href=\"https:\/\/www.jinsai.org\/pt-BR\/ensinamentos\/religiao\/a-luz-e-os-espiritos-de-raposa\/\" class=\"link-icon\" >\t\t\t\t<div class=\"circle-icon icon-style-set\" style=\"background-image: url(https:\/\/www.jinsai.org\/pt-BR\/wp-content\/uploads\/2018\/06\/Logos-Ensinamentos-Religi\u00e3o-Small.jpg)\">\n\t\t\t\t\t\t\t\t\t<\/div>\n\t\t\t\t<\/a>\t\t\t<\/div>\n\n\t\t\t<a href=\"https:\/\/www.jinsai.org\/pt-BR\/ensinamentos\/religiao\/a-luz-e-os-espiritos-de-raposa\/\" class=\"link-title\" >\t\t\t<h5 >Religi\u00e3o<\/h5>\t\t\t<h4 >A LUZ E OS ESP\u00cdRITOS DE RAPOSA<\/h4>\t\t\t<\/a>\n\t\t\t<p class=\"text\" >Pergunta: Na prov\u00edncia de Ibaraki, um esp\u00edrito de raposa kinpei incorpora em uma jovem de 19 anos e \u00e0 noite fica fora de controle. O esp\u00edrito afirma que de dia a luz \u00e9 ofuscante, mas a noite \u00e9 muito mais agrad\u00e1vel. Meishu-Sama: Isso mesmo. Eu j\u00e1 fiz parte de um grupo de pesquisas paranormais e [&hellip;]<\/p>\t\t\t\t\t\t\t<a href=\"https:\/\/www.jinsai.org\/pt-BR\/ensinamentos\/religiao\/a-luz-e-os-espiritos-de-raposa\/\" class=\"more-button\" >Continue lendo <i><\/i><\/a>\n\t\t\t\t\t<\/div>\n\t\t<\/div><div class=\"clear\"><\/div><div class=\"widget widget_circleicon-widget\">\t\t<div class=\"circle-icon-box circle-icon-position-top circle-icon-hide-box circle-icon-size-small\">\n\t\t\t<div class=\"circle-icon-wrapper\">\n\t\t\t\t<a href=\"https:\/\/www.jinsai.org\/pt-BR\/ensinamentos\/religiao\/tabuleiro-ouija\/\" class=\"link-icon\" >\t\t\t\t<div class=\"circle-icon icon-style-set\" style=\"background-image: url(https:\/\/www.jinsai.org\/pt-BR\/wp-content\/uploads\/2018\/06\/Logos-Ensinamentos-Religi\u00e3o-Small.jpg)\">\n\t\t\t\t\t\t\t\t\t<\/div>\n\t\t\t\t<\/a>\t\t\t<\/div>\n\n\t\t\t<a href=\"https:\/\/www.jinsai.org\/pt-BR\/ensinamentos\/religiao\/tabuleiro-ouija\/\" class=\"link-title\" >\t\t\t<h5 >Religi\u00e3o<\/h5>\t\t\t<h4 >TABULEIRO OUIJA<\/h4>\t\t\t<\/a>\n\t\t\t<p class=\"text\" >Pergunta: Na vila Toyossumi, na prov\u00edncia de Chiba, uma jovem de 12 anos utiliza o tabuleiro Ouija que aprendeu com um professor na escola. O tabuleiro disse coisas do tipo: \u201cse voc\u00ea fizer essa inicia\u00e7\u00e3o, a doen\u00e7a ir\u00e1 curar rapidamente\u201d, \u201caquele sacerdote \u00e9 uma boa pessoa\u201d. Meishu-Sama: Esse esp\u00edrito de raposa \u00e9 superior ao ser [&hellip;]<\/p>\t\t\t\t\t\t\t<a href=\"https:\/\/www.jinsai.org\/pt-BR\/ensinamentos\/religiao\/tabuleiro-ouija\/\" class=\"more-button\" >Continue lendo <i><\/i><\/a>\n\t\t\t\t\t<\/div>\n\t\t<\/div><div class=\"widget widget_circleicon-widget\">\t\t<div class=\"circle-icon-box circle-icon-position-top circle-icon-hide-box circle-icon-size-small\">\n\t\t\t<div class=\"circle-icon-wrapper\">\n\t\t\t\t<a href=\"https:\/\/www.jinsai.org\/pt-BR\/ensinamentos\/religiao\/ascensao-do-sol-da-manha\/\" class=\"link-icon\" >\t\t\t\t<div class=\"circle-icon icon-style-set\" style=\"background-image: url(https:\/\/www.jinsai.org\/pt-BR\/wp-content\/uploads\/2018\/06\/Logos-Ensinamentos-Religi\u00e3o-Small.jpg)\">\n\t\t\t\t\t\t\t\t\t<\/div>\n\t\t\t\t<\/a>\t\t\t<\/div>\n\n\t\t\t<a href=\"https:\/\/www.jinsai.org\/pt-BR\/ensinamentos\/religiao\/ascensao-do-sol-da-manha\/\" class=\"link-title\" >\t\t\t<h5 >Religi\u00e3o<\/h5>\t\t\t<h4 >ASCENS\u00c3O DO SOL DA MANH\u00c3<\/h4>\t\t\t<\/a>\n\t\t\t<p class=\"text\" >Abordarei o motivo por que deve aparecer um ap\u00f3s o outro aqueles que obstruem a Igreja Kannon do Jap\u00e3o. Em uma religi\u00e3o t\u00e3o brilhante e alegre como a Igreja Kannon do Jap\u00e3o, problemas como obstru\u00e7\u00e3o n\u00e3o deveriam ocorrer, por isso tal interfer\u00eancia pode ser considerada estranha ou curiosa, mas h\u00e1 uma raz\u00e3o. Em termos mais [&hellip;]<\/p>\t\t\t\t\t\t\t<a href=\"https:\/\/www.jinsai.org\/pt-BR\/ensinamentos\/religiao\/ascensao-do-sol-da-manha\/\" class=\"more-button\" >Continue lendo <i><\/i><\/a>\n\t\t\t\t\t<\/div>\n\t\t<\/div><div class=\"widget widget_circleicon-widget\">\t\t<div class=\"circle-icon-box circle-icon-position-top circle-icon-hide-box circle-icon-size-small\">\n\t\t\t<div class=\"circle-icon-wrapper\">\n\t\t\t\t<a href=\"https:\/\/www.jinsai.org\/pt-BR\/ensinamentos\/religiao\/a-atuacao-dos-tres-mirokus\/\" class=\"link-icon\" >\t\t\t\t<div class=\"circle-icon icon-style-set\" style=\"background-image: url(https:\/\/www.jinsai.org\/pt-BR\/wp-content\/uploads\/2018\/06\/Logos-Ensinamentos-Religi\u00e3o-Small.jpg)\">\n\t\t\t\t\t\t\t\t\t<\/div>\n\t\t\t\t<\/a>\t\t\t<\/div>\n\n\t\t\t<a href=\"https:\/\/www.jinsai.org\/pt-BR\/ensinamentos\/religiao\/a-atuacao-dos-tres-mirokus\/\" class=\"link-title\" >\t\t\t<h5 >Religi\u00e3o<\/h5>\t\t\t<h4 >A ATUA\u00c7\u00c3O DOS TR\u00caS MIROKUS<\/h4>\t\t\t<\/a>\n\t\t\t<p class=\"text\" >Pergunta: Existem o Miroku Dharma-kaya (H\u014dshin), o Miroku Sambhoga-kaya (H\u014djin) e o Miroku Nirmana-kaya (\u014cjin). Pode nos explicar a diferen\u00e7a de atividade de H\u014dshin, H\u014djin e \u014cjin? Meishu-Sama: Hoshin \u00e9 a Lei. Leis s\u00e3o regulamentos (isto \u00e9, o caminho dos deuses e dos budas, que \u00e9 o mesmo que os regulamentos do C\u00e9u e da [&hellip;]<\/p>\t\t\t\t\t\t\t<a href=\"https:\/\/www.jinsai.org\/pt-BR\/ensinamentos\/religiao\/a-atuacao-dos-tres-mirokus\/\" class=\"more-button\" >Continue lendo <i><\/i><\/a>\n\t\t\t\t\t<\/div>\n\t\t<\/div><div class=\"clear\"><\/div><div class=\"widget widget_circleicon-widget\">\t\t<div class=\"circle-icon-box circle-icon-position-top circle-icon-hide-box circle-icon-size-small\">\n\t\t\t<div class=\"circle-icon-wrapper\">\n\t\t\t\t<a href=\"https:\/\/www.jinsai.org\/pt-BR\/ensinamentos\/religiao\/sobre-os-sonhos\/\" class=\"link-icon\" >\t\t\t\t<div class=\"circle-icon icon-style-set\" style=\"background-image: url(https:\/\/www.jinsai.org\/pt-BR\/wp-content\/uploads\/2018\/06\/Logos-Ensinamentos-Religi\u00e3o-Small.jpg)\">\n\t\t\t\t\t\t\t\t\t<\/div>\n\t\t\t\t<\/a>\t\t\t<\/div>\n\n\t\t\t<a href=\"https:\/\/www.jinsai.org\/pt-BR\/ensinamentos\/religiao\/sobre-os-sonhos\/\" class=\"link-title\" >\t\t\t<h5 >Religi\u00e3o<\/h5>\t\t\t<h4 >SOBRE OS SONHOS<\/h4>\t\t\t<\/a>\n\t\t\t<p class=\"text\" >Pergunta: Os sonhos que temos quando dormimos se tornam realidade? \u00c9 isso que significa a palavra japonesa \u201cmasayume\u201d (\u201csonho verdadeiro\u201d)? Meishu-Sama: Os sonhos s\u00e3o trabalho dos esp\u00edritos. Os sonhos podem envolver prever o que acontecer\u00e1 no futuro, lembrar o que aconteceu no passado ou ver o que est\u00e1 acontecendo no Mundo Espiritual. Quando o que [&hellip;]<\/p>\t\t\t\t\t\t\t<a href=\"https:\/\/www.jinsai.org\/pt-BR\/ensinamentos\/religiao\/sobre-os-sonhos\/\" class=\"more-button\" >Continue lendo <i><\/i><\/a>\n\t\t\t\t\t<\/div>\n\t\t<\/div><div class=\"widget widget_circleicon-widget\">\t\t<div class=\"circle-icon-box circle-icon-position-top circle-icon-hide-box circle-icon-size-small\">\n\t\t\t<div class=\"circle-icon-wrapper\">\n\t\t\t\t<a href=\"https:\/\/www.jinsai.org\/pt-BR\/ensinamentos\/religiao\/o-mundo-do-perversos\/\" class=\"link-icon\" >\t\t\t\t<div class=\"circle-icon icon-style-set\" style=\"background-image: url(https:\/\/www.jinsai.org\/pt-BR\/wp-content\/uploads\/2018\/06\/Logos-Ensinamentos-Religi\u00e3o-Small.jpg)\">\n\t\t\t\t\t\t\t\t\t<\/div>\n\t\t\t\t<\/a>\t\t\t<\/div>\n\n\t\t\t<a href=\"https:\/\/www.jinsai.org\/pt-BR\/ensinamentos\/religiao\/o-mundo-do-perversos\/\" class=\"link-title\" >\t\t\t<h5 >Religi\u00e3o<\/h5>\t\t\t<h4 >O MUNDO DO PERVERSOS<\/h4>\t\t\t<\/a>\n\t\t\t<p class=\"text\" >Pergunta: Gostaria de saber a respeito do Mundo dos Perverso. Meishu-Sama: O Mundo dos Perversos [uma dimens\u00e3o dentro do Inferno] \u00e9 o Mundo dos Dem\u00f4nios [em japon\u00eas, akuma]. Os tr\u00eas grandes l\u00edderes que vieram atuando at\u00e9 hoje s\u00e3o: Yamata-no-orochi [Grande cobra], Kinmo-kyupi [Raposa do pelo dourado e de nove caudas] e Jyaki [Ogro]. Eles s\u00e3o [&hellip;]<\/p>\t\t\t\t\t\t\t<a href=\"https:\/\/www.jinsai.org\/pt-BR\/ensinamentos\/religiao\/o-mundo-do-perversos\/\" class=\"more-button\" >Continue lendo <i><\/i><\/a>\n\t\t\t\t\t<\/div>\n\t\t<\/div><div class=\"widget widget_circleicon-widget\">\t\t<div class=\"circle-icon-box circle-icon-position-top circle-icon-hide-box circle-icon-size-small\">\n\t\t\t<div class=\"circle-icon-wrapper\">\n\t\t\t\t<a href=\"https:\/\/www.jinsai.org\/pt-BR\/ensinamentos\/religiao\/talento-e-destino-e-os-tres-espiritos-do-homem\/\" class=\"link-icon\" >\t\t\t\t<div class=\"circle-icon icon-style-set\" style=\"background-image: url(https:\/\/www.jinsai.org\/pt-BR\/wp-content\/uploads\/2018\/06\/Logos-Ensinamentos-Religi\u00e3o-Small.jpg)\">\n\t\t\t\t\t\t\t\t\t<\/div>\n\t\t\t\t<\/a>\t\t\t<\/div>\n\n\t\t\t<a href=\"https:\/\/www.jinsai.org\/pt-BR\/ensinamentos\/religiao\/talento-e-destino-e-os-tres-espiritos-do-homem\/\" class=\"link-title\" >\t\t\t<h5 >Religi\u00e3o<\/h5>\t\t\t<h4 >TALENTO E DESTINO E OS TR\u00caS ESP\u00cdRITOS DO HOMEM<\/h4>\t\t\t<\/a>\n\t\t\t<p class=\"text\" >Pergunta: H\u00e1 pessoas que nascem com um talento ou destino particular, mas a qual dos [tr\u00eas] esp\u00edritos isso corresponde? Meishu-Sama: N\u00e3o d\u00e1 para se dizer qual. H\u00e1 momentos em que o esp\u00edrito secund\u00e1rio trabalha muito. O esp\u00edrito secund\u00e1rio trabalha muito com animadores. Comediantes e contadores de hist\u00f3rias fazem as pessoas rirem, mas o esp\u00edrito prim\u00e1rio [&hellip;]<\/p>\t\t\t\t\t\t\t<a href=\"https:\/\/www.jinsai.org\/pt-BR\/ensinamentos\/religiao\/talento-e-destino-e-os-tres-espiritos-do-homem\/\" class=\"more-button\" >Continue lendo <i><\/i><\/a>\n\t\t\t\t\t<\/div>\n\t\t<\/div><div class=\"clear\"><\/div><div class=\"widget widget_circleicon-widget\">\t\t<div class=\"circle-icon-box circle-icon-position-top circle-icon-hide-box circle-icon-size-small\">\n\t\t\t<div class=\"circle-icon-wrapper\">\n\t\t\t\t<a href=\"https:\/\/www.jinsai.org\/pt-BR\/ensinamentos\/religiao\/johrei-e-possessao-espiritual\/\" class=\"link-icon\" >\t\t\t\t<div class=\"circle-icon icon-style-set\" style=\"background-image: url(https:\/\/www.jinsai.org\/pt-BR\/wp-content\/uploads\/2018\/06\/Logos-Ensinamentos-Religi\u00e3o-Small.jpg)\">\n\t\t\t\t\t\t\t\t\t<\/div>\n\t\t\t\t<\/a>\t\t\t<\/div>\n\n\t\t\t<a href=\"https:\/\/www.jinsai.org\/pt-BR\/ensinamentos\/religiao\/johrei-e-possessao-espiritual\/\" class=\"link-title\" >\t\t\t<h5 >Religi\u00e3o<\/h5>\t\t\t<h4 >JOHREI E POSSESS\u00c3O ESPIRITUAL<\/h4>\t\t\t<\/a>\n\t\t\t<p class=\"text\" >Pergunta: Eu gostaria de perguntar se o Johrei de algu\u00e9m n\u00e3o \u00e9 insuficiente, em caso de n\u00e3o se poder questionar e responder a um esp\u00edrito. Meishu-Sama: \u00c9 melhor voc\u00ea ministrar o Johrei sem se preocupar em conversar com os esp\u00edritos. Se um esp\u00edrito aparecer enquanto voc\u00ea estiver ministrando Johrei, ent\u00e3o voc\u00ea deve conversar com o [&hellip;]<\/p>\t\t\t\t\t\t\t<a href=\"https:\/\/www.jinsai.org\/pt-BR\/ensinamentos\/religiao\/johrei-e-possessao-espiritual\/\" class=\"more-button\" >Continue lendo <i><\/i><\/a>\n\t\t\t\t\t<\/div>\n\t\t<\/div><div class=\"widget widget_circleicon-widget\">\t\t<div class=\"circle-icon-box circle-icon-position-top circle-icon-hide-box circle-icon-size-small\">\n\t\t\t<div class=\"circle-icon-wrapper\">\n\t\t\t\t<a href=\"https:\/\/www.jinsai.org\/pt-BR\/ensinamentos\/religiao\/miroku-bosatsu-e-miroku-ookami\/\" class=\"link-icon\" >\t\t\t\t<div class=\"circle-icon icon-style-set\" style=\"background-image: url(https:\/\/www.jinsai.org\/pt-BR\/wp-content\/uploads\/2018\/06\/Logos-Ensinamentos-Religi\u00e3o-Small.jpg)\">\n\t\t\t\t\t\t\t\t\t<\/div>\n\t\t\t\t<\/a>\t\t\t<\/div>\n\n\t\t\t<a href=\"https:\/\/www.jinsai.org\/pt-BR\/ensinamentos\/religiao\/miroku-bosatsu-e-miroku-ookami\/\" class=\"link-title\" >\t\t\t<h5 >Religi\u00e3o<\/h5>\t\t\t<h4 >MIROKU BOSATSU E MIROKU OOKAMI<\/h4>\t\t\t<\/a>\n\t\t\t<p class=\"text\" >Pergunta: Qual \u00e9 a rela\u00e7\u00e3o entre Miroku Ookami quando Miroku \u00e9 escrito com os ideogramas \u201cSol, Lua e Terra\u201d e Miroku Bosatsu quando Miroku \u00e9 escrito com os ideogramas chineses para Bodhisattva Maitreya, como aparece no Sutra do L\u00f3tus? Meishu-Sama: Miroku Bosatsu \u00e9 um disc\u00edpulo de Sakyamuni. Miroku Ookami vai aparecer no mundo agora. Quando [&hellip;]<\/p>\t\t\t\t\t\t\t<a href=\"https:\/\/www.jinsai.org\/pt-BR\/ensinamentos\/religiao\/miroku-bosatsu-e-miroku-ookami\/\" class=\"more-button\" >Continue lendo <i><\/i><\/a>\n\t\t\t\t\t<\/div>\n\t\t<\/div><div class=\"widget widget_circleicon-widget\">\t\t<div class=\"circle-icon-box circle-icon-position-top circle-icon-hide-box circle-icon-size-small\">\n\t\t\t<div class=\"circle-icon-wrapper\">\n\t\t\t\t<a href=\"https:\/\/www.jinsai.org\/pt-BR\/ensinamentos\/religiao\/nivel-espiritual-e-profissao\/\" class=\"link-icon\" >\t\t\t\t<div class=\"circle-icon icon-style-set\" style=\"background-image: url(https:\/\/www.jinsai.org\/pt-BR\/wp-content\/uploads\/2018\/06\/Logos-Ensinamentos-Religi\u00e3o-Small.jpg)\">\n\t\t\t\t\t\t\t\t\t<\/div>\n\t\t\t\t<\/a>\t\t\t<\/div>\n\n\t\t\t<a href=\"https:\/\/www.jinsai.org\/pt-BR\/ensinamentos\/religiao\/nivel-espiritual-e-profissao\/\" class=\"link-title\" >\t\t\t<h5 >Religi\u00e3o<\/h5>\t\t\t<h4 >N\u00cdVEL ESPIRITUAL E PROFISS\u00c3O<\/h4>\t\t\t<\/a>\n\t\t\t<p class=\"text\" >Pergunta: \u00c9 poss\u00edvel dizer o n\u00edvel espiritual de uma pessoa por sua ocupa\u00e7\u00e3o? Meishu-Sama: N\u00e3o, n\u00e3o \u00e9. Claro que Deus pode, mas os seres humanos n\u00e3o podem dizer o n\u00edvel espiritual de uma pessoa apenas conhecendo a sua ocupa\u00e7\u00e3o. Do ponto de vista do senso comum, as palavras e a\u00e7\u00f5es de uma pessoa devem lhe [&hellip;]<\/p>\t\t\t\t\t\t\t<a href=\"https:\/\/www.jinsai.org\/pt-BR\/ensinamentos\/religiao\/nivel-espiritual-e-profissao\/\" class=\"more-button\" >Continue lendo <i><\/i><\/a>\n\t\t\t\t\t<\/div>\n\t\t<\/div><div class=\"clear\"><\/div><div class=\"widget widget_circleicon-widget\">\t\t<div class=\"circle-icon-box circle-icon-position-top circle-icon-hide-box circle-icon-size-small\">\n\t\t\t<div class=\"circle-icon-wrapper\">\n\t\t\t\t<a href=\"https:\/\/www.jinsai.org\/pt-BR\/ensinamentos\/religiao\/daishogun\/\" class=\"link-icon\" >\t\t\t\t<div class=\"circle-icon icon-style-set\" style=\"background-image: url(https:\/\/www.jinsai.org\/pt-BR\/wp-content\/uploads\/2018\/06\/Logos-Ensinamentos-Religi\u00e3o-Small.jpg)\">\n\t\t\t\t\t\t\t\t\t<\/div>\n\t\t\t\t<\/a>\t\t\t<\/div>\n\n\t\t\t<a href=\"https:\/\/www.jinsai.org\/pt-BR\/ensinamentos\/religiao\/daishogun\/\" class=\"link-title\" >\t\t\t<h5 >Religi\u00e3o<\/h5>\t\t\t<h4 >DAISHOGUN<\/h4>\t\t\t<\/a>\n\t\t\t<p class=\"text\" >Pergunta: Eu gostaria de perguntar sobre o Daishogun. Meishu-Sama: Daishogun \u00e9 filho de Kunitokotati-no-Mikoto. Durante a Era dos Deuses, ele criou muito pecado para si mesmo. Como forma de expiar esse pecado, primeiro ele possuiu Miki Nakayama, a fundadora da Igreja Tenrikyo, para que ela derrubasse seus escritos prof\u00e9ticos. Revista Tijyo Tengoku (Para\u00edso Terrestre) n\u00ba [&hellip;]<\/p>\t\t\t\t\t\t\t<a href=\"https:\/\/www.jinsai.org\/pt-BR\/ensinamentos\/religiao\/daishogun\/\" class=\"more-button\" >Continue lendo <i><\/i><\/a>\n\t\t\t\t\t<\/div>\n\t\t<\/div><div class=\"widget widget_circleicon-widget\">\t\t<div class=\"circle-icon-box circle-icon-position-top circle-icon-hide-box circle-icon-size-small\">\n\t\t\t<div class=\"circle-icon-wrapper\">\n\t\t\t\t<a href=\"https:\/\/www.jinsai.org\/pt-BR\/ensinamentos\/religiao\/significado-espiritual-de-cabelos-finos-e-presas\/\" class=\"link-icon\" >\t\t\t\t<div class=\"circle-icon icon-style-set\" style=\"background-image: url(https:\/\/www.jinsai.org\/pt-BR\/wp-content\/uploads\/2018\/06\/Logos-Ensinamentos-Religi\u00e3o-Small.jpg)\">\n\t\t\t\t\t\t\t\t\t<\/div>\n\t\t\t\t<\/a>\t\t\t<\/div>\n\n\t\t\t<a href=\"https:\/\/www.jinsai.org\/pt-BR\/ensinamentos\/religiao\/significado-espiritual-de-cabelos-finos-e-presas\/\" class=\"link-title\" >\t\t\t<h5 >Religi\u00e3o<\/h5>\t\t\t<h4 >SIGNIFICADO ESPIRITUAL DE CABELOS FINOS E PRESAS<\/h4>\t\t\t<\/a>\n\t\t\t<p class=\"text\" >Pergunta: De acordo com um m\u00e9dico, quando um mioma do \u00fatero do tamanho de um feto de tr\u00eas meses \u00e9 removido cirurgicamente, saem materiais que parecem cabelo fino e presas. Existe algum significado espiritual para isso? Meishu-Sama: Isso \u00e9 poss\u00edvel. Chama-se gravidez extrauterina, mas o que \u00e9 cortado n\u00e3o \u00e9 o feto de um ser [&hellip;]<\/p>\t\t\t\t\t\t\t<a href=\"https:\/\/www.jinsai.org\/pt-BR\/ensinamentos\/religiao\/significado-espiritual-de-cabelos-finos-e-presas\/\" class=\"more-button\" >Continue lendo <i><\/i><\/a>\n\t\t\t\t\t<\/div>\n\t\t<\/div><div class=\"widget widget_circleicon-widget\">\t\t<div class=\"circle-icon-box circle-icon-position-top circle-icon-hide-box circle-icon-size-small\">\n\t\t\t<div class=\"circle-icon-wrapper\">\n\t\t\t\t<a href=\"https:\/\/www.jinsai.org\/pt-BR\/ensinamentos\/religiao\/o-riso-e-o-paraiso\/\" class=\"link-icon\" >\t\t\t\t<div class=\"circle-icon icon-style-set\" style=\"background-image: url(https:\/\/www.jinsai.org\/pt-BR\/wp-content\/uploads\/2018\/06\/Logos-Ensinamentos-Religi\u00e3o-Small.jpg)\">\n\t\t\t\t\t\t\t\t\t<\/div>\n\t\t\t\t<\/a>\t\t\t<\/div>\n\n\t\t\t<a href=\"https:\/\/www.jinsai.org\/pt-BR\/ensinamentos\/religiao\/o-riso-e-o-paraiso\/\" class=\"link-title\" >\t\t\t<h5 >Religi\u00e3o<\/h5>\t\t\t<h4 >O RISO E O PARA\u00cdSO<\/h4>\t\t\t<\/a>\n\t\t\t<p class=\"text\" >Pergunta: Dizem que o riso \u00e9 o Para\u00edso, por isso eu gostaria de perguntar sob que tipo de condi\u00e7\u00f5es o riso ocorre no Para\u00edso. Meishu-Sama: O riso ocorre sob as mesmas circunst\u00e2ncias no Mundo Espiritual como ocorre no Mundo Material. O Para\u00edso est\u00e1 sempre cheio de sons espirituosos de risos. Os seres divinos tamb\u00e9m riem. [&hellip;]<\/p>\t\t\t\t\t\t\t<a href=\"https:\/\/www.jinsai.org\/pt-BR\/ensinamentos\/religiao\/o-riso-e-o-paraiso\/\" class=\"more-button\" >Continue lendo <i><\/i><\/a>\n\t\t\t\t\t<\/div>\n\t\t<\/div><div class=\"clear\"><\/div><div class=\"widget widget_circleicon-widget\">\t\t<div class=\"circle-icon-box circle-icon-position-top circle-icon-hide-box circle-icon-size-small\">\n\t\t\t<div class=\"circle-icon-wrapper\">\n\t\t\t\t<a href=\"https:\/\/www.jinsai.org\/pt-BR\/ensinamentos\/religiao\/o-mundo-das-forcas-do-mal\/\" class=\"link-icon\" >\t\t\t\t<div class=\"circle-icon icon-style-set\" style=\"background-image: url(https:\/\/www.jinsai.org\/pt-BR\/wp-content\/uploads\/2018\/06\/Logos-Ensinamentos-Religi\u00e3o-Small.jpg)\">\n\t\t\t\t\t\t\t\t\t<\/div>\n\t\t\t\t<\/a>\t\t\t<\/div>\n\n\t\t\t<a href=\"https:\/\/www.jinsai.org\/pt-BR\/ensinamentos\/religiao\/o-mundo-das-forcas-do-mal\/\" class=\"link-title\" >\t\t\t<h5 >Religi\u00e3o<\/h5>\t\t\t<h4 >O MUNDO DAS FOR\u00c7AS DO MAL<\/h4>\t\t\t<\/a>\n\t\t\t<p class=\"text\" >Pergunta: O Mundo das For\u00e7as do Mal surgiu quando os seres divinos Kamurogi e Kamuromi nasceram e a distin\u00e7\u00e3o entre o Bem e o Mal surgiu? Al\u00e9m disso, qual \u00e9 o significado da exist\u00eancia do Mundo das For\u00e7as do Mal vistas pelos olhos dos Criador? O Mundo das For\u00e7as do Mal ser\u00e1 subjugado pelas for\u00e7as [&hellip;]<\/p>\t\t\t\t\t\t\t<a href=\"https:\/\/www.jinsai.org\/pt-BR\/ensinamentos\/religiao\/o-mundo-das-forcas-do-mal\/\" class=\"more-button\" >Continue lendo <i><\/i><\/a>\n\t\t\t\t\t<\/div>\n\t\t<\/div><div class=\"widget widget_circleicon-widget\">\t\t<div class=\"circle-icon-box circle-icon-position-top circle-icon-hide-box circle-icon-size-small\">\n\t\t\t<div class=\"circle-icon-wrapper\">\n\t\t\t\t<a href=\"https:\/\/www.jinsai.org\/pt-BR\/ensinamentos\/religiao\/local-da-existencia-do-mundo-espiritual\/\" class=\"link-icon\" >\t\t\t\t<div class=\"circle-icon icon-style-set\" style=\"background-image: url(https:\/\/www.jinsai.org\/pt-BR\/wp-content\/uploads\/2018\/06\/Logos-Ensinamentos-Religi\u00e3o-Small.jpg)\">\n\t\t\t\t\t\t\t\t\t<\/div>\n\t\t\t\t<\/a>\t\t\t<\/div>\n\n\t\t\t<a href=\"https:\/\/www.jinsai.org\/pt-BR\/ensinamentos\/religiao\/local-da-existencia-do-mundo-espiritual\/\" class=\"link-title\" >\t\t\t<h5 >Religi\u00e3o<\/h5>\t\t\t<h4 >LOCAL DA EXIST\u00caNCIA DO MUNDO ESPIRITUAL<\/h4>\t\t\t<\/a>\n\t\t\t<p class=\"text\" >Pergunta: O Mundo Espiritual existe em algum lugar do Universo? Meishu-Sama: O Mundo Espiritual existe onde existem seres humanos. O Mundo Espiritual tamb\u00e9m existe em uma certa altura acima da Terra. N\u00e3o h\u00e1 nem um Mundo Divino nem um Mundo de Budas em locais como o Polo Norte ou Polo Sul, onde n\u00e3o existem pessoas. [&hellip;]<\/p>\t\t\t\t\t\t\t<a href=\"https:\/\/www.jinsai.org\/pt-BR\/ensinamentos\/religiao\/local-da-existencia-do-mundo-espiritual\/\" class=\"more-button\" >Continue lendo <i><\/i><\/a>\n\t\t\t\t\t<\/div>\n\t\t<\/div><div class=\"widget widget_circleicon-widget\">\t\t<div class=\"circle-icon-box circle-icon-position-top circle-icon-hide-box circle-icon-size-small\">\n\t\t\t<div class=\"circle-icon-wrapper\">\n\t\t\t\t<a href=\"https:\/\/www.jinsai.org\/pt-BR\/ensinamentos\/religiao\/entrar-pelo-portao-da-fe\/\" class=\"link-icon\" >\t\t\t\t<div class=\"circle-icon icon-style-set\" style=\"background-image: url(https:\/\/www.jinsai.org\/pt-BR\/wp-content\/uploads\/2018\/06\/Logos-Ensinamentos-Religi\u00e3o-Small.jpg)\">\n\t\t\t\t\t\t\t\t\t<\/div>\n\t\t\t\t<\/a>\t\t\t<\/div>\n\n\t\t\t<a href=\"https:\/\/www.jinsai.org\/pt-BR\/ensinamentos\/religiao\/entrar-pelo-portao-da-fe\/\" class=\"link-title\" >\t\t\t<h5 >Religi\u00e3o<\/h5>\t\t\t<h4 >ENTRAR PELO PORT\u00c3O DA F\u00c9<\/h4>\t\t\t<\/a>\n\t\t\t<p class=\"text\" >Pergunta:\u00a0Por que n\u00e3o h\u00e1 salva\u00e7\u00e3o quando apenas se torna membro, e n\u00e3o se entroniza a Imagem da Luz Divina (Komyo Nyorai)?\u00a0 Meishu-Sama: Ao entronizar a Imagem da Luz Divina (Komyo Nyorai), o Mundo Espiritual do lar torna-se claro; do contr\u00e1rio, permanece escuro. Escurid\u00e3o significa Inferno, por isso, n\u00e3o \u00e9 bom e n\u00e3o h\u00e1 Salva\u00e7\u00e3o. Cada [&hellip;]<\/p>\t\t\t\t\t\t\t<a href=\"https:\/\/www.jinsai.org\/pt-BR\/ensinamentos\/religiao\/entrar-pelo-portao-da-fe\/\" class=\"more-button\" >Continue lendo <i><\/i><\/a>\n\t\t\t\t\t<\/div>\n\t\t<\/div><div class=\"clear\"><\/div><div class=\"widget widget_circleicon-widget\">\t\t<div class=\"circle-icon-box circle-icon-position-top circle-icon-hide-box circle-icon-size-small\">\n\t\t\t<div class=\"circle-icon-wrapper\">\n\t\t\t\t<a href=\"https:\/\/www.jinsai.org\/pt-BR\/ensinamentos\/religiao\/o-lugar-de-existencia-do-mundo-espiritual\/\" class=\"link-icon\" >\t\t\t\t<div class=\"circle-icon icon-style-set\" style=\"background-image: url(https:\/\/www.jinsai.org\/pt-BR\/wp-content\/uploads\/2018\/06\/Logos-Ensinamentos-Religi\u00e3o-Small.jpg)\">\n\t\t\t\t\t\t\t\t\t<\/div>\n\t\t\t\t<\/a>\t\t\t<\/div>\n\n\t\t\t<a href=\"https:\/\/www.jinsai.org\/pt-BR\/ensinamentos\/religiao\/o-lugar-de-existencia-do-mundo-espiritual\/\" class=\"link-title\" >\t\t\t<h5 >Religi\u00e3o<\/h5>\t\t\t<h4 >O LUGAR DE EXIST\u00caNCIA DO MUNDO ESPIRITUAL<\/h4>\t\t\t<\/a>\n\t\t\t<p class=\"text\" >Pergunta: O Mundo Espiritual existe em algum lugar do Universo? Meishu-Sama: O Mundo Espiritual \u00e9 onde os seres humanos vivem. O Mundo Espiritual tamb\u00e9m existe a uma certa altura acima da Terra. N\u00e3o existe um Mundo Divino nem um Mundo de Budas em lugares como os P\u00f3los Norte e Sul, onde as pessoas n\u00e3o vivem. [&hellip;]<\/p>\t\t\t\t\t\t\t<a href=\"https:\/\/www.jinsai.org\/pt-BR\/ensinamentos\/religiao\/o-lugar-de-existencia-do-mundo-espiritual\/\" class=\"more-button\" >Continue lendo <i><\/i><\/a>\n\t\t\t\t\t<\/div>\n\t\t<\/div><div class=\"widget widget_circleicon-widget\">\t\t<div class=\"circle-icon-box circle-icon-position-top circle-icon-hide-box circle-icon-size-small\">\n\t\t\t<div class=\"circle-icon-wrapper\">\n\t\t\t\t<a href=\"https:\/\/www.jinsai.org\/pt-BR\/ensinamentos\/religiao\/se-nao-se-purificar-ate-certo-nivel-nao-recebera-qualificacao\/\" class=\"link-icon\" >\t\t\t\t<div class=\"circle-icon icon-style-set\" style=\"background-image: url(https:\/\/www.jinsai.org\/pt-BR\/wp-content\/uploads\/2018\/06\/Logos-Ensinamentos-Religi\u00e3o-Small.jpg)\">\n\t\t\t\t\t\t\t\t\t<\/div>\n\t\t\t\t<\/a>\t\t\t<\/div>\n\n\t\t\t<a href=\"https:\/\/www.jinsai.org\/pt-BR\/ensinamentos\/religiao\/se-nao-se-purificar-ate-certo-nivel-nao-recebera-qualificacao\/\" class=\"link-title\" >\t\t\t<h5 >Religi\u00e3o<\/h5>\t\t\t<h4 >SE N\u00c3O SE PURIFICAR AT\u00c9 CERTO N\u00cdVEL, N\u00c3O RECEBER\u00c1 QUALIFICA\u00c7\u00c3O<\/h4>\t\t\t<\/a>\n\t\t\t<p class=\"text\" >Pergunta: Na \u00e9poca em que me tornei membro, em abril de 1946, devido ao mal do perit\u00f4nio e dos rins, tive que usar uma enorme quantidade de medicamentos, mas n\u00e3o teve efeito e, gra\u00e7as ao Johrei, eu me recuperei completamente. Depois, n\u00e3o pude comparecer aqui e s\u00f3 hoje, pela primeira vez, tive a permiss\u00e3o de [&hellip;]<\/p>\t\t\t\t\t\t\t<a href=\"https:\/\/www.jinsai.org\/pt-BR\/ensinamentos\/religiao\/se-nao-se-purificar-ate-certo-nivel-nao-recebera-qualificacao\/\" class=\"more-button\" >Continue lendo <i><\/i><\/a>\n\t\t\t\t\t<\/div>\n\t\t<\/div><div class=\"widget widget_circleicon-widget\">\t\t<div class=\"circle-icon-box circle-icon-position-top circle-icon-hide-box circle-icon-size-small\">\n\t\t\t<div class=\"circle-icon-wrapper\">\n\t\t\t\t<a href=\"https:\/\/www.jinsai.org\/pt-BR\/ensinamentos\/religiao\/sonolencia-na-hora-do-culto\/\" class=\"link-icon\" >\t\t\t\t<div class=\"circle-icon icon-style-set\" style=\"background-image: url(https:\/\/www.jinsai.org\/pt-BR\/wp-content\/uploads\/2018\/06\/Logos-Ensinamentos-Religi\u00e3o-Small.jpg)\">\n\t\t\t\t\t\t\t\t\t<\/div>\n\t\t\t\t<\/a>\t\t\t<\/div>\n\n\t\t\t<a href=\"https:\/\/www.jinsai.org\/pt-BR\/ensinamentos\/religiao\/sonolencia-na-hora-do-culto\/\" class=\"link-title\" >\t\t\t<h5 >Religi\u00e3o<\/h5>\t\t\t<h4 >SONOL\u00caNCIA NA HORA DO CULTO<\/h4>\t\t\t<\/a>\n\t\t\t<p class=\"text\" >Pergunta: Eu, depois que me tornei membro, participei de cinco Entrevistas e, todas \u00e0s vezes, na hora de entoar o salmo, sem falta, fico com sono. Nos Cultos Mensais em especial, fico mais sonolento; porque isso ocorre?\u00a0Meishu-Sama: Nisso h\u00e1 dois sentidos. Um, a pessoa sente sono porque n\u00e3o gosta de Deus. O seu esp\u00edrito secund\u00e1rio [&hellip;]<\/p>\t\t\t\t\t\t\t<a href=\"https:\/\/www.jinsai.org\/pt-BR\/ensinamentos\/religiao\/sonolencia-na-hora-do-culto\/\" class=\"more-button\" >Continue lendo <i><\/i><\/a>\n\t\t\t\t\t<\/div>\n\t\t<\/div><div class=\"clear\"><\/div><div class=\"widget widget_circleicon-widget\">\t\t<div class=\"circle-icon-box circle-icon-position-top circle-icon-hide-box circle-icon-size-small\">\n\t\t\t<div class=\"circle-icon-wrapper\">\n\t\t\t\t<a href=\"https:\/\/www.jinsai.org\/pt-BR\/ensinamentos\/religiao\/emocao-ao-participar-do-culto\/\" class=\"link-icon\" >\t\t\t\t<div class=\"circle-icon icon-style-set\" style=\"background-image: url(https:\/\/www.jinsai.org\/pt-BR\/wp-content\/uploads\/2018\/06\/Logos-Ensinamentos-Religi\u00e3o-Small.jpg)\">\n\t\t\t\t\t\t\t\t\t<\/div>\n\t\t\t\t<\/a>\t\t\t<\/div>\n\n\t\t\t<a href=\"https:\/\/www.jinsai.org\/pt-BR\/ensinamentos\/religiao\/emocao-ao-participar-do-culto\/\" class=\"link-title\" >\t\t\t<h5 >Religi\u00e3o<\/h5>\t\t\t<h4 >EMO\u00c7\u00c3O AO PARTICIPAR DO CULTO<\/h4>\t\t\t<\/a>\n\t\t\t<p class=\"text\" >Pergunta: Frequentemente participo do Culto e quando me sento em frente ao altar, fico emocionado e as l\u00e1grimas saem sem fim. O que poderia ser isso?\u00a0Meishu-Sama: H\u00e1 esp\u00edritos que o acompanham. Costuma ser os antepassados. Pode ser tamb\u00e9m esp\u00edritos de raposas \u2014 esp\u00edritos de seres humanos que reencarnaram em raposas. Tais esp\u00edritos ficam realmente felizes. [&hellip;]<\/p>\t\t\t\t\t\t\t<a href=\"https:\/\/www.jinsai.org\/pt-BR\/ensinamentos\/religiao\/emocao-ao-participar-do-culto\/\" class=\"more-button\" >Continue lendo <i><\/i><\/a>\n\t\t\t\t\t<\/div>\n\t\t<\/div><div class=\"widget widget_circleicon-widget\">\t\t<div class=\"circle-icon-box circle-icon-position-top circle-icon-hide-box circle-icon-size-small\">\n\t\t\t<div class=\"circle-icon-wrapper\">\n\t\t\t\t<a href=\"https:\/\/www.jinsai.org\/pt-BR\/ensinamentos\/religiao\/distracao-no-momento-da-oracao\/\" class=\"link-icon\" >\t\t\t\t<div class=\"circle-icon icon-style-set\" style=\"background-image: url(https:\/\/www.jinsai.org\/pt-BR\/wp-content\/uploads\/2018\/06\/Logos-Ensinamentos-Religi\u00e3o-Small.jpg)\">\n\t\t\t\t\t\t\t\t\t<\/div>\n\t\t\t\t<\/a>\t\t\t<\/div>\n\n\t\t\t<a href=\"https:\/\/www.jinsai.org\/pt-BR\/ensinamentos\/religiao\/distracao-no-momento-da-oracao\/\" class=\"link-title\" >\t\t\t<h5 >Religi\u00e3o<\/h5>\t\t\t<h4 >DISTRA\u00c7\u00c3O NO MOMENTO DA ORA\u00c7\u00c3O<\/h4>\t\t\t<\/a>\n\t\t\t<p class=\"text\" >Pergunta: Embora eu queira entoar a Ora\u00e7\u00e3o Zenguen Sanji em frente ao Komyo Nyorai, com sentimento inteiramente livre de qualquer ideia e pensamento, os meus pensamentos se dispersam ou saem-me bocejos e, assim, n\u00e3o consigo ficar em estado de concentra\u00e7\u00e3o. Ser\u00e1 isso devido \u00e0 influ\u00eancia da for\u00e7a do Mal? Ou ser\u00e1 por causa de m\u00e1culas [&hellip;]<\/p>\t\t\t\t\t\t\t<a href=\"https:\/\/www.jinsai.org\/pt-BR\/ensinamentos\/religiao\/distracao-no-momento-da-oracao\/\" class=\"more-button\" >Continue lendo <i><\/i><\/a>\n\t\t\t\t\t<\/div>\n\t\t<\/div><div class=\"widget widget_circleicon-widget\">\t\t<div class=\"circle-icon-box circle-icon-position-top circle-icon-hide-box circle-icon-size-small\">\n\t\t\t<div class=\"circle-icon-wrapper\">\n\t\t\t\t<a href=\"https:\/\/www.jinsai.org\/pt-BR\/ensinamentos\/religiao\/acerca-do-nome-postumo-budista\/\" class=\"link-icon\" >\t\t\t\t<div class=\"circle-icon icon-style-set\" style=\"background-image: url(https:\/\/www.jinsai.org\/pt-BR\/wp-content\/uploads\/2018\/06\/Logos-Ensinamentos-Religi\u00e3o-Small.jpg)\">\n\t\t\t\t\t\t\t\t\t<\/div>\n\t\t\t\t<\/a>\t\t\t<\/div>\n\n\t\t\t<a href=\"https:\/\/www.jinsai.org\/pt-BR\/ensinamentos\/religiao\/acerca-do-nome-postumo-budista\/\" class=\"link-title\" >\t\t\t<h5 >Religi\u00e3o<\/h5>\t\t\t<h4 >ACERCA DO NOME P\u00d3STUMO BUDISTA<\/h4>\t\t\t<\/a>\n\t\t\t<p class=\"text\" >Pergunta: No nome budista h\u00e1 categorias; ser\u00e1 que isso influencia o esp\u00edrito no Mundo Espiritual? Meishu-Sama: Vai ser tempor\u00e1rio, mas gradualmente se torna uma atribui\u00e7\u00e3o espiritual. O corpo carnal, os aspectos exteriores v\u00e3o sendo retirados, restando apenas o corpo espiritual, que \u00e9 o pensamento em si. Ao entrar no Mundo Espiritual, o esp\u00edrito tem a [&hellip;]<\/p>\t\t\t\t\t\t\t<a href=\"https:\/\/www.jinsai.org\/pt-BR\/ensinamentos\/religiao\/acerca-do-nome-postumo-budista\/\" class=\"more-button\" >Continue lendo <i><\/i><\/a>\n\t\t\t\t\t<\/div>\n\t\t<\/div><div class=\"clear\"><\/div><div class=\"widget widget_circleicon-widget\">\t\t<div class=\"circle-icon-box circle-icon-position-top circle-icon-hide-box circle-icon-size-small\">\n\t\t\t<div class=\"circle-icon-wrapper\">\n\t\t\t\t<a href=\"https:\/\/www.jinsai.org\/pt-BR\/ensinamentos\/religiao\/palestra-de-meishu-sama-em-20-de-agosto-de-1949-trecho\/\" class=\"link-icon\" >\t\t\t\t<div class=\"circle-icon icon-style-set\" style=\"background-image: url(https:\/\/www.jinsai.org\/pt-BR\/wp-content\/uploads\/2018\/06\/Logos-Ensinamentos-Religi\u00e3o-Small.jpg)\">\n\t\t\t\t\t\t\t\t\t<\/div>\n\t\t\t\t<\/a>\t\t\t<\/div>\n\n\t\t\t<a href=\"https:\/\/www.jinsai.org\/pt-BR\/ensinamentos\/religiao\/palestra-de-meishu-sama-em-20-de-agosto-de-1949-trecho\/\" class=\"link-title\" >\t\t\t<h5 >Religi\u00e3o<\/h5>\t\t\t<h4 >PALESTRA DE MEISHU-SAMA EM 20 DE AGOSTO DE 1949 \u2013 TRECHO<\/h4>\t\t\t<\/a>\n\t\t\t<p class=\"text\" >Pergunta: Um mission\u00e1rio de determinada religi\u00e3o voltou-se para a minha esposa do segundo casamento e lhe disse: \u201cSe o seu marido n\u00e3o se render em absoluto a voc\u00ea, vou acabar com ele\u201d, \u201cSe voc\u00eas n\u00e3o ingressarem na minha religi\u00e3o, o casal morrer\u00e1\u201d etc. Todavia, esse mission\u00e1rio acerta fatos do passado familiar s\u00f3 de olhar para [&hellip;]<\/p>\t\t\t\t\t\t\t<a href=\"https:\/\/www.jinsai.org\/pt-BR\/ensinamentos\/religiao\/palestra-de-meishu-sama-em-20-de-agosto-de-1949-trecho\/\" class=\"more-button\" >Continue lendo <i><\/i><\/a>\n\t\t\t\t\t<\/div>\n\t\t<\/div><div class=\"widget widget_circleicon-widget\">\t\t<div class=\"circle-icon-box circle-icon-position-top circle-icon-hide-box circle-icon-size-small\">\n\t\t\t<div class=\"circle-icon-wrapper\">\n\t\t\t\t<a href=\"https:\/\/www.jinsai.org\/pt-BR\/ensinamentos\/religiao\/evitando-incendios\/\" class=\"link-icon\" >\t\t\t\t<div class=\"circle-icon icon-style-set\" style=\"background-image: url(https:\/\/www.jinsai.org\/pt-BR\/wp-content\/uploads\/2018\/06\/Logos-Ensinamentos-Religi\u00e3o-Small.jpg)\">\n\t\t\t\t\t\t\t\t\t<\/div>\n\t\t\t\t<\/a>\t\t\t<\/div>\n\n\t\t\t<a href=\"https:\/\/www.jinsai.org\/pt-BR\/ensinamentos\/religiao\/evitando-incendios\/\" class=\"link-title\" >\t\t\t<h5 >Religi\u00e3o<\/h5>\t\t\t<h4 >EVITANDO INC\u00caNDIOS<\/h4>\t\t\t<\/a>\n\t\t\t<p class=\"text\" >Pergunta: No dia 7 deste m\u00eas, por ocasi\u00e3o do Encontro, foi-me ensinado que o surgimento do fen\u00f4meno das colunas de fogo pode ser sinal de ocorr\u00eancia de inc\u00eandio. Havendo o aparecimento de tal fen\u00f4meno, n\u00e3o existem meios para evitar os inc\u00eandios de jeito nenhum?Meishu-Sama: \u00c9 poss\u00edvel. Se pedir prote\u00e7\u00e3o a Komyo Nyorai, pode ser que [&hellip;]<\/p>\t\t\t\t\t\t\t<a href=\"https:\/\/www.jinsai.org\/pt-BR\/ensinamentos\/religiao\/evitando-incendios\/\" class=\"more-button\" >Continue lendo <i><\/i><\/a>\n\t\t\t\t\t<\/div>\n\t\t<\/div><div class=\"widget widget_circleicon-widget\">\t\t<div class=\"circle-icon-box circle-icon-position-top circle-icon-hide-box circle-icon-size-small\">\n\t\t\t<div class=\"circle-icon-wrapper\">\n\t\t\t\t<a href=\"https:\/\/www.jinsai.org\/pt-BR\/ensinamentos\/religiao\/a-bola-de-luz-de-meishu-sama-cresce-ininterruptamente\/\" class=\"link-icon\" >\t\t\t\t<div class=\"circle-icon icon-style-set\" style=\"background-image: url(https:\/\/www.jinsai.org\/pt-BR\/wp-content\/uploads\/2018\/06\/Logos-Ensinamentos-Religi\u00e3o-Small.jpg)\">\n\t\t\t\t\t\t\t\t\t<\/div>\n\t\t\t\t<\/a>\t\t\t<\/div>\n\n\t\t\t<a href=\"https:\/\/www.jinsai.org\/pt-BR\/ensinamentos\/religiao\/a-bola-de-luz-de-meishu-sama-cresce-ininterruptamente\/\" class=\"link-title\" >\t\t\t<h5 >Religi\u00e3o<\/h5>\t\t\t<h4 >A BOLA DE LUZ DE MEISHU-SAMA CRESCE ININTERRUPTAMENTE<\/h4>\t\t\t<\/a>\n\t\t\t<p class=\"text\" >A Bola de Luz do meu ventre est\u00e1 bem grande e, a cada dia, cresce mais e mais. Quando \"ela\" se tornar do tamanho do mundo, advir\u00e1 o Mundo de Miroku. Antes disso, o que n\u00e3o estiver de acordo (o Mal), ser\u00e1 eliminado. No momento, a sua dimens\u00e3o \u00e9 aproximadamente do tamanho desta sala (Nikko-Den [&hellip;]<\/p>\t\t\t\t\t\t\t<a href=\"https:\/\/www.jinsai.org\/pt-BR\/ensinamentos\/religiao\/a-bola-de-luz-de-meishu-sama-cresce-ininterruptamente\/\" class=\"more-button\" >Continue lendo <i><\/i><\/a>\n\t\t\t\t\t<\/div>\n\t\t<\/div><div class=\"clear\"><\/div><div class=\"widget widget_circleicon-widget\">\t\t<div class=\"circle-icon-box circle-icon-position-top circle-icon-hide-box circle-icon-size-small\">\n\t\t\t<div class=\"circle-icon-wrapper\">\n\t\t\t\t<a href=\"https:\/\/www.jinsai.org\/pt-BR\/ensinamentos\/religiao\/as-casas-tambem-possuem-espirito-guardiao\/\" class=\"link-icon\" >\t\t\t\t<div class=\"circle-icon icon-style-set\" style=\"background-image: url(https:\/\/www.jinsai.org\/pt-BR\/wp-content\/uploads\/2018\/06\/Logos-Ensinamentos-Religi\u00e3o-Small.jpg)\">\n\t\t\t\t\t\t\t\t\t<\/div>\n\t\t\t\t<\/a>\t\t\t<\/div>\n\n\t\t\t<a href=\"https:\/\/www.jinsai.org\/pt-BR\/ensinamentos\/religiao\/as-casas-tambem-possuem-espirito-guardiao\/\" class=\"link-title\" >\t\t\t<h5 >Religi\u00e3o<\/h5>\t\t\t<h4 >AS CASAS TAMB\u00c9M POSSUEM ESP\u00cdRITO GUARDI\u00c3O<\/h4>\t\t\t<\/a>\n\t\t\t<p class=\"text\" >Pergunta: Por ocasi\u00e3o do \u00faltimo tuf\u00e3o, a casa de fi\u00e9is (s\u00f3 tr\u00eas dos familiares s\u00e3o fi\u00e9is e n\u00e3o t\u00eam a Imagem da Luz Divina entronizada) foi afetada. Duas \u00e1rvores de altaneira (aproximadamente um metro de di\u00e2metro) ca\u00edram sobre o telhado da sua casa. Cortei os galhos de uma \u00e1rvore e tentei levant\u00e1-la; mas, como me [&hellip;]<\/p>\t\t\t\t\t\t\t<a href=\"https:\/\/www.jinsai.org\/pt-BR\/ensinamentos\/religiao\/as-casas-tambem-possuem-espirito-guardiao\/\" class=\"more-button\" >Continue lendo <i><\/i><\/a>\n\t\t\t\t\t<\/div>\n\t\t<\/div><div class=\"widget widget_circleicon-widget\">\t\t<div class=\"circle-icon-box circle-icon-position-top circle-icon-hide-box circle-icon-size-small\">\n\t\t\t<div class=\"circle-icon-wrapper\">\n\t\t\t\t<a href=\"https:\/\/www.jinsai.org\/pt-BR\/ensinamentos\/religiao\/kannon-aparece-na-caligrafia\/\" class=\"link-icon\" >\t\t\t\t<div class=\"circle-icon icon-style-set\" style=\"background-image: url(https:\/\/www.jinsai.org\/pt-BR\/wp-content\/uploads\/2018\/06\/Logos-Ensinamentos-Religi\u00e3o-Small.jpg)\">\n\t\t\t\t\t\t\t\t\t<\/div>\n\t\t\t\t<\/a>\t\t\t<\/div>\n\n\t\t\t<a href=\"https:\/\/www.jinsai.org\/pt-BR\/ensinamentos\/religiao\/kannon-aparece-na-caligrafia\/\" class=\"link-title\" >\t\t\t<h5 >Religi\u00e3o<\/h5>\t\t\t<h4 >KANNON APARECE NA CALIGRAFIA<\/h4>\t\t\t<\/a>\n\t\t\t<p class=\"text\" >Pergunta: Completo cinco anos desde que me tornei membro e, de dois anos para c\u00e1, todas as manh\u00e3s, tenho visto a imagem de Kannon na caligrafia \u201cKoomyo\u201d. Isto acontece por volta do t\u00e9rmino da ora\u00e7\u00e3o matinal, quando estou de olhos fechados. Em primeiro lugar, aparece um c\u00edrculo de Luz brilhante e, depois, a imagem de [&hellip;]<\/p>\t\t\t\t\t\t\t<a href=\"https:\/\/www.jinsai.org\/pt-BR\/ensinamentos\/religiao\/kannon-aparece-na-caligrafia\/\" class=\"more-button\" >Continue lendo <i><\/i><\/a>\n\t\t\t\t\t<\/div>\n\t\t<\/div><div class=\"widget widget_circleicon-widget\">\t\t<div class=\"circle-icon-box circle-icon-position-top circle-icon-hide-box circle-icon-size-small\">\n\t\t\t<div class=\"circle-icon-wrapper\">\n\t\t\t\t<a href=\"https:\/\/www.jinsai.org\/pt-BR\/ensinamentos\/religiao\/a-hora-do-alvorecer\/\" class=\"link-icon\" >\t\t\t\t<div class=\"circle-icon icon-style-set\" style=\"background-image: url(https:\/\/www.jinsai.org\/pt-BR\/wp-content\/uploads\/2018\/06\/Logos-Ensinamentos-Religi\u00e3o-Small.jpg)\">\n\t\t\t\t\t\t\t\t\t<\/div>\n\t\t\t\t<\/a>\t\t\t<\/div>\n\n\t\t\t<a href=\"https:\/\/www.jinsai.org\/pt-BR\/ensinamentos\/religiao\/a-hora-do-alvorecer\/\" class=\"link-title\" >\t\t\t<h5 >Religi\u00e3o<\/h5>\t\t\t<h4 >A HORA DO ALVORECER<\/h4>\t\t\t<\/a>\n\t\t\t<p class=\"text\" >Pergunta: Temos recebido Ensinamentos que se referem ao fato de que, finalmente, este ano o mundo entrou para a Era do Dia. Sendo assim, a que hora corresponderia agora no Mundo Espiritual? Ao alvorecer em termos de Mundo Material?Meishu-Sama: Por volta de seis horas da manh\u00e3, uma vez que j\u00e1 passou um pouco da hora [&hellip;]<\/p>\t\t\t\t\t\t\t<a href=\"https:\/\/www.jinsai.org\/pt-BR\/ensinamentos\/religiao\/a-hora-do-alvorecer\/\" class=\"more-button\" >Continue lendo <i><\/i><\/a>\n\t\t\t\t\t<\/div>\n\t\t<\/div><div class=\"clear\"><\/div><div class=\"widget widget_circleicon-widget\">\t\t<div class=\"circle-icon-box circle-icon-position-top circle-icon-hide-box circle-icon-size-small\">\n\t\t\t<div class=\"circle-icon-wrapper\">\n\t\t\t\t<a href=\"https:\/\/www.jinsai.org\/pt-BR\/ensinamentos\/religiao\/complemento-da-colecao-de-palestras-1447\/\" class=\"link-icon\" >\t\t\t\t<div class=\"circle-icon icon-style-set\" style=\"background-image: url(https:\/\/www.jinsai.org\/pt-BR\/wp-content\/uploads\/2018\/06\/Logos-Ensinamentos-Religi\u00e3o-Small.jpg)\">\n\t\t\t\t\t\t\t\t\t<\/div>\n\t\t\t\t<\/a>\t\t\t<\/div>\n\n\t\t\t<a href=\"https:\/\/www.jinsai.org\/pt-BR\/ensinamentos\/religiao\/complemento-da-colecao-de-palestras-1447\/\" class=\"link-title\" >\t\t\t<h5 >Religi\u00e3o<\/h5>\t\t\t<h4 >COMPLEMENTO DA COLE\u00c7\u00c3O DE PALESTRAS 1447<\/h4>\t\t\t<\/a>\n\t\t\t<p class=\"text\" >As gueixas s\u00e3o bonitas, mas fazem coisas erradas. Nem sempre a beleza reflete o grau espiritual.Sem data<\/p>\t\t\t\t\t\t\t<a href=\"https:\/\/www.jinsai.org\/pt-BR\/ensinamentos\/religiao\/complemento-da-colecao-de-palestras-1447\/\" class=\"more-button\" >Continue lendo <i><\/i><\/a>\n\t\t\t\t\t<\/div>\n\t\t<\/div><div class=\"widget widget_circleicon-widget\">\t\t<div class=\"circle-icon-box circle-icon-position-top circle-icon-hide-box circle-icon-size-small\">\n\t\t\t<div class=\"circle-icon-wrapper\">\n\t\t\t\t<a href=\"https:\/\/www.jinsai.org\/pt-BR\/ensinamentos\/religiao\/a-aproximacao-da-ciencia-ao-mundo-dos-espiritos-divinos\/\" class=\"link-icon\" >\t\t\t\t<div class=\"circle-icon icon-style-set\" style=\"background-image: url(https:\/\/www.jinsai.org\/pt-BR\/wp-content\/uploads\/2018\/06\/Logos-Ensinamentos-Religi\u00e3o-Small.jpg)\">\n\t\t\t\t\t\t\t\t\t<\/div>\n\t\t\t\t<\/a>\t\t\t<\/div>\n\n\t\t\t<a href=\"https:\/\/www.jinsai.org\/pt-BR\/ensinamentos\/religiao\/a-aproximacao-da-ciencia-ao-mundo-dos-espiritos-divinos\/\" class=\"link-title\" >\t\t\t<h5 >Religi\u00e3o<\/h5>\t\t\t<h4 >A APROXIMA\u00c7\u00c3O DA CI\u00caNCIA AO MUNDO DOS ESP\u00cdRITOS DIVINOS<\/h4>\t\t\t<\/a>\n\t\t\t<p class=\"text\" >Pergunta: A ci\u00eancia existente, a qual o Mestre diz que est\u00e1 para entrar no mundo dos esp\u00edritos, j\u00e1 conseguiu saber um pouco do meio de elucidar a moral da sociedade humana, a arte, o amor etc., como primeiro passo desta evolu\u00e7\u00e3o? Meishu-Sama: A ci\u00eancia existente ainda n\u00e3o o conhece. Se chegar at\u00e9 a\u00ed, j\u00e1 ter\u00e1 [&hellip;]<\/p>\t\t\t\t\t\t\t<a href=\"https:\/\/www.jinsai.org\/pt-BR\/ensinamentos\/religiao\/a-aproximacao-da-ciencia-ao-mundo-dos-espiritos-divinos\/\" class=\"more-button\" >Continue lendo <i><\/i><\/a>\n\t\t\t\t\t<\/div>\n\t\t<\/div><div class=\"widget widget_circleicon-widget\">\t\t<div class=\"circle-icon-box circle-icon-position-top circle-icon-hide-box circle-icon-size-small\">\n\t\t\t<div class=\"circle-icon-wrapper\">\n\t\t\t\t<a href=\"https:\/\/www.jinsai.org\/pt-BR\/ensinamentos\/religiao\/complemento-da-colecao-de-palestras-1386\/\" class=\"link-icon\" >\t\t\t\t<div class=\"circle-icon icon-style-set\" style=\"background-image: url(https:\/\/www.jinsai.org\/pt-BR\/wp-content\/uploads\/2018\/06\/Logos-Ensinamentos-Religi\u00e3o-Small.jpg)\">\n\t\t\t\t\t\t\t\t\t<\/div>\n\t\t\t\t<\/a>\t\t\t<\/div>\n\n\t\t\t<a href=\"https:\/\/www.jinsai.org\/pt-BR\/ensinamentos\/religiao\/complemento-da-colecao-de-palestras-1386\/\" class=\"link-title\" >\t\t\t<h5 >Religi\u00e3o<\/h5>\t\t\t<h4 >COMPLEMENTO DA COLE\u00c7\u00c3O DE PALESTRAS 1386<\/h4>\t\t\t<\/a>\n\t\t\t<p class=\"text\" >Pergunta: A destrui\u00e7\u00e3o pelo fogo de Horyuji e o Castelo Matsuyama representam a purifica\u00e7\u00e3o de que?Meishu-Sama: O Horyuji \u00e9 a base da arte budista - representa o fim do budismo.14 de mar\u00e7o de 1949<\/p>\t\t\t\t\t\t\t<a href=\"https:\/\/www.jinsai.org\/pt-BR\/ensinamentos\/religiao\/complemento-da-colecao-de-palestras-1386\/\" class=\"more-button\" >Continue lendo <i><\/i><\/a>\n\t\t\t\t\t<\/div>\n\t\t<\/div><div class=\"clear\"><\/div><div class=\"widget widget_circleicon-widget\">\t\t<div class=\"circle-icon-box circle-icon-position-top circle-icon-hide-box circle-icon-size-small\">\n\t\t\t<div class=\"circle-icon-wrapper\">\n\t\t\t\t<a href=\"https:\/\/www.jinsai.org\/pt-BR\/ensinamentos\/religiao\/complemento-da-colecao-de-palestras-1010\/\" class=\"link-icon\" >\t\t\t\t<div class=\"circle-icon icon-style-set\" style=\"background-image: url(https:\/\/www.jinsai.org\/pt-BR\/wp-content\/uploads\/2018\/06\/Logos-Ensinamentos-Religi\u00e3o-Small.jpg)\">\n\t\t\t\t\t\t\t\t\t<\/div>\n\t\t\t\t<\/a>\t\t\t<\/div>\n\n\t\t\t<a href=\"https:\/\/www.jinsai.org\/pt-BR\/ensinamentos\/religiao\/complemento-da-colecao-de-palestras-1010\/\" class=\"link-title\" >\t\t\t<h5 >Religi\u00e3o<\/h5>\t\t\t<h4 >COMPLEMENTO DA COLE\u00c7\u00c3O DE PALESTRAS 1010<\/h4>\t\t\t<\/a>\n\t\t\t<p class=\"text\" >Benzaiten (Sarasvati) (Ichikishimahime-no-Mikoto). \u00c9 considerada deusa do tesouro e da arte. \u00c9 cultuada por artistas, e de fato gosta da arte. As pessoas do ano da serpente e do m\u00eas da serpente s\u00e3o ciumentas.18 de outubro de 1948<\/p>\t\t\t\t\t\t\t<a href=\"https:\/\/www.jinsai.org\/pt-BR\/ensinamentos\/religiao\/complemento-da-colecao-de-palestras-1010\/\" class=\"more-button\" >Continue lendo <i><\/i><\/a>\n\t\t\t\t\t<\/div>\n\t\t<\/div><div class=\"widget widget_circleicon-widget\">\t\t<div class=\"circle-icon-box circle-icon-position-top circle-icon-hide-box circle-icon-size-small\">\n\t\t\t<div class=\"circle-icon-wrapper\">\n\t\t\t\t<a href=\"https:\/\/www.jinsai.org\/pt-BR\/ensinamentos\/religiao\/a-providencia-do-supremo-deus\/\" class=\"link-icon\" >\t\t\t\t<div class=\"circle-icon icon-style-set\" style=\"background-image: url(https:\/\/www.jinsai.org\/pt-BR\/wp-content\/uploads\/2018\/06\/Logos-Ensinamentos-Religi\u00e3o-Small.jpg)\">\n\t\t\t\t\t\t\t\t\t<\/div>\n\t\t\t\t<\/a>\t\t\t<\/div>\n\n\t\t\t<a href=\"https:\/\/www.jinsai.org\/pt-BR\/ensinamentos\/religiao\/a-providencia-do-supremo-deus\/\" class=\"link-title\" >\t\t\t<h5 >Religi\u00e3o<\/h5>\t\t\t<h4 >A PROVID\u00caNCIA DO SUPREMO DEUS<\/h4>\t\t\t<\/a>\n\t\t\t<p class=\"text\" >(...) As diversas provid\u00eancias realizadas pelo Supremo Deus est\u00e3o longe de serem compreendidas pelo racioc\u00ednio humano. S\u00e3o realmente profundas, amplas e extraordin\u00e1rias. \u00c9 por isso que h\u00e1 nos ensinamentos da Igreja Oomoto: \u201cQuem pensa que n\u00e3o entendeu as coisas do Mundo Divino \u00e9 que conseguiu entend\u00ea-las\u201d. A provid\u00eancia \u00e9 incompreens\u00edvel a esse ponto. Assim, o [&hellip;]<\/p>\t\t\t\t\t\t\t<a href=\"https:\/\/www.jinsai.org\/pt-BR\/ensinamentos\/religiao\/a-providencia-do-supremo-deus\/\" class=\"more-button\" >Continue lendo <i><\/i><\/a>\n\t\t\t\t\t<\/div>\n\t\t<\/div><div class=\"widget widget_circleicon-widget\">\t\t<div class=\"circle-icon-box circle-icon-position-top circle-icon-hide-box circle-icon-size-small\">\n\t\t\t<div class=\"circle-icon-wrapper\">\n\t\t\t\t<a href=\"https:\/\/www.jinsai.org\/pt-BR\/ensinamentos\/religiao\/complemento-da-colecao-de-palestras-333\/\" class=\"link-icon\" >\t\t\t\t<div class=\"circle-icon icon-style-set\" style=\"background-image: url(https:\/\/www.jinsai.org\/pt-BR\/wp-content\/uploads\/2018\/06\/Logos-Ensinamentos-Religi\u00e3o-Small.jpg)\">\n\t\t\t\t\t\t\t\t\t<\/div>\n\t\t\t\t<\/a>\t\t\t<\/div>\n\n\t\t\t<a href=\"https:\/\/www.jinsai.org\/pt-BR\/ensinamentos\/religiao\/complemento-da-colecao-de-palestras-333\/\" class=\"link-title\" >\t\t\t<h5 >Religi\u00e3o<\/h5>\t\t\t<h4 >COMPLEMENTO DA COLE\u00c7\u00c3O DE PALESTRAS 333<\/h4>\t\t\t<\/a>\n\t\t\t<p class=\"text\" >As formas e os esp\u00edritos s\u00e3o diversos, e pode acontecer de uma pessoa que era homem na encarna\u00e7\u00e3o anterior tornar-se mulher, e vice-versa. H\u00e1 v\u00e1rias raz\u00f5es espirituais. O esp\u00edrito que na encarna\u00e7\u00e3o anterior teve rosto feio nasce bonito se agir a vontade de nascer bonito. Tendo esta convic\u00e7\u00e3o no Mundo Espiritual, isso vai se tornando [&hellip;]<\/p>\t\t\t\t\t\t\t<a href=\"https:\/\/www.jinsai.org\/pt-BR\/ensinamentos\/religiao\/complemento-da-colecao-de-palestras-333\/\" class=\"more-button\" >Continue lendo <i><\/i><\/a>\n\t\t\t\t\t<\/div>\n\t\t<\/div><div class=\"clear\"><\/div><div class=\"widget widget_circleicon-widget\">\t\t<div class=\"circle-icon-box circle-icon-position-top circle-icon-hide-box circle-icon-size-small\">\n\t\t\t<div class=\"circle-icon-wrapper\">\n\t\t\t\t<a href=\"https:\/\/www.jinsai.org\/pt-BR\/ensinamentos\/religiao\/reuniao-especial-para-consultas-sobre-a-grande-purificacao\/\" class=\"link-icon\" >\t\t\t\t<div class=\"circle-icon icon-style-set\" style=\"background-image: url(https:\/\/www.jinsai.org\/pt-BR\/wp-content\/uploads\/2018\/06\/Logos-Ensinamentos-Religi\u00e3o-Small.jpg)\">\n\t\t\t\t\t\t\t\t\t<\/div>\n\t\t\t\t<\/a>\t\t\t<\/div>\n\n\t\t\t<a href=\"https:\/\/www.jinsai.org\/pt-BR\/ensinamentos\/religiao\/reuniao-especial-para-consultas-sobre-a-grande-purificacao\/\" class=\"link-title\" >\t\t\t<h5 >Religi\u00e3o<\/h5>\t\t\t<h4 >REUNI\u00c3O ESPECIAL PARA CONSULTAS SOBRE A GRANDE PURIFICA\u00c7\u00c3O<\/h4>\t\t\t<\/a>\n\t\t\t<p class=\"text\" >Pergunta: Considerando-se a \u00e9poca em que vivemos, creio que n\u00e3o podemos receber a orienta\u00e7\u00e3o do Grande Mestre sobre o futuro da purifica\u00e7\u00e3o, tais como pol\u00edtica e guerra, mas ser\u00e1 que devemos consult\u00e1-lo num outro local e em uma oportunidade mais adequada para recebermos instru\u00e7\u00f5es mais profundas sobre isto? Ou basta sabermos o que ouvimos normalmente [&hellip;]<\/p>\t\t\t\t\t\t\t<a href=\"https:\/\/www.jinsai.org\/pt-BR\/ensinamentos\/religiao\/reuniao-especial-para-consultas-sobre-a-grande-purificacao\/\" class=\"more-button\" >Continue lendo <i><\/i><\/a>\n\t\t\t\t\t<\/div>\n\t\t<\/div><div class=\"widget widget_circleicon-widget\">\t\t<div class=\"circle-icon-box circle-icon-position-top circle-icon-hide-box circle-icon-size-small\">\n\t\t\t<div class=\"circle-icon-wrapper\">\n\t\t\t\t<a href=\"https:\/\/www.jinsai.org\/pt-BR\/ensinamentos\/religiao\/o-significado-do-incendio-do-altar-do-templo-sobre-nihonji\/\" class=\"link-icon\" >\t\t\t\t<div class=\"circle-icon icon-style-set\" style=\"background-image: url(https:\/\/www.jinsai.org\/pt-BR\/wp-content\/uploads\/2018\/06\/Logos-Ensinamentos-Religi\u00e3o-Small.jpg)\">\n\t\t\t\t\t\t\t\t\t<\/div>\n\t\t\t\t<\/a>\t\t\t<\/div>\n\n\t\t\t<a href=\"https:\/\/www.jinsai.org\/pt-BR\/ensinamentos\/religiao\/o-significado-do-incendio-do-altar-do-templo-sobre-nihonji\/\" class=\"link-title\" >\t\t\t<h5 >Religi\u00e3o<\/h5>\t\t\t<h4 >O SIGNIFICADO DO INC\u00caNDIO DO ALTAR DO TEMPLO (SOBRE NIHONJI)<\/h4>\t\t\t<\/a>\n\t\t\t<p class=\"text\" >Pergunta: Que significado espiritual tem o inc\u00eandio do altar do Horyu-ji? Meishu-Sama: Ele \u00e9 a base do mundo b\u00fadico, e seria inevit\u00e1vel, se \u00e9 que existe o fim do budismo. Houve um modelo no passado. Para abrir as portas da Caverna de Rocha do C\u00e9u, parti na noite de 14 de junho de 1931, pousando [&hellip;]<\/p>\t\t\t\t\t\t\t<a href=\"https:\/\/www.jinsai.org\/pt-BR\/ensinamentos\/religiao\/o-significado-do-incendio-do-altar-do-templo-sobre-nihonji\/\" class=\"more-button\" >Continue lendo <i><\/i><\/a>\n\t\t\t\t\t<\/div>\n\t\t<\/div><div class=\"widget widget_circleicon-widget\">\t\t<div class=\"circle-icon-box circle-icon-position-top circle-icon-hide-box circle-icon-size-small\">\n\t\t\t<div class=\"circle-icon-wrapper\">\n\t\t\t\t<a href=\"https:\/\/www.jinsai.org\/pt-BR\/ensinamentos\/religiao\/o-espirito-das-palavras-e-os-atos-permanecem-eternamente\/\" class=\"link-icon\" >\t\t\t\t<div class=\"circle-icon icon-style-set\" style=\"background-image: url(https:\/\/www.jinsai.org\/pt-BR\/wp-content\/uploads\/2018\/06\/Logos-Ensinamentos-Religi\u00e3o-Small.jpg)\">\n\t\t\t\t\t\t\t\t\t<\/div>\n\t\t\t\t<\/a>\t\t\t<\/div>\n\n\t\t\t<a href=\"https:\/\/www.jinsai.org\/pt-BR\/ensinamentos\/religiao\/o-espirito-das-palavras-e-os-atos-permanecem-eternamente\/\" class=\"link-title\" >\t\t\t<h5 >Religi\u00e3o<\/h5>\t\t\t<h4 >O ESP\u00cdRITO DAS PALAVRAS E OS ATOS PERMANECEM ETERNAMENTE<\/h4>\t\t\t<\/a>\n\t\t\t<p class=\"text\" >Pergunta: Dizem que os atos nocivos se acumulam no Mundo Espiritual, assim como os esp\u00edritos das palavras perversas, mas estes esp\u00edritos das palavras desaparecem para sempre com a a\u00e7\u00e3o de purifica\u00e7\u00e3o no Mundo Espiritual? Ou eles mudam de forma e v\u00e3o para as pessoas que t\u00eam pensamentos ruins?Meishu-Sama: Os esp\u00edritos das palavras n\u00e3o se desfazem. [&hellip;]<\/p>\t\t\t\t\t\t\t<a href=\"https:\/\/www.jinsai.org\/pt-BR\/ensinamentos\/religiao\/o-espirito-das-palavras-e-os-atos-permanecem-eternamente\/\" class=\"more-button\" >Continue lendo <i><\/i><\/a>\n\t\t\t\t\t<\/div>\n\t\t<\/div><div class=\"clear\"><\/div><div class=\"widget widget_circleicon-widget\">\t\t<div class=\"circle-icon-box circle-icon-position-top circle-icon-hide-box circle-icon-size-small\">\n\t\t\t<div class=\"circle-icon-wrapper\">\n\t\t\t\t<a href=\"https:\/\/www.jinsai.org\/pt-BR\/ensinamentos\/religiao\/pode-haver-outros-caminhos-como-o-nosso-no-exterior\/\" class=\"link-icon\" >\t\t\t\t<div class=\"circle-icon icon-style-set\" style=\"background-image: url(https:\/\/www.jinsai.org\/pt-BR\/wp-content\/uploads\/2018\/06\/Logos-Ensinamentos-Religi\u00e3o-Small.jpg)\">\n\t\t\t\t\t\t\t\t\t<\/div>\n\t\t\t\t<\/a>\t\t\t<\/div>\n\n\t\t\t<a href=\"https:\/\/www.jinsai.org\/pt-BR\/ensinamentos\/religiao\/pode-haver-outros-caminhos-como-o-nosso-no-exterior\/\" class=\"link-title\" >\t\t\t<h5 >Religi\u00e3o<\/h5>\t\t\t<h4 >PODE HAVER OUTROS CAMINHOS COMO O NOSSO NO EXTERIOR<\/h4>\t\t\t<\/a>\n\t\t\t<p class=\"text\" >O discurso de que o Jap\u00e3o \u00e9 o pa\u00eds de Deus \u00e9 um erro. N\u00e3o se pode pensar que apenas o Jap\u00e3o seja um pa\u00eds divino. Deus salva a humanidade de forma imparcial. Ele jamais salvar\u00e1 apenas o Jap\u00e3o.Mesmo em rela\u00e7\u00e3o a este caminho[1], pode ser que surja algo igual no exterior.Portanto, \u00e9 bom pensar [&hellip;]<\/p>\t\t\t\t\t\t\t<a href=\"https:\/\/www.jinsai.org\/pt-BR\/ensinamentos\/religiao\/pode-haver-outros-caminhos-como-o-nosso-no-exterior\/\" class=\"more-button\" >Continue lendo <i><\/i><\/a>\n\t\t\t\t\t<\/div>\n\t\t<\/div><div class=\"widget widget_circleicon-widget\">\t\t<div class=\"circle-icon-box circle-icon-position-top circle-icon-hide-box circle-icon-size-small\">\n\t\t\t<div class=\"circle-icon-wrapper\">\n\t\t\t\t<a href=\"https:\/\/www.jinsai.org\/pt-BR\/ensinamentos\/religiao\/a-alma-a-consciencia-e-o-sistema-nervoso\/\" class=\"link-icon\" >\t\t\t\t<div class=\"circle-icon icon-style-set\" style=\"background-image: url(https:\/\/www.jinsai.org\/pt-BR\/wp-content\/uploads\/2018\/06\/Logos-Ensinamentos-Religi\u00e3o-Small.jpg)\">\n\t\t\t\t\t\t\t\t\t<\/div>\n\t\t\t\t<\/a>\t\t\t<\/div>\n\n\t\t\t<a href=\"https:\/\/www.jinsai.org\/pt-BR\/ensinamentos\/religiao\/a-alma-a-consciencia-e-o-sistema-nervoso\/\" class=\"link-title\" >\t\t\t<h5 >Religi\u00e3o<\/h5>\t\t\t<h4 >A ALMA, A CONSCI\u00caNCIA E O SISTEMA NERVOSO<\/h4>\t\t\t<\/a>\n\t\t\t<p class=\"text\" >Pergunta: Certa vez, escutei de um ministro veterano que a consci\u00eancia \u00e9 um cent\u00e9simo do corpo e que a alma \u00e9 um cent\u00e9simo da consci\u00eancia.Meishu-Sama: Isso \u00e9 um contrassenso. N\u00e3o \u00e9 um cent\u00e9simo, muito pelo contr\u00e1rio, a consci\u00eancia est\u00e1 no corpo todo. Se fosse um cent\u00e9simo, significaria que existem partes do corpo sem consci\u00eancia.Pergunta: Nesse [&hellip;]<\/p>\t\t\t\t\t\t\t<a href=\"https:\/\/www.jinsai.org\/pt-BR\/ensinamentos\/religiao\/a-alma-a-consciencia-e-o-sistema-nervoso\/\" class=\"more-button\" >Continue lendo <i><\/i><\/a>\n\t\t\t\t\t<\/div>\n\t\t<\/div><div class=\"widget widget_circleicon-widget\">\t\t<div class=\"circle-icon-box circle-icon-position-top circle-icon-hide-box circle-icon-size-small\">\n\t\t\t<div class=\"circle-icon-wrapper\">\n\t\t\t\t<a href=\"https:\/\/www.jinsai.org\/pt-BR\/ensinamentos\/religiao\/nasce-o-sol\/\" class=\"link-icon\" >\t\t\t\t<div class=\"circle-icon icon-style-set\" style=\"background-image: url(https:\/\/www.jinsai.org\/pt-BR\/wp-content\/uploads\/2018\/06\/Logos-Ensinamentos-Religi\u00e3o-Small.jpg)\">\n\t\t\t\t\t\t\t\t\t<\/div>\n\t\t\t\t<\/a>\t\t\t<\/div>\n\n\t\t\t<a href=\"https:\/\/www.jinsai.org\/pt-BR\/ensinamentos\/religiao\/nasce-o-sol\/\" class=\"link-title\" >\t\t\t<h5 >Religi\u00e3o<\/h5>\t\t\t<h4 >NASCE O SOL<\/h4>\t\t\t<\/a>\n\t\t\t<p class=\"text\" >Por isso, entre os fundadores do budismo de at\u00e9 agora, Nitiren Shonin foi o primeiro a adotar o m\u00e9todo do Sol e, por causa disso, se chama Nitiren (niti - Sol, dia). At\u00e9 ent\u00e3o, todos pertenciam \u00e0 linhagem da Lua. Ent\u00e3o, Nitiren Shonin foi o primeiro de m\u00e9todos do Sol no budismo. O Sol est\u00e1 [&hellip;]<\/p>\t\t\t\t\t\t\t<a href=\"https:\/\/www.jinsai.org\/pt-BR\/ensinamentos\/religiao\/nasce-o-sol\/\" class=\"more-button\" >Continue lendo <i><\/i><\/a>\n\t\t\t\t\t<\/div>\n\t\t<\/div><div class=\"clear\"><\/div><div class=\"widget widget_circleicon-widget\">\t\t<div class=\"circle-icon-box circle-icon-position-top circle-icon-hide-box circle-icon-size-small\">\n\t\t\t<div class=\"circle-icon-wrapper\">\n\t\t\t\t<a href=\"https:\/\/www.jinsai.org\/pt-BR\/ensinamentos\/religiao\/a-desintegracao-do-fundo-do-inferno\/\" class=\"link-icon\" >\t\t\t\t<div class=\"circle-icon icon-style-set\" style=\"background-image: url(https:\/\/www.jinsai.org\/pt-BR\/wp-content\/uploads\/2018\/06\/Logos-Ensinamentos-Religi\u00e3o-Small.jpg)\">\n\t\t\t\t\t\t\t\t\t<\/div>\n\t\t\t\t<\/a>\t\t\t<\/div>\n\n\t\t\t<a href=\"https:\/\/www.jinsai.org\/pt-BR\/ensinamentos\/religiao\/a-desintegracao-do-fundo-do-inferno\/\" class=\"link-title\" >\t\t\t<h5 >Religi\u00e3o<\/h5>\t\t\t<h4 >A DESINTEGRA\u00c7\u00c3O DO FUNDO DO INFERNO<\/h4>\t\t\t<\/a>\n\t\t\t<p class=\"text\" >Pergunta: Com a mudan\u00e7a para o Dia, como se apresentar\u00e1 o aspecto do Inferno?Meishu-Sama: O Inferno mudar\u00e1 muito. Por um tempo a purifica\u00e7\u00e3o se intensificar\u00e1 e aqueles que n\u00e3o tiverem a m\u00ednima esperan\u00e7a de arrependimento ser\u00e3o confinados, e os que ainda tiverem alguma chance ser\u00e3o puxados para cima. Isto \u00e9 algo realmente temeroso. Com o [&hellip;]<\/p>\t\t\t\t\t\t\t<a href=\"https:\/\/www.jinsai.org\/pt-BR\/ensinamentos\/religiao\/a-desintegracao-do-fundo-do-inferno\/\" class=\"more-button\" >Continue lendo <i><\/i><\/a>\n\t\t\t\t\t<\/div>\n\t\t<\/div><div class=\"widget widget_circleicon-widget\">\t\t<div class=\"circle-icon-box circle-icon-position-top circle-icon-hide-box circle-icon-size-small\">\n\t\t\t<div class=\"circle-icon-wrapper\">\n\t\t\t\t<a href=\"https:\/\/www.jinsai.org\/pt-BR\/ensinamentos\/religiao\/comunicando-o-perdao-de-meishu-sama\/\" class=\"link-icon\" >\t\t\t\t<div class=\"circle-icon icon-style-set\" style=\"background-image: url(https:\/\/www.jinsai.org\/pt-BR\/wp-content\/uploads\/2018\/06\/Logos-Ensinamentos-Religi\u00e3o-Small.jpg)\">\n\t\t\t\t\t\t\t\t\t<\/div>\n\t\t\t\t<\/a>\t\t\t<\/div>\n\n\t\t\t<a href=\"https:\/\/www.jinsai.org\/pt-BR\/ensinamentos\/religiao\/comunicando-o-perdao-de-meishu-sama\/\" class=\"link-title\" >\t\t\t<h5 >Religi\u00e3o<\/h5>\t\t\t<h4 >COMUNICANDO O PERD\u00c3O DE MEISHU-SAMA<\/h4>\t\t\t<\/a>\n\t\t\t<p class=\"text\" >Pergunta: Um rapaz de 32 anos que ingressou na f\u00e9 em 1944 passou a ficar em transe a partir do dia 15 de junho. E, no retorno do \u00faltimo Culto Mensal realizado na unidade religiosa, disse as seguintes palavras, como se fosse Nichiren[1]: \u201cEu fui salvo por Meishu-Sama e levado ao Para\u00edso. Agrade\u00e7a a ele, [&hellip;]<\/p>\t\t\t\t\t\t\t<a href=\"https:\/\/www.jinsai.org\/pt-BR\/ensinamentos\/religiao\/comunicando-o-perdao-de-meishu-sama\/\" class=\"more-button\" >Continue lendo <i><\/i><\/a>\n\t\t\t\t\t<\/div>\n\t\t<\/div><div class=\"widget widget_circleicon-widget\">\t\t<div class=\"circle-icon-box circle-icon-position-top circle-icon-hide-box circle-icon-size-small\">\n\t\t\t<div class=\"circle-icon-wrapper\">\n\t\t\t\t<a href=\"https:\/\/www.jinsai.org\/pt-BR\/ensinamentos\/religiao\/afinidade-espiritual\/\" class=\"link-icon\" >\t\t\t\t<div class=\"circle-icon icon-style-set\" style=\"background-image: url(https:\/\/www.jinsai.org\/pt-BR\/wp-content\/uploads\/2018\/06\/Logos-Ensinamentos-Religi\u00e3o-Small.jpg)\">\n\t\t\t\t\t\t\t\t\t<\/div>\n\t\t\t\t<\/a>\t\t\t<\/div>\n\n\t\t\t<a href=\"https:\/\/www.jinsai.org\/pt-BR\/ensinamentos\/religiao\/afinidade-espiritual\/\" class=\"link-title\" >\t\t\t<h5 >Religi\u00e3o<\/h5>\t\t\t<h4 >AFINIDADE ESPIRITUAL<\/h4>\t\t\t<\/a>\n\t\t\t<p class=\"text\" >Pergunta: Ensine-nos, por favor, a respeito de afinidade (in-nen), cord\u00e3o espiritual e linhagem espiritual. Meishu-Sama: A afinidade (in-nen) refere-se \u00e0 aproxima\u00e7\u00e3o m\u00fatua nessa vida de pessoas que, na vida anterior, foram casadas, pais e filhos, irm\u00e3os, amigos etc. Isto tamb\u00e9m tem rela\u00e7\u00e3o com os cord\u00f5es espirituais, conhecido popularmente como \u201cteia do destino\u201d. Todavia, isso n\u00e3o [&hellip;]<\/p>\t\t\t\t\t\t\t<a href=\"https:\/\/www.jinsai.org\/pt-BR\/ensinamentos\/religiao\/afinidade-espiritual\/\" class=\"more-button\" >Continue lendo <i><\/i><\/a>\n\t\t\t\t\t<\/div>\n\t\t<\/div><div class=\"clear\"><\/div><div class=\"widget widget_circleicon-widget\">\t\t<div class=\"circle-icon-box circle-icon-position-top circle-icon-hide-box circle-icon-size-small\">\n\t\t\t<div class=\"circle-icon-wrapper\">\n\t\t\t\t<a href=\"https:\/\/www.jinsai.org\/pt-BR\/ensinamentos\/religiao\/a-respeito-da-adocao\/\" class=\"link-icon\" >\t\t\t\t<div class=\"circle-icon icon-style-set\" style=\"background-image: url(https:\/\/www.jinsai.org\/pt-BR\/wp-content\/uploads\/2018\/06\/Logos-Ensinamentos-Religi\u00e3o-Small.jpg)\">\n\t\t\t\t\t\t\t\t\t<\/div>\n\t\t\t\t<\/a>\t\t\t<\/div>\n\n\t\t\t<a href=\"https:\/\/www.jinsai.org\/pt-BR\/ensinamentos\/religiao\/a-respeito-da-adocao\/\" class=\"link-title\" >\t\t\t<h5 >Religi\u00e3o<\/h5>\t\t\t<h4 >A RESPEITO DA ADO\u00c7\u00c3O<\/h4>\t\t\t<\/a>\n\t\t\t<p class=\"text\" >Pergunta: Consta nos Ensinamentos que \u201cmesmo que haja miscigena\u00e7\u00e3o, a linhagem espiritual jamais se altera\u201d. Neste caso, a linhagem espiritual determinante \u00e9 a do pai ou da m\u00e3e? Meishu-Sama: Normalmente \u00e9 a linhagem espiritual do pai. Mesmo no caso de filho adotivo, a linhagem determinante \u00e9 essa. S\u00e3o os antepassados que trazem os filhos adotivos. [&hellip;]<\/p>\t\t\t\t\t\t\t<a href=\"https:\/\/www.jinsai.org\/pt-BR\/ensinamentos\/religiao\/a-respeito-da-adocao\/\" class=\"more-button\" >Continue lendo <i><\/i><\/a>\n\t\t\t\t\t<\/div>\n\t\t<\/div><div class=\"widget widget_circleicon-widget\">\t\t<div class=\"circle-icon-box circle-icon-position-top circle-icon-hide-box circle-icon-size-small\">\n\t\t\t<div class=\"circle-icon-wrapper\">\n\t\t\t\t<a href=\"https:\/\/www.jinsai.org\/pt-BR\/ensinamentos\/religiao\/o-objetivo-da-fe-e-aproximar-se-do-estado-de-kenshinjitsu-maxima-iluminacao-espiritual\/\" class=\"link-icon\" >\t\t\t\t<div class=\"circle-icon icon-style-set\" style=\"background-image: url(https:\/\/www.jinsai.org\/pt-BR\/wp-content\/uploads\/2018\/06\/Logos-Ensinamentos-Religi\u00e3o-Small.jpg)\">\n\t\t\t\t\t\t\t\t\t<\/div>\n\t\t\t\t<\/a>\t\t\t<\/div>\n\n\t\t\t<a href=\"https:\/\/www.jinsai.org\/pt-BR\/ensinamentos\/religiao\/o-objetivo-da-fe-e-aproximar-se-do-estado-de-kenshinjitsu-maxima-iluminacao-espiritual\/\" class=\"link-title\" >\t\t\t<h5 >Religi\u00e3o<\/h5>\t\t\t<h4 >O OBJETIVO DA F\u00c9 \u00c9 APROXIMAR-SE DO ESTADO DE KENSHINJITSU (M\u00c1XIMA ILUMINA\u00c7\u00c3O ESPIRITUAL)<\/h4>\t\t\t<\/a>\n\t\t\t<p class=\"text\" >Kenshinjitsu significa o posicionamento no ponto mais alto e, olhando da\u00ed para baixo, percebe-se tudo com grande nitidez. Consequentemente, procedo \u00e0s explana\u00e7\u00f5es para que entendam bem este tema. O prop\u00f3sito da f\u00e9 \u00e9 atingir o quanto antes esta intui\u00e7\u00e3o. Deste modo, ter-se-ia melhor compreens\u00e3o dos fatos. N\u00e3o \u00e9 t\u00e3o f\u00e1cil uma pessoa comum atingir realmente [&hellip;]<\/p>\t\t\t\t\t\t\t<a href=\"https:\/\/www.jinsai.org\/pt-BR\/ensinamentos\/religiao\/o-objetivo-da-fe-e-aproximar-se-do-estado-de-kenshinjitsu-maxima-iluminacao-espiritual\/\" class=\"more-button\" >Continue lendo <i><\/i><\/a>\n\t\t\t\t\t<\/div>\n\t\t<\/div><div class=\"widget widget_circleicon-widget\">\t\t<div class=\"circle-icon-box circle-icon-position-top circle-icon-hide-box circle-icon-size-small\">\n\t\t\t<div class=\"circle-icon-wrapper\">\n\t\t\t\t<a href=\"https:\/\/www.jinsai.org\/pt-BR\/ensinamentos\/religiao\/palestras-sobre-o-deus-kunitokotati-no-mikoto\/\" class=\"link-icon\" >\t\t\t\t<div class=\"circle-icon icon-style-set\" style=\"background-image: url(https:\/\/www.jinsai.org\/pt-BR\/wp-content\/uploads\/2018\/06\/Logos-Ensinamentos-Religi\u00e3o-Small.jpg)\">\n\t\t\t\t\t\t\t\t\t<\/div>\n\t\t\t\t<\/a>\t\t\t<\/div>\n\n\t\t\t<a href=\"https:\/\/www.jinsai.org\/pt-BR\/ensinamentos\/religiao\/palestras-sobre-o-deus-kunitokotati-no-mikoto\/\" class=\"link-title\" >\t\t\t<h5 >Religi\u00e3o<\/h5>\t\t\t<h4 >PALESTRAS SOBRE O DEUS KUNITOKOTATI-NO-MIKOTO<\/h4>\t\t\t<\/a>\n\t\t\t<p class=\"text\" >Palestra sobre o aprisionamento do Deus Kunitokotachi-no-MikotoH\u00e1 muito tempo atr\u00e1s, houve uma era de deuses. N\u00e3o se trata de algo vago, e sim de uma \u00e9poca em que aqui viviam seres humanos que adquiriram status divino, isto \u00e9, algo como a era do dia anterior. Naquele tempo, quem governava o mundo era um deus chamado [&hellip;]<\/p>\t\t\t\t\t\t\t<a href=\"https:\/\/www.jinsai.org\/pt-BR\/ensinamentos\/religiao\/palestras-sobre-o-deus-kunitokotati-no-mikoto\/\" class=\"more-button\" >Continue lendo <i><\/i><\/a>\n\t\t\t\t\t<\/div>\n\t\t<\/div><div class=\"clear\"><\/div><div class=\"widget widget_circleicon-widget\">\t\t<div class=\"circle-icon-box circle-icon-position-top circle-icon-hide-box circle-icon-size-small\">\n\t\t\t<div class=\"circle-icon-wrapper\">\n\t\t\t\t<a href=\"https:\/\/www.jinsai.org\/pt-BR\/ensinamentos\/religiao\/o-ensinamento-deve-seguir-o-grau-de-tieshokaku-inteligencia-da-percepcao-verdadeira\/\" class=\"link-icon\" >\t\t\t\t<div class=\"circle-icon icon-style-set\" style=\"background-image: url(https:\/\/www.jinsai.org\/pt-BR\/wp-content\/uploads\/2018\/06\/Logos-Ensinamentos-Religi\u00e3o-Small.jpg)\">\n\t\t\t\t\t\t\t\t\t<\/div>\n\t\t\t\t<\/a>\t\t\t<\/div>\n\n\t\t\t<a href=\"https:\/\/www.jinsai.org\/pt-BR\/ensinamentos\/religiao\/o-ensinamento-deve-seguir-o-grau-de-tieshokaku-inteligencia-da-percepcao-verdadeira\/\" class=\"link-title\" >\t\t\t<h5 >Religi\u00e3o<\/h5>\t\t\t<h4 >O ENSINAMENTO DEVE SEGUIR O GRAU DE &#8220;TIESHOKAKU&#8221; (INTELIG\u00caNCIA DA PERCEP\u00c7\u00c3O VERDADEIRA)<\/h4>\t\t\t<\/a>\n\t\t\t<p class=\"text\" >Pergunta: Devido \u00e0s circunst\u00e2ncias da \u00e9poca, creio que n\u00e3o posso obter do Senhor, Grande Mestre, palavras concernentes \u00e0 Pol\u00edtica, \u00e0 Guerra e \u00e0 Grande Purifica\u00e7\u00e3o; mas, para poder receber melhor orienta\u00e7\u00e3o, devo procur\u00e1-lo marcando data e local apropriado? Ou posso me contentar com aquilo que ouvi nesta oportunidade?\" Meishu-Sama: Basta o que eu disse neste [&hellip;]<\/p>\t\t\t\t\t\t\t<a href=\"https:\/\/www.jinsai.org\/pt-BR\/ensinamentos\/religiao\/o-ensinamento-deve-seguir-o-grau-de-tieshokaku-inteligencia-da-percepcao-verdadeira\/\" class=\"more-button\" >Continue lendo <i><\/i><\/a>\n\t\t\t\t\t<\/div>\n\t\t<\/div><div class=\"widget widget_circleicon-widget\">\t\t<div class=\"circle-icon-box circle-icon-position-top circle-icon-hide-box circle-icon-size-small\">\n\t\t\t<div class=\"circle-icon-wrapper\">\n\t\t\t\t<a href=\"https:\/\/www.jinsai.org\/pt-BR\/ensinamentos\/religiao\/assimilar-nos-ensinamentos-a-avaliacao-da-elevacao-da-fe\/\" class=\"link-icon\" >\t\t\t\t<div class=\"circle-icon icon-style-set\" style=\"background-image: url(https:\/\/www.jinsai.org\/pt-BR\/wp-content\/uploads\/2018\/06\/Logos-Ensinamentos-Religi\u00e3o-Small.jpg)\">\n\t\t\t\t\t\t\t\t\t<\/div>\n\t\t\t\t<\/a>\t\t\t<\/div>\n\n\t\t\t<a href=\"https:\/\/www.jinsai.org\/pt-BR\/ensinamentos\/religiao\/assimilar-nos-ensinamentos-a-avaliacao-da-elevacao-da-fe\/\" class=\"link-title\" >\t\t\t<h5 >Religi\u00e3o<\/h5>\t\t\t<h4 >ASSIMILAR NOS ENSINAMENTOS A AVALIA\u00c7\u00c3O DA ELEVA\u00c7\u00c3O DA F\u00c9<\/h4>\t\t\t<\/a>\n\t\t\t<p class=\"text\" >Quanto \u00e0 eleva\u00e7\u00e3o da F\u00e9, o primordial \u00e9 tieshokaku (Intelig\u00eancia da Percep\u00e7\u00e3o Verdadeira), com a qual discerne-se muitas coisas, mas n\u00e3o um discernimento err\u00f4neo. Atrav\u00e9s dos Ensinamentos, deve-se fazer uma avalia\u00e7\u00e3o. Se ao ler o assunto abordado nos Ensinamentos, entender \"de fato\", prova grande eleva\u00e7\u00e3o de tieshokaku. H\u00e1 ocasi\u00f5es em que se pensa: \"N\u00e3o consigo [&hellip;]<\/p>\t\t\t\t\t\t\t<a href=\"https:\/\/www.jinsai.org\/pt-BR\/ensinamentos\/religiao\/assimilar-nos-ensinamentos-a-avaliacao-da-elevacao-da-fe\/\" class=\"more-button\" >Continue lendo <i><\/i><\/a>\n\t\t\t\t\t<\/div>\n\t\t<\/div><div class=\"widget widget_circleicon-widget\">\t\t<div class=\"circle-icon-box circle-icon-position-top circle-icon-hide-box circle-icon-size-small\">\n\t\t\t<div class=\"circle-icon-wrapper\">\n\t\t\t\t<a href=\"https:\/\/www.jinsai.org\/pt-BR\/ensinamentos\/religiao\/a-luz-no-ventre-de-meishu-sama-e-deus-supremo\/\" class=\"link-icon\" >\t\t\t\t<div class=\"circle-icon icon-style-set\" style=\"background-image: url(https:\/\/www.jinsai.org\/pt-BR\/wp-content\/uploads\/2018\/06\/Logos-Ensinamentos-Religi\u00e3o-Small.jpg)\">\n\t\t\t\t\t\t\t\t\t<\/div>\n\t\t\t\t<\/a>\t\t\t<\/div>\n\n\t\t\t<a href=\"https:\/\/www.jinsai.org\/pt-BR\/ensinamentos\/religiao\/a-luz-no-ventre-de-meishu-sama-e-deus-supremo\/\" class=\"link-title\" >\t\t\t<h5 >Religi\u00e3o<\/h5>\t\t\t<h4 >A LUZ NO VENTRE DE MEISHU-SAMA \u00c9 DEUS SUPREMO<\/h4>\t\t\t<\/a>\n\t\t\t<p class=\"text\" >Acontece raramente, embora seja algo frequente desde tempos remotos, de algum fiel dizer que teve a inspira\u00e7\u00e3o de Deus, que Ele revelou isto ou aquilo, e acredita em tudo isso. O Deus, no caso, \u00e9 de n\u00edvel inferior, e com o tempo ser\u00e1 desmascarado, porque por algum tempo as pessoas ser\u00e3o ludibriadas. Dizer isto soa [&hellip;]<\/p>\t\t\t\t\t\t\t<a href=\"https:\/\/www.jinsai.org\/pt-BR\/ensinamentos\/religiao\/a-luz-no-ventre-de-meishu-sama-e-deus-supremo\/\" class=\"more-button\" >Continue lendo <i><\/i><\/a>\n\t\t\t\t\t<\/div>\n\t\t<\/div><div class=\"clear\"><\/div><div class=\"widget widget_circleicon-widget\">\t\t<div class=\"circle-icon-box circle-icon-position-top circle-icon-hide-box circle-icon-size-small\">\n\t\t\t<div class=\"circle-icon-wrapper\">\n\t\t\t\t<a href=\"https:\/\/www.jinsai.org\/pt-BR\/ensinamentos\/religiao\/as-palavras-e-os-atos-de-meishu-sama-provinham-diretamente-de-deus\/\" class=\"link-icon\" >\t\t\t\t<div class=\"circle-icon icon-style-set\" style=\"background-image: url(https:\/\/www.jinsai.org\/pt-BR\/wp-content\/uploads\/2018\/06\/Logos-Ensinamentos-Religi\u00e3o-Small.jpg)\">\n\t\t\t\t\t\t\t\t\t<\/div>\n\t\t\t\t<\/a>\t\t\t<\/div>\n\n\t\t\t<a href=\"https:\/\/www.jinsai.org\/pt-BR\/ensinamentos\/religiao\/as-palavras-e-os-atos-de-meishu-sama-provinham-diretamente-de-deus\/\" class=\"link-title\" >\t\t\t<h5 >Religi\u00e3o<\/h5>\t\t\t<h4 >AS PALAVRAS E OS ATOS DE MEISHU-SAMA PROVINHAM DIRETAMENTE DE DEUS<\/h4>\t\t\t<\/a>\n\t\t\t<p class=\"text\" >Desde tempos remotos, uma pessoa que se dizia fundador de uma religi\u00e3o sempre consultava Deus, e diziam que tiveram revela\u00e7\u00e3o divina. O povo que o ouvia sentia-se imensamente sensibilizado. Mas eu n\u00e3o procedo assim. Expresso simplesmente as minhas palavras de acordo com o momento, pois n\u00e3o tenho necessidade de perguntar a Deus. Ent\u00e3o, as pessoas, [&hellip;]<\/p>\t\t\t\t\t\t\t<a href=\"https:\/\/www.jinsai.org\/pt-BR\/ensinamentos\/religiao\/as-palavras-e-os-atos-de-meishu-sama-provinham-diretamente-de-deus\/\" class=\"more-button\" >Continue lendo <i><\/i><\/a>\n\t\t\t\t\t<\/div>\n\t\t<\/div><div class=\"widget widget_circleicon-widget\">\t\t<div class=\"circle-icon-box circle-icon-position-top circle-icon-hide-box circle-icon-size-small\">\n\t\t\t<div class=\"circle-icon-wrapper\">\n\t\t\t\t<a href=\"https:\/\/www.jinsai.org\/pt-BR\/ensinamentos\/religiao\/a-medida-que-o-mundo-torna-se-dia-aumenta-a-forca-da-bola-de-luz\/\" class=\"link-icon\" >\t\t\t\t<div class=\"circle-icon icon-style-set\" style=\"background-image: url(https:\/\/www.jinsai.org\/pt-BR\/wp-content\/uploads\/2018\/06\/Logos-Ensinamentos-Religi\u00e3o-Small.jpg)\">\n\t\t\t\t\t\t\t\t\t<\/div>\n\t\t\t\t<\/a>\t\t\t<\/div>\n\n\t\t\t<a href=\"https:\/\/www.jinsai.org\/pt-BR\/ensinamentos\/religiao\/a-medida-que-o-mundo-torna-se-dia-aumenta-a-forca-da-bola-de-luz\/\" class=\"link-title\" >\t\t\t<h5 >Religi\u00e3o<\/h5>\t\t\t<h4 >\u00c0 MEDIDA QUE O MUNDO TORNA-SE DIA, AUMENTA A FOR\u00c7A DA BOLA DE LUZ<\/h4>\t\t\t<\/a>\n\t\t\t<p class=\"text\" >Pergunta: O senhor disse: 'Existe no meu ventre uma Bola de Luz'. Essa Bola \u00e9 algo material ou apenas espiritual?\" Meishu-Sama: Bem, \u00e9 muito dif\u00edcil explicar-lhe. Esta Bola \u00e9 a Bola de Nyorai, isto \u00e9, o poder da vontade de Deus pelo qual Ele envia uma esp\u00e9cie de Luz atrav\u00e9s do Elo Espiritual. Podemos considerar [&hellip;]<\/p>\t\t\t\t\t\t\t<a href=\"https:\/\/www.jinsai.org\/pt-BR\/ensinamentos\/religiao\/a-medida-que-o-mundo-torna-se-dia-aumenta-a-forca-da-bola-de-luz\/\" class=\"more-button\" >Continue lendo <i><\/i><\/a>\n\t\t\t\t\t<\/div>\n\t\t<\/div><div class=\"widget widget_circleicon-widget\">\t\t<div class=\"circle-icon-box circle-icon-position-top circle-icon-hide-box circle-icon-size-small\">\n\t\t\t<div class=\"circle-icon-wrapper\">\n\t\t\t\t<a href=\"https:\/\/www.jinsai.org\/pt-BR\/ensinamentos\/religiao\/construcao-do-mundo-de-daikoomyo\/\" class=\"link-icon\" >\t\t\t\t<div class=\"circle-icon icon-style-set\" style=\"background-image: url(https:\/\/www.jinsai.org\/pt-BR\/wp-content\/uploads\/2018\/06\/Logos-Ensinamentos-Religi\u00e3o-Small.jpg)\">\n\t\t\t\t\t\t\t\t\t<\/div>\n\t\t\t\t<\/a>\t\t\t<\/div>\n\n\t\t\t<a href=\"https:\/\/www.jinsai.org\/pt-BR\/ensinamentos\/religiao\/construcao-do-mundo-de-daikoomyo\/\" class=\"link-title\" >\t\t\t<h5 >Religi\u00e3o<\/h5>\t\t\t<h4 >CONSTRU\u00c7\u00c3O DO MUNDO DE DAIKOOMYO<\/h4>\t\t\t<\/a>\n\t\t\t<p class=\"text\" >(Discurso proferido por ocasi\u00e3o da Dai Nippon Kannon Kai (Grande Igreja Kannon do Jap\u00e3o), em 1\u00ba de janeiro de 1935) 1\u00aa parte Feliz Ano Novo para todos! Com a gra\u00e7a de Deus, institu\u00edmos a Dai Nippon Kannon Kai, fato que me parece muito promissor. Eu desejava fazer esta inaugura\u00e7\u00e3o mais adiante, mas Kannon tinha muita [&hellip;]<\/p>\t\t\t\t\t\t\t<a href=\"https:\/\/www.jinsai.org\/pt-BR\/ensinamentos\/religiao\/construcao-do-mundo-de-daikoomyo\/\" class=\"more-button\" >Continue lendo <i><\/i><\/a>\n\t\t\t\t\t<\/div>\n\t\t<\/div><div class=\"clear\"><\/div><div class=\"widget widget_circleicon-widget\">\t\t<div class=\"circle-icon-box circle-icon-position-top circle-icon-hide-box circle-icon-size-small\">\n\t\t\t<div class=\"circle-icon-wrapper\">\n\t\t\t\t<a href=\"https:\/\/www.jinsai.org\/pt-BR\/ensinamentos\/religiao\/verdade\/\" class=\"link-icon\" >\t\t\t\t<div class=\"circle-icon icon-style-set\" style=\"background-image: url(https:\/\/www.jinsai.org\/pt-BR\/wp-content\/uploads\/2018\/06\/Logos-Ensinamentos-Religi\u00e3o-Small.jpg)\">\n\t\t\t\t\t\t\t\t\t<\/div>\n\t\t\t\t<\/a>\t\t\t<\/div>\n\n\t\t\t<a href=\"https:\/\/www.jinsai.org\/pt-BR\/ensinamentos\/religiao\/verdade\/\" class=\"link-title\" >\t\t\t<h5 >Religi\u00e3o<\/h5>\t\t\t<h4 >VERDADE<\/h4>\t\t\t<\/a>\n\t\t\t<p class=\"text\" >Pergunta: Gostaria que nos falasse a respeito da Verdade.<\/p>\t\t\t\t\t\t\t<a href=\"https:\/\/www.jinsai.org\/pt-BR\/ensinamentos\/religiao\/verdade\/\" class=\"more-button\" >Continue lendo <i><\/i><\/a>\n\t\t\t\t\t<\/div>\n\t\t<\/div><div class=\"widget widget_circleicon-widget\">\t\t<div class=\"circle-icon-box circle-icon-position-top circle-icon-hide-box circle-icon-size-small\">\n\t\t\t<div class=\"circle-icon-wrapper\">\n\t\t\t\t<a href=\"https:\/\/www.jinsai.org\/pt-BR\/ensinamentos\/religiao\/registro-de-sermoes-no-12\/\" class=\"link-icon\" >\t\t\t\t<div class=\"circle-icon icon-style-set\" style=\"background-image: url(https:\/\/www.jinsai.org\/pt-BR\/wp-content\/uploads\/2018\/06\/Logos-Ensinamentos-Religi\u00e3o-Small.jpg)\">\n\t\t\t\t\t\t\t\t\t<\/div>\n\t\t\t\t<\/a>\t\t\t<\/div>\n\n\t\t\t<a href=\"https:\/\/www.jinsai.org\/pt-BR\/ensinamentos\/religiao\/registro-de-sermoes-no-12\/\" class=\"link-title\" >\t\t\t<h5 >Religi\u00e3o<\/h5>\t\t\t<h4 >REGISTRO DE SERM\u00d5ES N\u00ba 12<\/h4>\t\t\t<\/a>\n\t\t\t<p class=\"text\" >Pergunta: At\u00e9 que ponto devemos confiar em livros como \u201cThe Story of Princess Kozakura\u201d de Wasaburo Asano (1874-1937) e \u201cGone West\u201d do Dr. Ward (1885-1949)?<\/p>\t\t\t\t\t\t\t<a href=\"https:\/\/www.jinsai.org\/pt-BR\/ensinamentos\/religiao\/registro-de-sermoes-no-12\/\" class=\"more-button\" >Continue lendo <i><\/i><\/a>\n\t\t\t\t\t<\/div>\n\t\t<\/div><div class=\"widget widget_circleicon-widget\">\t\t<div class=\"circle-icon-box circle-icon-position-top circle-icon-hide-box circle-icon-size-small\">\n\t\t\t<div class=\"circle-icon-wrapper\">\n\t\t\t\t<a href=\"https:\/\/www.jinsai.org\/pt-BR\/ensinamentos\/religiao\/existem-fantasmas\/\" class=\"link-icon\" >\t\t\t\t<div class=\"circle-icon icon-style-set\" style=\"background-image: url(https:\/\/www.jinsai.org\/pt-BR\/wp-content\/uploads\/2018\/06\/Logos-Ensinamentos-Religi\u00e3o-Small.jpg)\">\n\t\t\t\t\t\t\t\t\t<\/div>\n\t\t\t\t<\/a>\t\t\t<\/div>\n\n\t\t\t<a href=\"https:\/\/www.jinsai.org\/pt-BR\/ensinamentos\/religiao\/existem-fantasmas\/\" class=\"link-title\" >\t\t\t<h5 >Religi\u00e3o<\/h5>\t\t\t<h4 >EXISTEM FANTASMAS?<\/h4>\t\t\t<\/a>\n\t\t\t<p class=\"text\" >Desde \u00e9pocas remotas h\u00e1 controv\u00e9rsias sobre a exist\u00eancia de fantasmas, mas eu afirmo que eles existem. Trata-se de uma realidade que ningu\u00e9m pode negar. Creio que a tese do Inferno e do Para\u00edso, pregada por Buda, assim como a do Inferno, Purgat\u00f3rio e C\u00e9u, da &#8220;Divina Com\u00e9dia&#8221; de Dante Alighieri (1265-1321), n\u00e3o s\u00e3o teses sem [&hellip;]<\/p>\t\t\t\t\t\t\t<a href=\"https:\/\/www.jinsai.org\/pt-BR\/ensinamentos\/religiao\/existem-fantasmas\/\" class=\"more-button\" >Continue lendo <i><\/i><\/a>\n\t\t\t\t\t<\/div>\n\t\t<\/div><div class=\"clear\"><\/div><div class=\"widget widget_circleicon-widget\">\t\t<div class=\"circle-icon-box circle-icon-position-top circle-icon-hide-box circle-icon-size-small\">\n\t\t\t<div class=\"circle-icon-wrapper\">\n\t\t\t\t<a href=\"https:\/\/www.jinsai.org\/pt-BR\/ensinamentos\/religiao\/o-fundador-do-templo-zuygen\/\" class=\"link-icon\" >\t\t\t\t<div class=\"circle-icon icon-style-set\" style=\"background-image: url(https:\/\/www.jinsai.org\/pt-BR\/wp-content\/uploads\/2018\/06\/Logos-Ensinamentos-Religi\u00e3o-Small.jpg)\">\n\t\t\t\t\t\t\t\t\t<\/div>\n\t\t\t\t<\/a>\t\t\t<\/div>\n\n\t\t\t<a href=\"https:\/\/www.jinsai.org\/pt-BR\/ensinamentos\/religiao\/o-fundador-do-templo-zuygen\/\" class=\"link-title\" >\t\t\t<h5 >Religi\u00e3o<\/h5>\t\t\t<h4 >O FUNDADOR DO TEMPLO ZUYGEN<\/h4>\t\t\t<\/a>\n\t\t\t<p class=\"text\" >Em Matsushima h\u00e1 um templo budista, o Templo Zuygen, em cuja origem h\u00e1 uma hist\u00f3ria famosa.<\/p>\t\t\t\t\t\t\t<a href=\"https:\/\/www.jinsai.org\/pt-BR\/ensinamentos\/religiao\/o-fundador-do-templo-zuygen\/\" class=\"more-button\" >Continue lendo <i><\/i><\/a>\n\t\t\t\t\t<\/div>\n\t\t<\/div><div class=\"widget widget_circleicon-widget\">\t\t<div class=\"circle-icon-box circle-icon-position-top circle-icon-hide-box circle-icon-size-small\">\n\t\t\t<div class=\"circle-icon-wrapper\">\n\t\t\t\t<a href=\"https:\/\/www.jinsai.org\/pt-BR\/ensinamentos\/religiao\/guedatsu-libertacao-redencao\/\" class=\"link-icon\" >\t\t\t\t<div class=\"circle-icon icon-style-set\" style=\"background-image: url(https:\/\/www.jinsai.org\/pt-BR\/wp-content\/uploads\/2018\/06\/Logos-Ensinamentos-Religi\u00e3o-Small.jpg)\">\n\t\t\t\t\t\t\t\t\t<\/div>\n\t\t\t\t<\/a>\t\t\t<\/div>\n\n\t\t\t<a href=\"https:\/\/www.jinsai.org\/pt-BR\/ensinamentos\/religiao\/guedatsu-libertacao-redencao\/\" class=\"link-title\" >\t\t\t<h5 >Religi\u00e3o<\/h5>\t\t\t<h4 >GUEDATSU (LIBERTA\u00c7\u00c3O, REDEN\u00c7\u00c3O)<\/h4>\t\t\t<\/a>\n\t\t\t<p class=\"text\" >Guedatsu (liberta\u00e7\u00e3o, reden\u00e7\u00e3o) \u00e9 uma palavra muito usada no Budismo, onde tem a conota\u00e7\u00e3o de fuga, reclus\u00e3o (retirar-se do mundo) &#8211; uma ideia caracteristicamente oriental. Na acep\u00e7\u00e3o comum do termo, Guedatsu significa esclarecer a mente, dissipar d\u00favidas e indecis\u00f5es, desprendimento, resigna\u00e7\u00e3o. N\u00e3o se pode, contudo, dizer se isto \u00e9 bom ou ruim. Na verdade, a [&hellip;]<\/p>\t\t\t\t\t\t\t<a href=\"https:\/\/www.jinsai.org\/pt-BR\/ensinamentos\/religiao\/guedatsu-libertacao-redencao\/\" class=\"more-button\" >Continue lendo <i><\/i><\/a>\n\t\t\t\t\t<\/div>\n\t\t<\/div><div class=\"widget widget_circleicon-widget\">\t\t<div class=\"circle-icon-box circle-icon-position-top circle-icon-hide-box circle-icon-size-small\">\n\t\t\t<div class=\"circle-icon-wrapper\">\n\t\t\t\t<a href=\"https:\/\/www.jinsai.org\/pt-BR\/ensinamentos\/religiao\/prefacio-cristo-e-o-mestre-jikan\/\" class=\"link-icon\" >\t\t\t\t<div class=\"circle-icon icon-style-set\" style=\"background-image: url(https:\/\/www.jinsai.org\/pt-BR\/wp-content\/uploads\/2018\/06\/Logos-Ensinamentos-Religi\u00e3o-Small.jpg)\">\n\t\t\t\t\t\t\t\t\t<\/div>\n\t\t\t\t<\/a>\t\t\t<\/div>\n\n\t\t\t<a href=\"https:\/\/www.jinsai.org\/pt-BR\/ensinamentos\/religiao\/prefacio-cristo-e-o-mestre-jikan\/\" class=\"link-title\" >\t\t\t<h5 >Religi\u00e3o<\/h5>\t\t\t<h4 >PREF\u00c1CIO (CRISTO E O MESTRE JIKAN)<\/h4>\t\t\t<\/a>\n\t\t\t<p class=\"text\" >Conforme esclarecido neste livro, o Sr. Seikun Matsui, convidado da divis\u00e3o editorial, pesquisou profundamente v\u00e1rios campos religiosos, a come\u00e7ar pelo Cristianismo e Budismo, al\u00e9m de gerar coment\u00e1rios cr\u00edticos \u00e0 nossa religi\u00e3o. Sinto que seu olhar agu\u00e7ado e sua explica\u00e7\u00e3o l\u00facida fazem jus ao que ele diz como sendo um cr\u00edtico religioso. Aconteceu que recentemente ele [&hellip;]<\/p>\t\t\t\t\t\t\t<a href=\"https:\/\/www.jinsai.org\/pt-BR\/ensinamentos\/religiao\/prefacio-cristo-e-o-mestre-jikan\/\" class=\"more-button\" >Continue lendo <i><\/i><\/a>\n\t\t\t\t\t<\/div>\n\t\t<\/div><div class=\"clear\"><\/div><div class=\"widget widget_circleicon-widget\">\t\t<div class=\"circle-icon-box circle-icon-position-top circle-icon-hide-box circle-icon-size-small\">\n\t\t\t<div class=\"circle-icon-wrapper\">\n\t\t\t\t<a href=\"https:\/\/www.jinsai.org\/pt-BR\/ensinamentos\/religiao\/palestra-do-mestre-jinsai\/\" class=\"link-icon\" >\t\t\t\t<div class=\"circle-icon icon-style-set\" style=\"background-image: url(https:\/\/www.jinsai.org\/pt-BR\/wp-content\/uploads\/2018\/06\/Logos-Ensinamentos-Religi\u00e3o-Small.jpg)\">\n\t\t\t\t\t\t\t\t\t<\/div>\n\t\t\t\t<\/a>\t\t\t<\/div>\n\n\t\t\t<a href=\"https:\/\/www.jinsai.org\/pt-BR\/ensinamentos\/religiao\/palestra-do-mestre-jinsai\/\" class=\"link-title\" >\t\t\t<h5 >Religi\u00e3o<\/h5>\t\t\t<h4 >PALESTRA DO MESTRE JINSAI<\/h4>\t\t\t<\/a>\n\t\t\t<p class=\"text\" >A cerim\u00f4nia de inaugura\u00e7\u00e3o se aproxima, por isso, aparentemente, o n\u00famero \u00e9 pequeno. Ontem tamb\u00e9m foram poucos. Eu falei e, como todos ficaram muito felizes, pretendo falar hoje tamb\u00e9m.<\/p>\t\t\t\t\t\t\t<a href=\"https:\/\/www.jinsai.org\/pt-BR\/ensinamentos\/religiao\/palestra-do-mestre-jinsai\/\" class=\"more-button\" >Continue lendo <i><\/i><\/a>\n\t\t\t\t\t<\/div>\n\t\t<\/div><div class=\"widget widget_circleicon-widget\">\t\t<div class=\"circle-icon-box circle-icon-position-top circle-icon-hide-box circle-icon-size-small\">\n\t\t\t<div class=\"circle-icon-wrapper\">\n\t\t\t\t<a href=\"https:\/\/www.jinsai.org\/pt-BR\/ensinamentos\/religiao\/a-falta-de-tie-dificulta-a-salvacao-dos-outros\/\" class=\"link-icon\" >\t\t\t\t<div class=\"circle-icon icon-style-set\" style=\"background-image: url(https:\/\/www.jinsai.org\/pt-BR\/wp-content\/uploads\/2018\/06\/Logos-Ensinamentos-Religi\u00e3o-Small.jpg)\">\n\t\t\t\t\t\t\t\t\t<\/div>\n\t\t\t\t<\/a>\t\t\t<\/div>\n\n\t\t\t<a href=\"https:\/\/www.jinsai.org\/pt-BR\/ensinamentos\/religiao\/a-falta-de-tie-dificulta-a-salvacao-dos-outros\/\" class=\"link-title\" >\t\t\t<h5 >Religi\u00e3o<\/h5>\t\t\t<h4 >A FALTA DE TI\u00ca DIFICULTA A SALVA\u00c7\u00c3O DOS OUTROS<\/h4>\t\t\t<\/a>\n\t\t\t<p class=\"text\" >Um membro da nossa Igreja perguntou-me por que uma pessoa que se dedicava de corpo e alma a uma fam\u00edlia n\u00e3o estava obtendo bons resultados.<\/p>\t\t\t\t\t\t\t<a href=\"https:\/\/www.jinsai.org\/pt-BR\/ensinamentos\/religiao\/a-falta-de-tie-dificulta-a-salvacao-dos-outros\/\" class=\"more-button\" >Continue lendo <i><\/i><\/a>\n\t\t\t\t\t<\/div>\n\t\t<\/div><div class=\"widget widget_circleicon-widget\">\t\t<div class=\"circle-icon-box circle-icon-position-top circle-icon-hide-box circle-icon-size-small\">\n\t\t\t<div class=\"circle-icon-wrapper\">\n\t\t\t\t<a href=\"https:\/\/www.jinsai.org\/pt-BR\/ensinamentos\/religiao\/aura\/\" class=\"link-icon\" >\t\t\t\t<div class=\"circle-icon icon-style-set\" style=\"background-image: url(https:\/\/www.jinsai.org\/pt-BR\/wp-content\/uploads\/2018\/06\/Logos-Ensinamentos-Religi\u00e3o-Small.jpg)\">\n\t\t\t\t\t\t\t\t\t<\/div>\n\t\t\t\t<\/a>\t\t\t<\/div>\n\n\t\t\t<a href=\"https:\/\/www.jinsai.org\/pt-BR\/ensinamentos\/religiao\/aura\/\" class=\"link-title\" >\t\t\t<h5 >Religi\u00e3o<\/h5>\t\t\t<h4 >AURA<\/h4>\t\t\t<\/a>\n\t\t\t<p class=\"text\" >J\u00e1 falei a respeito do Johrei como transmiss\u00e3o da Luz Divina, mas darei agora uma explica\u00e7\u00e3o mais profunda. O corpo espiritual do homem possui a mesma forma do corpo carnal; a \u00fanica diferen\u00e7a \u00e9 que no corpo espiritual existe aquilo que denominamos &#8220;aura&#8221;. O corpo espiritual irradia incessantemente uma esp\u00e9cie de ondas de luz. \u00c9 [&hellip;]<\/p>\t\t\t\t\t\t\t<a href=\"https:\/\/www.jinsai.org\/pt-BR\/ensinamentos\/religiao\/aura\/\" class=\"more-button\" >Continue lendo <i><\/i><\/a>\n\t\t\t\t\t<\/div>\n\t\t<\/div><div class=\"clear\"><\/div><div class=\"widget widget_circleicon-widget\">\t\t<div class=\"circle-icon-box circle-icon-position-top circle-icon-hide-box circle-icon-size-small\">\n\t\t\t<div class=\"circle-icon-wrapper\">\n\t\t\t\t<a href=\"https:\/\/www.jinsai.org\/pt-BR\/ensinamentos\/religiao\/kannon-e-eu\/\" class=\"link-icon\" >\t\t\t\t<div class=\"circle-icon icon-style-set\" style=\"background-image: url(https:\/\/www.jinsai.org\/pt-BR\/wp-content\/uploads\/2018\/06\/Logos-Ensinamentos-Religi\u00e3o-Small.jpg)\">\n\t\t\t\t\t\t\t\t\t<\/div>\n\t\t\t\t<\/a>\t\t\t<\/div>\n\n\t\t\t<a href=\"https:\/\/www.jinsai.org\/pt-BR\/ensinamentos\/religiao\/kannon-e-eu\/\" class=\"link-title\" >\t\t\t<h5 >Religi\u00e3o<\/h5>\t\t\t<h4 >KANNON E EU<\/h4>\t\t\t<\/a>\n\t\t\t<p class=\"text\" >H\u00e1 muita gente interessada em saber qual \u00e9 a rela\u00e7\u00e3o entre Kannon e eu. \u00c9 o que passarei a explicar.<\/p>\t\t\t\t\t\t\t<a href=\"https:\/\/www.jinsai.org\/pt-BR\/ensinamentos\/religiao\/kannon-e-eu\/\" class=\"more-button\" >Continue lendo <i><\/i><\/a>\n\t\t\t\t\t<\/div>\n\t\t<\/div><div class=\"widget widget_circleicon-widget\">\t\t<div class=\"circle-icon-box circle-icon-position-top circle-icon-hide-box circle-icon-size-small\">\n\t\t\t<div class=\"circle-icon-wrapper\">\n\t\t\t\t<a href=\"https:\/\/www.jinsai.org\/pt-BR\/ensinamentos\/religiao\/religiao-mediunica\/\" class=\"link-icon\" >\t\t\t\t<div class=\"circle-icon icon-style-set\" style=\"background-image: url(https:\/\/www.jinsai.org\/pt-BR\/wp-content\/uploads\/2018\/06\/Logos-Ensinamentos-Religi\u00e3o-Small.jpg)\">\n\t\t\t\t\t\t\t\t\t<\/div>\n\t\t\t\t<\/a>\t\t\t<\/div>\n\n\t\t\t<a href=\"https:\/\/www.jinsai.org\/pt-BR\/ensinamentos\/religiao\/religiao-mediunica\/\" class=\"link-title\" >\t\t\t<h5 >Religi\u00e3o<\/h5>\t\t\t<h4 >RELIGI\u00c3O MEDI\u00daNICA<\/h4>\t\t\t<\/a>\n\t\t\t<p class=\"text\" >Religi\u00e3o Medi\u00fanica[1] Atualmente, quando o assunto se trata de novas religi\u00f5es, geralmente as associamos a encosto de divindades, o que \u00e9 algo inevit\u00e1vel. Afinal, jikouson[2], odoru-shukyo[3] e outras religi\u00f5es chamam bastante a aten\u00e7\u00e3o pelos atos que sempre cometem; elas se tornam o centro das aten\u00e7\u00f5es e isso \u00e9 o que interessa \u00e0 m\u00eddia. Elas s\u00e3o [&hellip;]<\/p>\t\t\t\t\t\t\t<a href=\"https:\/\/www.jinsai.org\/pt-BR\/ensinamentos\/religiao\/religiao-mediunica\/\" class=\"more-button\" >Continue lendo <i><\/i><\/a>\n\t\t\t\t\t<\/div>\n\t\t<\/div><div class=\"widget widget_circleicon-widget\">\t\t<div class=\"circle-icon-box circle-icon-position-top circle-icon-hide-box circle-icon-size-small\">\n\t\t\t<div class=\"circle-icon-wrapper\">\n\t\t\t\t<a href=\"https:\/\/www.jinsai.org\/pt-BR\/ensinamentos\/religiao\/daikoku-o-deus-da-prosperidade\/\" class=\"link-icon\" >\t\t\t\t<div class=\"circle-icon icon-style-set\" style=\"background-image: url(https:\/\/www.jinsai.org\/pt-BR\/wp-content\/uploads\/2018\/06\/Logos-Ensinamentos-Religi\u00e3o-Small.jpg)\">\n\t\t\t\t\t\t\t\t\t<\/div>\n\t\t\t\t<\/a>\t\t\t<\/div>\n\n\t\t\t<a href=\"https:\/\/www.jinsai.org\/pt-BR\/ensinamentos\/religiao\/daikoku-o-deus-da-prosperidade\/\" class=\"link-title\" >\t\t\t<h5 >Religi\u00e3o<\/h5>\t\t\t<h4 >DAIKOKU, O DEUS DA PROSPERIDADE<\/h4>\t\t\t<\/a>\n\t\t\t<p class=\"text\" >Todos os fi\u00e9is da nossa Igreja veneram Daikoku, o Deus da Prosperidade, e freq\u00fcentemente me perguntam qual a rela\u00e7\u00e3o Dele com Kannon. \u00c9 uma pergunta bastante l\u00f3gica, uma vez que at\u00e9 agora parecia n\u00e3o existir conex\u00e3o alguma. Comecei a venerar Daikoku pelas seguintes raz\u00f5es. O ano era 1933. Eu estava com d\u00edvidas j\u00e1 havia algum [&hellip;]<\/p>\t\t\t\t\t\t\t<a href=\"https:\/\/www.jinsai.org\/pt-BR\/ensinamentos\/religiao\/daikoku-o-deus-da-prosperidade\/\" class=\"more-button\" >Continue lendo <i><\/i><\/a>\n\t\t\t\t\t<\/div>\n\t\t<\/div><div class=\"clear\"><\/div><div class=\"widget widget_circleicon-widget\">\t\t<div class=\"circle-icon-box circle-icon-position-top circle-icon-hide-box circle-icon-size-small\">\n\t\t\t<div class=\"circle-icon-wrapper\">\n\t\t\t\t<a href=\"https:\/\/www.jinsai.org\/pt-BR\/ensinamentos\/religiao\/a-respeito-da-origem-do-pecado\/\" class=\"link-icon\" >\t\t\t\t<div class=\"circle-icon icon-style-set\" style=\"background-image: url(https:\/\/www.jinsai.org\/pt-BR\/wp-content\/uploads\/2018\/06\/Logos-Ensinamentos-Religi\u00e3o-Small.jpg)\">\n\t\t\t\t\t\t\t\t\t<\/div>\n\t\t\t\t<\/a>\t\t\t<\/div>\n\n\t\t\t<a href=\"https:\/\/www.jinsai.org\/pt-BR\/ensinamentos\/religiao\/a-respeito-da-origem-do-pecado\/\" class=\"link-title\" >\t\t\t<h5 >Religi\u00e3o<\/h5>\t\t\t<h4 >A RESPEITO DA ORIGEM DO PECADO<\/h4>\t\t\t<\/a>\n\t\t\t<p class=\"text\" >Pergunta: Existe um ensinamento que diz que a origem do pecado s\u00e3o os f\u00e1rmacos, enquanto outro que diz que a origem \u00e9 ter aprisionado[1] Deus. Qual a rela\u00e7\u00e3o entre esses dois ensinamentos? Outro ponto \u00e9: esse pecado de \u201cter aprisionado Deus\u201d recai sobre toda a humanidade?<\/p>\t\t\t\t\t\t\t<a href=\"https:\/\/www.jinsai.org\/pt-BR\/ensinamentos\/religiao\/a-respeito-da-origem-do-pecado\/\" class=\"more-button\" >Continue lendo <i><\/i><\/a>\n\t\t\t\t\t<\/div>\n\t\t<\/div><div class=\"widget widget_circleicon-widget\">\t\t<div class=\"circle-icon-box circle-icon-position-top circle-icon-hide-box circle-icon-size-small\">\n\t\t\t<div class=\"circle-icon-wrapper\">\n\t\t\t\t<a href=\"https:\/\/www.jinsai.org\/pt-BR\/ensinamentos\/religiao\/flutuacao-atmosferica-no-oeste-japones\/\" class=\"link-icon\" >\t\t\t\t<div class=\"circle-icon icon-style-set\" style=\"background-image: url(https:\/\/www.jinsai.org\/pt-BR\/wp-content\/uploads\/2018\/06\/Logos-Ensinamentos-Religi\u00e3o-Small.jpg)\">\n\t\t\t\t\t\t\t\t\t<\/div>\n\t\t\t\t<\/a>\t\t\t<\/div>\n\n\t\t\t<a href=\"https:\/\/www.jinsai.org\/pt-BR\/ensinamentos\/religiao\/flutuacao-atmosferica-no-oeste-japones\/\" class=\"link-title\" >\t\t\t<h5 >Religi\u00e3o<\/h5>\t\t\t<h4 >FLUTUA\u00c7\u00c3O ATMOSF\u00c9RICA NO OESTE JAPON\u00caS<\/h4>\t\t\t<\/a>\n\t\t\t<p class=\"text\" >&#8211; Estrondos desconhecidos s\u00e3o ouvidos por todo Jap\u00e3o &#8211; A divis\u00e3o de medi\u00e7\u00e3o de tempo do observat\u00f3rio meteorol\u00f3gico de Tokyo reportou que no dia 9, por volta das 15:30 h, ouviu-se em todo territ\u00f3rio japon\u00eas grandes estrondos de origem desconhecida. Ainda, entre 15h e 18h registrou-se uma flutua\u00e7\u00e3o entre 1 e 0,7 mbar na press\u00e3o [&hellip;]<\/p>\t\t\t\t\t\t\t<a href=\"https:\/\/www.jinsai.org\/pt-BR\/ensinamentos\/religiao\/flutuacao-atmosferica-no-oeste-japones\/\" class=\"more-button\" >Continue lendo <i><\/i><\/a>\n\t\t\t\t\t<\/div>\n\t\t<\/div><div class=\"widget widget_circleicon-widget\">\t\t<div class=\"circle-icon-box circle-icon-position-top circle-icon-hide-box circle-icon-size-small\">\n\t\t\t<div class=\"circle-icon-wrapper\">\n\t\t\t\t<a href=\"https:\/\/www.jinsai.org\/pt-BR\/ensinamentos\/religiao\/afinidade-com-o-espirito-protetor-secundario\/\" class=\"link-icon\" >\t\t\t\t<div class=\"circle-icon icon-style-set\" style=\"background-image: url(https:\/\/www.jinsai.org\/pt-BR\/wp-content\/uploads\/2018\/06\/Logos-Ensinamentos-Religi\u00e3o-Small.jpg)\">\n\t\t\t\t\t\t\t\t\t<\/div>\n\t\t\t\t<\/a>\t\t\t<\/div>\n\n\t\t\t<a href=\"https:\/\/www.jinsai.org\/pt-BR\/ensinamentos\/religiao\/afinidade-com-o-espirito-protetor-secundario\/\" class=\"link-title\" >\t\t\t<h5 >Religi\u00e3o<\/h5>\t\t\t<h4 >AFINIDADE COM O ESP\u00cdRITO PROTETOR SECUND\u00c1RIO<\/h4>\t\t\t<\/a>\n\t\t\t<p class=\"text\" >Pergunta: Quando uma pessoa reencarna, seu Esp\u00edrito Protetor Secund\u00e1rio\u00b9 ser\u00e1 o mesmo que o da encarna\u00e7\u00e3o anterior? Tamb\u00e9m, caso n\u00e3o seja o mesmo, quais as diferen\u00e7as podem existir entre eles? Meishu-Sama: Tratando-se de reencarna\u00e7\u00e3o, o Esp\u00edrito Protetor Secund\u00e1rio se afasta ap\u00f3s a morte, ent\u00e3o quando a pessoa reencarnar o Esp\u00edrito Protetor Secund\u00e1rio n\u00e3o ser\u00e1 o [&hellip;]<\/p>\t\t\t\t\t\t\t<a href=\"https:\/\/www.jinsai.org\/pt-BR\/ensinamentos\/religiao\/afinidade-com-o-espirito-protetor-secundario\/\" class=\"more-button\" >Continue lendo <i><\/i><\/a>\n\t\t\t\t\t<\/div>\n\t\t<\/div><div class=\"clear\"><\/div><div class=\"widget widget_circleicon-widget\">\t\t<div class=\"circle-icon-box circle-icon-position-top circle-icon-hide-box circle-icon-size-small\">\n\t\t\t<div class=\"circle-icon-wrapper\">\n\t\t\t\t<a href=\"https:\/\/www.jinsai.org\/pt-BR\/ensinamentos\/religiao\/doutrina-da-sekai-meshiya-kyo\/\" class=\"link-icon\" >\t\t\t\t<div class=\"circle-icon icon-style-set\" style=\"background-image: url(https:\/\/www.jinsai.org\/pt-BR\/wp-content\/uploads\/2018\/06\/Logos-Ensinamentos-Religi\u00e3o-Small.jpg)\">\n\t\t\t\t\t\t\t\t\t<\/div>\n\t\t\t\t<\/a>\t\t\t<\/div>\n\n\t\t\t<a href=\"https:\/\/www.jinsai.org\/pt-BR\/ensinamentos\/religiao\/doutrina-da-sekai-meshiya-kyo\/\" class=\"link-title\" >\t\t\t<h5 >Religi\u00e3o<\/h5>\t\t\t<h4 >DOUTRINA DA SEKAI MESHIYA KYO<\/h4>\t\t\t<\/a>\n\t\t\t<p class=\"text\" >Primeiramente, Deus Supremo (Jeov\u00e1), Senhor e Criador do mundo, para criar o Para\u00edso Terrestre, fez do homem o Seu representante. Por isso, acreditamos que toda a hist\u00f3ria da humanidade n\u00e3o seja outra coisa sen\u00e3o uma prepara\u00e7\u00e3o para este prop\u00f3sito. Desta forma, de tempos em tempos, Deus envia pessoas e religi\u00f5es com a miss\u00e3o de cumprir [&hellip;]<\/p>\t\t\t\t\t\t\t<a href=\"https:\/\/www.jinsai.org\/pt-BR\/ensinamentos\/religiao\/doutrina-da-sekai-meshiya-kyo\/\" class=\"more-button\" >Continue lendo <i><\/i><\/a>\n\t\t\t\t\t<\/div>\n\t\t<\/div><div class=\"widget widget_circleicon-widget\">\t\t<div class=\"circle-icon-box circle-icon-position-top circle-icon-hide-box circle-icon-size-small\">\n\t\t\t<div class=\"circle-icon-wrapper\">\n\t\t\t\t<a href=\"https:\/\/www.jinsai.org\/pt-BR\/ensinamentos\/religiao\/palestra-realizada-na-miroku-kyokai-filial-de-odawara-1948\/\" class=\"link-icon\" >\t\t\t\t<div class=\"circle-icon icon-style-set\" style=\"background-image: url(https:\/\/www.jinsai.org\/pt-BR\/wp-content\/uploads\/2018\/06\/Logos-Ensinamentos-Religi\u00e3o-Small.jpg)\">\n\t\t\t\t\t\t\t\t\t<\/div>\n\t\t\t\t<\/a>\t\t\t<\/div>\n\n\t\t\t<a href=\"https:\/\/www.jinsai.org\/pt-BR\/ensinamentos\/religiao\/palestra-realizada-na-miroku-kyokai-filial-de-odawara-1948\/\" class=\"link-title\" >\t\t\t<h5 >Religi\u00e3o<\/h5>\t\t\t<h4 >PALESTRA REALIZADA NA MIROKU KYOKAI, FILIAL DE ODAWARA &#8211; 1948<\/h4>\t\t\t<\/a>\n\t\t\t<p class=\"text\" >Hoje falarei sobre Miroku (567) e conversaremos sobre seu significado. Hakone \u00e9 5 (Mi), Atami \u00e9 6 (ro) e Odawara \u00e9 7 (ku); no entanto a sede de Odawara n\u00e3o \u00e9 ideal. De qualquer forma existe uma seq\u00fc\u00eancia, e nela, Hakone vem primeiro, seguido de Atami, e portanto Odawara tamb\u00e9m ter\u00e1 sua vez. Acredito que [&hellip;]<\/p>\t\t\t\t\t\t\t<a href=\"https:\/\/www.jinsai.org\/pt-BR\/ensinamentos\/religiao\/palestra-realizada-na-miroku-kyokai-filial-de-odawara-1948\/\" class=\"more-button\" >Continue lendo <i><\/i><\/a>\n\t\t\t\t\t<\/div>\n\t\t<\/div><div class=\"widget widget_circleicon-widget\">\t\t<div class=\"circle-icon-box circle-icon-position-top circle-icon-hide-box circle-icon-size-small\">\n\t\t\t<div class=\"circle-icon-wrapper\">\n\t\t\t\t<a href=\"https:\/\/www.jinsai.org\/pt-BR\/ensinamentos\/religiao\/festival-miroku\/\" class=\"link-icon\" >\t\t\t\t<div class=\"circle-icon icon-style-set\" style=\"background-image: url(https:\/\/www.jinsai.org\/pt-BR\/wp-content\/uploads\/2018\/06\/Logos-Ensinamentos-Religi\u00e3o-Small.jpg)\">\n\t\t\t\t\t\t\t\t\t<\/div>\n\t\t\t\t<\/a>\t\t\t<\/div>\n\n\t\t\t<a href=\"https:\/\/www.jinsai.org\/pt-BR\/ensinamentos\/religiao\/festival-miroku\/\" class=\"link-title\" >\t\t\t<h5 >Religi\u00e3o<\/h5>\t\t\t<h4 >FESTIVAL MIROKU<\/h4>\t\t\t<\/a>\n\t\t\t<p class=\"text\" >Com imensa alegria a Meshiya Kyo realiza pela primeira vez o Festival Miroku. Entre a morte de Gautama* h\u00e1 2.600 anos atr\u00e1s e a de Cristo h\u00e1 2.000, existe um per\u00edodo de 600 anos. Isto significa que foram 2.600 anos de prepara\u00e7\u00e3o. Gautama era vertical e Cristo horizontal. Unindo o vertical e o horizontal, torna-se [&hellip;]<\/p>\t\t\t\t\t\t\t<a href=\"https:\/\/www.jinsai.org\/pt-BR\/ensinamentos\/religiao\/festival-miroku\/\" class=\"more-button\" >Continue lendo <i><\/i><\/a>\n\t\t\t\t\t<\/div>\n\t\t<\/div><div class=\"clear\"><\/div><div class=\"widget widget_circleicon-widget\">\t\t<div class=\"circle-icon-box circle-icon-position-top circle-icon-hide-box circle-icon-size-small\">\n\t\t\t<div class=\"circle-icon-wrapper\">\n\t\t\t\t<a href=\"https:\/\/www.jinsai.org\/pt-BR\/ensinamentos\/religiao\/possessao-divina-apos-ingressar-na-oomoto\/\" class=\"link-icon\" >\t\t\t\t<div class=\"circle-icon icon-style-set\" style=\"background-image: url(https:\/\/www.jinsai.org\/pt-BR\/wp-content\/uploads\/2018\/06\/Logos-Ensinamentos-Religi\u00e3o-Small.jpg)\">\n\t\t\t\t\t\t\t\t\t<\/div>\n\t\t\t\t<\/a>\t\t\t<\/div>\n\n\t\t\t<a href=\"https:\/\/www.jinsai.org\/pt-BR\/ensinamentos\/religiao\/possessao-divina-apos-ingressar-na-oomoto\/\" class=\"link-title\" >\t\t\t<h5 >Religi\u00e3o<\/h5>\t\t\t<h4 >POSSESS\u00c3O DIVINA AP\u00d3S INGRESSAR NA OOMOTO<\/h4>\t\t\t<\/a>\n\t\t\t<p class=\"text\" >Ap\u00f3s me tornar membro da Religi\u00e3o Oomoto, eu tentei o m\u00e1ximo poss\u00edvel aumentar meu conhecimento sobre a f\u00e9 e lia as publica\u00e7\u00f5es da Oomoto sempre que eu tinha chance. Naqueles dias, os \u00fanicos textos sagrados eram os escritos prof\u00e9ticos da Fundadora, Nao Deguchi, ent\u00e3o eu, sendo um membro diligente, mergulhei na leitura dessas publica\u00e7\u00f5es. Esses [&hellip;]<\/p>\t\t\t\t\t\t\t<a href=\"https:\/\/www.jinsai.org\/pt-BR\/ensinamentos\/religiao\/possessao-divina-apos-ingressar-na-oomoto\/\" class=\"more-button\" >Continue lendo <i><\/i><\/a>\n\t\t\t\t\t<\/div>\n\t\t<\/div><div class=\"widget widget_circleicon-widget\">\t\t<div class=\"circle-icon-box circle-icon-position-top circle-icon-hide-box circle-icon-size-small\">\n\t\t\t<div class=\"circle-icon-wrapper\">\n\t\t\t\t<a href=\"https:\/\/www.jinsai.org\/pt-BR\/ensinamentos\/religiao\/religiao-criadora-de-pessoas-felizes\/\" class=\"link-icon\" >\t\t\t\t<div class=\"circle-icon icon-style-set\" style=\"background-image: url(https:\/\/www.jinsai.org\/pt-BR\/wp-content\/uploads\/2018\/06\/Logos-Ensinamentos-Religi\u00e3o-Small.jpg)\">\n\t\t\t\t\t\t\t\t\t<\/div>\n\t\t\t\t<\/a>\t\t\t<\/div>\n\n\t\t\t<a href=\"https:\/\/www.jinsai.org\/pt-BR\/ensinamentos\/religiao\/religiao-criadora-de-pessoas-felizes\/\" class=\"link-title\" >\t\t\t<h5 >Religi\u00e3o<\/h5>\t\t\t<h4 >RELIGI\u00c3O CRIADORA DE PESSOAS FELIZES<\/h4>\t\t\t<\/a>\n\t\t\t<p class=\"text\" >A Religi\u00e3o n\u00e3o \u00e9 nada mais do que a cristaliza\u00e7\u00e3o do amor de Deus para guiar os infelizes ao caminho da felicidade. Ningu\u00e9m ignora que muitos lutam em v\u00e3o para conseguir a felicidade almejada; raras s\u00e3o as pessoas que a conseguem, depois de uma vida inteira de lutas. \u00c9 de pouca utilidade colocar em pr\u00e1tica [&hellip;]<\/p>\t\t\t\t\t\t\t<a href=\"https:\/\/www.jinsai.org\/pt-BR\/ensinamentos\/religiao\/religiao-criadora-de-pessoas-felizes\/\" class=\"more-button\" >Continue lendo <i><\/i><\/a>\n\t\t\t\t\t<\/div>\n\t\t<\/div><div class=\"widget widget_circleicon-widget\">\t\t<div class=\"circle-icon-box circle-icon-position-top circle-icon-hide-box circle-icon-size-small\">\n\t\t\t<div class=\"circle-icon-wrapper\">\n\t\t\t\t<a href=\"https:\/\/www.jinsai.org\/pt-BR\/ensinamentos\/religiao\/os-tres-espiritos-do-homem\/\" class=\"link-icon\" >\t\t\t\t<div class=\"circle-icon icon-style-set\" style=\"background-image: url(https:\/\/www.jinsai.org\/pt-BR\/wp-content\/uploads\/2018\/06\/Logos-Ensinamentos-Religi\u00e3o-Small.jpg)\">\n\t\t\t\t\t\t\t\t\t<\/div>\n\t\t\t\t<\/a>\t\t\t<\/div>\n\n\t\t\t<a href=\"https:\/\/www.jinsai.org\/pt-BR\/ensinamentos\/religiao\/os-tres-espiritos-do-homem\/\" class=\"link-title\" >\t\t\t<h5 >Religi\u00e3o<\/h5>\t\t\t<h4 >OS TR\u00caS ESP\u00cdRITOS DO HOMEM<\/h4>\t\t\t<\/a>\n\t\t\t<p class=\"text\" >Todo homem tem, no Mundo Espiritual, um Esp\u00edrito Guardi\u00e3o que constantemente o protege. \u00c9 comum ouvirmos dizer que o homem \u00e9 filho ou templo de Deus: isso significa que ele possui a part\u00edcula Divina que lhe foi outorgada pelo Criador e que constitui seu Esp\u00edrito Primordial. O esp\u00edrito animal agregado ap\u00f3s o nascimento \u00e9 o [&hellip;]<\/p>\t\t\t\t\t\t\t<a href=\"https:\/\/www.jinsai.org\/pt-BR\/ensinamentos\/religiao\/os-tres-espiritos-do-homem\/\" class=\"more-button\" >Continue lendo <i><\/i><\/a>\n\t\t\t\t\t<\/div>\n\t\t<\/div><div class=\"clear\"><\/div><div class=\"widget widget_circleicon-widget\">\t\t<div class=\"circle-icon-box circle-icon-position-top circle-icon-hide-box circle-icon-size-small\">\n\t\t\t<div class=\"circle-icon-wrapper\">\n\t\t\t\t<a href=\"https:\/\/www.jinsai.org\/pt-BR\/ensinamentos\/religiao\/elo-espiritual\/\" class=\"link-icon\" >\t\t\t\t<div class=\"circle-icon icon-style-set\" style=\"background-image: url(https:\/\/www.jinsai.org\/pt-BR\/wp-content\/uploads\/2018\/06\/Logos-Ensinamentos-Religi\u00e3o-Small.jpg)\">\n\t\t\t\t\t\t\t\t\t<\/div>\n\t\t\t\t<\/a>\t\t\t<\/div>\n\n\t\t\t<a href=\"https:\/\/www.jinsai.org\/pt-BR\/ensinamentos\/religiao\/elo-espiritual\/\" class=\"link-title\" >\t\t\t<h5 >Religi\u00e3o<\/h5>\t\t\t<h4 >ELO ESPIRITUAL<\/h4>\t\t\t<\/a>\n\t\t\t<p class=\"text\" >At\u00e9 agora pouco se tem falado sobre elo espiritual, porque ainda se desconhece a sua import\u00e2ncia. Entretanto, embora os elos espirituais sejam invis\u00edveis e mais rarefeitos que a atmosfera, atrav\u00e9s deles todos os seres s\u00e3o influenciados consideravelmente. No homem, eles tornam-se o ve\u00edculo transmissor da causa da felicidade e da infelicidade. Em sentido amplo, exercem [&hellip;]<\/p>\t\t\t\t\t\t\t<a href=\"https:\/\/www.jinsai.org\/pt-BR\/ensinamentos\/religiao\/elo-espiritual\/\" class=\"more-button\" >Continue lendo <i><\/i><\/a>\n\t\t\t\t\t<\/div>\n\t\t<\/div><div class=\"widget widget_circleicon-widget\">\t\t<div class=\"circle-icon-box circle-icon-position-top circle-icon-hide-box circle-icon-size-small\">\n\t\t\t<div class=\"circle-icon-wrapper\">\n\t\t\t\t<a href=\"https:\/\/www.jinsai.org\/pt-BR\/ensinamentos\/religiao\/vida-e-morte\/\" class=\"link-icon\" >\t\t\t\t<div class=\"circle-icon icon-style-set\" style=\"background-image: url(https:\/\/www.jinsai.org\/pt-BR\/wp-content\/uploads\/2018\/06\/Logos-Ensinamentos-Religi\u00e3o-Small.jpg)\">\n\t\t\t\t\t\t\t\t\t<\/div>\n\t\t\t\t<\/a>\t\t\t<\/div>\n\n\t\t\t<a href=\"https:\/\/www.jinsai.org\/pt-BR\/ensinamentos\/religiao\/vida-e-morte\/\" class=\"link-title\" >\t\t\t<h5 >Religi\u00e3o<\/h5>\t\t\t<h4 >VIDA E MORTE<\/h4>\t\t\t<\/a>\n\t\t\t<p class=\"text\" >Desde eras remotas, nunca houve quest\u00e3o que tivesse gerado tanta controv\u00e9rsia e discuss\u00e3o quanto a morte, nem que tivesse concentrado tantos esfor\u00e7os na tentativa de esclarec\u00ea-la, por parte das pessoas comuns e de grandes religiosos, s\u00e1bios e fil\u00f3sofos. N\u00e3o existe nada mais tem\u00edvel, pois a morte tem o poder de ceifar a esperan\u00e7a e a [&hellip;]<\/p>\t\t\t\t\t\t\t<a href=\"https:\/\/www.jinsai.org\/pt-BR\/ensinamentos\/religiao\/vida-e-morte\/\" class=\"more-button\" >Continue lendo <i><\/i><\/a>\n\t\t\t\t\t<\/div>\n\t\t<\/div><div class=\"widget widget_circleicon-widget\">\t\t<div class=\"circle-icon-box circle-icon-position-top circle-icon-hide-box circle-icon-size-small\">\n\t\t\t<div class=\"circle-icon-wrapper\">\n\t\t\t\t<a href=\"https:\/\/www.jinsai.org\/pt-BR\/ensinamentos\/religiao\/a-advertencia-dos-antepassados\/\" class=\"link-icon\" >\t\t\t\t<div class=\"circle-icon icon-style-set\" style=\"background-image: url(https:\/\/www.jinsai.org\/pt-BR\/wp-content\/uploads\/2018\/06\/Logos-Ensinamentos-Religi\u00e3o-Small.jpg)\">\n\t\t\t\t\t\t\t\t\t<\/div>\n\t\t\t\t<\/a>\t\t\t<\/div>\n\n\t\t\t<a href=\"https:\/\/www.jinsai.org\/pt-BR\/ensinamentos\/religiao\/a-advertencia-dos-antepassados\/\" class=\"link-title\" >\t\t\t<h5 >Religi\u00e3o<\/h5>\t\t\t<h4 >A ADVERT\u00caNCIA DOS ANTEPASSADOS<\/h4>\t\t\t<\/a>\n\t\t\t<p class=\"text\" >Os antepassados desejam a felicidade de seus descendentes e a prosperidade de sua linha familiar. Por conseguinte, n\u00e3o negligenciam sua guarda um instante sequer, impedindo-os de cometerem erros e pecados, ou seja, evitando que trilhem o mau caminho. Se um descendente, induzido pelo dem\u00f4nio, comete uma m\u00e1 a\u00e7\u00e3o, aplicam-lhe castigos na forma de acidentes ou [&hellip;]<\/p>\t\t\t\t\t\t\t<a href=\"https:\/\/www.jinsai.org\/pt-BR\/ensinamentos\/religiao\/a-advertencia-dos-antepassados\/\" class=\"more-button\" >Continue lendo <i><\/i><\/a>\n\t\t\t\t\t<\/div>\n\t\t<\/div><div class=\"clear\"><\/div><div class=\"widget widget_circleicon-widget\">\t\t<div class=\"circle-icon-box circle-icon-position-top circle-icon-hide-box circle-icon-size-small\">\n\t\t\t<div class=\"circle-icon-wrapper\">\n\t\t\t\t<a href=\"https:\/\/www.jinsai.org\/pt-BR\/ensinamentos\/religiao\/igreja-abrangente\/\" class=\"link-icon\" >\t\t\t\t<div class=\"circle-icon icon-style-set\" style=\"background-image: url(https:\/\/www.jinsai.org\/pt-BR\/wp-content\/uploads\/2018\/06\/Logos-Ensinamentos-Religi\u00e3o-Small.jpg)\">\n\t\t\t\t\t\t\t\t\t<\/div>\n\t\t\t\t<\/a>\t\t\t<\/div>\n\n\t\t\t<a href=\"https:\/\/www.jinsai.org\/pt-BR\/ensinamentos\/religiao\/igreja-abrangente\/\" class=\"link-title\" >\t\t\t<h5 >Religi\u00e3o<\/h5>\t\t\t<h4 >IGREJA ABRANGENTE<\/h4>\t\t\t<\/a>\n\t\t\t<p class=\"text\" >Poder\u00e3o compreender melhor a nossa Igreja se a compararmos com uma loja de departamentos. A compara\u00e7\u00e3o talvez n\u00e3o seja muito apropriada, mas considero-a a mais adequada e de mais f\u00e1cil compreens\u00e3o. Eis os motivos: Sempre tenho afirmado que a Igreja Sekai Meshiya Kyo abrange o cristianismo, o xinto\u00edsmo, o budismo, o confucionismo, a Filosofia, a [&hellip;]<\/p>\t\t\t\t\t\t\t<a href=\"https:\/\/www.jinsai.org\/pt-BR\/ensinamentos\/religiao\/igreja-abrangente\/\" class=\"more-button\" >Continue lendo <i><\/i><\/a>\n\t\t\t\t\t<\/div>\n\t\t<\/div><div class=\"widget widget_circleicon-widget\">\t\t<div class=\"circle-icon-box circle-icon-position-top circle-icon-hide-box circle-icon-size-small\">\n\t\t\t<div class=\"circle-icon-wrapper\">\n\t\t\t\t<a href=\"https:\/\/www.jinsai.org\/pt-BR\/ensinamentos\/religiao\/religiao-que-revela-deus\/\" class=\"link-icon\" >\t\t\t\t<div class=\"circle-icon icon-style-set\" style=\"background-image: url(https:\/\/www.jinsai.org\/pt-BR\/wp-content\/uploads\/2018\/06\/Logos-Ensinamentos-Religi\u00e3o-Small.jpg)\">\n\t\t\t\t\t\t\t\t\t<\/div>\n\t\t\t\t<\/a>\t\t\t<\/div>\n\n\t\t\t<a href=\"https:\/\/www.jinsai.org\/pt-BR\/ensinamentos\/religiao\/religiao-que-revela-deus\/\" class=\"link-title\" >\t\t\t<h5 >Religi\u00e3o<\/h5>\t\t\t<h4 >RELIGI\u00c3O QUE REVELA DEUS<\/h4>\t\t\t<\/a>\n\t\t\t<p class=\"text\" >Quando incentivamos as pessoas descrentes a crerem em Deus, a maioria reage, pede que provemos com clareza a Sua exist\u00eancia, e assume uma atitude intelectual, dizendo n\u00e3o poder perder tempo com supersti\u00e7\u00f5es. Essa tend\u00eancia \u00e9 notadamente acentuada entre as pessoas cultas. Mas n\u00e3o podemos critic\u00e1-las, porque elas t\u00eam suas raz\u00f5es. Sua atitude explica-se pelo fato [&hellip;]<\/p>\t\t\t\t\t\t\t<a href=\"https:\/\/www.jinsai.org\/pt-BR\/ensinamentos\/religiao\/religiao-que-revela-deus\/\" class=\"more-button\" >Continue lendo <i><\/i><\/a>\n\t\t\t\t\t<\/div>\n\t\t<\/div><div class=\"widget widget_circleicon-widget\">\t\t<div class=\"circle-icon-box circle-icon-position-top circle-icon-hide-box circle-icon-size-small\">\n\t\t\t<div class=\"circle-icon-wrapper\">\n\t\t\t\t<a href=\"https:\/\/www.jinsai.org\/pt-BR\/ensinamentos\/religiao\/o-mundo-isento-de-doenca-miseria-e-conflito\/\" class=\"link-icon\" >\t\t\t\t<div class=\"circle-icon icon-style-set\" style=\"background-image: url(https:\/\/www.jinsai.org\/pt-BR\/wp-content\/uploads\/2018\/06\/Logos-Ensinamentos-Religi\u00e3o-Small.jpg)\">\n\t\t\t\t\t\t\t\t\t<\/div>\n\t\t\t\t<\/a>\t\t\t<\/div>\n\n\t\t\t<a href=\"https:\/\/www.jinsai.org\/pt-BR\/ensinamentos\/religiao\/o-mundo-isento-de-doenca-miseria-e-conflito\/\" class=\"link-title\" >\t\t\t<h5 >Religi\u00e3o<\/h5>\t\t\t<h4 >O MUNDO ISENTO DE DOEN\u00c7A, MIS\u00c9RIA E CONFLITO<\/h4>\t\t\t<\/a>\n\t\t\t<p class=\"text\" >Qualquer pessoa dir\u00e1 que um mundo sem doen\u00e7a, mis\u00e9ria e conflito \u00e9 simples utopia, imposs\u00edvel de existir na realidade. N\u00f3s, por\u00e9m, estamos convictos de que ele \u00e9 perfeitamente vi\u00e1vel. Mas em que se fundamenta a elimina\u00e7\u00e3o desses tr\u00eas males? Sem d\u00favida, na extin\u00e7\u00e3o da doen\u00e7a. Suponhamos que uma pessoa adoe\u00e7a. As despesas advindas da enfermidade [&hellip;]<\/p>\t\t\t\t\t\t\t<a href=\"https:\/\/www.jinsai.org\/pt-BR\/ensinamentos\/religiao\/o-mundo-isento-de-doenca-miseria-e-conflito\/\" class=\"more-button\" >Continue lendo <i><\/i><\/a>\n\t\t\t\t\t<\/div>\n\t\t<\/div><div class=\"clear\"><\/div><div class=\"widget widget_circleicon-widget\">\t\t<div class=\"circle-icon-box circle-icon-position-top circle-icon-hide-box circle-icon-size-small\">\n\t\t\t<div class=\"circle-icon-wrapper\">\n\t\t\t\t<a href=\"https:\/\/www.jinsai.org\/pt-BR\/ensinamentos\/religiao\/a-existencia-do-mundo-espiritual\/\" class=\"link-icon\" >\t\t\t\t<div class=\"circle-icon icon-style-set\" style=\"background-image: url(https:\/\/www.jinsai.org\/pt-BR\/wp-content\/uploads\/2018\/06\/Logos-Ensinamentos-Religi\u00e3o-Small.jpg)\">\n\t\t\t\t\t\t\t\t\t<\/div>\n\t\t\t\t<\/a>\t\t\t<\/div>\n\n\t\t\t<a href=\"https:\/\/www.jinsai.org\/pt-BR\/ensinamentos\/religiao\/a-existencia-do-mundo-espiritual\/\" class=\"link-title\" >\t\t\t<h5 >Religi\u00e3o<\/h5>\t\t\t<h4 >A EXIST\u00caNCIA DO MUNDO ESPIRITUAL<\/h4>\t\t\t<\/a>\n\t\t\t<p class=\"text\" >Em primeiro lugar, \u00e9 preciso entender a finalidade do nascimento do homem. Deus criou o homem para construir o Mundo Ideal, que \u00e9 o objetivo do Seu governo na Terra, concedendo-lhe miss\u00f5es espec\u00edficas e utilizando-o conforme Sua vontade. A evolu\u00e7\u00e3o da era primitiva para a brilhante era cultural de hoje e tamb\u00e9m o desenvolvimento da [&hellip;]<\/p>\t\t\t\t\t\t\t<a href=\"https:\/\/www.jinsai.org\/pt-BR\/ensinamentos\/religiao\/a-existencia-do-mundo-espiritual\/\" class=\"more-button\" >Continue lendo <i><\/i><\/a>\n\t\t\t\t\t<\/div>\n\t\t<\/div><div class=\"widget widget_circleicon-widget\">\t\t<div class=\"circle-icon-box circle-icon-position-top circle-icon-hide-box circle-icon-size-small\">\n\t\t\t<div class=\"circle-icon-wrapper\">\n\t\t\t\t<a href=\"https:\/\/www.jinsai.org\/pt-BR\/ensinamentos\/religiao\/concretizacao-da-profecia-do-reino-dos-ceus-o-paraiso-terrestre\/\" class=\"link-icon\" >\t\t\t\t<div class=\"circle-icon icon-style-set\" style=\"background-image: url(https:\/\/www.jinsai.org\/pt-BR\/wp-content\/uploads\/2018\/06\/Logos-Ensinamentos-Religi\u00e3o-Small.jpg)\">\n\t\t\t\t\t\t\t\t\t<\/div>\n\t\t\t\t<\/a>\t\t\t<\/div>\n\n\t\t\t<a href=\"https:\/\/www.jinsai.org\/pt-BR\/ensinamentos\/religiao\/concretizacao-da-profecia-do-reino-dos-ceus-o-paraiso-terrestre\/\" class=\"link-title\" >\t\t\t<h5 >Religi\u00e3o<\/h5>\t\t\t<h4 >CONCRETIZA\u00c7\u00c3O DA PROFECIA DO REINO DOS C\u00c9US &#8211; O PARA\u00cdSO TERRESTRE<\/h4>\t\t\t<\/a>\n\t\t\t<p class=\"text\" >Creio que, para o momento atual, os pontos mais importantes da B\u00edblia est\u00e3o resumidos nestes tr\u00eas: &#8220;Ju\u00edzo Final&#8221;, &#8220;Advento do Reino dos C\u00e9us&#8221; e &#8220;Segunda Vinda de Cristo&#8221;. Um estudo s\u00e9rio sobre tais fatos leva-nos a crer que o Ju\u00edzo Final \u00e9 obra de Deus, que a Segunda Vinda de Cristo ocorrer\u00e1 no seu devido [&hellip;]<\/p>\t\t\t\t\t\t\t<a href=\"https:\/\/www.jinsai.org\/pt-BR\/ensinamentos\/religiao\/concretizacao-da-profecia-do-reino-dos-ceus-o-paraiso-terrestre\/\" class=\"more-button\" >Continue lendo <i><\/i><\/a>\n\t\t\t\t\t<\/div>\n\t\t<\/div><div class=\"widget widget_circleicon-widget\">\t\t<div class=\"circle-icon-box circle-icon-position-top circle-icon-hide-box circle-icon-size-small\">\n\t\t\t<div class=\"circle-icon-wrapper\">\n\t\t\t\t<a href=\"https:\/\/www.jinsai.org\/pt-BR\/ensinamentos\/religiao\/irradiacao-da-luz-divina-especial-goshoten\/\" class=\"link-icon\" >\t\t\t\t<div class=\"circle-icon icon-style-set\" style=\"background-image: url(https:\/\/www.jinsai.org\/pt-BR\/wp-content\/uploads\/2018\/06\/Logos-Ensinamentos-Religi\u00e3o-Small.jpg)\">\n\t\t\t\t\t\t\t\t\t<\/div>\n\t\t\t\t<\/a>\t\t\t<\/div>\n\n\t\t\t<a href=\"https:\/\/www.jinsai.org\/pt-BR\/ensinamentos\/religiao\/irradiacao-da-luz-divina-especial-goshoten\/\" class=\"link-title\" >\t\t\t<h5 >Religi\u00e3o<\/h5>\t\t\t<h4 >IRRADIA\u00c7\u00c3O DA LUZ DIVINA (ESPECIAL GOSHOTEN)<\/h4>\t\t\t<\/a>\n\t\t\t<p class=\"text\" >No &#8220;Culto do In\u00edcio da Primavera&#8221;, realizado no dia 4 de fevereiro de 1955, vestindo um &#8220;hoo&#8221; (vestimenta cerimonial utilizada pelos aristocratas) dourado, Meishu-Sama dirigiu-se at\u00e9 o centro do estrado do Templo Messi\u00e2nico e proferiu vigorosas palavras, apesar de curtas. Ao ouvi-Lo, os fi\u00e9is ali reunidos acharam que Ele estaria restabelecido em breve. Mas, alguns [&hellip;]<\/p>\t\t\t\t\t\t\t<a href=\"https:\/\/www.jinsai.org\/pt-BR\/ensinamentos\/religiao\/irradiacao-da-luz-divina-especial-goshoten\/\" class=\"more-button\" >Continue lendo <i><\/i><\/a>\n\t\t\t\t\t<\/div>\n\t\t<\/div><div class=\"clear\"><\/div><div class=\"widget widget_circleicon-widget\">\t\t<div class=\"circle-icon-box circle-icon-position-top circle-icon-hide-box circle-icon-size-small\">\n\t\t\t<div class=\"circle-icon-wrapper\">\n\t\t\t\t<a href=\"https:\/\/www.jinsai.org\/pt-BR\/ensinamentos\/religiao\/julgamento-no-mundo-espiritual\/\" class=\"link-icon\" >\t\t\t\t<div class=\"circle-icon icon-style-set\" style=\"background-image: url(https:\/\/www.jinsai.org\/pt-BR\/wp-content\/uploads\/2018\/06\/Logos-Ensinamentos-Religi\u00e3o-Small.jpg)\">\n\t\t\t\t\t\t\t\t\t<\/div>\n\t\t\t\t<\/a>\t\t\t<\/div>\n\n\t\t\t<a href=\"https:\/\/www.jinsai.org\/pt-BR\/ensinamentos\/religiao\/julgamento-no-mundo-espiritual\/\" class=\"link-title\" >\t\t\t<h5 >Religi\u00e3o<\/h5>\t\t\t<h4 >JULGAMENTO NO MUNDO ESPIRITUAL<\/h4>\t\t\t<\/a>\n\t\t\t<p class=\"text\" >Enquanto vive no Mundo Material, o homem deve se esfor\u00e7ar para cumprir plenamente a miss\u00e3o que lhe foi concedida por Deus, contribuindo para o bem da sociedade. A maioria das pessoas, no entanto, fica atenta apenas aos aspectos exteriores das coisas e, inconscientemente, pratica a\u00e7\u00f5es subordinadas ao Mal. Em conseq\u00fc\u00eancia, no seu corpo espiritual v\u00e3o [&hellip;]<\/p>\t\t\t\t\t\t\t<a href=\"https:\/\/www.jinsai.org\/pt-BR\/ensinamentos\/religiao\/julgamento-no-mundo-espiritual\/\" class=\"more-button\" >Continue lendo <i><\/i><\/a>\n\t\t\t\t\t<\/div>\n\t\t<\/div><div class=\"widget widget_circleicon-widget\">\t\t<div class=\"circle-icon-box circle-icon-position-top circle-icon-hide-box circle-icon-size-small\">\n\t\t\t<div class=\"circle-icon-wrapper\">\n\t\t\t\t<a href=\"https:\/\/www.jinsai.org\/pt-BR\/ensinamentos\/religiao\/o-mundo-desconhecido\/\" class=\"link-icon\" >\t\t\t\t<div class=\"circle-icon icon-style-set\" style=\"background-image: url(https:\/\/www.jinsai.org\/pt-BR\/wp-content\/uploads\/2018\/06\/Logos-Ensinamentos-Religi\u00e3o-Small.jpg)\">\n\t\t\t\t\t\t\t\t\t<\/div>\n\t\t\t\t<\/a>\t\t\t<\/div>\n\n\t\t\t<a href=\"https:\/\/www.jinsai.org\/pt-BR\/ensinamentos\/religiao\/o-mundo-desconhecido\/\" class=\"link-title\" >\t\t\t<h5 >Religi\u00e3o<\/h5>\t\t\t<h4 >O MUNDO DESCONHECIDO<\/h4>\t\t\t<\/a>\n\t\t\t<p class=\"text\" >Vivemos e respiramos no Mundo Material, o Mundo Temporal, mas, com a morte, tornamo-nos habitantes do Mundo Espiritual, o Mundo Desconhecido, isto \u00e9, o Mundo Intemporal. O Mundo Espiritual \u00e9 invis\u00edvel, impalp\u00e1vel. N\u00e3o sendo percept\u00edvel pelos sentidos, torna-se dif\u00edcil crer na sua exist\u00eancia apenas por meio de palavras, atrav\u00e9s de uma simples explica\u00e7\u00e3o. Entretanto, visto [&hellip;]<\/p>\t\t\t\t\t\t\t<a href=\"https:\/\/www.jinsai.org\/pt-BR\/ensinamentos\/religiao\/o-mundo-desconhecido\/\" class=\"more-button\" >Continue lendo <i><\/i><\/a>\n\t\t\t\t\t<\/div>\n\t\t<\/div><div class=\"widget widget_circleicon-widget\">\t\t<div class=\"circle-icon-box circle-icon-position-top circle-icon-hide-box circle-icon-size-small\">\n\t\t\t<div class=\"circle-icon-wrapper\">\n\t\t\t\t<a href=\"https:\/\/www.jinsai.org\/pt-BR\/ensinamentos\/religiao\/ultra-religiao\/\" class=\"link-icon\" >\t\t\t\t<div class=\"circle-icon icon-style-set\" style=\"background-image: url(https:\/\/www.jinsai.org\/pt-BR\/wp-content\/uploads\/2018\/06\/Logos-Ensinamentos-Religi\u00e3o-Small.jpg)\">\n\t\t\t\t\t\t\t\t\t<\/div>\n\t\t\t\t<\/a>\t\t\t<\/div>\n\n\t\t\t<a href=\"https:\/\/www.jinsai.org\/pt-BR\/ensinamentos\/religiao\/ultra-religiao\/\" class=\"link-title\" >\t\t\t<h5 >Religi\u00e3o<\/h5>\t\t\t<h4 >ULTRA-RELIGI\u00c3O<\/h4>\t\t\t<\/a>\n\t\t\t<p class=\"text\" >Qualquer pessoa tomar\u00e1 por um sonho descabido o objetivo de a nossa Igreja construir um mundo sem doen\u00e7as, pobreza e conflitos, ou seja, o Para\u00edso Terrestre, que corresponde ao &#8220;Advento do Reino dos C\u00e9us&#8221;, pregado por Cristo, ou \u00e0 &#8220;Vinda do Messias&#8221;, da religi\u00e3o judaica. Sakyamuni disse que, depois de sua morte, surgiria um mundo [&hellip;]<\/p>\t\t\t\t\t\t\t<a href=\"https:\/\/www.jinsai.org\/pt-BR\/ensinamentos\/religiao\/ultra-religiao\/\" class=\"more-button\" >Continue lendo <i><\/i><\/a>\n\t\t\t\t\t<\/div>\n\t\t<\/div><div class=\"clear\"><\/div><div class=\"widget widget_circleicon-widget\">\t\t<div class=\"circle-icon-box circle-icon-position-top circle-icon-hide-box circle-icon-size-small\">\n\t\t\t<div class=\"circle-icon-wrapper\">\n\t\t\t\t<a href=\"https:\/\/www.jinsai.org\/pt-BR\/ensinamentos\/religiao\/religiao-a-luz-da-verdade-religiao-daijo\/\" class=\"link-icon\" >\t\t\t\t<div class=\"circle-icon icon-style-set\" style=\"background-image: url(https:\/\/www.jinsai.org\/pt-BR\/wp-content\/uploads\/2018\/06\/Logos-Ensinamentos-Religi\u00e3o-Small.jpg)\">\n\t\t\t\t\t\t\t\t\t<\/div>\n\t\t\t\t<\/a>\t\t\t<\/div>\n\n\t\t\t<a href=\"https:\/\/www.jinsai.org\/pt-BR\/ensinamentos\/religiao\/religiao-a-luz-da-verdade-religiao-daijo\/\" class=\"link-title\" >\t\t\t<h5 >Religi\u00e3o<\/h5>\t\t\t<h4 >RELIGI\u00c3O \u00c0 LUZ DA VERDADE (RELIGI\u00c3O DAIJO)<\/h4>\t\t\t<\/a>\n\t\t\t<p class=\"text\" >Embora se saiba que existe a classifica\u00e7\u00e3o daijo e shojo referente \u00e0s religi\u00f5es, classifica\u00e7\u00e3o usada principalmente no budismo, at\u00e9 nossos dias ainda n\u00e3o foi divulgada uma explica\u00e7\u00e3o radical sobre o assunto. Procurarei expor o meu ponto de vista. Resumindo, daijo significa Natureza e refere-se \u00e0s atividades de cria\u00e7\u00e3o e desenvolvimento de todas as coisas existentes [&hellip;]<\/p>\t\t\t\t\t\t\t<a href=\"https:\/\/www.jinsai.org\/pt-BR\/ensinamentos\/religiao\/religiao-a-luz-da-verdade-religiao-daijo\/\" class=\"more-button\" >Continue lendo <i><\/i><\/a>\n\t\t\t\t\t<\/div>\n\t\t<\/div><div class=\"widget widget_circleicon-widget\">\t\t<div class=\"circle-icon-box circle-icon-position-top circle-icon-hide-box circle-icon-size-small\">\n\t\t\t<div class=\"circle-icon-wrapper\">\n\t\t\t\t<a href=\"https:\/\/www.jinsai.org\/pt-BR\/ensinamentos\/religiao\/religiao-ativa\/\" class=\"link-icon\" >\t\t\t\t<div class=\"circle-icon icon-style-set\" style=\"background-image: url(https:\/\/www.jinsai.org\/pt-BR\/wp-content\/uploads\/2018\/06\/Logos-Ensinamentos-Religi\u00e3o-Small.jpg)\">\n\t\t\t\t\t\t\t\t\t<\/div>\n\t\t\t\t<\/a>\t\t\t<\/div>\n\n\t\t\t<a href=\"https:\/\/www.jinsai.org\/pt-BR\/ensinamentos\/religiao\/religiao-ativa\/\" class=\"link-title\" >\t\t\t<h5 >Religi\u00e3o<\/h5>\t\t\t<h4 >RELIGI\u00c3O ATIVA<\/h4>\t\t\t<\/a>\n\t\t\t<p class=\"text\" >Os leitores poder\u00e3o estranhar quando eu disser que h\u00e1 religi\u00f5es ativas e religi\u00f5es inativas. \u00c9 justamente o que pretendo explicar agora. Religi\u00e3o ativa \u00e9 aquela que est\u00e1 relacionada com a vida pr\u00e1tica, e a inativa ou morta, exatamente o oposto. Infelizmente, \u00e9 raro encontrar uma religi\u00e3o, dentre as muitas existentes, que esteja perfeitamente entrosada com [&hellip;]<\/p>\t\t\t\t\t\t\t<a href=\"https:\/\/www.jinsai.org\/pt-BR\/ensinamentos\/religiao\/religiao-ativa\/\" class=\"more-button\" >Continue lendo <i><\/i><\/a>\n\t\t\t\t\t<\/div>\n\t\t<\/div><div class=\"widget widget_circleicon-widget\">\t\t<div class=\"circle-icon-box circle-icon-position-top circle-icon-hide-box circle-icon-size-small\">\n\t\t\t<div class=\"circle-icon-wrapper\">\n\t\t\t\t<a href=\"https:\/\/www.jinsai.org\/pt-BR\/ensinamentos\/religiao\/o-que-e-a-verdadeira-salvacao\/\" class=\"link-icon\" >\t\t\t\t<div class=\"circle-icon icon-style-set\" style=\"background-image: url(https:\/\/www.jinsai.org\/pt-BR\/wp-content\/uploads\/2018\/06\/Logos-Ensinamentos-Religi\u00e3o-Small.jpg)\">\n\t\t\t\t\t\t\t\t\t<\/div>\n\t\t\t\t<\/a>\t\t\t<\/div>\n\n\t\t\t<a href=\"https:\/\/www.jinsai.org\/pt-BR\/ensinamentos\/religiao\/o-que-e-a-verdadeira-salvacao\/\" class=\"link-title\" >\t\t\t<h5 >Religi\u00e3o<\/h5>\t\t\t<h4 >O QUE \u00c9 A VERDADEIRA SALVA\u00c7\u00c3O<\/h4>\t\t\t<\/a>\n\t\t\t<p class=\"text\" >Hoje em dia, a cr\u00edtica mais freq\u00fcente em rela\u00e7\u00e3o \u00e0 nossa Igreja \u00e9 que, tratando-se de uma entidade religiosa, n\u00e3o deveria empenhar-se na cura de doen\u00e7as. Entretanto, se pensarmos bem, concluiremos que n\u00e3o h\u00e1 nada t\u00e3o sem sentido como essa observa\u00e7\u00e3o. Ela prov\u00e9m do pensamento limitado dos cr\u00edticos, segundo os quais a Religi\u00e3o deve ocupar-se [&hellip;]<\/p>\t\t\t\t\t\t\t<a href=\"https:\/\/www.jinsai.org\/pt-BR\/ensinamentos\/religiao\/o-que-e-a-verdadeira-salvacao\/\" class=\"more-button\" >Continue lendo <i><\/i><\/a>\n\t\t\t\t\t<\/div>\n\t\t<\/div><div class=\"clear\"><\/div>\t<\/div>\n\t<\/div><div id=\"panel-2400-0-0-1\" class=\"widget_text so-panel widget_custom_html panel-last-child\" data-index=\"1\" ><div class=\"textwidget custom-html-widget\"><iframe src=\"http:\/\/www.facebook.com\/plugins\/like.php?href=http:\/\/www.jinsai.org\/pt-BR\/ensinamentos\/religiao\/&%0Alayout=standard&show_faces=false&width=380&action=like&colorscheme=light&height=25\" style=\"border: medium none ; overflow: hidden; width: 350px; height: 25px;\" allowtransparency=\"true\" frameborder=\"0\" scrolling=\"no\"><\/iframe>\n\n<div id=\"fb-root\"><\/div><script src=\"http:\/\/connect.facebook.net\/pt_BR\/all.js#appId=APP_ID&amp;xfbml=1\"><\/script><fb:comments href=\"http:\/\/www.jinsai.org\/pt-BR\/ensinamentos\/religiao\/\" num_posts=\"100\" width=\"500\"><\/fb:comments><meta property='fb:app_id' content='171964893011161'\/> \n\n<div id=\"fb-root\"><\/div>\n<script>(function(d, s, id) {\n  var js, fjs = d.getElementsByTagName(s)[0];\n  if (d.getElementById(id)) return;\n  js = d.createElement(s); js.id = id;\n  js.src = 'https:\/\/connect.facebook.net\/pt_BR\/sdk.js#xfbml=1&version=v3.0&appId=171964893011161&autoLogAppEvents=1';\n  fjs.parentNode.insertBefore(js, fjs);\n}(document, 'script', 'facebook-jssdk'));<\/script>\n<div class=\"fb-share-button\" data-href=\"http:\/\/www.jinsai.org\/pt-BR\/ensinamentos\/religiao\/\" data-layout=\"button_count\" data-size=\"large\" data-mobile-iframe=\"true\"><a target=\"_blank\" href=\"https:\/\/www.facebook.com\/sharer\/sharer.php?u=http%3A%2F%2Fwww.jinsai.org%2Fpt-BR%2Fensinamentos%2Freligiao%2F&amp;src=sdkpreparse\" class=\"fb-xfbml-parse-ignore\">Compartilhar<\/a><\/div>\n<\/div><\/div><\/div><\/div><\/div>","protected":false},"excerpt":{"rendered":"","protected":false},"author":1,"featured_media":0,"parent":2225,"menu_order":0,"comment_status":"closed","ping_status":"closed","template":"templates\/template-full.php","meta":{"footnotes":""},"class_list":["post-2400","page","type-page","status-publish","hentry","post","post-with-thumbnail","post-with-thumbnail-icon"],"_links":{"self":[{"href":"https:\/\/www.jinsai.org\/pt-BR\/wp-json\/wp\/v2\/pages\/2400","targetHints":{"allow":["GET"]}}],"collection":[{"href":"https:\/\/www.jinsai.org\/pt-BR\/wp-json\/wp\/v2\/pages"}],"about":[{"href":"https:\/\/www.jinsai.org\/pt-BR\/wp-json\/wp\/v2\/types\/page"}],"author":[{"embeddable":true,"href":"https:\/\/www.jinsai.org\/pt-BR\/wp-json\/wp\/v2\/users\/1"}],"replies":[{"embeddable":true,"href":"https:\/\/www.jinsai.org\/pt-BR\/wp-json\/wp\/v2\/comments?post=2400"}],"version-history":[{"count":6,"href":"https:\/\/www.jinsai.org\/pt-BR\/wp-json\/wp\/v2\/pages\/2400\/revisions"}],"predecessor-version":[{"id":2548,"href":"https:\/\/www.jinsai.org\/pt-BR\/wp-json\/wp\/v2\/pages\/2400\/revisions\/2548"}],"up":[{"embeddable":true,"href":"https:\/\/www.jinsai.org\/pt-BR\/wp-json\/wp\/v2\/pages\/2225"}],"wp:attachment":[{"href":"https:\/\/www.jinsai.org\/pt-BR\/wp-json\/wp\/v2\/media?parent=2400"}],"curies":[{"name":"wp","href":"https:\/\/api.w.org\/{rel}","templated":true}]}}