{"id":2500,"date":"2018-07-05T14:21:48","date_gmt":"2018-07-05T17:21:48","guid":{"rendered":"http:\/\/www.jinsai.org\/pt-BR\/?page_id=2500"},"modified":"2020-08-24T13:33:55","modified_gmt":"2020-08-24T16:33:55","slug":"coletanea-de-astronomia-e-geofisica-4-planeta-terra","status":"publish","type":"page","link":"https:\/\/www.jinsai.org\/pt-BR\/ensinamentos\/coletaneas\/coletanea-de-astronomia-e-geofisica-4-planeta-terra\/","title":{"rendered":"Colet\u00e2nea de Astronomia e Geof\u00edsica 4 \u2013 Planeta Terra (051 &#8211; 068)"},"content":{"rendered":"<div id=\"pl-2500\"  class=\"panel-layout\" ><div id=\"pg-2500-0\"  class=\"panel-grid panel-no-style\" ><div id=\"pgc-2500-0-0\"  class=\"panel-grid-cell\" ><div id=\"panel-2500-0-0-0\" class=\"so-panel widget_siteorigin-panels-postloop panel-first-child\" data-index=\"0\" >\n\t<div id=\"vantage-circleicon-loop\" class=\"vantage-circleicon-loop circleicon-loop-columns-3\">\n\n\t\t<div class=\"widget widget_circleicon-widget\">\t\t<div class=\"circle-icon-box circle-icon-position-top circle-icon-hide-box circle-icon-size-small\">\n\t\t\t<div class=\"circle-icon-wrapper\">\n\t\t\t\t<a href=\"https:\/\/www.jinsai.org\/pt-BR\/ensinamentos\/coletaneas\/coletanea-de-astronomia-e-geofisica-4-planeta-terra\/051-a-linha-do-equador-a-diferenca-climatica-e-a-respiracao-da-terra-nitrogenio\/\" class=\"link-icon\" >\t\t\t\t<div class=\"circle-icon icon-style-set\" style=\"background-image: url(https:\/\/www.jinsai.org\/pt-BR\/wp-content\/uploads\/2018\/07\/tropicossss_c-150x150.jpg)\">\n\t\t\t\t\t\t\t\t\t<\/div>\n\t\t\t\t<\/a>\t\t\t<\/div>\n\n\t\t\t<a href=\"https:\/\/www.jinsai.org\/pt-BR\/ensinamentos\/coletaneas\/coletanea-de-astronomia-e-geofisica-4-planeta-terra\/051-a-linha-do-equador-a-diferenca-climatica-e-a-respiracao-da-terra-nitrogenio\/\" class=\"link-title\" >\t\t\t<h5 >Colet\u00e2nea de Astronomia e Geof\u00edsica 4 &#8211; Planeta Terra<\/h5>\t\t\t<h4 >051 &#8211; A LINHA DO EQUADOR, A DIFEREN\u00c7A CLIM\u00c1TICA E A RESPIRA\u00c7\u00c3O DA TERRA (NITROG\u00caNIO)<\/h4>\t\t\t<\/a>\n\t\t\t<p class=\"text\" >Pergunta: Qual a rela\u00e7\u00e3o entre o processo de respira\u00e7\u00e3o da Terra e os climas dos hemisf\u00e9rios norte e sul serem opostos a partir da linha do Equador?<\/p>\t\t\t\t\t\t\t<a href=\"https:\/\/www.jinsai.org\/pt-BR\/ensinamentos\/coletaneas\/coletanea-de-astronomia-e-geofisica-4-planeta-terra\/051-a-linha-do-equador-a-diferenca-climatica-e-a-respiracao-da-terra-nitrogenio\/\" class=\"more-button\" >Continue lendo <i><\/i><\/a>\n\t\t\t\t\t<\/div>\n\t\t<\/div><div class=\"widget widget_circleicon-widget\">\t\t<div class=\"circle-icon-box circle-icon-position-top circle-icon-hide-box circle-icon-size-small\">\n\t\t\t<div class=\"circle-icon-wrapper\">\n\t\t\t\t<a href=\"https:\/\/www.jinsai.org\/pt-BR\/ensinamentos\/coletaneas\/coletanea-de-astronomia-e-geofisica-4-planeta-terra\/052-diferenca-de-clima-entre-os-hemisferios-norte-e-sul\/\" class=\"link-icon\" >\t\t\t\t<div class=\"circle-icon icon-style-set\" style=\"background-image: url(https:\/\/www.jinsai.org\/pt-BR\/wp-content\/uploads\/2022\/06\/capa-49-150x100.jpg)\">\n\t\t\t\t\t\t\t\t\t<\/div>\n\t\t\t\t<\/a>\t\t\t<\/div>\n\n\t\t\t<a href=\"https:\/\/www.jinsai.org\/pt-BR\/ensinamentos\/coletaneas\/coletanea-de-astronomia-e-geofisica-4-planeta-terra\/052-diferenca-de-clima-entre-os-hemisferios-norte-e-sul\/\" class=\"link-title\" >\t\t\t<h5 >Colet\u00e2nea de Astronomia e Geof\u00edsica 4 &#8211; Planeta Terra<\/h5>\t\t\t<h4 >052 &#8211; DIFEREN\u00c7A DE CLIMA ENTRE OS HEMISF\u00c9RIOS NORTE E SUL<\/h4>\t\t\t<\/a>\n\t\t\t<p class=\"text\" >Pergunta: Sobre a respira\u00e7\u00e3o da Terra: nos hemisf\u00e9rios Norte e Sul o clima \u00e9 o oposto um do outro. Como se deve entender esse ponto? Meishu-Sama: O mesmo que ocorre no Norte ocorre no Sul. Os continentes no Sul s\u00e3o dispostos mais no centro e no Norte mais nas pontas, por isso parece haver diferen\u00e7a. [&hellip;]<\/p>\t\t\t\t\t\t\t<a href=\"https:\/\/www.jinsai.org\/pt-BR\/ensinamentos\/coletaneas\/coletanea-de-astronomia-e-geofisica-4-planeta-terra\/052-diferenca-de-clima-entre-os-hemisferios-norte-e-sul\/\" class=\"more-button\" >Continue lendo <i><\/i><\/a>\n\t\t\t\t\t<\/div>\n\t\t<\/div><div class=\"widget widget_circleicon-widget\">\t\t<div class=\"circle-icon-box circle-icon-position-top circle-icon-hide-box circle-icon-size-small\">\n\t\t\t<div class=\"circle-icon-wrapper\">\n\t\t\t\t<a href=\"https:\/\/www.jinsai.org\/pt-BR\/ensinamentos\/coletaneas\/coletanea-de-astronomia-e-geofisica-4-planeta-terra\/053-polo-norte-e-polo-sul\/\" class=\"link-icon\" >\t\t\t\t<div class=\"circle-icon icon-style-set\" style=\"background-image: url(https:\/\/www.jinsai.org\/pt-BR\/wp-content\/uploads\/2022\/06\/polo-norte-e-polo-sul-150x100.jpg)\">\n\t\t\t\t\t\t\t\t\t<\/div>\n\t\t\t\t<\/a>\t\t\t<\/div>\n\n\t\t\t<a href=\"https:\/\/www.jinsai.org\/pt-BR\/ensinamentos\/coletaneas\/coletanea-de-astronomia-e-geofisica-4-planeta-terra\/053-polo-norte-e-polo-sul\/\" class=\"link-title\" >\t\t\t<h5 >Colet\u00e2nea de Astronomia e Geof\u00edsica 4 &#8211; Planeta Terra<\/h5>\t\t\t<h4 >053 &#8211; POLO NORTE E POLO SUL<\/h4>\t\t\t<\/a>\n\t\t\t<p class=\"text\" >Pergunta: Diz-se que a Terra tem o formato de uma esfera, ent\u00e3o por que n\u00e3o se sabe onde fica o Polo Sul, se j\u00e1 se sabe onde fica o Polo Norte? Meishu-Sama: O Polo Sul tamb\u00e9m ser\u00e1 encontrado. Os dois s\u00e3o lugares muito frios. A energia espiritual da \u00e1gua se movimenta na horizontal. Sem data [&hellip;]<\/p>\t\t\t\t\t\t\t<a href=\"https:\/\/www.jinsai.org\/pt-BR\/ensinamentos\/coletaneas\/coletanea-de-astronomia-e-geofisica-4-planeta-terra\/053-polo-norte-e-polo-sul\/\" class=\"more-button\" >Continue lendo <i><\/i><\/a>\n\t\t\t\t\t<\/div>\n\t\t<\/div><div class=\"clear\"><\/div><div class=\"widget widget_circleicon-widget\">\t\t<div class=\"circle-icon-box circle-icon-position-top circle-icon-hide-box circle-icon-size-small\">\n\t\t\t<div class=\"circle-icon-wrapper\">\n\t\t\t\t<a href=\"https:\/\/www.jinsai.org\/pt-BR\/ensinamentos\/coletaneas\/coletanea-de-astronomia-e-geofisica-4-planeta-terra\/054-vertical-e-horizontal-na-terra\/\" class=\"link-icon\" >\t\t\t\t<div class=\"circle-icon icon-style-set\" style=\"background-image: url(https:\/\/www.jinsai.org\/pt-BR\/wp-content\/uploads\/2018\/07\/6d26be677774ceeb1cee09644fb56673-150x150.jpg)\">\n\t\t\t\t\t\t\t\t\t<\/div>\n\t\t\t\t<\/a>\t\t\t<\/div>\n\n\t\t\t<a href=\"https:\/\/www.jinsai.org\/pt-BR\/ensinamentos\/coletaneas\/coletanea-de-astronomia-e-geofisica-4-planeta-terra\/054-vertical-e-horizontal-na-terra\/\" class=\"link-title\" >\t\t\t<h5 >Colet\u00e2nea de Astronomia e Geof\u00edsica 4 &#8211; Planeta Terra<\/h5>\t\t\t<h4 >054 &#8211; VERTICAL E HORIZONTAL NA TERRA<\/h4>\t\t\t<\/a>\n\t\t\t<p class=\"text\" >Pergunta: Em rela\u00e7\u00e3o \u00e0 Terra, gostaria de saber se Norte-Sul \u00e9 Vertical e Leste-Oeste \u00e9 Horizontal, isto est\u00e1 correto?<\/p>\t\t\t\t\t\t\t<a href=\"https:\/\/www.jinsai.org\/pt-BR\/ensinamentos\/coletaneas\/coletanea-de-astronomia-e-geofisica-4-planeta-terra\/054-vertical-e-horizontal-na-terra\/\" class=\"more-button\" >Continue lendo <i><\/i><\/a>\n\t\t\t\t\t<\/div>\n\t\t<\/div><div class=\"widget widget_circleicon-widget\">\t\t<div class=\"circle-icon-box circle-icon-position-top circle-icon-hide-box circle-icon-size-small\">\n\t\t\t<div class=\"circle-icon-wrapper\">\n\t\t\t\t<a href=\"https:\/\/www.jinsai.org\/pt-BR\/ensinamentos\/coletaneas\/coletanea-de-astronomia-e-geofisica-4-planeta-terra\/055-razao-pela-qual-os-continentes-se-formaram-no-sentido-norte-sul\/\" class=\"link-icon\" >\t\t\t\t<div class=\"circle-icon icon-style-set\" style=\"background-image: url(https:\/\/www.jinsai.org\/pt-BR\/wp-content\/uploads\/2018\/07\/Continents_by_colour_simpler-150x150.png)\">\n\t\t\t\t\t\t\t\t\t<\/div>\n\t\t\t\t<\/a>\t\t\t<\/div>\n\n\t\t\t<a href=\"https:\/\/www.jinsai.org\/pt-BR\/ensinamentos\/coletaneas\/coletanea-de-astronomia-e-geofisica-4-planeta-terra\/055-razao-pela-qual-os-continentes-se-formaram-no-sentido-norte-sul\/\" class=\"link-title\" >\t\t\t<h5 >Colet\u00e2nea de Astronomia e Geof\u00edsica 4 &#8211; Planeta Terra<\/h5>\t\t\t<h4 >055 &#8211; RAZ\u00c3O PELA QUAL OS CONTINENTES SE FORMARAM NO SENTIDO NORTE-SUL<\/h4>\t\t\t<\/a>\n\t\t\t<p class=\"text\" >Pergunta: Observando o mapa mundial, a maior parte das pen\u00ednsulas e dos continentes s\u00e3o dispostos no sentido Norte-Sul. Por favor, nos ensine se reside algum motivo especial nisto.<\/p>\t\t\t\t\t\t\t<a href=\"https:\/\/www.jinsai.org\/pt-BR\/ensinamentos\/coletaneas\/coletanea-de-astronomia-e-geofisica-4-planeta-terra\/055-razao-pela-qual-os-continentes-se-formaram-no-sentido-norte-sul\/\" class=\"more-button\" >Continue lendo <i><\/i><\/a>\n\t\t\t\t\t<\/div>\n\t\t<\/div><div class=\"widget widget_circleicon-widget\">\t\t<div class=\"circle-icon-box circle-icon-position-top circle-icon-hide-box circle-icon-size-small\">\n\t\t\t<div class=\"circle-icon-wrapper\">\n\t\t\t\t<a href=\"https:\/\/www.jinsai.org\/pt-BR\/ensinamentos\/coletaneas\/coletanea-de-astronomia-e-geofisica-4-planeta-terra\/056-o-centro-da-respiracao-da-terra-respiracao-e-transformacao\/\" class=\"link-icon\" >\t\t\t\t<div class=\"circle-icon icon-style-set\" style=\"background-image: url(https:\/\/www.jinsai.org\/pt-BR\/wp-content\/uploads\/2018\/07\/nucleo-e1305929491256-150x150.jpg)\">\n\t\t\t\t\t\t\t\t\t<\/div>\n\t\t\t\t<\/a>\t\t\t<\/div>\n\n\t\t\t<a href=\"https:\/\/www.jinsai.org\/pt-BR\/ensinamentos\/coletaneas\/coletanea-de-astronomia-e-geofisica-4-planeta-terra\/056-o-centro-da-respiracao-da-terra-respiracao-e-transformacao\/\" class=\"link-title\" >\t\t\t<h5 >Colet\u00e2nea de Astronomia e Geof\u00edsica 4 &#8211; Planeta Terra<\/h5>\t\t\t<h4 >056 &#8211; O CENTRO DA RESPIRA\u00c7\u00c3O DA TERRA (RESPIRA\u00c7\u00c3O E TRANSFORMA\u00c7\u00c3O)<\/h4>\t\t\t<\/a>\n\t\t\t<p class=\"text\" >Pergunta: No \"Bate-papo sobre a F\u00e9\" foi dito que a Terra respira. Mas onde fica o centro desta respira\u00e7\u00e3o?Meishu-Sama: No n\u00facleo da Terra h\u00e1 uma massa do fogo - chamada de eixo da Terra. A respira\u00e7\u00e3o \u00e9 a expans\u00e3o e contra\u00e7\u00e3o deste n\u00facleo.Tudo respira, at\u00e9 objetos inanimados. Se n\u00e3o fosse assim, nada se transformaria e [&hellip;]<\/p>\t\t\t\t\t\t\t<a href=\"https:\/\/www.jinsai.org\/pt-BR\/ensinamentos\/coletaneas\/coletanea-de-astronomia-e-geofisica-4-planeta-terra\/056-o-centro-da-respiracao-da-terra-respiracao-e-transformacao\/\" class=\"more-button\" >Continue lendo <i><\/i><\/a>\n\t\t\t\t\t<\/div>\n\t\t<\/div><div class=\"clear\"><\/div><div class=\"widget widget_circleicon-widget\">\t\t<div class=\"circle-icon-box circle-icon-position-top circle-icon-hide-box circle-icon-size-small\">\n\t\t\t<div class=\"circle-icon-wrapper\">\n\t\t\t\t<a href=\"https:\/\/www.jinsai.org\/pt-BR\/ensinamentos\/coletaneas\/coletanea-de-astronomia-e-geofisica-4-planeta-terra\/057-a-respiracao-o-movimento-e-a-inclinacao-da-terra\/\" class=\"link-icon\" >\t\t\t\t<div class=\"circle-icon icon-style-set\" style=\"background-image: url(https:\/\/www.jinsai.org\/pt-BR\/wp-content\/uploads\/2020\/08\/verao-ou-inverno-150x150.jpg)\">\n\t\t\t\t\t\t\t\t\t<\/div>\n\t\t\t\t<\/a>\t\t\t<\/div>\n\n\t\t\t<a href=\"https:\/\/www.jinsai.org\/pt-BR\/ensinamentos\/coletaneas\/coletanea-de-astronomia-e-geofisica-4-planeta-terra\/057-a-respiracao-o-movimento-e-a-inclinacao-da-terra\/\" class=\"link-title\" >\t\t\t<h5 >Colet\u00e2nea de Astronomia e Geof\u00edsica 4 &#8211; Planeta Terra<\/h5>\t\t\t<h4 >057 &#8211; A RESPIRA\u00c7\u00c3O, O MOVIMENTO E A INCLINA\u00c7\u00c3O DA TERRA<\/h4>\t\t\t<\/a>\n\t\t\t<p class=\"text\" >Pergunta: 1) Est\u00e1 no Ensinamento que o ver\u00e3o e o inverno chegam por meio da respira\u00e7\u00e3o da Terra, mas qual a causa das esta\u00e7\u00f5es serem opostas nos hemisf\u00e9rios Norte e Sul? 2 ) A Terra em si faz realiza algum tipo de movimento? Por favor, nos ensine sobre os assuntos acima. Meishu-Sama: A \u00e1gua atua [&hellip;]<\/p>\t\t\t\t\t\t\t<a href=\"https:\/\/www.jinsai.org\/pt-BR\/ensinamentos\/coletaneas\/coletanea-de-astronomia-e-geofisica-4-planeta-terra\/057-a-respiracao-o-movimento-e-a-inclinacao-da-terra\/\" class=\"more-button\" >Continue lendo <i><\/i><\/a>\n\t\t\t\t\t<\/div>\n\t\t<\/div><div class=\"widget widget_circleicon-widget\">\t\t<div class=\"circle-icon-box circle-icon-position-top circle-icon-hide-box circle-icon-size-small\">\n\t\t\t<div class=\"circle-icon-wrapper\">\n\t\t\t\t<a href=\"https:\/\/www.jinsai.org\/pt-BR\/ensinamentos\/coletaneas\/coletanea-de-astronomia-e-geofisica-4-planeta-terra\/058-teoria-da-gravitacao-universal\/\" class=\"link-icon\" >\t\t\t\t<div class=\"circle-icon icon-style-set\" style=\"background-image: url(https:\/\/www.jinsai.org\/pt-BR\/wp-content\/uploads\/2020\/08\/gravidade-1200x675-150x150.jpg)\">\n\t\t\t\t\t\t\t\t\t<\/div>\n\t\t\t\t<\/a>\t\t\t<\/div>\n\n\t\t\t<a href=\"https:\/\/www.jinsai.org\/pt-BR\/ensinamentos\/coletaneas\/coletanea-de-astronomia-e-geofisica-4-planeta-terra\/058-teoria-da-gravitacao-universal\/\" class=\"link-title\" >\t\t\t<h5 >Colet\u00e2nea de Astronomia e Geof\u00edsica 4 &#8211; Planeta Terra<\/h5>\t\t\t<h4 >058 &#8211; TEORIA DA GRAVITA\u00c7\u00c3O UNIVERSAL<\/h4>\t\t\t<\/a>\n\t\t\t<p class=\"text\" >Pergunta: Por favor, gostar\u00edamos de saber sobre a teoria da gravita\u00e7\u00e3o universal.Meishu-Sama:\u00a0N\u00e3o se trata apenas de for\u00e7a de atra\u00e7\u00e3o gravitacional, mas tamb\u00e9m h\u00e1 a for\u00e7a de repuls\u00e3o. Existe uma for\u00e7a que puxa e uma for\u00e7a que empurra. Newton discorreu apenas sobre a for\u00e7a de atra\u00e7\u00e3o gravitacional. Se n\u00e3o houvesse a for\u00e7a da gravidade, seria perigoso [&hellip;]<\/p>\t\t\t\t\t\t\t<a href=\"https:\/\/www.jinsai.org\/pt-BR\/ensinamentos\/coletaneas\/coletanea-de-astronomia-e-geofisica-4-planeta-terra\/058-teoria-da-gravitacao-universal\/\" class=\"more-button\" >Continue lendo <i><\/i><\/a>\n\t\t\t\t\t<\/div>\n\t\t<\/div><div class=\"widget widget_circleicon-widget\">\t\t<div class=\"circle-icon-box circle-icon-position-top circle-icon-hide-box circle-icon-size-small\">\n\t\t\t<div class=\"circle-icon-wrapper\">\n\t\t\t\t<a href=\"https:\/\/www.jinsai.org\/pt-BR\/ensinamentos\/coletaneas\/coletanea-de-astronomia-e-geofisica-4-planeta-terra\/059-a-forca-da-gravidade\/\" class=\"link-icon\" >\t\t\t\t<div class=\"circle-icon icon-style-set\" style=\"background-image: url(https:\/\/www.jinsai.org\/pt-BR\/wp-content\/uploads\/2022\/10\/post_thumbnail-4a2bd7e9ea50d017fe87c4bb40044755-150x50.jpeg)\">\n\t\t\t\t\t\t\t\t\t<\/div>\n\t\t\t\t<\/a>\t\t\t<\/div>\n\n\t\t\t<a href=\"https:\/\/www.jinsai.org\/pt-BR\/ensinamentos\/coletaneas\/coletanea-de-astronomia-e-geofisica-4-planeta-terra\/059-a-forca-da-gravidade\/\" class=\"link-title\" >\t\t\t<h5 >Colet\u00e2nea de Astronomia e Geof\u00edsica 4 &#8211; Planeta Terra<\/h5>\t\t\t<h4 >059 &#8211; A FOR\u00c7A DA GRAVIDADE<\/h4>\t\t\t<\/a>\n\t\t\t<p class=\"text\" >Pergunta: Gostaria de perguntar a respeito da for\u00e7a de gravidade da Terra. Meishu-Sama: A Terra emite o chirei (energia espiritual da terra). Newton explicou sobre a gravidade. A for\u00e7a de repuls\u00e3o \u00e9 a que empurra de volta, que repele. H\u00e1 muito tempo foi falado da possibilidade de ir at\u00e9 a Lua utilizando essa for\u00e7a. O [&hellip;]<\/p>\t\t\t\t\t\t\t<a href=\"https:\/\/www.jinsai.org\/pt-BR\/ensinamentos\/coletaneas\/coletanea-de-astronomia-e-geofisica-4-planeta-terra\/059-a-forca-da-gravidade\/\" class=\"more-button\" >Continue lendo <i><\/i><\/a>\n\t\t\t\t\t<\/div>\n\t\t<\/div><div class=\"clear\"><\/div><div class=\"widget widget_circleicon-widget\">\t\t<div class=\"circle-icon-box circle-icon-position-top circle-icon-hide-box circle-icon-size-small\">\n\t\t\t<div class=\"circle-icon-wrapper\">\n\t\t\t\t<a href=\"https:\/\/www.jinsai.org\/pt-BR\/ensinamentos\/coletaneas\/coletanea-de-astronomia-e-geofisica-4-planeta-terra\/060-gravitacao-universal\/\" class=\"link-icon\" >\t\t\t\t<div class=\"circle-icon icon-style-set\" style=\"background-image: url(https:\/\/www.jinsai.org\/pt-BR\/wp-content\/uploads\/2022\/06\/gravidade-o-que-e-definicao-caracteristicas-e-teoria-da-gravitacao-1024x652-1-150x96.jpg)\">\n\t\t\t\t\t\t\t\t\t<\/div>\n\t\t\t\t<\/a>\t\t\t<\/div>\n\n\t\t\t<a href=\"https:\/\/www.jinsai.org\/pt-BR\/ensinamentos\/coletaneas\/coletanea-de-astronomia-e-geofisica-4-planeta-terra\/060-gravitacao-universal\/\" class=\"link-title\" >\t\t\t<h5 >Colet\u00e2nea de Astronomia e Geof\u00edsica 4 &#8211; Planeta Terra<\/h5>\t\t\t<h4 >060 &#8211; GRAVITA\u00c7\u00c3O UNIVERSAL<\/h4>\t\t\t<\/a>\n\t\t\t<p class=\"text\" >Pergunta: A Gravita\u00e7\u00e3o Universal tamb\u00e9m existe por a\u00e7\u00e3o dos elos espirituais? Meishu-Sama: \u00c9 por a\u00e7\u00e3o da energia espiritual da terra (chirei). 03 de fevereiro de 1950 Traduzido pela Equipe Jinsai<\/p>\t\t\t\t\t\t\t<a href=\"https:\/\/www.jinsai.org\/pt-BR\/ensinamentos\/coletaneas\/coletanea-de-astronomia-e-geofisica-4-planeta-terra\/060-gravitacao-universal\/\" class=\"more-button\" >Continue lendo <i><\/i><\/a>\n\t\t\t\t\t<\/div>\n\t\t<\/div><div class=\"widget widget_circleicon-widget\">\t\t<div class=\"circle-icon-box circle-icon-position-top circle-icon-hide-box circle-icon-size-small\">\n\t\t\t<div class=\"circle-icon-wrapper\">\n\t\t\t\t<a href=\"https:\/\/www.jinsai.org\/pt-BR\/ensinamentos\/coletaneas\/coletanea-de-astronomia-e-geofisica-4-planeta-terra\/061-magnetismo-pressao-atmosferica-ima\/\" class=\"link-icon\" >\t\t\t\t<div class=\"circle-icon icon-style-set\" style=\"background-image: url(https:\/\/www.jinsai.org\/pt-BR\/wp-content\/uploads\/2022\/10\/105145842gettyimages-685888850-150x84.webp)\">\n\t\t\t\t\t\t\t\t\t<\/div>\n\t\t\t\t<\/a>\t\t\t<\/div>\n\n\t\t\t<a href=\"https:\/\/www.jinsai.org\/pt-BR\/ensinamentos\/coletaneas\/coletanea-de-astronomia-e-geofisica-4-planeta-terra\/061-magnetismo-pressao-atmosferica-ima\/\" class=\"link-title\" >\t\t\t<h5 >Colet\u00e2nea de Astronomia e Geof\u00edsica 4 &#8211; Planeta Terra<\/h5>\t\t\t<h4 >061 &#8211; MAGNETISMO (PRESS\u00c3O ATMOSF\u00c9RICA) &#8211; \u00cdM\u00c3<\/h4>\t\t\t<\/a>\n\t\t\t<p class=\"text\" >Pergunta: Gostaria que explicasse a respeito do princ\u00edpio do magnetismo da Terra. Meishu-Sama: A superf\u00edcie terrestre est\u00e1 constantemente emitindo energia espiritual, a energia espiritual da terra (chirei). A meteorologia chama isso de press\u00e3o atmosf\u00e9rica. Em locais elevados e no topo de regi\u00f5es montanhosas, a energia espiritual da terra \u00e9 escassa e h\u00e1 muitas nuvens. O [&hellip;]<\/p>\t\t\t\t\t\t\t<a href=\"https:\/\/www.jinsai.org\/pt-BR\/ensinamentos\/coletaneas\/coletanea-de-astronomia-e-geofisica-4-planeta-terra\/061-magnetismo-pressao-atmosferica-ima\/\" class=\"more-button\" >Continue lendo <i><\/i><\/a>\n\t\t\t\t\t<\/div>\n\t\t<\/div><div class=\"widget widget_circleicon-widget\">\t\t<div class=\"circle-icon-box circle-icon-position-top circle-icon-hide-box circle-icon-size-small\">\n\t\t\t<div class=\"circle-icon-wrapper\">\n\t\t\t\t<a href=\"https:\/\/www.jinsai.org\/pt-BR\/ensinamentos\/coletaneas\/coletanea-de-astronomia-e-geofisica-4-planeta-terra\/063-a-intensidade-da-energia-espiritual-da-terra\/\" class=\"link-icon\" >\t\t\t\t<div class=\"circle-icon icon-style-set\" style=\"background-image: url(https:\/\/www.jinsai.org\/pt-BR\/wp-content\/uploads\/2022\/10\/f00058057-890x376-1-150x63.jpg)\">\n\t\t\t\t\t\t\t\t\t<\/div>\n\t\t\t\t<\/a>\t\t\t<\/div>\n\n\t\t\t<a href=\"https:\/\/www.jinsai.org\/pt-BR\/ensinamentos\/coletaneas\/coletanea-de-astronomia-e-geofisica-4-planeta-terra\/063-a-intensidade-da-energia-espiritual-da-terra\/\" class=\"link-title\" >\t\t\t<h5 >Colet\u00e2nea de Astronomia e Geof\u00edsica 4 &#8211; Planeta Terra<\/h5>\t\t\t<h4 >063 &#8211; A INTENSIDADE DA ENERGIA ESPIRITUAL DA TERRA<\/h4>\t\t\t<\/a>\n\t\t\t<p class=\"text\" >Pergunta: No Shinko Zatsuwa (\"Conversas sobre a F\u00e9\") est\u00e1 escrito que \"a forma\u00e7\u00e3o de todos os minerais se d\u00e1 de acordo com a natureza do solo, a intensidade da energia espiritual da terra, as diferen\u00e7as de clima e idade... Por esses e outros fatores surgem os diferentes tipos de minerais\". Gostaria de saber a respeito [&hellip;]<\/p>\t\t\t\t\t\t\t<a href=\"https:\/\/www.jinsai.org\/pt-BR\/ensinamentos\/coletaneas\/coletanea-de-astronomia-e-geofisica-4-planeta-terra\/063-a-intensidade-da-energia-espiritual-da-terra\/\" class=\"more-button\" >Continue lendo <i><\/i><\/a>\n\t\t\t\t\t<\/div>\n\t\t<\/div><div class=\"clear\"><\/div><div class=\"widget widget_circleicon-widget\">\t\t<div class=\"circle-icon-box circle-icon-position-top circle-icon-hide-box circle-icon-size-small\">\n\t\t\t<div class=\"circle-icon-wrapper\">\n\t\t\t\t<a href=\"https:\/\/www.jinsai.org\/pt-BR\/ensinamentos\/coletaneas\/coletanea-de-astronomia-e-geofisica-4-planeta-terra\/064-envenenamento-por-baiacu-e-atuacao-do-espirito-do-solo\/\" class=\"link-icon\" >\t\t\t\t<div class=\"circle-icon icon-style-set\" style=\"background-image: url(https:\/\/www.jinsai.org\/pt-BR\/wp-content\/uploads\/2022\/11\/7483658-uma-bela-mulher-asiatica-usa-spa-lama-e-pepino-para-tratamento-facial-gratis-foto-150x100.jpg)\">\n\t\t\t\t\t\t\t\t\t<\/div>\n\t\t\t\t<\/a>\t\t\t<\/div>\n\n\t\t\t<a href=\"https:\/\/www.jinsai.org\/pt-BR\/ensinamentos\/coletaneas\/coletanea-de-astronomia-e-geofisica-4-planeta-terra\/064-envenenamento-por-baiacu-e-atuacao-do-espirito-do-solo\/\" class=\"link-title\" >\t\t\t<h5 >Colet\u00e2nea de Astronomia e Geof\u00edsica 4 &#8211; Planeta Terra<\/h5>\t\t\t<h4 >064 &#8211; ENVENENAMENTO POR BAIACU E ATUA\u00c7\u00c3O DO ESP\u00cdRITO DO SOLO<\/h4>\t\t\t<\/a>\n\t\t\t<p class=\"text\" >Pergunta: \u00c9 dito que quando a pessoa sofre envenenamento por veneno de baiacu, caso se enterre, deixando o corpo submerso na terra, ela se cura. A energia espiritual presente na terra tem esse tipo de atua\u00e7\u00e3o? Meishu-Sama: Na terra existe uma atua\u00e7\u00e3o de purifica\u00e7\u00e3o. Enterrando algo e deixando por longos meses, isto se purificar\u00e1. H\u00e1 [&hellip;]<\/p>\t\t\t\t\t\t\t<a href=\"https:\/\/www.jinsai.org\/pt-BR\/ensinamentos\/coletaneas\/coletanea-de-astronomia-e-geofisica-4-planeta-terra\/064-envenenamento-por-baiacu-e-atuacao-do-espirito-do-solo\/\" class=\"more-button\" >Continue lendo <i><\/i><\/a>\n\t\t\t\t\t<\/div>\n\t\t<\/div><div class=\"widget widget_circleicon-widget\">\t\t<div class=\"circle-icon-box circle-icon-position-top circle-icon-hide-box circle-icon-size-small\">\n\t\t\t<div class=\"circle-icon-wrapper\">\n\t\t\t\t<a href=\"https:\/\/www.jinsai.org\/pt-BR\/ensinamentos\/coletaneas\/coletanea-de-astronomia-e-geofisica-4-planeta-terra\/066-terremotos-e-o-clima\/\" class=\"link-icon\" >\t\t\t\t<div class=\"circle-icon icon-style-set\" style=\"background-image: url(https:\/\/www.jinsai.org\/pt-BR\/wp-content\/uploads\/2022\/10\/jens-aber-fClNK-MIz_E-unsplash-2048x1024.jpg-150x75.webp)\">\n\t\t\t\t\t\t\t\t\t<\/div>\n\t\t\t\t<\/a>\t\t\t<\/div>\n\n\t\t\t<a href=\"https:\/\/www.jinsai.org\/pt-BR\/ensinamentos\/coletaneas\/coletanea-de-astronomia-e-geofisica-4-planeta-terra\/066-terremotos-e-o-clima\/\" class=\"link-title\" >\t\t\t<h5 >Colet\u00e2nea de Astronomia e Geof\u00edsica 4 &#8211; Planeta Terra<\/h5>\t\t\t<h4 >066 &#8211; TERREMOTOS E O CLIMA<\/h4>\t\t\t<\/a>\n\t\t\t<p class=\"text\" >Pergunta: Ouvi que quando h\u00e1 um terremoto chove, h\u00e1 ventania e outros fen\u00f4menos. Qual a rela\u00e7\u00e3o entre terremotos e o clima? Meishu-Sama: A pessoas de antigamente costumavam dizer \"sete \u00e9 chuva, quatro \u00e9 seca\"*; de fato at\u00e9 que h\u00e1 algo assim, mas o terremoto ocorre por uma contra\u00e7\u00e3o na crosta terrestre. Assim, quando h\u00e1 um [&hellip;]<\/p>\t\t\t\t\t\t\t<a href=\"https:\/\/www.jinsai.org\/pt-BR\/ensinamentos\/coletaneas\/coletanea-de-astronomia-e-geofisica-4-planeta-terra\/066-terremotos-e-o-clima\/\" class=\"more-button\" >Continue lendo <i><\/i><\/a>\n\t\t\t\t\t<\/div>\n\t\t<\/div><div class=\"widget widget_circleicon-widget\">\t\t<div class=\"circle-icon-box circle-icon-position-top circle-icon-hide-box circle-icon-size-small\">\n\t\t\t<div class=\"circle-icon-wrapper\">\n\t\t\t\t<a href=\"https:\/\/www.jinsai.org\/pt-BR\/ensinamentos\/coletaneas\/coletanea-de-astronomia-e-geofisica-4-planeta-terra\/067-a-temperatura-das-aguas-subterraneas-e-o-frio-e-o-calor\/\" class=\"link-icon\" >\t\t\t\t<div class=\"circle-icon icon-style-set\" style=\"background-image: url(https:\/\/www.jinsai.org\/pt-BR\/wp-content\/uploads\/2018\/07\/planet-earth-submerged-water-background-starry-sky-49656057-150x150.jpg)\">\n\t\t\t\t\t\t\t\t\t<\/div>\n\t\t\t\t<\/a>\t\t\t<\/div>\n\n\t\t\t<a href=\"https:\/\/www.jinsai.org\/pt-BR\/ensinamentos\/coletaneas\/coletanea-de-astronomia-e-geofisica-4-planeta-terra\/067-a-temperatura-das-aguas-subterraneas-e-o-frio-e-o-calor\/\" class=\"link-title\" >\t\t\t<h5 >Colet\u00e2nea de Astronomia e Geof\u00edsica 4 &#8211; Planeta Terra<\/h5>\t\t\t<h4 >067 &#8211; A TEMPERATURA DAS \u00c1GUAS SUBTERR\u00c2NEAS E O FRIO E O CALOR<\/h4>\t\t\t<\/a>\n\t\t\t<p class=\"text\" >Pergunta: Por que o interior do solo \u00e9 frio quando faz calor e quente quando faz frio?<\/p>\t\t\t\t\t\t\t<a href=\"https:\/\/www.jinsai.org\/pt-BR\/ensinamentos\/coletaneas\/coletanea-de-astronomia-e-geofisica-4-planeta-terra\/067-a-temperatura-das-aguas-subterraneas-e-o-frio-e-o-calor\/\" class=\"more-button\" >Continue lendo <i><\/i><\/a>\n\t\t\t\t\t<\/div>\n\t\t<\/div><div class=\"clear\"><\/div><div class=\"widget widget_circleicon-widget\">\t\t<div class=\"circle-icon-box circle-icon-position-top circle-icon-hide-box circle-icon-size-small\">\n\t\t\t<div class=\"circle-icon-wrapper\">\n\t\t\t\t<a href=\"https:\/\/www.jinsai.org\/pt-BR\/ensinamentos\/coletaneas\/coletanea-de-astronomia-e-geofisica-4-planeta-terra\/068-a-variacao-da-temperatura-das-aguas-subterraneas-no-verao-e-no-inverno\/\" class=\"link-icon\" >\t\t\t\t<div class=\"circle-icon icon-style-set\" style=\"background-image: url(https:\/\/www.jinsai.org\/pt-BR\/wp-content\/uploads\/2018\/07\/2q845xre3uk6fc2nfte2obvr8-150x150.jpg)\">\n\t\t\t\t\t\t\t\t\t<\/div>\n\t\t\t\t<\/a>\t\t\t<\/div>\n\n\t\t\t<a href=\"https:\/\/www.jinsai.org\/pt-BR\/ensinamentos\/coletaneas\/coletanea-de-astronomia-e-geofisica-4-planeta-terra\/068-a-variacao-da-temperatura-das-aguas-subterraneas-no-verao-e-no-inverno\/\" class=\"link-title\" >\t\t\t<h5 >Colet\u00e2nea de Astronomia e Geof\u00edsica 4 &#8211; Planeta Terra<\/h5>\t\t\t<h4 >068 &#8211; A VARIA\u00c7\u00c3O DA TEMPERATURA DAS \u00c1GUAS SUBTERR\u00c2NEAS NO VER\u00c3O E NO INVERNO<\/h4>\t\t\t<\/a>\n\t\t\t<p class=\"text\" >Pergunta: O interior do solo \u00e9 frio no ver\u00e3o e quente no inverno. O mesmo acontece com a \u00e1gua dos po\u00e7os artesianos e fontes naturais. O que causa a sensa\u00e7\u00e3o dela ser fria no ver\u00e3o e morna no inverno? Por favor, transmita-nos um ensinamento a este respeito.<\/p>\t\t\t\t\t\t\t<a href=\"https:\/\/www.jinsai.org\/pt-BR\/ensinamentos\/coletaneas\/coletanea-de-astronomia-e-geofisica-4-planeta-terra\/068-a-variacao-da-temperatura-das-aguas-subterraneas-no-verao-e-no-inverno\/\" class=\"more-button\" >Continue lendo <i><\/i><\/a>\n\t\t\t\t\t<\/div>\n\t\t<\/div>\t<\/div>\n\t<\/div><div id=\"panel-2500-0-0-1\" class=\"widget_text so-panel widget_custom_html panel-last-child\" data-index=\"1\" ><div class=\"textwidget custom-html-widget\"><iframe src=\"http:\/\/www.facebook.com\/plugins\/like.php?href=http:\/\/www.jinsai.org\/pt-BR\/ensinamentos\/coletaneas\/coletanea-de-astronomia-e-geofisica-4-planeta-terra\/&%0Alayout=standard&show_faces=false&width=380&action=like&colorscheme=light&height=25\" style=\"border: medium none ; overflow: hidden; width: 350px; height: 25px;\" allowtransparency=\"true\" frameborder=\"0\" scrolling=\"no\"><\/iframe>\n\n<div id=\"fb-root\"><\/div><script src=\"http:\/\/connect.facebook.net\/pt_BR\/all.js#appId=APP_ID&amp;xfbml=1\"><\/script><fb:comments href=\"http:\/\/www.jinsai.org\/pt-BR\/ensinamentos\/coletaneas\/coletanea-de-astronomia-e-geofisica-4-planeta-terra\/\" num_posts=\"100\" width=\"500\"><\/fb:comments><meta property='fb:app_id' content='171964893011161'\/> \n\n<div id=\"fb-root\"><\/div>\n<script>(function(d, s, id) {\n  var js, fjs = d.getElementsByTagName(s)[0];\n  if (d.getElementById(id)) return;\n  js = d.createElement(s); js.id = id;\n  js.src = 'https:\/\/connect.facebook.net\/pt_BR\/sdk.js#xfbml=1&version=v3.0&appId=171964893011161&autoLogAppEvents=1';\n  fjs.parentNode.insertBefore(js, fjs);\n}(document, 'script', 'facebook-jssdk'));<\/script>\n<div class=\"fb-share-button\" data-href=\"http:\/\/www.jinsai.org\/pt-BR\/ensinamentos\/coletaneas\/coletanea-de-astronomia-e-geofisica-4-planeta-terra\/\" data-layout=\"button_count\" data-size=\"large\" data-mobile-iframe=\"true\"><a target=\"_blank\" href=\"https:\/\/www.facebook.com\/sharer\/sharer.php?u=http%3A%2F%2Fwww.jinsai.org%2Fpt-BR%2Fensinamentos%2Fcoletaneas%2Fcoletanea-de-astronomia-e-geofisica-4-planeta-terra%2F&amp;src=sdkpreparse\" class=\"fb-xfbml-parse-ignore\">Compartilhar<\/a><\/div>\n<\/div><\/div><\/div><\/div><\/div>","protected":false},"excerpt":{"rendered":"","protected":false},"author":1,"featured_media":0,"parent":2462,"menu_order":0,"comment_status":"open","ping_status":"closed","template":"templates\/template-full.php","meta":{"footnotes":""},"class_list":["post-2500","page","type-page","status-publish","hentry","post","post-with-thumbnail","post-with-thumbnail-icon"],"_links":{"self":[{"href":"https:\/\/www.jinsai.org\/pt-BR\/wp-json\/wp\/v2\/pages\/2500","targetHints":{"allow":["GET"]}}],"collection":[{"href":"https:\/\/www.jinsai.org\/pt-BR\/wp-json\/wp\/v2\/pages"}],"about":[{"href":"https:\/\/www.jinsai.org\/pt-BR\/wp-json\/wp\/v2\/types\/page"}],"author":[{"embeddable":true,"href":"https:\/\/www.jinsai.org\/pt-BR\/wp-json\/wp\/v2\/users\/1"}],"replies":[{"embeddable":true,"href":"https:\/\/www.jinsai.org\/pt-BR\/wp-json\/wp\/v2\/comments?post=2500"}],"version-history":[{"count":10,"href":"https:\/\/www.jinsai.org\/pt-BR\/wp-json\/wp\/v2\/pages\/2500\/revisions"}],"predecessor-version":[{"id":8189,"href":"https:\/\/www.jinsai.org\/pt-BR\/wp-json\/wp\/v2\/pages\/2500\/revisions\/8189"}],"up":[{"embeddable":true,"href":"https:\/\/www.jinsai.org\/pt-BR\/wp-json\/wp\/v2\/pages\/2462"}],"wp:attachment":[{"href":"https:\/\/www.jinsai.org\/pt-BR\/wp-json\/wp\/v2\/media?parent=2500"}],"curies":[{"name":"wp","href":"https:\/\/api.w.org\/{rel}","templated":true}]}}