{"id":2503,"date":"2018-07-05T14:23:01","date_gmt":"2018-07-05T17:23:01","guid":{"rendered":"http:\/\/www.jinsai.org\/pt-BR\/?page_id=2503"},"modified":"2023-02-25T18:39:30","modified_gmt":"2023-02-25T21:39:30","slug":"curiosidades","status":"publish","type":"page","link":"https:\/\/www.jinsai.org\/pt-BR\/ensinamentos\/curiosidades\/","title":{"rendered":"Curiosidades"},"content":{"rendered":"<div id=\"pl-2503\"  class=\"panel-layout\" ><div id=\"pg-2503-0\"  class=\"panel-grid panel-no-style\" ><div id=\"pgc-2503-0-0\"  class=\"panel-grid-cell\" ><div id=\"panel-2503-0-0-0\" class=\"so-panel widget_siteorigin-panels-postloop panel-first-child\" data-index=\"0\" >\n\t<div id=\"vantage-circleicon-loop\" class=\"vantage-circleicon-loop circleicon-loop-columns-3\">\n\n\t\t<div class=\"widget widget_circleicon-widget\">\t\t<div class=\"circle-icon-box circle-icon-position-top circle-icon-hide-box circle-icon-size-small\">\n\t\t\t<div class=\"circle-icon-wrapper\">\n\t\t\t\t<a href=\"https:\/\/www.jinsai.org\/pt-BR\/ensinamentos\/curiosidades\/a-natureza-do-poder-espiritual\/\" class=\"link-icon\" >\t\t\t\t<div class=\"circle-icon icon-style-set\" style=\"background-image: url(https:\/\/www.jinsai.org\/pt-BR\/wp-content\/uploads\/2018\/07\/p.txt-150x150.jpg)\">\n\t\t\t\t\t\t\t\t\t<\/div>\n\t\t\t\t<\/a>\t\t\t<\/div>\n\n\t\t\t<a href=\"https:\/\/www.jinsai.org\/pt-BR\/ensinamentos\/curiosidades\/a-natureza-do-poder-espiritual\/\" class=\"link-title\" >\t\t\t<h5 >Curiosidades<\/h5>\t\t\t<h4 >A NATUREZA DO PODER ESPIRITUAL<\/h4>\t\t\t<\/a>\n\t\t\t<p class=\"text\" >Pergunta: Por favor, explique sobre o poder da sabedoria, o poder da coragem, o poder absoluto e o poder da Grande Natureza.<\/p>\t\t\t\t\t\t\t<a href=\"https:\/\/www.jinsai.org\/pt-BR\/ensinamentos\/curiosidades\/a-natureza-do-poder-espiritual\/\" class=\"more-button\" >Continue lendo <i><\/i><\/a>\n\t\t\t\t\t<\/div>\n\t\t<\/div><div class=\"widget widget_circleicon-widget\">\t\t<div class=\"circle-icon-box circle-icon-position-top circle-icon-hide-box circle-icon-size-small\">\n\t\t\t<div class=\"circle-icon-wrapper\">\n\t\t\t\t<a href=\"https:\/\/www.jinsai.org\/pt-BR\/ensinamentos\/curiosidades\/a-relacao-de-meishu-sama-com-kannon\/\" class=\"link-icon\" >\t\t\t\t<div class=\"circle-icon icon-style-set\" style=\"background-image: url(https:\/\/www.jinsai.org\/pt-BR\/wp-content\/uploads\/2018\/07\/326087802-150x150.jpg)\">\n\t\t\t\t\t\t\t\t\t<\/div>\n\t\t\t\t<\/a>\t\t\t<\/div>\n\n\t\t\t<a href=\"https:\/\/www.jinsai.org\/pt-BR\/ensinamentos\/curiosidades\/a-relacao-de-meishu-sama-com-kannon\/\" class=\"link-title\" >\t\t\t<h5 >Curiosidades<\/h5>\t\t\t<h4 >A RELA\u00c7\u00c3O DE MEISHU-SAMA COM KANNON<\/h4>\t\t\t<\/a>\n\t\t\t<p class=\"text\" >Pergunta: Entendo que Yoshitsune (um grande her\u00f3i samurai que foi um s\u00edmbolo de justi\u00e7a) foi uma das encarna\u00e7\u00f5es anteriores de Meishu-Sama. Como Yoshitsune se relaciona com Meishu-Sama como um verdadeiro amante da paz?<\/p>\t\t\t\t\t\t\t<a href=\"https:\/\/www.jinsai.org\/pt-BR\/ensinamentos\/curiosidades\/a-relacao-de-meishu-sama-com-kannon\/\" class=\"more-button\" >Continue lendo <i><\/i><\/a>\n\t\t\t\t\t<\/div>\n\t\t<\/div><div class=\"widget widget_circleicon-widget\">\t\t<div class=\"circle-icon-box circle-icon-position-top circle-icon-hide-box circle-icon-size-small\">\n\t\t\t<div class=\"circle-icon-wrapper\">\n\t\t\t\t<a href=\"https:\/\/www.jinsai.org\/pt-BR\/ensinamentos\/curiosidades\/amaterasu-ookami-e-o-templo-nihon\/\" class=\"link-icon\" >\t\t\t\t<div class=\"circle-icon icon-style-set\" style=\"background-image: url(https:\/\/www.jinsai.org\/pt-BR\/wp-content\/uploads\/2018\/05\/nihonji_daibutsu-150x150.jpg)\">\n\t\t\t\t\t\t\t\t\t<\/div>\n\t\t\t\t<\/a>\t\t\t<\/div>\n\n\t\t\t<a href=\"https:\/\/www.jinsai.org\/pt-BR\/ensinamentos\/curiosidades\/amaterasu-ookami-e-o-templo-nihon\/\" class=\"link-title\" >\t\t\t<h5 >Curiosidades<\/h5>\t\t\t<h4 >AMATERASU OOKAMI E O TEMPLO NIHON<\/h4>\t\t\t<\/a>\n\t\t\t<p class=\"text\" >Palavras de Meishu-Sama em 5 de novembro de 1952 Como j\u00e1 expliquei anteriormente, o templo Kenkon-zan (1) Nihon-ji (2) est\u00e1 situado na cidade de Hota, prov\u00edncia de Awa (3). O kototama (esp\u00edrito da palavra) de Hota \u00e9 uma modifica\u00e7\u00e3o da palavra hoto que, antigamente, era utilizada para denominar a genit\u00e1lia feminina. Est\u00e1 no Kojiki (4). [&hellip;]<\/p>\t\t\t\t\t\t\t<a href=\"https:\/\/www.jinsai.org\/pt-BR\/ensinamentos\/curiosidades\/amaterasu-ookami-e-o-templo-nihon\/\" class=\"more-button\" >Continue lendo <i><\/i><\/a>\n\t\t\t\t\t<\/div>\n\t\t<\/div><div class=\"clear\"><\/div><div class=\"widget widget_circleicon-widget\">\t\t<div class=\"circle-icon-box circle-icon-position-top circle-icon-hide-box circle-icon-size-small\">\n\t\t\t<div class=\"circle-icon-wrapper\">\n\t\t\t\t<a href=\"https:\/\/www.jinsai.org\/pt-BR\/ensinamentos\/curiosidades\/as-funcoes-dos-tres-grandes-budas\/\" class=\"link-icon\" >\t\t\t\t<div class=\"circle-icon icon-style-set\" style=\"background-image: url(https:\/\/www.jinsai.org\/pt-BR\/wp-content\/uploads\/2018\/07\/amida-nyorai-sanzon-1148AD-byodoin-TN-150x150.jpg)\">\n\t\t\t\t\t\t\t\t\t<\/div>\n\t\t\t\t<\/a>\t\t\t<\/div>\n\n\t\t\t<a href=\"https:\/\/www.jinsai.org\/pt-BR\/ensinamentos\/curiosidades\/as-funcoes-dos-tres-grandes-budas\/\" class=\"link-title\" >\t\t\t<h5 >Curiosidades<\/h5>\t\t\t<h4 >AS FUN\u00c7\u00d5ES DOS TR\u00caS GRANDES BUDAS<\/h4>\t\t\t<\/a>\n\t\t\t<p class=\"text\" >Pergunta: Por favor, explique as fun\u00e7\u00f5es dos Tr\u00eas Grandes Budas &#8211; Amida, Shaka e Kannon.<\/p>\t\t\t\t\t\t\t<a href=\"https:\/\/www.jinsai.org\/pt-BR\/ensinamentos\/curiosidades\/as-funcoes-dos-tres-grandes-budas\/\" class=\"more-button\" >Continue lendo <i><\/i><\/a>\n\t\t\t\t\t<\/div>\n\t\t<\/div><div class=\"widget widget_circleicon-widget\">\t\t<div class=\"circle-icon-box circle-icon-position-top circle-icon-hide-box circle-icon-size-small\">\n\t\t\t<div class=\"circle-icon-wrapper\">\n\t\t\t\t<a href=\"https:\/\/www.jinsai.org\/pt-BR\/ensinamentos\/curiosidades\/escuridao-neblina-e-oracao\/\" class=\"link-icon\" >\t\t\t\t<div class=\"circle-icon icon-style-set\" style=\"background-image: url(https:\/\/www.jinsai.org\/pt-BR\/wp-content\/uploads\/2018\/07\/do-que-e-formada-a-neblina-150x150.jpg)\">\n\t\t\t\t\t\t\t\t\t<\/div>\n\t\t\t\t<\/a>\t\t\t<\/div>\n\n\t\t\t<a href=\"https:\/\/www.jinsai.org\/pt-BR\/ensinamentos\/curiosidades\/escuridao-neblina-e-oracao\/\" class=\"link-title\" >\t\t\t<h5 >Curiosidades<\/h5>\t\t\t<h4 >ESCURID\u00c3O, NEBLINA E ORA\u00c7\u00c3O<\/h4>\t\t\t<\/a>\n\t\t\t<p class=\"text\" >Pergunta: Ao se caminhar por uma estrada na escurid\u00e3o da noite, esta fica clara ao entoar-se uma ora\u00e7\u00e3o. Isto \u00e9 uma gra\u00e7a?<\/p>\t\t\t\t\t\t\t<a href=\"https:\/\/www.jinsai.org\/pt-BR\/ensinamentos\/curiosidades\/escuridao-neblina-e-oracao\/\" class=\"more-button\" >Continue lendo <i><\/i><\/a>\n\t\t\t\t\t<\/div>\n\t\t<\/div><div class=\"widget widget_circleicon-widget\">\t\t<div class=\"circle-icon-box circle-icon-position-top circle-icon-hide-box circle-icon-size-small\">\n\t\t\t<div class=\"circle-icon-wrapper\">\n\t\t\t\t<a href=\"https:\/\/www.jinsai.org\/pt-BR\/ensinamentos\/curiosidades\/existe-ubussuna%c2%b9-no-ocidente\/\" class=\"link-icon\" >\t\t\t\t<div class=\"circle-icon icon-style-set\" style=\"background-image: url(https:\/\/www.jinsai.org\/pt-BR\/wp-content\/uploads\/2018\/07\/casamento_jap\u00e3o02-150x150.jpg)\">\n\t\t\t\t\t\t\t\t\t<\/div>\n\t\t\t\t<\/a>\t\t\t<\/div>\n\n\t\t\t<a href=\"https:\/\/www.jinsai.org\/pt-BR\/ensinamentos\/curiosidades\/existe-ubussuna%c2%b9-no-ocidente\/\" class=\"link-title\" >\t\t\t<h5 >Curiosidades<\/h5>\t\t\t<h4 >EXISTE UBUSSUNA\u00b9 NO OCIDENTE?<\/h4>\t\t\t<\/a>\n\t\t\t<p class=\"text\" >Pergunta: Eu soube que, no Jap\u00e3o, os casais contraem matrim\u00f4nio com a ajuda do Ubussuna, provinda do Mundo Espiritual. Gostaria de saber se tamb\u00e9m \u00e9 assim no Ocidente.<\/p>\t\t\t\t\t\t\t<a href=\"https:\/\/www.jinsai.org\/pt-BR\/ensinamentos\/curiosidades\/existe-ubussuna%c2%b9-no-ocidente\/\" class=\"more-button\" >Continue lendo <i><\/i><\/a>\n\t\t\t\t\t<\/div>\n\t\t<\/div><div class=\"clear\"><\/div><div class=\"widget widget_circleicon-widget\">\t\t<div class=\"circle-icon-box circle-icon-position-top circle-icon-hide-box circle-icon-size-small\">\n\t\t\t<div class=\"circle-icon-wrapper\">\n\t\t\t\t<a href=\"https:\/\/www.jinsai.org\/pt-BR\/ensinamentos\/curiosidades\/fenix-e-outros-seres-mitologicos\/\" class=\"link-icon\" >\t\t\t\t<div class=\"circle-icon icon-style-set\" style=\"background-image: url(https:\/\/www.jinsai.org\/pt-BR\/wp-content\/uploads\/2018\/05\/fenix-mitologia-150x150.jpg)\">\n\t\t\t\t\t\t\t\t\t<\/div>\n\t\t\t\t<\/a>\t\t\t<\/div>\n\n\t\t\t<a href=\"https:\/\/www.jinsai.org\/pt-BR\/ensinamentos\/curiosidades\/fenix-e-outros-seres-mitologicos\/\" class=\"link-title\" >\t\t\t<h5 >Curiosidades<\/h5>\t\t\t<h4 >F\u00caNIX E OUTROS SERES MITOL\u00d3GICOS<\/h4>\t\t\t<\/a>\n\t\t\t<p class=\"text\" >Pergunta:\u00a0Existem algumas imagens em que Kannon \u00e9 representado sentado sobre uma variedade de animais como drag\u00e3o, touro, elefante e f\u00eanix. Gostaria de saber se s\u00e3o representa\u00e7\u00f5es das diferentes formas de atua\u00e7\u00e3o de Kannon.<\/p>\t\t\t\t\t\t\t<a href=\"https:\/\/www.jinsai.org\/pt-BR\/ensinamentos\/curiosidades\/fenix-e-outros-seres-mitologicos\/\" class=\"more-button\" >Continue lendo <i><\/i><\/a>\n\t\t\t\t\t<\/div>\n\t\t<\/div><div class=\"widget widget_circleicon-widget\">\t\t<div class=\"circle-icon-box circle-icon-position-top circle-icon-hide-box circle-icon-size-small\">\n\t\t\t<div class=\"circle-icon-wrapper\">\n\t\t\t\t<a href=\"https:\/\/www.jinsai.org\/pt-BR\/ensinamentos\/curiosidades\/genero-espiritual-e-genero-fisico\/\" class=\"link-icon\" >\t\t\t\t<div class=\"circle-icon icon-style-set\" style=\"background-image: url(https:\/\/www.jinsai.org\/pt-BR\/wp-content\/uploads\/2018\/07\/29185209525190-150x150.jpg)\">\n\t\t\t\t\t\t\t\t\t<\/div>\n\t\t\t\t<\/a>\t\t\t<\/div>\n\n\t\t\t<a href=\"https:\/\/www.jinsai.org\/pt-BR\/ensinamentos\/curiosidades\/genero-espiritual-e-genero-fisico\/\" class=\"link-title\" >\t\t\t<h5 >Curiosidades<\/h5>\t\t\t<h4 >G\u00caNERO ESPIRITUAL E G\u00caNERO F\u00cdSICO<\/h4>\t\t\t<\/a>\n\t\t\t<p class=\"text\" >Pergunta: Por favor, explique como uma pessoa pode nascer fisicamente mulher, mas ter um esp\u00edrito masculino e vice-versa?<\/p>\t\t\t\t\t\t\t<a href=\"https:\/\/www.jinsai.org\/pt-BR\/ensinamentos\/curiosidades\/genero-espiritual-e-genero-fisico\/\" class=\"more-button\" >Continue lendo <i><\/i><\/a>\n\t\t\t\t\t<\/div>\n\t\t<\/div><div class=\"widget widget_circleicon-widget\">\t\t<div class=\"circle-icon-box circle-icon-position-top circle-icon-hide-box circle-icon-size-small\">\n\t\t\t<div class=\"circle-icon-wrapper\">\n\t\t\t\t<a href=\"https:\/\/www.jinsai.org\/pt-BR\/ensinamentos\/curiosidades\/kannon-de-mil-bracos-e-a-princesa-otohime\/\" class=\"link-icon\" >\t\t\t\t<div class=\"circle-icon icon-style-set\" style=\"background-image: url(https:\/\/www.jinsai.org\/pt-BR\/wp-content\/uploads\/2018\/07\/Urashima_Taro_handscroll_from_Bodleian_Library_4-150x150.jpg)\">\n\t\t\t\t\t\t\t\t\t<\/div>\n\t\t\t\t<\/a>\t\t\t<\/div>\n\n\t\t\t<a href=\"https:\/\/www.jinsai.org\/pt-BR\/ensinamentos\/curiosidades\/kannon-de-mil-bracos-e-a-princesa-otohime\/\" class=\"link-title\" >\t\t\t<h5 >Curiosidades<\/h5>\t\t\t<h4 >KANNON DE MIL BRA\u00c7OS E A PRINCESA OTOHIME<\/h4>\t\t\t<\/a>\n\t\t\t<p class=\"text\" >Pergunta: Eu gostaria de perguntar sobre a rela\u00e7\u00e3o existente entre o Kannon de Mil Bra\u00e7os e a Princesa Otohime e sua rela\u00e7\u00e3o no Mundo Material.<\/p>\t\t\t\t\t\t\t<a href=\"https:\/\/www.jinsai.org\/pt-BR\/ensinamentos\/curiosidades\/kannon-de-mil-bracos-e-a-princesa-otohime\/\" class=\"more-button\" >Continue lendo <i><\/i><\/a>\n\t\t\t\t\t<\/div>\n\t\t<\/div><div class=\"clear\"><\/div><div class=\"widget widget_circleicon-widget\">\t\t<div class=\"circle-icon-box circle-icon-position-top circle-icon-hide-box circle-icon-size-small\">\n\t\t\t<div class=\"circle-icon-wrapper\">\n\t\t\t\t<a href=\"https:\/\/www.jinsai.org\/pt-BR\/ensinamentos\/curiosidades\/kannon-imperatriz-koomyo-e-principe-shotoku\/\" class=\"link-icon\" >\t\t\t\t<div class=\"circle-icon icon-style-set\" style=\"background-image: url(https:\/\/www.jinsai.org\/pt-BR\/wp-content\/uploads\/2018\/07\/55667_6001-150x150.jpg)\">\n\t\t\t\t\t\t\t\t\t<\/div>\n\t\t\t\t<\/a>\t\t\t<\/div>\n\n\t\t\t<a href=\"https:\/\/www.jinsai.org\/pt-BR\/ensinamentos\/curiosidades\/kannon-imperatriz-koomyo-e-principe-shotoku\/\" class=\"link-title\" >\t\t\t<h5 >Curiosidades<\/h5>\t\t\t<h4 >KANNON, IMPERATRIZ KOOMYO E PR\u00cdNCIPE SHOTOKU<\/h4>\t\t\t<\/a>\n\t\t\t<p class=\"text\" >Pergunta: Ser\u00e1 que existe rela\u00e7\u00e3o entre a Imperatriz Koomyo, o Pr\u00edncipe Shotoku e Kannon?<\/p>\t\t\t\t\t\t\t<a href=\"https:\/\/www.jinsai.org\/pt-BR\/ensinamentos\/curiosidades\/kannon-imperatriz-koomyo-e-principe-shotoku\/\" class=\"more-button\" >Continue lendo <i><\/i><\/a>\n\t\t\t\t\t<\/div>\n\t\t<\/div><div class=\"widget widget_circleicon-widget\">\t\t<div class=\"circle-icon-box circle-icon-position-top circle-icon-hide-box circle-icon-size-small\">\n\t\t\t<div class=\"circle-icon-wrapper\">\n\t\t\t\t<a href=\"https:\/\/www.jinsai.org\/pt-BR\/ensinamentos\/curiosidades\/masturbacao-prejudica-a-inteligencia\/\" class=\"link-icon\" >\t\t\t\t<div class=\"circle-icon icon-style-set\" style=\"background-image: url(https:\/\/www.jinsai.org\/pt-BR\/wp-content\/uploads\/2018\/07\/circuncisao_egipcios-150x150.jpg)\">\n\t\t\t\t\t\t\t\t\t<\/div>\n\t\t\t\t<\/a>\t\t\t<\/div>\n\n\t\t\t<a href=\"https:\/\/www.jinsai.org\/pt-BR\/ensinamentos\/curiosidades\/masturbacao-prejudica-a-inteligencia\/\" class=\"link-title\" >\t\t\t<h5 >Curiosidades<\/h5>\t\t\t<h4 >MASTURBA\u00c7\u00c3O PREJUDICA A INTELIG\u00caNCIA<\/h4>\t\t\t<\/a>\n\t\t\t<p class=\"text\" >Pergunta: Poderia explicar sobre a masturba\u00e7\u00e3o?<\/p>\t\t\t\t\t\t\t<a href=\"https:\/\/www.jinsai.org\/pt-BR\/ensinamentos\/curiosidades\/masturbacao-prejudica-a-inteligencia\/\" class=\"more-button\" >Continue lendo <i><\/i><\/a>\n\t\t\t\t\t<\/div>\n\t\t<\/div><div class=\"widget widget_circleicon-widget\">\t\t<div class=\"circle-icon-box circle-icon-position-top circle-icon-hide-box circle-icon-size-small\">\n\t\t\t<div class=\"circle-icon-wrapper\">\n\t\t\t\t<a href=\"https:\/\/www.jinsai.org\/pt-BR\/ensinamentos\/curiosidades\/miragem-shiranui-aurora-boreal-e-arco-iris\/\" class=\"link-icon\" >\t\t\t\t<div class=\"circle-icon icon-style-set\" style=\"background-image: url(https:\/\/www.jinsai.org\/pt-BR\/wp-content\/uploads\/2018\/07\/proximas-viagens-150x150.jpg)\">\n\t\t\t\t\t\t\t\t\t<\/div>\n\t\t\t\t<\/a>\t\t\t<\/div>\n\n\t\t\t<a href=\"https:\/\/www.jinsai.org\/pt-BR\/ensinamentos\/curiosidades\/miragem-shiranui-aurora-boreal-e-arco-iris\/\" class=\"link-title\" >\t\t\t<h5 >Curiosidades<\/h5>\t\t\t<h4 >MIRAGEM, SHIRANUI, AURORA BOREAL E ARCO-\u00cdRIS<\/h4>\t\t\t<\/a>\n\t\t\t<p class=\"text\" >Pergunta: Por favor, poderia nos ensinar\u00a0sobre miragem, Shiranui(1), aurora\u00a0boreal\u00a0e arco-\u00edris?<\/p>\t\t\t\t\t\t\t<a href=\"https:\/\/www.jinsai.org\/pt-BR\/ensinamentos\/curiosidades\/miragem-shiranui-aurora-boreal-e-arco-iris\/\" class=\"more-button\" >Continue lendo <i><\/i><\/a>\n\t\t\t\t\t<\/div>\n\t\t<\/div><div class=\"clear\"><\/div><div class=\"widget widget_circleicon-widget\">\t\t<div class=\"circle-icon-box circle-icon-position-top circle-icon-hide-box circle-icon-size-small\">\n\t\t\t<div class=\"circle-icon-wrapper\">\n\t\t\t\t<a href=\"https:\/\/www.jinsai.org\/pt-BR\/ensinamentos\/curiosidades\/o-grasnido-dos-corvos-e-a-boa-e-ma-sorte\/\" class=\"link-icon\" >\t\t\t\t<div class=\"circle-icon icon-style-set\" style=\"background-image: url(https:\/\/www.jinsai.org\/pt-BR\/wp-content\/uploads\/2018\/07\/250px-Corvus-brachyrhynchos-001-150x150.jpg)\">\n\t\t\t\t\t\t\t\t\t<\/div>\n\t\t\t\t<\/a>\t\t\t<\/div>\n\n\t\t\t<a href=\"https:\/\/www.jinsai.org\/pt-BR\/ensinamentos\/curiosidades\/o-grasnido-dos-corvos-e-a-boa-e-ma-sorte\/\" class=\"link-title\" >\t\t\t<h5 >Curiosidades<\/h5>\t\t\t<h4 >O GRASNIDO DOS CORVOS E A BOA E M\u00c1 SORTE<\/h4>\t\t\t<\/a>\n\t\t\t<p class=\"text\" >Pergunta: \u00c9 dito que o grasnido dos corvos tem rela\u00e7\u00e3o com a boa e m\u00e1 sorte. Realmente existe algum significado?<\/p>\t\t\t\t\t\t\t<a href=\"https:\/\/www.jinsai.org\/pt-BR\/ensinamentos\/curiosidades\/o-grasnido-dos-corvos-e-a-boa-e-ma-sorte\/\" class=\"more-button\" >Continue lendo <i><\/i><\/a>\n\t\t\t\t\t<\/div>\n\t\t<\/div><div class=\"widget widget_circleicon-widget\">\t\t<div class=\"circle-icon-box circle-icon-position-top circle-icon-hide-box circle-icon-size-small\">\n\t\t\t<div class=\"circle-icon-wrapper\">\n\t\t\t\t<a href=\"https:\/\/www.jinsai.org\/pt-BR\/ensinamentos\/curiosidades\/o-japao-tem-o-formato-de-um-dragao\/\" class=\"link-icon\" >\t\t\t\t<div class=\"circle-icon icon-style-set\" style=\"background-image: url(https:\/\/www.jinsai.org\/pt-BR\/wp-content\/uploads\/2018\/07\/ppt_slide_380_1-150x150.png)\">\n\t\t\t\t\t\t\t\t\t<\/div>\n\t\t\t\t<\/a>\t\t\t<\/div>\n\n\t\t\t<a href=\"https:\/\/www.jinsai.org\/pt-BR\/ensinamentos\/curiosidades\/o-japao-tem-o-formato-de-um-dragao\/\" class=\"link-title\" >\t\t\t<h5 >Curiosidades<\/h5>\t\t\t<h4 >O JAP\u00c3O TEM O FORMATO DE UM DRAG\u00c3O<\/h4>\t\t\t<\/a>\n\t\t\t<p class=\"text\" >Pergunta: H\u00e1 uma teoria de que Okinawa \u00e9 a origem do povo japon\u00eas. O que o senhor acha desta teoria?<\/p>\t\t\t\t\t\t\t<a href=\"https:\/\/www.jinsai.org\/pt-BR\/ensinamentos\/curiosidades\/o-japao-tem-o-formato-de-um-dragao\/\" class=\"more-button\" >Continue lendo <i><\/i><\/a>\n\t\t\t\t\t<\/div>\n\t\t<\/div><div class=\"widget widget_circleicon-widget\">\t\t<div class=\"circle-icon-box circle-icon-position-top circle-icon-hide-box circle-icon-size-small\">\n\t\t\t<div class=\"circle-icon-wrapper\">\n\t\t\t\t<a href=\"https:\/\/www.jinsai.org\/pt-BR\/ensinamentos\/curiosidades\/o-significado-das-quatro-direcoes\/\" class=\"link-icon\" >\t\t\t\t<div class=\"circle-icon icon-style-set\" style=\"background-image: url(https:\/\/www.jinsai.org\/pt-BR\/wp-content\/uploads\/2018\/07\/mandalayahuasca-150x150.jpg)\">\n\t\t\t\t\t\t\t\t\t<\/div>\n\t\t\t\t<\/a>\t\t\t<\/div>\n\n\t\t\t<a href=\"https:\/\/www.jinsai.org\/pt-BR\/ensinamentos\/curiosidades\/o-significado-das-quatro-direcoes\/\" class=\"link-title\" >\t\t\t<h5 >Curiosidades<\/h5>\t\t\t<h4 >O SIGNIFICADO DAS QUATRO DIRE\u00c7\u00d5ES<\/h4>\t\t\t<\/a>\n\t\t\t<p class=\"text\" >Pergunta: Quando cavamos um po\u00e7o, qual dire\u00e7\u00e3o devemos escolher? A condi\u00e7\u00e3o espiritual do dono tem alguma influ\u00eancia na qualidade da \u00e1gua?<\/p>\t\t\t\t\t\t\t<a href=\"https:\/\/www.jinsai.org\/pt-BR\/ensinamentos\/curiosidades\/o-significado-das-quatro-direcoes\/\" class=\"more-button\" >Continue lendo <i><\/i><\/a>\n\t\t\t\t\t<\/div>\n\t\t<\/div><div class=\"clear\"><\/div><div class=\"widget widget_circleicon-widget\">\t\t<div class=\"circle-icon-box circle-icon-position-top circle-icon-hide-box circle-icon-size-small\">\n\t\t\t<div class=\"circle-icon-wrapper\">\n\t\t\t\t<a href=\"https:\/\/www.jinsai.org\/pt-BR\/ensinamentos\/curiosidades\/ondas-eletromagneticas-sem-fio-wi-fi\/\" class=\"link-icon\" >\t\t\t\t<div class=\"circle-icon icon-style-set\" style=\"background-image: url(https:\/\/www.jinsai.org\/pt-BR\/wp-content\/uploads\/2018\/07\/black-wifi-512-150x150.jpg)\">\n\t\t\t\t\t\t\t\t\t<\/div>\n\t\t\t\t<\/a>\t\t\t<\/div>\n\n\t\t\t<a href=\"https:\/\/www.jinsai.org\/pt-BR\/ensinamentos\/curiosidades\/ondas-eletromagneticas-sem-fio-wi-fi\/\" class=\"link-title\" >\t\t\t<h5 >Curiosidades<\/h5>\t\t\t<h4 >ONDAS ELETROMAGN\u00c9TICAS SEM FIO (WI-FI)<\/h4>\t\t\t<\/a>\n\t\t\t<p class=\"text\" >Pouco a pouco o mundo est\u00e1 virando &#8220;dia&#8221; . Por isso, conforme vai ficando mais quente, as temperaturas v\u00e3o ficando mais equilibradas*. Isso \u00e9 porque o elemento fogo aumentou e tamb\u00e9m devido ao desenvolvimento das ondas eletromagn\u00e9ticas sem fio (NT: Wi-Fi) &#8211; algo parecido com as ondas de r\u00e1dio, isso vai fazer o clima se [&hellip;]<\/p>\t\t\t\t\t\t\t<a href=\"https:\/\/www.jinsai.org\/pt-BR\/ensinamentos\/curiosidades\/ondas-eletromagneticas-sem-fio-wi-fi\/\" class=\"more-button\" >Continue lendo <i><\/i><\/a>\n\t\t\t\t\t<\/div>\n\t\t<\/div><div class=\"widget widget_circleicon-widget\">\t\t<div class=\"circle-icon-box circle-icon-position-top circle-icon-hide-box circle-icon-size-small\">\n\t\t\t<div class=\"circle-icon-wrapper\">\n\t\t\t\t<a href=\"https:\/\/www.jinsai.org\/pt-BR\/ensinamentos\/curiosidades\/os-animais-e-as-plantas-nao-tem-pecado\/\" class=\"link-icon\" >\t\t\t\t<div class=\"circle-icon icon-style-set\" style=\"background-image: url(https:\/\/www.jinsai.org\/pt-BR\/wp-content\/uploads\/2018\/07\/63axagif7m67rcqubzogt4bo5-150x150.jpg)\">\n\t\t\t\t\t\t\t\t\t<\/div>\n\t\t\t\t<\/a>\t\t\t<\/div>\n\n\t\t\t<a href=\"https:\/\/www.jinsai.org\/pt-BR\/ensinamentos\/curiosidades\/os-animais-e-as-plantas-nao-tem-pecado\/\" class=\"link-title\" >\t\t\t<h5 >Curiosidades<\/h5>\t\t\t<h4 >OS ANIMAIS E AS PLANTAS N\u00c3O T\u00caM PECADO<\/h4>\t\t\t<\/a>\n\t\t\t<p class=\"text\" >Pergunta: As doen\u00e7as de plantas e animais tamb\u00e9m s\u00e3o processos de purifica\u00e7\u00e3o das nuvens do esp\u00edrito?<\/p>\t\t\t\t\t\t\t<a href=\"https:\/\/www.jinsai.org\/pt-BR\/ensinamentos\/curiosidades\/os-animais-e-as-plantas-nao-tem-pecado\/\" class=\"more-button\" >Continue lendo <i><\/i><\/a>\n\t\t\t\t\t<\/div>\n\t\t<\/div><div class=\"widget widget_circleicon-widget\">\t\t<div class=\"circle-icon-box circle-icon-position-top circle-icon-hide-box circle-icon-size-small\">\n\t\t\t<div class=\"circle-icon-wrapper\">\n\t\t\t\t<a href=\"https:\/\/www.jinsai.org\/pt-BR\/ensinamentos\/curiosidades\/os-oito-grandes-dragoes-reis\/\" class=\"link-icon\" >\t\t\t\t<div class=\"circle-icon icon-style-set\" style=\"background-image: url(https:\/\/www.jinsai.org\/pt-BR\/wp-content\/uploads\/2018\/07\/Dragon-hachidai-150x150.jpg)\">\n\t\t\t\t\t\t\t\t\t<\/div>\n\t\t\t\t<\/a>\t\t\t<\/div>\n\n\t\t\t<a href=\"https:\/\/www.jinsai.org\/pt-BR\/ensinamentos\/curiosidades\/os-oito-grandes-dragoes-reis\/\" class=\"link-title\" >\t\t\t<h5 >Curiosidades<\/h5>\t\t\t<h4 >OS OITO GRANDES DRAG\u00d5ES-REIS<\/h4>\t\t\t<\/a>\n\t\t\t<p class=\"text\" >Pergunta: Sobre os oito grandes reis-drag\u00f5es: 1 1) especialmente a afinidade dos deuses-drag\u00f5es que foram confinados nos mares do Jap\u00e3o; 2) suas atividades atuais; e 3) o significado do seu poema \u201cYatariotome \/ Tornou-se um esp\u00edrito divino \/ e desceu \u00a0\/ A este plano terrestre \/ Como o Deus Izunome.\u201d (Yatariotome tada hitokashira no kamumitama [&hellip;]<\/p>\t\t\t\t\t\t\t<a href=\"https:\/\/www.jinsai.org\/pt-BR\/ensinamentos\/curiosidades\/os-oito-grandes-dragoes-reis\/\" class=\"more-button\" >Continue lendo <i><\/i><\/a>\n\t\t\t\t\t<\/div>\n\t\t<\/div><div class=\"clear\"><\/div><div class=\"widget widget_circleicon-widget\">\t\t<div class=\"circle-icon-box circle-icon-position-top circle-icon-hide-box circle-icon-size-small\">\n\t\t\t<div class=\"circle-icon-wrapper\">\n\t\t\t\t<a href=\"https:\/\/www.jinsai.org\/pt-BR\/ensinamentos\/curiosidades\/reiki-e-tratamentos-energeticos\/\" class=\"link-icon\" >\t\t\t\t<div class=\"circle-icon icon-style-set\" style=\"background-image: url(https:\/\/www.jinsai.org\/pt-BR\/wp-content\/uploads\/2018\/05\/reiki-I-espacoluzevida-150x150.jpg)\">\n\t\t\t\t\t\t\t\t\t<\/div>\n\t\t\t\t<\/a>\t\t\t<\/div>\n\n\t\t\t<a href=\"https:\/\/www.jinsai.org\/pt-BR\/ensinamentos\/curiosidades\/reiki-e-tratamentos-energeticos\/\" class=\"link-title\" >\t\t\t<h5 >Curiosidades<\/h5>\t\t\t<h4 >REIKI E TRATAMENTOS ENERG\u00c9TICOS*<\/h4>\t\t\t<\/a>\n\t\t\t<p class=\"text\" >Pergunta: No passado, ouvia-se muito falar de &#8220;tratamentos energ\u00e9ticos&#8221; (N.T. no original\u00a0reiki-ryoho;\u00a0reiki, na l\u00edngua japonesa, \u00e9 um termo gen\u00e9rico que se refere \u00e0 energia vital ou espiritual e\u00a0ryoho\u00a0significa tratamento) e gostaria de saber mais.<\/p>\t\t\t\t\t\t\t<a href=\"https:\/\/www.jinsai.org\/pt-BR\/ensinamentos\/curiosidades\/reiki-e-tratamentos-energeticos\/\" class=\"more-button\" >Continue lendo <i><\/i><\/a>\n\t\t\t\t\t<\/div>\n\t\t<\/div><div class=\"widget widget_circleicon-widget\">\t\t<div class=\"circle-icon-box circle-icon-position-top circle-icon-hide-box circle-icon-size-small\">\n\t\t\t<div class=\"circle-icon-wrapper\">\n\t\t\t\t<a href=\"https:\/\/www.jinsai.org\/pt-BR\/ensinamentos\/curiosidades\/sobre-chocolate-e-outros-doces\/\" class=\"link-icon\" >\t\t\t\t<div class=\"circle-icon icon-style-set\" style=\"background-image: url(https:\/\/www.jinsai.org\/pt-BR\/wp-content\/uploads\/2018\/07\/chocolate-150x150.jpg)\">\n\t\t\t\t\t\t\t\t\t<\/div>\n\t\t\t\t<\/a>\t\t\t<\/div>\n\n\t\t\t<a href=\"https:\/\/www.jinsai.org\/pt-BR\/ensinamentos\/curiosidades\/sobre-chocolate-e-outros-doces\/\" class=\"link-title\" >\t\t\t<h5 >Curiosidades<\/h5>\t\t\t<h4 >SOBRE CHOCOLATE E OUTROS DOCES<\/h4>\t\t\t<\/a>\n\t\t\t<p class=\"text\" >Pergunta: Quando comi chocolate me deu a impress\u00e3o que a dor voltou; gostaria que fizesse o favor de me explicar o motivo disto.<\/p>\t\t\t\t\t\t\t<a href=\"https:\/\/www.jinsai.org\/pt-BR\/ensinamentos\/curiosidades\/sobre-chocolate-e-outros-doces\/\" class=\"more-button\" >Continue lendo <i><\/i><\/a>\n\t\t\t\t\t<\/div>\n\t\t<\/div><div class=\"widget widget_circleicon-widget\">\t\t<div class=\"circle-icon-box circle-icon-position-top circle-icon-hide-box circle-icon-size-small\">\n\t\t\t<div class=\"circle-icon-wrapper\">\n\t\t\t\t<a href=\"https:\/\/www.jinsai.org\/pt-BR\/ensinamentos\/curiosidades\/tamanho-da-barba-e-cabelo\/\" class=\"link-icon\" >\t\t\t\t<div class=\"circle-icon icon-style-set\" style=\"background-image: url(https:\/\/www.jinsai.org\/pt-BR\/wp-content\/uploads\/2018\/07\/bfa7b39646da332d3d331d8e21b0c13d-150x150.jpg)\">\n\t\t\t\t\t\t\t\t\t<\/div>\n\t\t\t\t<\/a>\t\t\t<\/div>\n\n\t\t\t<a href=\"https:\/\/www.jinsai.org\/pt-BR\/ensinamentos\/curiosidades\/tamanho-da-barba-e-cabelo\/\" class=\"link-title\" >\t\t\t<h5 >Curiosidades<\/h5>\t\t\t<h4 >TAMANHO DA BARBA E CABELO<\/h4>\t\t\t<\/a>\n\t\t\t<p class=\"text\" >Pergunta: H\u00e1 algum tempo, quando ainda aplic\u00e1vamos terapia\u00b9, escutei de algu\u00e9m que n\u00e3o era membro que um terapeuta\u00b2 n\u00e3o deveria usar barba. O que pensa a respeito disso?<\/p>\t\t\t\t\t\t\t<a href=\"https:\/\/www.jinsai.org\/pt-BR\/ensinamentos\/curiosidades\/tamanho-da-barba-e-cabelo\/\" class=\"more-button\" >Continue lendo <i><\/i><\/a>\n\t\t\t\t\t<\/div>\n\t\t<\/div><div class=\"clear\"><\/div><div class=\"widget widget_circleicon-widget\">\t\t<div class=\"circle-icon-box circle-icon-position-top circle-icon-hide-box circle-icon-size-small\">\n\t\t\t<div class=\"circle-icon-wrapper\">\n\t\t\t\t<a href=\"https:\/\/www.jinsai.org\/pt-BR\/ensinamentos\/curiosidades\/tinkon\/\" class=\"link-icon\" >\t\t\t\t<div class=\"circle-icon icon-style-set\" style=\"background-image: url(https:\/\/www.jinsai.org\/pt-BR\/wp-content\/uploads\/2018\/05\/Chinkon-meditation-150x150.jpg)\">\n\t\t\t\t\t\t\t\t\t<\/div>\n\t\t\t\t<\/a>\t\t\t<\/div>\n\n\t\t\t<a href=\"https:\/\/www.jinsai.org\/pt-BR\/ensinamentos\/curiosidades\/tinkon\/\" class=\"link-title\" >\t\t\t<h5 >Curiosidades<\/h5>\t\t\t<h4 >TINKON<\/h4>\t\t\t<\/a>\n\t\t\t<p class=\"text\" >Pergunta: Gostaria que me ensinasse como fazer o tinkon.<\/p>\t\t\t\t\t\t\t<a href=\"https:\/\/www.jinsai.org\/pt-BR\/ensinamentos\/curiosidades\/tinkon\/\" class=\"more-button\" >Continue lendo <i><\/i><\/a>\n\t\t\t\t\t<\/div>\n\t\t<\/div><div class=\"widget widget_circleicon-widget\">\t\t<div class=\"circle-icon-box circle-icon-position-top circle-icon-hide-box circle-icon-size-small\">\n\t\t\t<div class=\"circle-icon-wrapper\">\n\t\t\t\t<a href=\"https:\/\/www.jinsai.org\/pt-BR\/ensinamentos\/curiosidades\/urinar-sobre-minhocas\/\" class=\"link-icon\" >\t\t\t\t<div class=\"circle-icon icon-style-set\" style=\"background-image: url(https:\/\/www.jinsai.org\/pt-BR\/wp-content\/uploads\/2018\/07\/minhoca-8-150x150.jpg)\">\n\t\t\t\t\t\t\t\t\t<\/div>\n\t\t\t\t<\/a>\t\t\t<\/div>\n\n\t\t\t<a href=\"https:\/\/www.jinsai.org\/pt-BR\/ensinamentos\/curiosidades\/urinar-sobre-minhocas\/\" class=\"link-title\" >\t\t\t<h5 >Curiosidades<\/h5>\t\t\t<h4 >URINAR SOBRE MINHOCAS<\/h4>\t\t\t<\/a>\n\t\t\t<p class=\"text\" >Pergunta: Por diversas vezes, as crian\u00e7as t\u00eam a genit\u00e1lia masculina inchada ap\u00f3s urinar sobre minhocas. Me parece que h\u00e1 uma causa espiritual.<\/p>\t\t\t\t\t\t\t<a href=\"https:\/\/www.jinsai.org\/pt-BR\/ensinamentos\/curiosidades\/urinar-sobre-minhocas\/\" class=\"more-button\" >Continue lendo <i><\/i><\/a>\n\t\t\t\t\t<\/div>\n\t\t<\/div><div class=\"widget widget_circleicon-widget\">\t\t<div class=\"circle-icon-box circle-icon-position-top circle-icon-hide-box circle-icon-size-small\">\n\t\t\t<div class=\"circle-icon-wrapper\">\n\t\t\t\t<a href=\"https:\/\/www.jinsai.org\/pt-BR\/ensinamentos\/curiosidades\/a-amatsu-norito\/\" class=\"link-icon\" >\t\t\t\t<div class=\"circle-icon icon-style-set\" style=\"background-image: url(https:\/\/www.jinsai.org\/pt-BR\/wp-content\/uploads\/2018\/07\/formacao-de-neblina-150x150.jpg)\">\n\t\t\t\t\t\t\t\t\t<\/div>\n\t\t\t\t<\/a>\t\t\t<\/div>\n\n\t\t\t<a href=\"https:\/\/www.jinsai.org\/pt-BR\/ensinamentos\/curiosidades\/a-amatsu-norito\/\" class=\"link-title\" >\t\t\t<h5 >Curiosidades<\/h5>\t\t\t<h4 >A AMATSU NORITO<\/h4>\t\t\t<\/a>\n\t\t\t<p class=\"text\" >Pergunta: Quem criou a ora\u00e7\u00e3o Amatsu Norito e quando, e qual o significado espiritual do ponto de vista do kototama (esp\u00edrito da palavra)?<\/p>\t\t\t\t\t\t\t<a href=\"https:\/\/www.jinsai.org\/pt-BR\/ensinamentos\/curiosidades\/a-amatsu-norito\/\" class=\"more-button\" >Continue lendo <i><\/i><\/a>\n\t\t\t\t\t<\/div>\n\t\t<\/div><div class=\"clear\"><\/div><div class=\"widget widget_circleicon-widget\">\t\t<div class=\"circle-icon-box circle-icon-position-top circle-icon-hide-box circle-icon-size-small\">\n\t\t\t<div class=\"circle-icon-wrapper\">\n\t\t\t\t<a href=\"https:\/\/www.jinsai.org\/pt-BR\/ensinamentos\/curiosidades\/templo-de-miroku-na-birmania\/\" class=\"link-icon\" >\t\t\t\t<div class=\"circle-icon icon-style-set\" style=\"background-image: url(https:\/\/www.jinsai.org\/pt-BR\/wp-content\/uploads\/2018\/07\/equipe-rezar-no-templo-budista-tibetano-de-maitreya-em-ladakh-\u00edndia-80007647-150x150.jpg)\">\n\t\t\t\t\t\t\t\t\t<\/div>\n\t\t\t\t<\/a>\t\t\t<\/div>\n\n\t\t\t<a href=\"https:\/\/www.jinsai.org\/pt-BR\/ensinamentos\/curiosidades\/templo-de-miroku-na-birmania\/\" class=\"link-title\" >\t\t\t<h5 >Curiosidades<\/h5>\t\t\t<h4 >TEMPLO DE MIROKU NA BIRM\u00c2NIA<\/h4>\t\t\t<\/a>\n\t\t\t<p class=\"text\" >(&#8230;) J\u00e1 mencionei antes que algu\u00e9m vai trazer um dos Rockefellers para Hakone no pr\u00f3ximo ano, e isso vai ser bom. Quando se chegar ao ponto de construir um (Prot\u00f3tipo do) Para\u00edso Terrestre nos Estados Unidos, dinheiro n\u00e3o ser\u00e1 um problema. A Funda\u00e7\u00e3o Rockefeller \u00e9 realmente extraordin\u00e1ria. A nossa Igreja n\u00e3o merece ter a palavra [&hellip;]<\/p>\t\t\t\t\t\t\t<a href=\"https:\/\/www.jinsai.org\/pt-BR\/ensinamentos\/curiosidades\/templo-de-miroku-na-birmania\/\" class=\"more-button\" >Continue lendo <i><\/i><\/a>\n\t\t\t\t\t<\/div>\n\t\t<\/div><div class=\"widget widget_circleicon-widget\">\t\t<div class=\"circle-icon-box circle-icon-position-top circle-icon-hide-box circle-icon-size-small\">\n\t\t\t<div class=\"circle-icon-wrapper\">\n\t\t\t\t<a href=\"https:\/\/www.jinsai.org\/pt-BR\/ensinamentos\/curiosidades\/cremacao-e-enterro\/\" class=\"link-icon\" >\t\t\t\t<div class=\"circle-icon icon-style-set\" style=\"background-image: url(https:\/\/www.jinsai.org\/pt-BR\/wp-content\/uploads\/2018\/07\/cortejo-150x150.jpg)\">\n\t\t\t\t\t\t\t\t\t<\/div>\n\t\t\t\t<\/a>\t\t\t<\/div>\n\n\t\t\t<a href=\"https:\/\/www.jinsai.org\/pt-BR\/ensinamentos\/curiosidades\/cremacao-e-enterro\/\" class=\"link-title\" >\t\t\t<h5 >Curiosidades<\/h5>\t\t\t<h4 >CREMA\u00c7\u00c3O E ENTERRO<\/h4>\t\t\t<\/a>\n\t\t\t<p class=\"text\" >Pergunta: A respeito de cremar ou enterrar.<\/p>\t\t\t\t\t\t\t<a href=\"https:\/\/www.jinsai.org\/pt-BR\/ensinamentos\/curiosidades\/cremacao-e-enterro\/\" class=\"more-button\" >Continue lendo <i><\/i><\/a>\n\t\t\t\t\t<\/div>\n\t\t<\/div><div class=\"widget widget_circleicon-widget\">\t\t<div class=\"circle-icon-box circle-icon-position-top circle-icon-hide-box circle-icon-size-small\">\n\t\t\t<div class=\"circle-icon-wrapper\">\n\t\t\t\t<a href=\"https:\/\/www.jinsai.org\/pt-BR\/ensinamentos\/curiosidades\/as-sete-racas-da-humanidade\/\" class=\"link-icon\" >\t\t\t\t<div class=\"circle-icon icon-style-set\" style=\"background-image: url(https:\/\/www.jinsai.org\/pt-BR\/wp-content\/uploads\/2018\/05\/maxresdefault-1-150x150.jpg)\">\n\t\t\t\t\t\t\t\t\t<\/div>\n\t\t\t\t<\/a>\t\t\t<\/div>\n\n\t\t\t<a href=\"https:\/\/www.jinsai.org\/pt-BR\/ensinamentos\/curiosidades\/as-sete-racas-da-humanidade\/\" class=\"link-title\" >\t\t\t<h5 >Curiosidades<\/h5>\t\t\t<h4 >AS SETE RA\u00c7AS DA HUMANIDADE<\/h4>\t\t\t<\/a>\n\t\t\t<p class=\"text\" >Pergunta: Ontem assisti a um semin\u00e1rio da Sociedade Teos\u00f3fica (Mirokulogia) Foi falado que na hist\u00f3ria do mundo h\u00e1 uma sucess\u00e3o de sete tipos de ra\u00e7as humanas. No fim da primeira houve grande guerra seguida por calamidades naturais e ent\u00e3o surgiu a segunda ra\u00e7a. A quarta ra\u00e7a, que submergiu no Oceano Pac\u00edfico, eram os atlantes, e [&hellip;]<\/p>\t\t\t\t\t\t\t<a href=\"https:\/\/www.jinsai.org\/pt-BR\/ensinamentos\/curiosidades\/as-sete-racas-da-humanidade\/\" class=\"more-button\" >Continue lendo <i><\/i><\/a>\n\t\t\t\t\t<\/div>\n\t\t<\/div><div class=\"clear\"><\/div><div class=\"widget widget_circleicon-widget\">\t\t<div class=\"circle-icon-box circle-icon-position-top circle-icon-hide-box circle-icon-size-small\">\n\t\t\t<div class=\"circle-icon-wrapper\">\n\t\t\t\t<a href=\"https:\/\/www.jinsai.org\/pt-BR\/ensinamentos\/curiosidades\/as-quatro-faculdades-da-alma-humana\/\" class=\"link-icon\" >\t\t\t\t<div class=\"circle-icon icon-style-set\" style=\"background-image: url(https:\/\/www.jinsai.org\/pt-BR\/wp-content\/uploads\/2018\/07\/buddha-2100204_1280-150x150.jpg)\">\n\t\t\t\t\t\t\t\t\t<\/div>\n\t\t\t\t<\/a>\t\t\t<\/div>\n\n\t\t\t<a href=\"https:\/\/www.jinsai.org\/pt-BR\/ensinamentos\/curiosidades\/as-quatro-faculdades-da-alma-humana\/\" class=\"link-title\" >\t\t\t<h5 >Curiosidades<\/h5>\t\t\t<h4 >AS QUATRO FACULDADES DA ALMA HUMANA<\/h4>\t\t\t<\/a>\n\t\t\t<p class=\"text\" >Pergunta: Por favor, explique as quatro faculdades da alma humana.Meishu-Sama: As quatro principais faculdades da alma humana s\u00e3o: coragem, sabedoria, amor e confian\u00e7a em Deus (f\u00e9). Quando a coragem atua positivamente, \u00e9 bom. \u00c0s vezes atua negativamente; assim, a pessoa se torna violenta. Quando a sabedoria atua positivamente, contribui para a felicidade humana. Por exemplo, [&hellip;]<\/p>\t\t\t\t\t\t\t<a href=\"https:\/\/www.jinsai.org\/pt-BR\/ensinamentos\/curiosidades\/as-quatro-faculdades-da-alma-humana\/\" class=\"more-button\" >Continue lendo <i><\/i><\/a>\n\t\t\t\t\t<\/div>\n\t\t<\/div><div class=\"widget widget_circleicon-widget\">\t\t<div class=\"circle-icon-box circle-icon-position-top circle-icon-hide-box circle-icon-size-small\">\n\t\t\t<div class=\"circle-icon-wrapper\">\n\t\t\t\t<a href=\"https:\/\/www.jinsai.org\/pt-BR\/ensinamentos\/curiosidades\/discos-voadores-e-vida-fora-da-terra\/\" class=\"link-icon\" >\t\t\t\t<div class=\"circle-icon icon-style-set\" style=\"background-image: url(https:\/\/www.jinsai.org\/pt-BR\/wp-content\/uploads\/2018\/05\/maxresdefault-150x150.jpg)\">\n\t\t\t\t\t\t\t\t\t<\/div>\n\t\t\t\t<\/a>\t\t\t<\/div>\n\n\t\t\t<a href=\"https:\/\/www.jinsai.org\/pt-BR\/ensinamentos\/curiosidades\/discos-voadores-e-vida-fora-da-terra\/\" class=\"link-title\" >\t\t\t<h5 >Curiosidades<\/h5>\t\t\t<h4 >DISCOS VOADORES E VIDA FORA DA TERRA<\/h4>\t\t\t<\/a>\n\t\t\t<p class=\"text\" >Pergunta:&nbsp;Gostaria de fazer uma pergunta sobre discos voadores. J\u00e1 faz um ano que o tema discos voadores apareceu nos jornais, mais ainda hoje n\u00e3o se sabe o que realmente \u00e9. No dia primeiro de agosto deste ano, uma testemunha do epis\u00f3dio relatou o seguinte:1 - Um objeto s\u00f3lido de cor azul clara em sentido sul-norte [&hellip;]<\/p>\t\t\t\t\t\t\t<a href=\"https:\/\/www.jinsai.org\/pt-BR\/ensinamentos\/curiosidades\/discos-voadores-e-vida-fora-da-terra\/\" class=\"more-button\" >Continue lendo <i><\/i><\/a>\n\t\t\t\t\t<\/div>\n\t\t<\/div><div class=\"widget widget_circleicon-widget\">\t\t<div class=\"circle-icon-box circle-icon-position-top circle-icon-hide-box circle-icon-size-small\">\n\t\t\t<div class=\"circle-icon-wrapper\">\n\t\t\t\t<a href=\"https:\/\/www.jinsai.org\/pt-BR\/ensinamentos\/curiosidades\/sereias\/\" class=\"link-icon\" >\t\t\t\t<div class=\"circle-icon icon-style-set\" style=\"background-image: url(https:\/\/www.jinsai.org\/pt-BR\/wp-content\/uploads\/2018\/07\/sereia-150x150.jpg)\">\n\t\t\t\t\t\t\t\t\t<\/div>\n\t\t\t\t<\/a>\t\t\t<\/div>\n\n\t\t\t<a href=\"https:\/\/www.jinsai.org\/pt-BR\/ensinamentos\/curiosidades\/sereias\/\" class=\"link-title\" >\t\t\t<h5 >Curiosidades<\/h5>\t\t\t<h4 >SEREIAS<\/h4>\t\t\t<\/a>\n\t\t\t<p class=\"text\" >Pergunta: Dizem que existem sereias nos arredores da ilha de Java. Gostaria de saber se isso realmente existe.Meishu-Sama: Sim, sereias existem.Pergunta: Dizem que os macacos antes de se tornarem humanos, se tornam sereias...Meishu-Sama: N\u00e3o, isso \u00e9 mentira!Pergunta: A apar\u00eancia das sereias \u00e9 semelhante \u00e0 das pinturas?Meishu-Sama: Mais ou menos. Esses desenhos foram feitos por pessoas [&hellip;]<\/p>\t\t\t\t\t\t\t<a href=\"https:\/\/www.jinsai.org\/pt-BR\/ensinamentos\/curiosidades\/sereias\/\" class=\"more-button\" >Continue lendo <i><\/i><\/a>\n\t\t\t\t\t<\/div>\n\t\t<\/div><div class=\"clear\"><\/div><div class=\"widget widget_circleicon-widget\">\t\t<div class=\"circle-icon-box circle-icon-position-top circle-icon-hide-box circle-icon-size-small\">\n\t\t\t<div class=\"circle-icon-wrapper\">\n\t\t\t\t<a href=\"https:\/\/www.jinsai.org\/pt-BR\/ensinamentos\/curiosidades\/significado-dos-numeros\/\" class=\"link-icon\" >\t\t\t\t<div class=\"circle-icon icon-style-set\" style=\"background-image: url(https:\/\/www.jinsai.org\/pt-BR\/wp-content\/uploads\/2018\/07\/JesusCreator-05-150x150.jpg)\">\n\t\t\t\t\t\t\t\t\t<\/div>\n\t\t\t\t<\/a>\t\t\t<\/div>\n\n\t\t\t<a href=\"https:\/\/www.jinsai.org\/pt-BR\/ensinamentos\/curiosidades\/significado-dos-numeros\/\" class=\"link-title\" >\t\t\t<h5 >Curiosidades<\/h5>\t\t\t<h4 >SIGNIFICADO DOS N\u00daMEROS<\/h4>\t\t\t<\/a>\n\t\t\t<p class=\"text\" >Pergunta: O n\u00famero sete aparece frequentemente na B\u00edblia. Ele tem algum significado?Meishu-Sama: Sete (\u201cnana\u201d, em japon\u00eas) significa completude ou finaliza\u00e7\u00e3o. Pelo esp\u00edrito da palavra tem o sentido de \u201cnari\u201d ou \u201cnaru\u201d, isto \u00e9, \"ficar pronto\u201d. N\u00e3o apenas na B\u00edblia, mas em todas as coisas, \u201cum\u201d significa \u201cin\u00edcio\u201d ou \u201co \u00fanico, verdadeiro Deus\u201d e \u201cdois\u201d significa [&hellip;]<\/p>\t\t\t\t\t\t\t<a href=\"https:\/\/www.jinsai.org\/pt-BR\/ensinamentos\/curiosidades\/significado-dos-numeros\/\" class=\"more-button\" >Continue lendo <i><\/i><\/a>\n\t\t\t\t\t<\/div>\n\t\t<\/div><div class=\"widget widget_circleicon-widget\">\t\t<div class=\"circle-icon-box circle-icon-position-top circle-icon-hide-box circle-icon-size-small\">\n\t\t\t<div class=\"circle-icon-wrapper\">\n\t\t\t\t<a href=\"https:\/\/www.jinsai.org\/pt-BR\/ensinamentos\/curiosidades\/relacao-espiritual-com-hobbies-e-gosto-pela-cor\/\" class=\"link-icon\" >\t\t\t\t<div class=\"circle-icon icon-style-set\" style=\"background-image: url(https:\/\/www.jinsai.org\/pt-BR\/wp-content\/uploads\/2020\/01\/follow-the-colours-musica-cor-Predominant.ly-01-150x150.jpg)\">\n\t\t\t\t\t\t\t\t\t<\/div>\n\t\t\t\t<\/a>\t\t\t<\/div>\n\n\t\t\t<a href=\"https:\/\/www.jinsai.org\/pt-BR\/ensinamentos\/curiosidades\/relacao-espiritual-com-hobbies-e-gosto-pela-cor\/\" class=\"link-title\" >\t\t\t<h5 >Curiosidades<\/h5>\t\t\t<h4 >RELA\u00c7\u00c3O ESPIRITUAL COM &#8220;HOBBIES&#8221; E GOSTO PELA COR<\/h4>\t\t\t<\/a>\n\t\t\t<p class=\"text\" >Pergunta: Os hobbies das pessoas (pescaria, arranjo de flores, dama, xadrez) t\u00eam causa espiritual? As pessoas gostam cada uma de uma cor, mas este gosto ou desgosto tem causa espiritual? Meishu-Sama: \u00c9 espiritual. Tudo tem rela\u00e7\u00e3o com o esp\u00edrito secund\u00e1rio. \u00c9 melhor n\u00e3o fazer muita pescaria. Ca\u00e7a tamb\u00e9m, se a praticar muito, pode sofrer a [&hellip;]<\/p>\t\t\t\t\t\t\t<a href=\"https:\/\/www.jinsai.org\/pt-BR\/ensinamentos\/curiosidades\/relacao-espiritual-com-hobbies-e-gosto-pela-cor\/\" class=\"more-button\" >Continue lendo <i><\/i><\/a>\n\t\t\t\t\t<\/div>\n\t\t<\/div><div class=\"widget widget_circleicon-widget\">\t\t<div class=\"circle-icon-box circle-icon-position-top circle-icon-hide-box circle-icon-size-small\">\n\t\t\t<div class=\"circle-icon-wrapper\">\n\t\t\t\t<a href=\"https:\/\/www.jinsai.org\/pt-BR\/ensinamentos\/curiosidades\/desmaterializacao-de-animais-e-seres-humanos\/\" class=\"link-icon\" >\t\t\t\t<div class=\"circle-icon icon-style-set\" style=\"background-image: url(https:\/\/www.jinsai.org\/pt-BR\/wp-content\/uploads\/2018\/07\/188002-004-58D1B5AE-150x150.jpg)\">\n\t\t\t\t\t\t\t\t\t<\/div>\n\t\t\t\t<\/a>\t\t\t<\/div>\n\n\t\t\t<a href=\"https:\/\/www.jinsai.org\/pt-BR\/ensinamentos\/curiosidades\/desmaterializacao-de-animais-e-seres-humanos\/\" class=\"link-title\" >\t\t\t<h5 >Curiosidades<\/h5>\t\t\t<h4 >DESMATERIALIZA\u00c7\u00c3O DE ANIMAIS E SERES HUMANOS<\/h4>\t\t\t<\/a>\n\t\t\t<p class=\"text\" >Pergunta: \u00c9 dito que os p\u00e1ssaros se desmaterializam assim que morrem. Isto acontece tamb\u00e9m com outros animais? Seria poss\u00edvel um ser humano ou outro animal se desmaterializar enquanto vivo?Meishu-Sama: A maioria dos p\u00e1ssaros se desmaterializa [assim que morrem], mas n\u00e3o acontece apenas com os p\u00e1ssaros, muitos outros animais se desmaterializam. Entretanto, quando o animal \u00e9 [&hellip;]<\/p>\t\t\t\t\t\t\t<a href=\"https:\/\/www.jinsai.org\/pt-BR\/ensinamentos\/curiosidades\/desmaterializacao-de-animais-e-seres-humanos\/\" class=\"more-button\" >Continue lendo <i><\/i><\/a>\n\t\t\t\t\t<\/div>\n\t\t<\/div><div class=\"clear\"><\/div><div class=\"widget widget_circleicon-widget\">\t\t<div class=\"circle-icon-box circle-icon-position-top circle-icon-hide-box circle-icon-size-small\">\n\t\t\t<div class=\"circle-icon-wrapper\">\n\t\t\t\t<a href=\"https:\/\/www.jinsai.org\/pt-BR\/ensinamentos\/curiosidades\/idade-no-mundo-espiritual\/\" class=\"link-icon\" >\t\t\t\t<div class=\"circle-icon icon-style-set\" style=\"background-image: url(https:\/\/www.jinsai.org\/pt-BR\/wp-content\/uploads\/2018\/07\/mulher-na-flor-150x150.jpg)\">\n\t\t\t\t\t\t\t\t\t<\/div>\n\t\t\t\t<\/a>\t\t\t<\/div>\n\n\t\t\t<a href=\"https:\/\/www.jinsai.org\/pt-BR\/ensinamentos\/curiosidades\/idade-no-mundo-espiritual\/\" class=\"link-title\" >\t\t\t<h5 >Curiosidades<\/h5>\t\t\t<h4 >IDADE NO MUNDO ESPIRITUAL<\/h4>\t\t\t<\/a>\n\t\t\t<p class=\"text\" >Pergunta: (O Sr. disse que) a idade do homem no Mundo Espiritual \u00e9 de cerca de trinta e sete anos e a idade da mulher \u00e9 de cerca de dezoito. A pessoa fica com essa idade logo ap\u00f3s a morte ou o processo de purifica\u00e7\u00e3o ocorre primeiro? Meishu-Sama: As pessoas n\u00e3o ficam com essas idades [&hellip;]<\/p>\t\t\t\t\t\t\t<a href=\"https:\/\/www.jinsai.org\/pt-BR\/ensinamentos\/curiosidades\/idade-no-mundo-espiritual\/\" class=\"more-button\" >Continue lendo <i><\/i><\/a>\n\t\t\t\t\t<\/div>\n\t\t<\/div><div class=\"widget widget_circleicon-widget\">\t\t<div class=\"circle-icon-box circle-icon-position-top circle-icon-hide-box circle-icon-size-small\">\n\t\t\t<div class=\"circle-icon-wrapper\">\n\t\t\t\t<a href=\"https:\/\/www.jinsai.org\/pt-BR\/ensinamentos\/curiosidades\/significado-das-piramides-e-do-yahiro-dono\/\" class=\"link-icon\" >\t\t\t\t<div class=\"circle-icon icon-style-set\" style=\"background-image: url(https:\/\/www.jinsai.org\/pt-BR\/wp-content\/uploads\/2020\/05\/78533e90a8b4475db8b5bf145154f083-Imagem3-150x150.png)\">\n\t\t\t\t\t\t\t\t\t<\/div>\n\t\t\t\t<\/a>\t\t\t<\/div>\n\n\t\t\t<a href=\"https:\/\/www.jinsai.org\/pt-BR\/ensinamentos\/curiosidades\/significado-das-piramides-e-do-yahiro-dono\/\" class=\"link-title\" >\t\t\t<h5 >Curiosidades<\/h5>\t\t\t<h4 >SIGNIFICADO DAS PIR\u00c2MIDES E DO YAHIRO DONO<\/h4>\t\t\t<\/a>\n\t\t\t<p class=\"text\" >Pergunta:\u00a0No antigo Egito foram constru\u00eddas pir\u00e2mides as quais, pelo que ouvi, eram usadas como t\u00famulos. Existe algum significado especial sobre isto? Al\u00e9m disto, ouvi uma teoria que tanto as pir\u00e2mides como os\u00a0hiramitsutono\u00a0(N.T. pedras sagradas de forma piramidal) que est\u00e3o posicionadas de forma a receberem a luz do sol e o Yahiro Dono do Kojiki (N.T. [&hellip;]<\/p>\t\t\t\t\t\t\t<a href=\"https:\/\/www.jinsai.org\/pt-BR\/ensinamentos\/curiosidades\/significado-das-piramides-e-do-yahiro-dono\/\" class=\"more-button\" >Continue lendo <i><\/i><\/a>\n\t\t\t\t\t<\/div>\n\t\t<\/div><div class=\"widget widget_circleicon-widget\">\t\t<div class=\"circle-icon-box circle-icon-position-top circle-icon-hide-box circle-icon-size-small\">\n\t\t\t<div class=\"circle-icon-wrapper\">\n\t\t\t\t<a href=\"https:\/\/www.jinsai.org\/pt-BR\/ensinamentos\/curiosidades\/sobre-o-sepultamento-de-ossos-disposicao-do-corpo\/\" class=\"link-icon\" >\t\t\t\t<div class=\"circle-icon icon-style-set\" style=\"background-image: url(https:\/\/www.jinsai.org\/pt-BR\/wp-content\/uploads\/2018\/05\/2015-11-28t141500z_1899788480_gf20000077408_rtrmadp_3_egypt-archaeology-nefertiti1-150x150.jpg)\">\n\t\t\t\t\t\t\t\t\t<\/div>\n\t\t\t\t<\/a>\t\t\t<\/div>\n\n\t\t\t<a href=\"https:\/\/www.jinsai.org\/pt-BR\/ensinamentos\/curiosidades\/sobre-o-sepultamento-de-ossos-disposicao-do-corpo\/\" class=\"link-title\" >\t\t\t<h5 >Curiosidades<\/h5>\t\t\t<h4 >SOBRE O SEPULTAMENTO DE OSSOS (DISPOSI\u00c7\u00c3O DO CORPO)<\/h4>\t\t\t<\/a>\n\t\t\t<p class=\"text\" >Pergunta:\u00a0Eu escutei de uma pessoa que, baseado no fato que ap\u00f3s a morte o ser humano deve retornar \u00e0 natureza, no caso de enterrar ap\u00f3s a crema\u00e7\u00e3o, se colocarmos em urna funer\u00e1ria de concreto os restos mortais durar\u00e3o indefinidamente, portanto \u00e9 melhor enterrar direto na terra, pois n\u00e3o se estaria indo contra a natureza. Gostaria [&hellip;]<\/p>\t\t\t\t\t\t\t<a href=\"https:\/\/www.jinsai.org\/pt-BR\/ensinamentos\/curiosidades\/sobre-o-sepultamento-de-ossos-disposicao-do-corpo\/\" class=\"more-button\" >Continue lendo <i><\/i><\/a>\n\t\t\t\t\t<\/div>\n\t\t<\/div><div class=\"clear\"><\/div><div class=\"widget widget_circleicon-widget\">\t\t<div class=\"circle-icon-box circle-icon-position-top circle-icon-hide-box circle-icon-size-small\">\n\t\t\t<div class=\"circle-icon-wrapper\">\n\t\t\t\t<a href=\"https:\/\/www.jinsai.org\/pt-BR\/ensinamentos\/curiosidades\/erupcoes-vulcanicas\/\" class=\"link-icon\" >\t\t\t\t<div class=\"circle-icon icon-style-set\" style=\"background-image: url(https:\/\/www.jinsai.org\/pt-BR\/wp-content\/uploads\/2020\/05\/vulc\u00e3o-150x150.jpg)\">\n\t\t\t\t\t\t\t\t\t<\/div>\n\t\t\t\t<\/a>\t\t\t<\/div>\n\n\t\t\t<a href=\"https:\/\/www.jinsai.org\/pt-BR\/ensinamentos\/curiosidades\/erupcoes-vulcanicas\/\" class=\"link-title\" >\t\t\t<h5 >Curiosidades<\/h5>\t\t\t<h4 >ERUP\u00c7\u00d5ES VULC\u00c2NICAS<\/h4>\t\t\t<\/a>\n\t\t\t<p class=\"text\" >Pergunta: Gostaria que me desse uma explica\u00e7\u00e3o espiritual da erup\u00e7\u00e3o vulc\u00e2nica. Queria saber tamb\u00e9m se isto continua mesmo no Mundo da Luz... Meishu-Sama: No Mundo da Luz deixar\u00e1 de haver tais coisas. A erup\u00e7\u00e3o ocorre porque a Terra ainda est\u00e1 inacabada, e porque \u00e9 necess\u00e1ria. As termas surgem por causa disso. As de Atami s\u00e3o [&hellip;]<\/p>\t\t\t\t\t\t\t<a href=\"https:\/\/www.jinsai.org\/pt-BR\/ensinamentos\/curiosidades\/erupcoes-vulcanicas\/\" class=\"more-button\" >Continue lendo <i><\/i><\/a>\n\t\t\t\t\t<\/div>\n\t\t<\/div><div class=\"widget widget_circleicon-widget\">\t\t<div class=\"circle-icon-box circle-icon-position-top circle-icon-hide-box circle-icon-size-small\">\n\t\t\t<div class=\"circle-icon-wrapper\">\n\t\t\t\t<a href=\"https:\/\/www.jinsai.org\/pt-BR\/ensinamentos\/curiosidades\/usar-o-ohikari-na-intimidade-do-casal\/\" class=\"link-icon\" >\t\t\t\t<div class=\"circle-icon icon-style-set\" style=\"background-image: url(https:\/\/www.jinsai.org\/pt-BR\/wp-content\/uploads\/2019\/05\/casal-na-cama-150x150.jpg)\">\n\t\t\t\t\t\t\t\t\t<\/div>\n\t\t\t\t<\/a>\t\t\t<\/div>\n\n\t\t\t<a href=\"https:\/\/www.jinsai.org\/pt-BR\/ensinamentos\/curiosidades\/usar-o-ohikari-na-intimidade-do-casal\/\" class=\"link-title\" >\t\t\t<h5 >Curiosidades<\/h5>\t\t\t<h4 >USAR O OHIKARI NA INTIMIDADE DO CASAL<\/h4>\t\t\t<\/a>\n\t\t\t<p class=\"text\" >Pergunta: Perdoe-me por fazer este tipo de pergunta nesta ocasi\u00e3o, mas quando o casal for dormir junto, pode ficar de Ohikari?<\/p>\t\t\t\t\t\t\t<a href=\"https:\/\/www.jinsai.org\/pt-BR\/ensinamentos\/curiosidades\/usar-o-ohikari-na-intimidade-do-casal\/\" class=\"more-button\" >Continue lendo <i><\/i><\/a>\n\t\t\t\t\t<\/div>\n\t\t<\/div><div class=\"widget widget_circleicon-widget\">\t\t<div class=\"circle-icon-box circle-icon-position-top circle-icon-hide-box circle-icon-size-small\">\n\t\t\t<div class=\"circle-icon-wrapper\">\n\t\t\t\t<a href=\"https:\/\/www.jinsai.org\/pt-BR\/ensinamentos\/curiosidades\/virgens-vao-para-o-ceu\/\" class=\"link-icon\" >\t\t\t\t<div class=\"circle-icon icon-style-set\" style=\"background-image: url(https:\/\/www.jinsai.org\/pt-BR\/wp-content\/uploads\/2018\/07\/Olho-a-rosa...-Na-janela...-10-150x150.png)\">\n\t\t\t\t\t\t\t\t\t<\/div>\n\t\t\t\t<\/a>\t\t\t<\/div>\n\n\t\t\t<a href=\"https:\/\/www.jinsai.org\/pt-BR\/ensinamentos\/curiosidades\/virgens-vao-para-o-ceu\/\" class=\"link-title\" >\t\t\t<h5 >Curiosidades<\/h5>\t\t\t<h4 >VIRGENS V\u00c3O PARA O C\u00c9U<\/h4>\t\t\t<\/a>\n\t\t\t<p class=\"text\" >Pergunta: Ouvi dizer que, de acordo com os seres celestiais, as virgens t\u00eam menos m\u00e1culas, mas isso significa que mulheres casadas t\u00eam muitas m\u00e1culas?Meishu-Sama: Menos impurezas, n\u00e3o menos m\u00e1culas. Mulheres nascem e se casam. Ent\u00e3o pode parecer estranho. Mulheres virgens v\u00e3o para um bom lugar no Mundo Espiritual. Os esp\u00edritos das crian\u00e7as cuidam dos jardins [&hellip;]<\/p>\t\t\t\t\t\t\t<a href=\"https:\/\/www.jinsai.org\/pt-BR\/ensinamentos\/curiosidades\/virgens-vao-para-o-ceu\/\" class=\"more-button\" >Continue lendo <i><\/i><\/a>\n\t\t\t\t\t<\/div>\n\t\t<\/div><div class=\"clear\"><\/div><div class=\"widget widget_circleicon-widget\">\t\t<div class=\"circle-icon-box circle-icon-position-top circle-icon-hide-box circle-icon-size-small\">\n\t\t\t<div class=\"circle-icon-wrapper\">\n\t\t\t\t<a href=\"https:\/\/www.jinsai.org\/pt-BR\/ensinamentos\/curiosidades\/acidentes-predestinados-e-sonhos-premonitorios\/\" class=\"link-icon\" >\t\t\t\t<div class=\"circle-icon icon-style-set\" style=\"background-image: url(https:\/\/www.jinsai.org\/pt-BR\/wp-content\/uploads\/2020\/05\/homem-sonhando-que-esta-caindo-1466629787252_v2_1920x1338-150x150.jpg)\">\n\t\t\t\t\t\t\t\t\t<\/div>\n\t\t\t\t<\/a>\t\t\t<\/div>\n\n\t\t\t<a href=\"https:\/\/www.jinsai.org\/pt-BR\/ensinamentos\/curiosidades\/acidentes-predestinados-e-sonhos-premonitorios\/\" class=\"link-title\" >\t\t\t<h5 >Curiosidades<\/h5>\t\t\t<h4 >ACIDENTES PREDESTINADOS E SONHOS PREMONIT\u00d3RIOS<\/h4>\t\t\t<\/a>\n\t\t\t<p class=\"text\" >Pergunta: Ocorre muito de sonharmos que estamos caindo de um lugar alto e ent\u00e3o acordarmos. Qual o significado deste sonho? E tamb\u00e9m, em rela\u00e7\u00e3o aos sonhos premonit\u00f3rios, por que \u00e9 poss\u00edvel sabermos de fatos futuros por meio deles?Meishu-Sama: Na verdade, j\u00e1 est\u00e3o definidos o dia, o m\u00eas e o ano em que uma pessoa ir\u00e1 [&hellip;]<\/p>\t\t\t\t\t\t\t<a href=\"https:\/\/www.jinsai.org\/pt-BR\/ensinamentos\/curiosidades\/acidentes-predestinados-e-sonhos-premonitorios\/\" class=\"more-button\" >Continue lendo <i><\/i><\/a>\n\t\t\t\t\t<\/div>\n\t\t<\/div><div class=\"widget widget_circleicon-widget\">\t\t<div class=\"circle-icon-box circle-icon-position-top circle-icon-hide-box circle-icon-size-small\">\n\t\t\t<div class=\"circle-icon-wrapper\">\n\t\t\t\t<a href=\"https:\/\/www.jinsai.org\/pt-BR\/ensinamentos\/curiosidades\/letras-da-era-dos-deuses\/\" class=\"link-icon\" >\t\t\t\t<div class=\"circle-icon icon-style-set\" style=\"background-image: url(https:\/\/www.jinsai.org\/pt-BR\/wp-content\/uploads\/2020\/07\/a92fe155-b00c-47de-9465-bf061ca88de0-150x150.jpg)\">\n\t\t\t\t\t\t\t\t\t<\/div>\n\t\t\t\t<\/a>\t\t\t<\/div>\n\n\t\t\t<a href=\"https:\/\/www.jinsai.org\/pt-BR\/ensinamentos\/curiosidades\/letras-da-era-dos-deuses\/\" class=\"link-title\" >\t\t\t<h5 >Curiosidades<\/h5>\t\t\t<h4 >LETRAS DA ERA DOS DEUSES<\/h4>\t\t\t<\/a>\n\t\t\t<p class=\"text\" >Legenda da imagem acima: alfabeto que deu origem ao alfabeto ocidental Pergunta: Gostaria de perguntar sobre Shindai Moji (letras da Era dos Deuses). Meishu-Sama: Penso que elas n\u00e3o s\u00e3o letras do Jap\u00e3o, mas da Europa. S\u00e3o muito semelhantes \u00e0s letras romanas; al\u00e9m disso, escreve-se na horizontal. Os indianos e os europeus vieram ao Jap\u00e3o antes [&hellip;]<\/p>\t\t\t\t\t\t\t<a href=\"https:\/\/www.jinsai.org\/pt-BR\/ensinamentos\/curiosidades\/letras-da-era-dos-deuses\/\" class=\"more-button\" >Continue lendo <i><\/i><\/a>\n\t\t\t\t\t<\/div>\n\t\t<\/div><div class=\"widget widget_circleicon-widget\">\t\t<div class=\"circle-icon-box circle-icon-position-top circle-icon-hide-box circle-icon-size-small\">\n\t\t\t<div class=\"circle-icon-wrapper\">\n\t\t\t\t<a href=\"https:\/\/www.jinsai.org\/pt-BR\/ensinamentos\/curiosidades\/numero-de-almas-no-mundo-espiritual\/\" class=\"link-icon\" >\t\t\t\t<div class=\"circle-icon icon-style-set\" style=\"background-image: url(https:\/\/www.jinsai.org\/pt-BR\/wp-content\/uploads\/2020\/08\/maxresdefault-2-150x150.jpg)\">\n\t\t\t\t\t\t\t\t\t<\/div>\n\t\t\t\t<\/a>\t\t\t<\/div>\n\n\t\t\t<a href=\"https:\/\/www.jinsai.org\/pt-BR\/ensinamentos\/curiosidades\/numero-de-almas-no-mundo-espiritual\/\" class=\"link-title\" >\t\t\t<h5 >Curiosidades<\/h5>\t\t\t<h4 >N\u00daMERO DE ALMAS NO MUNDO ESPIRITUAL<\/h4>\t\t\t<\/a>\n\t\t\t<p class=\"text\" >Pergunta: Existe varia\u00e7\u00e3o no n\u00famero de almas no Mundo Espiritual e no Mundo Material, conforme o tempo e o lugar? Meishu-Sama: Evidentemente que existe varia\u00e7\u00e3o. Todavia, n\u00e3o existe diminui\u00e7\u00e3o, existe apenas o aumento de almas. Conforme aumenta o n\u00famero de seres humanos, est\u00e1 aumentando o n\u00famero de almas. Pergunta: Se pensarmos que o aumento dos [&hellip;]<\/p>\t\t\t\t\t\t\t<a href=\"https:\/\/www.jinsai.org\/pt-BR\/ensinamentos\/curiosidades\/numero-de-almas-no-mundo-espiritual\/\" class=\"more-button\" >Continue lendo <i><\/i><\/a>\n\t\t\t\t\t<\/div>\n\t\t<\/div><div class=\"clear\"><\/div><div class=\"widget widget_circleicon-widget\">\t\t<div class=\"circle-icon-box circle-icon-position-top circle-icon-hide-box circle-icon-size-small\">\n\t\t\t<div class=\"circle-icon-wrapper\">\n\t\t\t\t<a href=\"https:\/\/www.jinsai.org\/pt-BR\/ensinamentos\/curiosidades\/data-da-grande-purificacao\/\" class=\"link-icon\" >\t\t\t\t<div class=\"circle-icon icon-style-set\" style=\"background-image: url(https:\/\/www.jinsai.org\/pt-BR\/wp-content\/uploads\/2020\/08\/BSXBBU7VSZLECPYCPMAXWGBBTY-150x150.jpg)\">\n\t\t\t\t\t\t\t\t\t<\/div>\n\t\t\t\t<\/a>\t\t\t<\/div>\n\n\t\t\t<a href=\"https:\/\/www.jinsai.org\/pt-BR\/ensinamentos\/curiosidades\/data-da-grande-purificacao\/\" class=\"link-title\" >\t\t\t<h5 >Curiosidades<\/h5>\t\t\t<h4 >DATA DA GRANDE PURIFICA\u00c7\u00c3O<\/h4>\t\t\t<\/a>\n\t\t\t<p class=\"text\" >Pergunta: A grande purifica\u00e7\u00e3o acontecer\u00e1 repentinamente ano que vem, ou acontecer\u00e1 ap\u00f3s tr\u00eas ou quatro anos?Meishu-Sama: A grande purifica\u00e7\u00e3o j\u00e1 vem acontecendo faz algum tempo. Agora mesmo ela est\u00e1 acontecendo. A queda da classe alta, as dificuldades no cotidiano dos membros da Casa Imperial ap\u00f3s a Guerra s\u00e3o ind\u00edcios do que digo. A confus\u00e3o no [&hellip;]<\/p>\t\t\t\t\t\t\t<a href=\"https:\/\/www.jinsai.org\/pt-BR\/ensinamentos\/curiosidades\/data-da-grande-purificacao\/\" class=\"more-button\" >Continue lendo <i><\/i><\/a>\n\t\t\t\t\t<\/div>\n\t\t<\/div><div class=\"widget widget_circleicon-widget\">\t\t<div class=\"circle-icon-box circle-icon-position-top circle-icon-hide-box circle-icon-size-small\">\n\t\t\t<div class=\"circle-icon-wrapper\">\n\t\t\t\t<a href=\"https:\/\/www.jinsai.org\/pt-BR\/ensinamentos\/curiosidades\/sobre-a-relacao-entre-o-sol-a-lua-as-estrelas-e-a-terra\/\" class=\"link-icon\" >\t\t\t\t<div class=\"circle-icon icon-style-set\" style=\"background-image: url(https:\/\/www.jinsai.org\/pt-BR\/wp-content\/uploads\/2021\/01\/Capa-atronomia-copy-1240x540-150x65.jpg)\">\n\t\t\t\t\t\t\t\t\t<\/div>\n\t\t\t\t<\/a>\t\t\t<\/div>\n\n\t\t\t<a href=\"https:\/\/www.jinsai.org\/pt-BR\/ensinamentos\/curiosidades\/sobre-a-relacao-entre-o-sol-a-lua-as-estrelas-e-a-terra\/\" class=\"link-title\" >\t\t\t<h5 >Curiosidades<\/h5>\t\t\t<h4 >SOBRE A RELA\u00c7\u00c3O ENTRE O SOL, A LUA, AS ESTRELAS E A TERRA<\/h4>\t\t\t<\/a>\n\t\t\t<p class=\"text\" >Pergunta: A respeito da rela\u00e7\u00e3o entre o sol, a lua, as estrelas e a terra.Meishu-Sama: N\u00e3o existem seres vivos em nenhum corpo planet\u00e1rio al\u00e9m da Terra. Tudo existe em prol da Terra, digo, em prol do ser humano. O prop\u00f3sito de Deus \u00e9 formar e desenvolver a humanidade. Com este prop\u00f3sito entre as muitas coisas [&hellip;]<\/p>\t\t\t\t\t\t\t<a href=\"https:\/\/www.jinsai.org\/pt-BR\/ensinamentos\/curiosidades\/sobre-a-relacao-entre-o-sol-a-lua-as-estrelas-e-a-terra\/\" class=\"more-button\" >Continue lendo <i><\/i><\/a>\n\t\t\t\t\t<\/div>\n\t\t<\/div><div class=\"widget widget_circleicon-widget\">\t\t<div class=\"circle-icon-box circle-icon-position-top circle-icon-hide-box circle-icon-size-small\">\n\t\t\t<div class=\"circle-icon-wrapper\">\n\t\t\t\t<a href=\"https:\/\/www.jinsai.org\/pt-BR\/ensinamentos\/curiosidades\/nomes-e-kototama\/\" class=\"link-icon\" >\t\t\t\t<div class=\"circle-icon icon-style-set\" style=\"background-image: url(https:\/\/www.jinsai.org\/pt-BR\/wp-content\/uploads\/2021\/03\/Kototama-150x69.jpg)\">\n\t\t\t\t\t\t\t\t\t<\/div>\n\t\t\t\t<\/a>\t\t\t<\/div>\n\n\t\t\t<a href=\"https:\/\/www.jinsai.org\/pt-BR\/ensinamentos\/curiosidades\/nomes-e-kototama\/\" class=\"link-title\" >\t\t\t<h5 >Curiosidades<\/h5>\t\t\t<h4 >NOMES E KOTOTAMA<\/h4>\t\t\t<\/a>\n\t\t\t<p class=\"text\" >Na Ci\u00eancia do Esp\u00edrito da Palavra, os sons da primeira linha do silab\u00e1rio, a, i, u, e, o, s\u00e3o fundamentais. Os sons da linha \u201ca\u201d do silab\u00e1rio, a, ka, sa, ta, na, ha, ma, ya, ra, wa s\u00e3o a \"linha do c\u00e9u\", portanto, s\u00e3o da linha do fogo. Os sons da linha \"o\" do silab\u00e1rio, [&hellip;]<\/p>\t\t\t\t\t\t\t<a href=\"https:\/\/www.jinsai.org\/pt-BR\/ensinamentos\/curiosidades\/nomes-e-kototama\/\" class=\"more-button\" >Continue lendo <i><\/i><\/a>\n\t\t\t\t\t<\/div>\n\t\t<\/div><div class=\"clear\"><\/div><div class=\"widget widget_circleicon-widget\">\t\t<div class=\"circle-icon-box circle-icon-position-top circle-icon-hide-box circle-icon-size-small\">\n\t\t\t<div class=\"circle-icon-wrapper\">\n\t\t\t\t<a href=\"https:\/\/www.jinsai.org\/pt-BR\/ensinamentos\/curiosidades\/alimentos-oferecidos-por-ocasiao-dos-cultos\/\" class=\"link-icon\" >\t\t\t\t<div class=\"circle-icon icon-style-set\" style=\"background-image: url(https:\/\/www.jinsai.org\/pt-BR\/wp-content\/uploads\/2021\/06\/os-alimentos-realmente-perdem-os-nutrientes-quando-sao-cozidos-2-150x91.jpg)\">\n\t\t\t\t\t\t\t\t\t<\/div>\n\t\t\t\t<\/a>\t\t\t<\/div>\n\n\t\t\t<a href=\"https:\/\/www.jinsai.org\/pt-BR\/ensinamentos\/curiosidades\/alimentos-oferecidos-por-ocasiao-dos-cultos\/\" class=\"link-title\" >\t\t\t<h5 >Curiosidades<\/h5>\t\t\t<h4 >ALIMENTOS OFERECIDOS POR OCASI\u00c3O DOS CULTOS<\/h4>\t\t\t<\/a>\n\t\t\t<p class=\"text\" >Pergunta: Nos cultos, o correto \u00e9 oferecermos coisas como peixes e aves crus, arroz lavado, sal ou coisas como \u00e1gua, ch\u00e1, etc.?Meishu-Sama: N\u00e3o h\u00e1 necessidade de oferecer \u00e0 Komyo Nyorai oferendas ao estilo xinto\u00edsta como sal, \u00e1gua e arroz. Kannon Se manifestou como ser humano e por isso prefere alimentos apreciados por humanos. Coisas como [&hellip;]<\/p>\t\t\t\t\t\t\t<a href=\"https:\/\/www.jinsai.org\/pt-BR\/ensinamentos\/curiosidades\/alimentos-oferecidos-por-ocasiao-dos-cultos\/\" class=\"more-button\" >Continue lendo <i><\/i><\/a>\n\t\t\t\t\t<\/div>\n\t\t<\/div><div class=\"widget widget_circleicon-widget\">\t\t<div class=\"circle-icon-box circle-icon-position-top circle-icon-hide-box circle-icon-size-small\">\n\t\t\t<div class=\"circle-icon-wrapper\">\n\t\t\t\t<a href=\"https:\/\/www.jinsai.org\/pt-BR\/ensinamentos\/curiosidades\/ocasiao-para-mudar-um-tumulo-de-lugar\/\" class=\"link-icon\" >\t\t\t\t<div class=\"circle-icon icon-style-set\" style=\"background-image: url(https:\/\/www.jinsai.org\/pt-BR\/wp-content\/uploads\/2021\/06\/urnas-de-angeli-cemiterio-japones-spaztacular-4551886796-150x100.jpg)\">\n\t\t\t\t\t\t\t\t\t<\/div>\n\t\t\t\t<\/a>\t\t\t<\/div>\n\n\t\t\t<a href=\"https:\/\/www.jinsai.org\/pt-BR\/ensinamentos\/curiosidades\/ocasiao-para-mudar-um-tumulo-de-lugar\/\" class=\"link-title\" >\t\t\t<h5 >Curiosidades<\/h5>\t\t\t<h4 >OCASI\u00c3O PARA MUDAR UM T\u00daMULO DE LUGAR<\/h4>\t\t\t<\/a>\n\t\t\t<p class=\"text\" >Pergunta: No dia vinte de setembro do ano passado, meu filho adotivo faleceu devido \u00e0 tuberculose pulmonar. Em seguida, n\u00f3s o sepultamos no lado ocidental da l\u00e1pide, que indica onde est\u00e3o meu pai de cria\u00e7\u00e3o e minha m\u00e3e; mas, posteriormente, a l\u00e1pide se inclinou para o noroeste. Desejo corrigir isso, o Senhor poderia ensinar-me a [&hellip;]<\/p>\t\t\t\t\t\t\t<a href=\"https:\/\/www.jinsai.org\/pt-BR\/ensinamentos\/curiosidades\/ocasiao-para-mudar-um-tumulo-de-lugar\/\" class=\"more-button\" >Continue lendo <i><\/i><\/a>\n\t\t\t\t\t<\/div>\n\t\t<\/div><div class=\"widget widget_circleicon-widget\">\t\t<div class=\"circle-icon-box circle-icon-position-top circle-icon-hide-box circle-icon-size-small\">\n\t\t\t<div class=\"circle-icon-wrapper\">\n\t\t\t\t<a href=\"https:\/\/www.jinsai.org\/pt-BR\/ensinamentos\/curiosidades\/ondas-de-radio-e-aumento-da-temperatura\/\" class=\"link-icon\" >\t\t\t\t<div class=\"circle-icon icon-style-set\" style=\"background-image: url(https:\/\/www.jinsai.org\/pt-BR\/wp-content\/uploads\/2021\/06\/Depositphotos_27538253_xl-2015-1080x675-150x94.jpg)\">\n\t\t\t\t\t\t\t\t\t<\/div>\n\t\t\t\t<\/a>\t\t\t<\/div>\n\n\t\t\t<a href=\"https:\/\/www.jinsai.org\/pt-BR\/ensinamentos\/curiosidades\/ondas-de-radio-e-aumento-da-temperatura\/\" class=\"link-title\" >\t\t\t<h5 >Curiosidades<\/h5>\t\t\t<h4 >ONDAS DE R\u00c1DIO E AUMENTO DA TEMPERATURA<\/h4>\t\t\t<\/a>\n\t\t\t<p class=\"text\" >Pergunta:\u00a0Qual o motivo de nos\u00a0\u00faltimos anos\u00a0a neve estar diminuindo\u00a0na regi\u00e3o de Yamagata?\u00a0Meishu-Sama: O clima deve se uniformizar gradativamente. Como exemplo, a Sib\u00e9ria recentemente se tornou mais quente. O clima se tornar\u00e1 uniforme por v\u00e1rios motivos. O desenvolvimento da transmiss\u00e3o via r\u00e1dio tamb\u00e9m afeta isto, e quanto mais pessoas morarem l\u00e1, mais \u00a0quente se tornar\u00e1.\u00a0Gokowa-roku -\u00a01951\u00a0Meishu-Sama: [&hellip;]<\/p>\t\t\t\t\t\t\t<a href=\"https:\/\/www.jinsai.org\/pt-BR\/ensinamentos\/curiosidades\/ondas-de-radio-e-aumento-da-temperatura\/\" class=\"more-button\" >Continue lendo <i><\/i><\/a>\n\t\t\t\t\t<\/div>\n\t\t<\/div><div class=\"clear\"><\/div><div class=\"widget widget_circleicon-widget\">\t\t<div class=\"circle-icon-box circle-icon-position-top circle-icon-hide-box circle-icon-size-small\">\n\t\t\t<div class=\"circle-icon-wrapper\">\n\t\t\t\t<a href=\"https:\/\/www.jinsai.org\/pt-BR\/ensinamentos\/curiosidades\/clarividencia\/\" class=\"link-icon\" >\t\t\t\t<div class=\"circle-icon icon-style-set\" style=\"background-image: url(https:\/\/www.jinsai.org\/pt-BR\/wp-content\/uploads\/2020\/08\/unnamed-150x150.jpg)\">\n\t\t\t\t\t\t\t\t\t<\/div>\n\t\t\t\t<\/a>\t\t\t<\/div>\n\n\t\t\t<a href=\"https:\/\/www.jinsai.org\/pt-BR\/ensinamentos\/curiosidades\/clarividencia\/\" class=\"link-title\" >\t\t\t<h5 >Curiosidades<\/h5>\t\t\t<h4 >CLARIVID\u00caNCIA<\/h4>\t\t\t<\/a>\n\t\t\t<p class=\"text\" >Pergunta: Podemos acreditar na clarivid\u00eancia? Meishu-Sama: Sim, podemos acreditar em clarivid\u00eancias. Profecias, contudo, n\u00e3o podem ser acreditadas. 28 de dezembro de 1948, publicado em Registro de Conversas Iluminadas em 08 de janeiro de 1949 Traduzido pela Equipe Jinsai NT.: Em outro Ensinamento, Meishu-Sama explica que a \u201cclarivid\u00eancia\" (T\u00d4SHI) \u00a0\u00e9 o poder de ver atrav\u00e9s de [&hellip;]<\/p>\t\t\t\t\t\t\t<a href=\"https:\/\/www.jinsai.org\/pt-BR\/ensinamentos\/curiosidades\/clarividencia\/\" class=\"more-button\" >Continue lendo <i><\/i><\/a>\n\t\t\t\t\t<\/div>\n\t\t<\/div><div class=\"widget widget_circleicon-widget\">\t\t<div class=\"circle-icon-box circle-icon-position-top circle-icon-hide-box circle-icon-size-small\">\n\t\t\t<div class=\"circle-icon-wrapper\">\n\t\t\t\t<a href=\"https:\/\/www.jinsai.org\/pt-BR\/ensinamentos\/curiosidades\/o-predestino-humano\/\" class=\"link-icon\" >\t\t\t\t<div class=\"circle-icon icon-style-set\" style=\"background-image: url(https:\/\/www.jinsai.org\/pt-BR\/wp-content\/uploads\/2018\/10\/l\u00edder-150x150.jpg)\">\n\t\t\t\t\t\t\t\t\t<\/div>\n\t\t\t\t<\/a>\t\t\t<\/div>\n\n\t\t\t<a href=\"https:\/\/www.jinsai.org\/pt-BR\/ensinamentos\/curiosidades\/o-predestino-humano\/\" class=\"link-title\" >\t\t\t<h5 >Curiosidades<\/h5>\t\t\t<h4 >O PREDESTINO HUMANO<\/h4>\t\t\t<\/a>\n\t\t\t<p class=\"text\" >Pergunta: Est\u00e1 escrito que o predestino humano est\u00e1 limitado a um dos tr\u00eas planos &#8211; superior, intermedi\u00e1rio e inferior -, e que n\u00e3o podemos ir nem acima nem abaixo disso. Entretanto, h\u00e1 ocasi\u00f5es em que situa\u00e7\u00f5es de sofrimentos infernais se transformam em situa\u00e7\u00f5es paradis\u00edacas. N\u00e3o h\u00e1 uma incoer\u00eancia nisso?<\/p>\t\t\t\t\t\t\t<a href=\"https:\/\/www.jinsai.org\/pt-BR\/ensinamentos\/curiosidades\/o-predestino-humano\/\" class=\"more-button\" >Continue lendo <i><\/i><\/a>\n\t\t\t\t\t<\/div>\n\t\t<\/div><div class=\"widget widget_circleicon-widget\">\t\t<div class=\"circle-icon-box circle-icon-position-top circle-icon-hide-box circle-icon-size-small\">\n\t\t\t<div class=\"circle-icon-wrapper\">\n\t\t\t\t<a href=\"https:\/\/www.jinsai.org\/pt-BR\/ensinamentos\/curiosidades\/kannon-e-o-monte-fuji\/\" class=\"link-icon\" >\t\t\t\t<div class=\"circle-icon icon-style-set\" style=\"background-image: url(https:\/\/www.jinsai.org\/pt-BR\/wp-content\/uploads\/2021\/12\/94872162_2264998020269552_4165535720640872448_o-150x100.jpg)\">\n\t\t\t\t\t\t\t\t\t<\/div>\n\t\t\t\t<\/a>\t\t\t<\/div>\n\n\t\t\t<a href=\"https:\/\/www.jinsai.org\/pt-BR\/ensinamentos\/curiosidades\/kannon-e-o-monte-fuji\/\" class=\"link-title\" >\t\t\t<h5 >Curiosidades<\/h5>\t\t\t<h4 >KANNON E O MONTE FUJI<\/h4>\t\t\t<\/a>\n\t\t\t<p class=\"text\" >Pergunta:\u00a0O propriet\u00e1rio da cabana de pedra mais elevada no Monte Fuji deseja dedicar uma imagem a Kannon. Tudo bem ele fazer isso? Meishu-Sama: Kannon tem uma grande afinidade com o Monte Fuji, ent\u00e3o dedicar uma imagem a Kannon no Monte Fuji \u00e9 uma coisa boa. Se um pedido for feito e as dimens\u00f5es apropriadas para [&hellip;]<\/p>\t\t\t\t\t\t\t<a href=\"https:\/\/www.jinsai.org\/pt-BR\/ensinamentos\/curiosidades\/kannon-e-o-monte-fuji\/\" class=\"more-button\" >Continue lendo <i><\/i><\/a>\n\t\t\t\t\t<\/div>\n\t\t<\/div><div class=\"clear\"><\/div><div class=\"widget widget_circleicon-widget\">\t\t<div class=\"circle-icon-box circle-icon-position-top circle-icon-hide-box circle-icon-size-small\">\n\t\t\t<div class=\"circle-icon-wrapper\">\n\t\t\t\t<a href=\"https:\/\/www.jinsai.org\/pt-BR\/ensinamentos\/curiosidades\/relacao-entre-meishu-sama-e-o-principe-herdeiro\/\" class=\"link-icon\" >\t\t\t\t<div class=\"circle-icon icon-style-set\" style=\"background-image: url(https:\/\/www.jinsai.org\/pt-BR\/wp-content\/uploads\/2021\/12\/Meishu-Sama-Akihito-1-150x31.jpg)\">\n\t\t\t\t\t\t\t\t\t<\/div>\n\t\t\t\t<\/a>\t\t\t<\/div>\n\n\t\t\t<a href=\"https:\/\/www.jinsai.org\/pt-BR\/ensinamentos\/curiosidades\/relacao-entre-meishu-sama-e-o-principe-herdeiro\/\" class=\"link-title\" >\t\t\t<h5 >Curiosidades<\/h5>\t\t\t<h4 >RELA\u00c7\u00c3O ENTRE MEISHU-SAMA E O PR\u00cdNCIPE HERDEIRO<\/h4>\t\t\t<\/a>\n\t\t\t<p class=\"text\" >Pergunta: O senhor nasceu no dia 23 de dezembro, mesmo dia que o pr\u00edncipe herdeiro[1]. Parece haver algum tipo de afinidade espiritual com isso. Meishu-Sama: Eu mesmo penso que h\u00e1 algum tipo de afinidade espiritual misteriosa. O dia 23 de dezembro \u00e9 o dia do solst\u00edcio de inverno, e o ano novo come\u00e7a no dia [&hellip;]<\/p>\t\t\t\t\t\t\t<a href=\"https:\/\/www.jinsai.org\/pt-BR\/ensinamentos\/curiosidades\/relacao-entre-meishu-sama-e-o-principe-herdeiro\/\" class=\"more-button\" >Continue lendo <i><\/i><\/a>\n\t\t\t\t\t<\/div>\n\t\t<\/div><div class=\"widget widget_circleicon-widget\">\t\t<div class=\"circle-icon-box circle-icon-position-top circle-icon-hide-box circle-icon-size-small\">\n\t\t\t<div class=\"circle-icon-wrapper\">\n\t\t\t\t<a href=\"https:\/\/www.jinsai.org\/pt-BR\/ensinamentos\/curiosidades\/marcas-de-nascenca-verrugas-e-manchas\/\" class=\"link-icon\" >\t\t\t\t<div class=\"circle-icon icon-style-set\" style=\"background-image: url(https:\/\/www.jinsai.org\/pt-BR\/wp-content\/uploads\/2021\/12\/mulher-com-mancha-na-pele-150x105.jpg)\">\n\t\t\t\t\t\t\t\t\t<\/div>\n\t\t\t\t<\/a>\t\t\t<\/div>\n\n\t\t\t<a href=\"https:\/\/www.jinsai.org\/pt-BR\/ensinamentos\/curiosidades\/marcas-de-nascenca-verrugas-e-manchas\/\" class=\"link-title\" >\t\t\t<h5 >Curiosidades<\/h5>\t\t\t<h4 >MARCAS DE NASCEN\u00c7A, VERRUGAS E MANCHAS<\/h4>\t\t\t<\/a>\n\t\t\t<p class=\"text\" >Pergunta:\u00a0Por que aparecem marcas de nascen\u00e7a, verrugas e manchas? Meishu-Sama: Existem dois tipos de marcas de nascen\u00e7a, pretas e vermelhas. As pretas v\u00eam de esp\u00edritos com ressentimento. O ressentimento mancha o esp\u00edrito e antes que essa mancha seja purificada no Mundo Espiritual, o esp\u00edrito renasce. Por exemplo, se um esp\u00edrito foi morto anteriormente por uma [&hellip;]<\/p>\t\t\t\t\t\t\t<a href=\"https:\/\/www.jinsai.org\/pt-BR\/ensinamentos\/curiosidades\/marcas-de-nascenca-verrugas-e-manchas\/\" class=\"more-button\" >Continue lendo <i><\/i><\/a>\n\t\t\t\t\t<\/div>\n\t\t<\/div><div class=\"widget widget_circleicon-widget\">\t\t<div class=\"circle-icon-box circle-icon-position-top circle-icon-hide-box circle-icon-size-small\">\n\t\t\t<div class=\"circle-icon-wrapper\">\n\t\t\t\t<a href=\"https:\/\/www.jinsai.org\/pt-BR\/ensinamentos\/curiosidades\/memoria-poder-de-raciocinio-e-decisao\/\" class=\"link-icon\" >\t\t\t\t<div class=\"circle-icon icon-style-set\" style=\"background-image: url(https:\/\/www.jinsai.org\/pt-BR\/wp-content\/uploads\/2021\/12\/unnamed-150x99.png)\">\n\t\t\t\t\t\t\t\t\t<\/div>\n\t\t\t\t<\/a>\t\t\t<\/div>\n\n\t\t\t<a href=\"https:\/\/www.jinsai.org\/pt-BR\/ensinamentos\/curiosidades\/memoria-poder-de-raciocinio-e-decisao\/\" class=\"link-title\" >\t\t\t<h5 >Curiosidades<\/h5>\t\t\t<h4 >MEM\u00d3RIA, PODER DE RACIOC\u00cdNIO E DECIS\u00c3O<\/h4>\t\t\t<\/a>\n\t\t\t<p class=\"text\" >Pergunta: Eu gostaria de perguntar sobre mem\u00f3ria, poder de racioc\u00ednio e decis\u00e3o. Meishu-Sama: A mem\u00f3ria funciona na cabe\u00e7a, ent\u00e3o se voc\u00ea tem toxinas a\u00ed ela n\u00e3o funciona, por isso ela fica fraca. A mem\u00f3ria s\u00f3 deve se lembrar do que \u00e9 necess\u00e1rio. \u00c9 bom que o resto seja esquecido. H\u00e1 momentos em que voc\u00ea pode [&hellip;]<\/p>\t\t\t\t\t\t\t<a href=\"https:\/\/www.jinsai.org\/pt-BR\/ensinamentos\/curiosidades\/memoria-poder-de-raciocinio-e-decisao\/\" class=\"more-button\" >Continue lendo <i><\/i><\/a>\n\t\t\t\t\t<\/div>\n\t\t<\/div><div class=\"clear\"><\/div><div class=\"widget widget_circleicon-widget\">\t\t<div class=\"circle-icon-box circle-icon-position-top circle-icon-hide-box circle-icon-size-small\">\n\t\t\t<div class=\"circle-icon-wrapper\">\n\t\t\t\t<a href=\"https:\/\/www.jinsai.org\/pt-BR\/ensinamentos\/curiosidades\/registros-sobre-amida-e-kannon\/\" class=\"link-icon\" >\t\t\t\t<div class=\"circle-icon icon-style-set\" style=\"background-image: url(https:\/\/www.jinsai.org\/pt-BR\/wp-content\/uploads\/2022\/01\/maxresdefault-150x84.jpg)\">\n\t\t\t\t\t\t\t\t\t<\/div>\n\t\t\t\t<\/a>\t\t\t<\/div>\n\n\t\t\t<a href=\"https:\/\/www.jinsai.org\/pt-BR\/ensinamentos\/curiosidades\/registros-sobre-amida-e-kannon\/\" class=\"link-title\" >\t\t\t<h5 >Curiosidades<\/h5>\t\t\t<h4 >REGISTROS SOBRE AMIDA E KANNON<\/h4>\t\t\t<\/a>\n\t\t\t<p class=\"text\" >Pergunta: Eu entendo que o Buda Amida nasceu em corpo f\u00edsico no Mundo Material, mas parece n\u00e3o haver nenhum registro escrito dele. Meishu-Sama: H\u00e1 registros sim! O Buda Amida era o Boddhisattva Dharmakara, um disc\u00edpulo de Shakyamuni, embora n\u00e3o um disc\u00edpulo direto, mas um daqueles que vieram depois de Shakyamuni. Ele prometeu: \"Eu farei a [&hellip;]<\/p>\t\t\t\t\t\t\t<a href=\"https:\/\/www.jinsai.org\/pt-BR\/ensinamentos\/curiosidades\/registros-sobre-amida-e-kannon\/\" class=\"more-button\" >Continue lendo <i><\/i><\/a>\n\t\t\t\t\t<\/div>\n\t\t<\/div><div class=\"widget widget_circleicon-widget\">\t\t<div class=\"circle-icon-box circle-icon-position-top circle-icon-hide-box circle-icon-size-small\">\n\t\t\t<div class=\"circle-icon-wrapper\">\n\t\t\t\t<a href=\"https:\/\/www.jinsai.org\/pt-BR\/ensinamentos\/curiosidades\/destros-e-canhotos\/\" class=\"link-icon\" >\t\t\t\t<div class=\"circle-icon icon-style-set\" style=\"background-image: url(https:\/\/www.jinsai.org\/pt-BR\/wp-content\/uploads\/2022\/01\/naom_5e0f309fb01d8-150x84.jpg)\">\n\t\t\t\t\t\t\t\t\t<\/div>\n\t\t\t\t<\/a>\t\t\t<\/div>\n\n\t\t\t<a href=\"https:\/\/www.jinsai.org\/pt-BR\/ensinamentos\/curiosidades\/destros-e-canhotos\/\" class=\"link-title\" >\t\t\t<h5 >Curiosidades<\/h5>\t\t\t<h4 >DESTROS E CANHOTOS<\/h4>\t\t\t<\/a>\n\t\t\t<p class=\"text\" >Pergunta: Eu gostaria de perguntar sobre destros e canhotos. Meishu-Sama: A esquerda representa o espiritual e a direita, o material. Somos destros porque somos f\u00edsicos, por isso \u00e9 mais natural usar a m\u00e3o direita. Ent\u00e3o, a pose de Shakyamuni em suas est\u00e1tuas levantando a m\u00e3o direita est\u00e1 invertida. Pergunta: Dizem que os artes\u00e3os canhotos s\u00e3o [&hellip;]<\/p>\t\t\t\t\t\t\t<a href=\"https:\/\/www.jinsai.org\/pt-BR\/ensinamentos\/curiosidades\/destros-e-canhotos\/\" class=\"more-button\" >Continue lendo <i><\/i><\/a>\n\t\t\t\t\t<\/div>\n\t\t<\/div><div class=\"widget widget_circleicon-widget\">\t\t<div class=\"circle-icon-box circle-icon-position-top circle-icon-hide-box circle-icon-size-small\">\n\t\t\t<div class=\"circle-icon-wrapper\">\n\t\t\t\t<a href=\"https:\/\/www.jinsai.org\/pt-BR\/ensinamentos\/curiosidades\/aborto-provocado-e-espontaneo\/\" class=\"link-icon\" >\t\t\t\t<div class=\"circle-icon icon-style-set\" style=\"background-image: url(https:\/\/www.jinsai.org\/pt-BR\/wp-content\/uploads\/2022\/01\/Aborto-5_iStock-150x84.jpg)\">\n\t\t\t\t\t\t\t\t\t<\/div>\n\t\t\t\t<\/a>\t\t\t<\/div>\n\n\t\t\t<a href=\"https:\/\/www.jinsai.org\/pt-BR\/ensinamentos\/curiosidades\/aborto-provocado-e-espontaneo\/\" class=\"link-title\" >\t\t\t<h5 >Curiosidades<\/h5>\t\t\t<h4 >ABORTO PROVOCADO E ESPONT\u00c2NEO<\/h4>\t\t\t<\/a>\n\t\t\t<p class=\"text\" >Pergunta: Eu gostaria de perguntar que tipo de pecado \u00e9 o aborto. Meishu-Sama: Aborto \u00e9 assassinato. Um adulto \u00e9 quantitativamente maior que um feto, ent\u00e3o pode haver uma diferen\u00e7a de grau, mas assassinato \u00e9 assassinato. Portanto, o controle de natalidade tamb\u00e9m \u00e9 um pecado. A Chave da Sabedoria M\u00edstica, Vol. 2 \u2013 Julho de 1949 [&hellip;]<\/p>\t\t\t\t\t\t\t<a href=\"https:\/\/www.jinsai.org\/pt-BR\/ensinamentos\/curiosidades\/aborto-provocado-e-espontaneo\/\" class=\"more-button\" >Continue lendo <i><\/i><\/a>\n\t\t\t\t\t<\/div>\n\t\t<\/div><div class=\"clear\"><\/div><div class=\"widget widget_circleicon-widget\">\t\t<div class=\"circle-icon-box circle-icon-position-top circle-icon-hide-box circle-icon-size-small\">\n\t\t\t<div class=\"circle-icon-wrapper\">\n\t\t\t\t<a href=\"https:\/\/www.jinsai.org\/pt-BR\/ensinamentos\/curiosidades\/ki-no-hana-e-ko-no-hana\/\" class=\"link-icon\" >\t\t\t\t<div class=\"circle-icon icon-style-set\" style=\"background-image: url(https:\/\/www.jinsai.org\/pt-BR\/wp-content\/uploads\/2022\/02\/1417505_412398868862819_1911155521_o-150x84.jpg)\">\n\t\t\t\t\t\t\t\t\t<\/div>\n\t\t\t\t<\/a>\t\t\t<\/div>\n\n\t\t\t<a href=\"https:\/\/www.jinsai.org\/pt-BR\/ensinamentos\/curiosidades\/ki-no-hana-e-ko-no-hana\/\" class=\"link-title\" >\t\t\t<h5 >Curiosidades<\/h5>\t\t\t<h4 >KI-NO-HANA E KO-NO-HANA<\/h4>\t\t\t<\/a>\n\t\t\t<p class=\"text\" >Pergunta: Qual a diferen\u00e7a entre Ki-no-hana (\u6728\u82b1) e Ko-no-hana (\u5144\u82b1)? Meishu-Sama: Em termos de flores, \u201cKi\u201d-no-hana (\u6728\u82b1) significa flores de cerejeira e \u201cAni\u201d-no-hana (\u5144\u82b1) s\u00e3o flores de ameixeira. Ambas representam Kannon, mas \u201cKi\u201d-no-hana \u00e9 o Kannon do mundo budista e \u201cAni\u201d-no-hana \u00e9 o Kannon do mundo divino. A ameixa floresce primeiro na primavera, por isso [&hellip;]<\/p>\t\t\t\t\t\t\t<a href=\"https:\/\/www.jinsai.org\/pt-BR\/ensinamentos\/curiosidades\/ki-no-hana-e-ko-no-hana\/\" class=\"more-button\" >Continue lendo <i><\/i><\/a>\n\t\t\t\t\t<\/div>\n\t\t<\/div><div class=\"widget widget_circleicon-widget\">\t\t<div class=\"circle-icon-box circle-icon-position-top circle-icon-hide-box circle-icon-size-small\">\n\t\t\t<div class=\"circle-icon-wrapper\">\n\t\t\t\t<a href=\"https:\/\/www.jinsai.org\/pt-BR\/ensinamentos\/curiosidades\/terremotos\/\" class=\"link-icon\" >\t\t\t\t<div class=\"circle-icon icon-style-set\" style=\"background-image: url(https:\/\/www.jinsai.org\/pt-BR\/wp-content\/uploads\/2023\/02\/141754aba0e204fdbd83d90e6bff261e-150x79.jpg)\">\n\t\t\t\t\t\t\t\t\t<\/div>\n\t\t\t\t<\/a>\t\t\t<\/div>\n\n\t\t\t<a href=\"https:\/\/www.jinsai.org\/pt-BR\/ensinamentos\/curiosidades\/terremotos\/\" class=\"link-title\" >\t\t\t<h5 >Curiosidades<\/h5>\t\t\t<h4 >TERREMOTOS<\/h4>\t\t\t<\/a>\n\t\t\t<p class=\"text\" >Logo ap\u00f3s o grande terremoto que atingiu a \u00e1rea ao redor da cidade de Fukui, no centro-norte do Jap\u00e3o, em 28 de junho de 1948, anotei minhas observa\u00e7\u00f5es sobre tremores para refer\u00eancia. De acordo com as cren\u00e7as da cria\u00e7\u00e3o xinto\u00edsta, o Universo primeiro consistia de uma subst\u00e2ncia muito parecida com a do vapor, mas tamb\u00e9m [&hellip;]<\/p>\t\t\t\t\t\t\t<a href=\"https:\/\/www.jinsai.org\/pt-BR\/ensinamentos\/curiosidades\/terremotos\/\" class=\"more-button\" >Continue lendo <i><\/i><\/a>\n\t\t\t\t\t<\/div>\n\t\t<\/div><div class=\"widget widget_circleicon-widget\">\t\t<div class=\"circle-icon-box circle-icon-position-top circle-icon-hide-box circle-icon-size-small\">\n\t\t\t<div class=\"circle-icon-wrapper\">\n\t\t\t\t<a href=\"https:\/\/www.jinsai.org\/pt-BR\/ensinamentos\/curiosidades\/kannon-e-tenrio\/\" class=\"link-icon\" >\t\t\t\t<div class=\"circle-icon icon-style-set\" style=\"background-image: url(https:\/\/www.jinsai.org\/pt-BR\/wp-content\/uploads\/slider8\/divindade42-150x150.jpeg)\">\n\t\t\t\t\t\t\t\t\t<\/div>\n\t\t\t\t<\/a>\t\t\t<\/div>\n\n\t\t\t<a href=\"https:\/\/www.jinsai.org\/pt-BR\/ensinamentos\/curiosidades\/kannon-e-tenrio\/\" class=\"link-title\" >\t\t\t<h5 >Curiosidades<\/h5>\t\t\t<h4 >KANNON E TENRI\u00d4<\/h4>\t\t\t<\/a>\n\t\t\t<p class=\"text\" >Pergunta: Existe algum registro escrito sobre Kannon?<\/p>\t\t\t\t\t\t\t<a href=\"https:\/\/www.jinsai.org\/pt-BR\/ensinamentos\/curiosidades\/kannon-e-tenrio\/\" class=\"more-button\" >Continue lendo <i><\/i><\/a>\n\t\t\t\t\t<\/div>\n\t\t<\/div><div class=\"clear\"><\/div><div class=\"widget widget_circleicon-widget\">\t\t<div class=\"circle-icon-box circle-icon-position-top circle-icon-hide-box circle-icon-size-small\">\n\t\t\t<div class=\"circle-icon-wrapper\">\n\t\t\t\t<a href=\"https:\/\/www.jinsai.org\/pt-BR\/ensinamentos\/curiosidades\/via-lactea-ama-no-gawa-rio-do-ceu\/\" class=\"link-icon\" >\t\t\t\t<div class=\"circle-icon icon-style-set\" style=\"background-image: url(https:\/\/www.jinsai.org\/pt-BR\/wp-content\/uploads\/2020\/04\/Via-Lactea-150x93.jpg)\">\n\t\t\t\t\t\t\t\t\t<\/div>\n\t\t\t\t<\/a>\t\t\t<\/div>\n\n\t\t\t<a href=\"https:\/\/www.jinsai.org\/pt-BR\/ensinamentos\/curiosidades\/via-lactea-ama-no-gawa-rio-do-ceu\/\" class=\"link-title\" >\t\t\t<h5 >Curiosidades<\/h5>\t\t\t<h4 >VIA L\u00c1CTEA (AMA NO GAWA &#8211; RIO DO C\u00c9U*)<\/h4>\t\t\t<\/a>\n\t\t\t<p class=\"text\" >Pergunta: Qual a rela\u00e7\u00e3o da Via L\u00e1ctea (estrelas) com a Terra? Gostaria de uma explica\u00e7\u00e3o.Meishu-Sama: A Via L\u00e1ctea \u00e9 um conjunto de estrelas e tem rela\u00e7\u00e3o com a Terra. Na Terra, as regi\u00f5es que possuem maior popula\u00e7\u00e3o correspondem \u00e0 Via L\u00e1ctea. As estrelas se tornam pessoas. Atualmente n\u00e3o tem nenhuma na Terra, mas no futuro [&hellip;]<\/p>\t\t\t\t\t\t\t<a href=\"https:\/\/www.jinsai.org\/pt-BR\/ensinamentos\/curiosidades\/via-lactea-ama-no-gawa-rio-do-ceu\/\" class=\"more-button\" >Continue lendo <i><\/i><\/a>\n\t\t\t\t\t<\/div>\n\t\t<\/div><div class=\"widget widget_circleicon-widget\">\t\t<div class=\"circle-icon-box circle-icon-position-top circle-icon-hide-box circle-icon-size-small\">\n\t\t\t<div class=\"circle-icon-wrapper\">\n\t\t\t\t<a href=\"https:\/\/www.jinsai.org\/pt-BR\/ensinamentos\/curiosidades\/hipnotismo\/\" class=\"link-icon\" >\t\t\t\t<div class=\"circle-icon icon-style-set\" style=\"background-image: url(https:\/\/www.jinsai.org\/pt-BR\/wp-content\/uploads\/2019\/08\/hipnose_00025-150x150.jpg)\">\n\t\t\t\t\t\t\t\t\t<\/div>\n\t\t\t\t<\/a>\t\t\t<\/div>\n\n\t\t\t<a href=\"https:\/\/www.jinsai.org\/pt-BR\/ensinamentos\/curiosidades\/hipnotismo\/\" class=\"link-title\" >\t\t\t<h5 >Curiosidades<\/h5>\t\t\t<h4 >HIPNOTISMO<\/h4>\t\t\t<\/a>\n\t\t\t<p class=\"text\" >Pergunta: Qual \u00e9 o fundamento por tr\u00e1s do hipnotismo? Meishu-Sama: \u00c9 um m\u00e9todo em que o esp\u00edrito do praticante domina o esp\u00edrito do outro. Por essa raz\u00e3o, se o esp\u00edrito do outro for mais fraco que o da pessoa que aplica, a t\u00e9cnica funciona; caso seja um esp\u00edrito mais forte, n\u00e3o funciona. Na maioria das [&hellip;]<\/p>\t\t\t\t\t\t\t<a href=\"https:\/\/www.jinsai.org\/pt-BR\/ensinamentos\/curiosidades\/hipnotismo\/\" class=\"more-button\" >Continue lendo <i><\/i><\/a>\n\t\t\t\t\t<\/div>\n\t\t<\/div>\t<\/div>\n\t<\/div><div id=\"panel-2503-0-0-1\" class=\"widget_text so-panel widget_custom_html panel-last-child\" data-index=\"1\" ><div class=\"textwidget custom-html-widget\"><iframe src=\"http:\/\/www.facebook.com\/plugins\/like.php?href=http:\/\/www.jinsai.org\/pt-BR\/ensinamentos\/curiosidades\/&%0Alayout=standard&show_faces=false&width=380&action=like&colorscheme=light&height=25\" style=\"border: medium none ; overflow: hidden; width: 350px; height: 25px;\" allowtransparency=\"true\" frameborder=\"0\" scrolling=\"no\"><\/iframe>\n\n<div id=\"fb-root\"><\/div><script src=\"http:\/\/connect.facebook.net\/pt_BR\/all.js#appId=APP_ID&amp;xfbml=1\"><\/script><fb:comments href=\"http:\/\/www.jinsai.org\/pt-BR\/ensinamentos\/curiosidades\/\" num_posts=\"100\" width=\"500\"><\/fb:comments><meta property='fb:app_id' content='171964893011161'\/> \n\n<div id=\"fb-root\"><\/div>\n<script>(function(d, s, id) {\n  var js, fjs = d.getElementsByTagName(s)[0];\n  if (d.getElementById(id)) return;\n  js = d.createElement(s); js.id = id;\n  js.src = 'https:\/\/connect.facebook.net\/pt_BR\/sdk.js#xfbml=1&version=v3.0&appId=171964893011161&autoLogAppEvents=1';\n  fjs.parentNode.insertBefore(js, fjs);\n}(document, 'script', 'facebook-jssdk'));<\/script>\n<div class=\"fb-share-button\" data-href=\"http:\/\/www.jinsai.org\/pt-BR\/ensinamentos\/curiosidades\/\" data-layout=\"button_count\" data-size=\"large\" data-mobile-iframe=\"true\"><a target=\"_blank\" href=\"https:\/\/www.facebook.com\/sharer\/sharer.php?u=http%3A%2F%2Fwww.jinsai.org%2Fpt-BR%2Fensinamentos%2Fcuriosidades%2F&amp;src=sdkpreparse\" class=\"fb-xfbml-parse-ignore\">Compartilhar<\/a><\/div>\n<\/div><\/div><\/div><\/div><\/div>","protected":false},"excerpt":{"rendered":"<p>Pergunta: Qual \u00e9 o fundamento por tr\u00e1s do hipnotismo? Meishu-Sama: \u00c9 um m\u00e9todo em que o esp\u00edrito do praticante domina o esp\u00edrito do outro. Por essa raz\u00e3o, se o esp\u00edrito do outro for mais fraco que o da pessoa que aplica, a t\u00e9cnica funciona; caso seja um esp\u00edrito mais forte, n\u00e3o funciona. Na maioria das [&hellip;]<\/p>\n","protected":false},"author":1,"featured_media":0,"parent":2225,"menu_order":0,"comment_status":"closed","ping_status":"closed","template":"templates\/template-full.php","meta":{"footnotes":""},"class_list":["post-2503","page","type-page","status-publish","hentry","post","post-with-thumbnail","post-with-thumbnail-icon"],"_links":{"self":[{"href":"https:\/\/www.jinsai.org\/pt-BR\/wp-json\/wp\/v2\/pages\/2503","targetHints":{"allow":["GET"]}}],"collection":[{"href":"https:\/\/www.jinsai.org\/pt-BR\/wp-json\/wp\/v2\/pages"}],"about":[{"href":"https:\/\/www.jinsai.org\/pt-BR\/wp-json\/wp\/v2\/types\/page"}],"author":[{"embeddable":true,"href":"https:\/\/www.jinsai.org\/pt-BR\/wp-json\/wp\/v2\/users\/1"}],"replies":[{"embeddable":true,"href":"https:\/\/www.jinsai.org\/pt-BR\/wp-json\/wp\/v2\/comments?post=2503"}],"version-history":[{"count":6,"href":"https:\/\/www.jinsai.org\/pt-BR\/wp-json\/wp\/v2\/pages\/2503\/revisions"}],"predecessor-version":[{"id":11332,"href":"https:\/\/www.jinsai.org\/pt-BR\/wp-json\/wp\/v2\/pages\/2503\/revisions\/11332"}],"up":[{"embeddable":true,"href":"https:\/\/www.jinsai.org\/pt-BR\/wp-json\/wp\/v2\/pages\/2225"}],"wp:attachment":[{"href":"https:\/\/www.jinsai.org\/pt-BR\/wp-json\/wp\/v2\/media?parent=2503"}],"curies":[{"name":"wp","href":"https:\/\/api.w.org\/{rel}","templated":true}]}}