{"id":3411,"date":"2018-09-18T14:12:06","date_gmt":"2018-09-18T17:12:06","guid":{"rendered":"http:\/\/www.jinsai.org\/pt-BR\/?page_id=3411"},"modified":"2021-06-01T11:48:33","modified_gmt":"2021-06-01T14:48:33","slug":"koomyo-dai","status":"publish","type":"page","link":"https:\/\/www.jinsai.org\/pt-BR\/prototipos-do-paraiso-terrestre\/koomyo-dai\/","title":{"rendered":"Koomyo-Dai"},"content":{"rendered":"<p style=\"text-align: justify;\">O Koomyo-Dai \u00e9 a Colina da Luz Divina, localizado do outro lado do Shinsen-kyo, o Prot\u00f3tipo do Para\u00edso Terrestre de Hakone. Sobre ele, Meishu-Sama explica que \u00e9 o exato ponto de cruzamento entre o leste e o oeste, sobre a qual deveria ser erigido um santu\u00e1rio. Por isso, foi constru\u00eddo, em 1971, o &#8220;Santu\u00e1rio da Luz Divina&#8221; (Koomyo-Shinden).<\/p>\n<p style=\"text-align: justify;\">Antigamente, era um local utilizado por Meishu-Sama para experi\u00eancia de Agricultura Natural, apesar de ser um local muito pedregoso. Era um local muito amado por Meishu-Sama. Ele falou que esse local havia sido escolhido por Deus h\u00e1 mil\u00eanios.<\/p>\n<p style=\"text-align: justify;\">Na \u00e9poca, Meishu-Sama disse que, quando fosse constru\u00eddo o santu\u00e1rio, este olmo deveria ficar no centro. Falou tamb\u00e9m que precisava formar uma linha reta com o altar e a montanha Daimonji. Por isso o santu\u00e1rio foi constru\u00eddo nesse local. Quando fizeram as escava\u00e7\u00f5es para dar in\u00edcio \u00e0 constru\u00e7\u00e3o do Santu\u00e1rio, verificaram que, justamente neste local, havia uma grande rocha, e recordaram as palavras de Meishu-Sama: \u201cO santu\u00e1rio ser\u00e1 constru\u00eddo em cima de uma grande rocha, formada pela pr\u00f3pria natureza, o qual ser\u00e1 a pilastra principal\u201d e tudo foi tal qual suas palavras.<\/p>\n<p style=\"text-align: justify;\">Ent\u00e3o, no dia 05 de outubro de 1971, realizou-se com grande j\u00fabilo a entroniza\u00e7\u00e3o da Imagem de Deus, com a participa\u00e7\u00e3o de aproximadamente 200 mil pessoas, n\u00e3o s\u00f3 do Jap\u00e3o mas de todas as partes do mundo.<\/p>\n<p style=\"text-align: justify;\">O Santu\u00e1rio tem externamente a forma quadrada e internamente arredondada, sustentado por quatro colunas. Dentro desta constru\u00e7\u00e3o existe um profundo significado: ela simboliza o mundo sob a prote\u00e7\u00e3o de Deus, o C\u00e9u na Terra. A parte de baixo do Santu\u00e1rio mostra a for\u00e7a que sai das quatro colunas, nas quatro dire\u00e7\u00f5es, e que sustentam o teto, tendo uma pend\u00eancia de cinco graus. Este \u00e2ngulo de cinco graus, se prolongado infinitamente, encontrar-se-\u00e1 ligado em algum ponto muito alto no espa\u00e7o.<\/p>\n<p style=\"text-align: justify;\">As pedras brancas que se encontram em volta do Santu\u00e1rio foram doa\u00e7\u00f5es de membros japoneses e do exterior. A ab\u00f3bada \u00e9 trabalhada em mosaico, representando o movimento da Luz em imensa espiral, encobrindo o mundo inteiro.<\/p>\n<p style=\"text-align: justify;\">O Santu\u00e1rio da Divina Luz \u00e9 constitu\u00eddo do Shisei-den, o Altar Supremo onde est\u00e1 assentado o Supremo Deus, e o Naihai-den, o espa\u00e7o interno de adora\u00e7\u00e3o. No Shisei-den foi utilizado um cipreste especial, rigorosamente selecionado, e no seu centro est\u00e1 localizado o assento do Alt\u00edssimo. Para prote\u00e7\u00e3o deste Altar, construiu-se uma prote\u00e7\u00e3o quadrada de vidro.<\/p>\n<p style=\"text-align: justify;\">As escadas e a base externa do pr\u00e9dio foram constru\u00eddas com uma esp\u00e9cie de granito vindo de Inada. A parte externa do teto foi constru\u00edda com uma esp\u00e9cie de alum\u00ednio em forma de casca de \u00e1rvore.<\/p>\n<p style=\"text-align: justify;\">Desta forma, harmoniza-se a forma antiga de constru\u00e7\u00e3o de pr\u00e9dios japoneses com a forma de constru\u00e7\u00f5es ocidentais.<\/p>\n<p style=\"text-align: justify;\">N\u00f3s recebemos de Meishu-Sama o seguinte Ensinamento: \u201cO Para\u00edso \u00e9 o Mundo da Arte, e a ess\u00eancia da Arte \u00e9 a harmonia\u201d. E aqui se encontra em perfeita harmonia a beleza natural com a beleza constru\u00edda pelo homem.<\/p>\n<p>&nbsp;<\/p>\n<p><img loading=\"lazy\" decoding=\"async\" class=\"size-full wp-image-3414 aligncenter\" src=\"https:\/\/www.jinsai.org\/pt-BR\/wp-content\/uploads\/2018\/09\/Koomyo-Shinden.jpg\" alt=\"\" width=\"1390\" height=\"1138\" srcset=\"https:\/\/www.jinsai.org\/pt-BR\/wp-content\/uploads\/2018\/09\/Koomyo-Shinden.jpg 1390w, https:\/\/www.jinsai.org\/pt-BR\/wp-content\/uploads\/2018\/09\/Koomyo-Shinden-300x246.jpg 300w, https:\/\/www.jinsai.org\/pt-BR\/wp-content\/uploads\/2018\/09\/Koomyo-Shinden-768x629.jpg 768w, https:\/\/www.jinsai.org\/pt-BR\/wp-content\/uploads\/2018\/09\/Koomyo-Shinden-1024x838.jpg 1024w\" sizes=\"auto, (max-width: 1390px) 100vw, 1390px\" \/><\/p>\n<p style=\"text-align: center;\">Itsuki Okada, a Terceira L\u00edder Espiritual da Sekai Meshiya Kyo, ministrando Johrei coletivo no Koomyo Shinden, em Hakone<\/p>\n<p>&nbsp;<\/p>\n<p style=\"text-align: justify;\">E ainda, \u00e9 a Sede Religiosa mencionada por Meishu-Sama. O que significa isso? Nela est\u00e1 inserido o desejo de convergir tanto o Cristianismo que inunda o mundo, como o Budismo que conta com milh\u00f5es de adeptos no mundo inteiro, ou o Hindu\u00edsmo, o Islamismo, o Xinto\u00edsmo que prospera desde a Antiguidade no Jap\u00e3o, enfim todas as religi\u00f5es e, assim, ter o Grande Santu\u00e1rio que concretiza a paz eterna.<\/p>\n<p style=\"text-align: justify;\">Isto \u00e9, a Sede Religiosa significa que, tendo no centro a Sekai Meshiya Kyo com a miss\u00e3o de salva\u00e7\u00e3o ultra-religiosa, todas as religi\u00f5es representativas do mundo, possuidoras da miss\u00e3o de criar a eterna paz, reunir-se-\u00e3o no Templo Koomyo.<\/p>\n<p>Nas palavras de Meishu-Sama:<\/p>\n<p style=\"text-align: justify;\">&#8220;Quanto \u00e0 Colina de Hakone &#8211; a Colina onde vamos construir futuramente, denominei-a &#8220;Koomyo-Dai (Colina da Luz Divina)&#8221;; gostaria que os senhores guardassem isso. Esse local seria, no Jap\u00e3o, o centro do Mundo Espiritual, a divisa entre o Leste e o Oeste. Portanto, esse seria o centro do Mundo Espiritual onde surgiria a Luz Divina. E assim vai realizar-se o Mundo Divino. Esse local possui uma \u00e1rea de 15.000 <em>tsubo<\/em> (49.590 m<sup>2<\/sup>) e possivelmente se ampliar\u00e1 um pouco mais.&#8221;<\/p>\n<p style=\"text-align: right;\">23 de mar\u00e7o de 1952<\/p>\n<p style=\"text-align: justify;\">Al\u00e9m disso, o Mestre Jinsai nos explica que ali \u00e9 que deveria ser a verdadeira sede da nossa Igreja.<\/p>\n<p style=\"text-align: justify;\">&#8220;Nessa colina pretendo futuramente construir a Sede Principal. A atual Terra Divina (Shinsen-kyo) n\u00e3o \u00e9 a Sede Principal, mas sim uma representa\u00e7\u00e3o do Paraiso Terrestre. \u00c9 um modelo. Tem sido utilizada como sendo a Sede Principal e o Santu\u00e1rio da Luz do Sol (Nikko-Den) tamb\u00e9m tem sido utilizado nesse sentido, mas, na realidade, a sua ess\u00eancia seria o prot\u00f3tipo do Para\u00edso Terrestre. Quanto \u00e0 colina a que me refiro, denominarei &#8220;Koomyo-Dai&#8221;.&#8221;<\/p>\n<p style=\"text-align: right;\">24 de mar\u00e7o de 1952<\/p>\n<p style=\"text-align: justify;\">&#8220;De uma forma geral, isso foi o que eu tinha a dizer de Hakone e, agora, voltemos \u00e0 Sede Principal a que me referi. Vamos construir um pal\u00e1cio cujo nome &#8211; quanto ao terreno, eu o denominei &#8220;Koomyo-Dai\u201d. Assim, daqui em diante, eu o chamarei dessa forma. O edif\u00edcio a ser constru\u00eddo nesse local seria o &#8220;Pal\u00e1cio da Luz Divina&#8221;. Como sempre digo, aquele local \u00e9 o ponto m\u00e9dio entre o Leste e o Oeste, o centro da cruz, o ponto em que surgir\u00e1 a Luz Divina. De fato, existe um significado espiritual bastante grande.&#8221;<\/p>\n<p style=\"text-align: right;\">25 de mar\u00e7o de 1952<\/p>\n<p style=\"text-align: justify;\">&#8220;E quanto \u00e0 denomina\u00e7\u00e3o eu a defini como &#8220;Koomyo-Dai&#8221;. E esse local em que se situa o Koomyo-Dai, o ponto m\u00e9dio entre Leste e Oeste, localiza-se sobre a Colina de Hakone. Em suma, Leste e Oeste representam o vertical e o horizontal. Leste \u00e9 o vertical e Oeste o horizontal. Leste \u00e9 o fogo e Oeste \u00e9 a \u00e1gua. Assim, trata-se do ponto de intersec\u00e7\u00e3o da vertical com a horizontal. E Hakone situa-se nesse ponto. Por isso, espiritualmente falando, significa que a Luz Divina surgiu no centro do mundo.&#8221;<\/p>\n<p style=\"text-align: right;\">27 de mar\u00e7o de 1952<\/p>\n<p style=\"text-align: justify;\">&#8220;E esse centro \u00e9 o Monte Kamiyama (Monte de Deus) de Hakone. Esse \u00e9 o centro do mundo. Estava oculto at\u00e9 agora. No mundo noturno n\u00e3o pod\u00edamos enxerg\u00e1-lo devido \u00e0 escurid\u00e3o &#8211; ou melhor, n\u00e3o nos era revelado. Todavia, como o Monte Kamiyama \u00e9 bastante alto, a regi\u00e3o de Gora, no seu sop\u00e9, \u00e9 considerada como o centro. Assim, a constru\u00e7\u00e3o da Terra Divina (Shinsen-kyo) nesse centro anuncia o advento de uma era em que o mundo inteiro vai se transformar na Terra de Deus. Ser\u00e1 o Para\u00edso Terrestre.&#8221;<\/p>\n<p style=\"text-align: right;\">25 de setembro de 1952<\/p>\n<p>&nbsp;<\/p>\n<p><img loading=\"lazy\" decoding=\"async\" class=\"size-full wp-image-3412 aligncenter\" src=\"https:\/\/www.jinsai.org\/pt-BR\/wp-content\/uploads\/2018\/09\/planta_shinsenkyo.jpg\" alt=\"\" width=\"700\" height=\"459\" srcset=\"https:\/\/www.jinsai.org\/pt-BR\/wp-content\/uploads\/2018\/09\/planta_shinsenkyo.jpg 700w, https:\/\/www.jinsai.org\/pt-BR\/wp-content\/uploads\/2018\/09\/planta_shinsenkyo-300x197.jpg 300w\" sizes=\"auto, (max-width: 700px) 100vw, 700px\" \/><\/p>\n<p style=\"text-align: center;\">Planta do Shinsen-kyo de Hakone e do Koomyo-Dai<\/p>\n<p>&nbsp;<\/p>\n<p style=\"text-align: justify;\">Ele tamb\u00e9m nos explica sobre o formato e as configura\u00e7\u00f5es da constru\u00e7\u00e3o:<\/p>\n<p>&nbsp;<\/p>\n<p style=\"text-align: justify;\"><strong>Um pal\u00e1cio de paredes brancas<\/strong><\/p>\n<p style=\"text-align: justify;\">&#8220;O Koomyo-Dai se situa no centro de Gora. Possui uma altura ideal e o ambiente \u00e9 tamb\u00e9m favor\u00e1vel. As pessoas que forem l\u00e1 sentir\u00e3o que o local possui caracter\u00edsticas bastante m\u00edsticas. Situa-se entre dois vales. \u00c9 uma eleva\u00e7\u00e3o entre dois vales, sendo um local bastante favor\u00e1vel, pois n\u00e3o existem rochas. No fundo existe um bosque de cedros, e h\u00e1 toda uma floresta de cedros envolvendo o local. Se a\u00ed erguermos um pal\u00e1cio de paredes brancas, creio que a vista ser\u00e1 magn\u00edfica.&#8221;<\/p>\n<p style=\"text-align: right;\">24 de mar\u00e7o de 1952<\/p>\n<p>&nbsp;<\/p>\n<p style=\"text-align: justify;\"><strong>Um pal\u00e1cio branco em forma de cruz angulado em v\u00e1rios degraus<\/strong><\/p>\n<p style=\"text-align: justify;\">Quanto ao Pal\u00e1cio da Luz Divina que ser\u00e1 futuramente constru\u00eddo, tamb\u00e9m tenho uma imagem nitidamente. \u00c9 um edif\u00edcio em forma de cruz, angulado em v\u00e1rios degraus. Totalmente branco. N\u00e3o se v\u00ea algo igual no mundo.<\/p>\n<p style=\"text-align: justify;\"><strong>Pergunta:<\/strong> Esse branco total teria alguma rela\u00e7\u00e3o com aquela men\u00e7\u00e3o de que o Jap\u00e3o \u00e9 o branco?<\/p>\n<p style=\"text-align: justify;\"><strong>Meishu-Sama:<\/strong> N\u00e3o \u00e9 isso. \u00c9 porque o branco \u00e9 realmente bonito.<\/p>\n<p style=\"text-align: right;\">1\u00ba de junho de 1952<\/p>\n<p style=\"text-align: justify;\"><strong>Um Edif\u00edcio em forma de Leque<\/strong><\/p>\n<p style=\"text-align: justify;\">Dias atr\u00e1s fui ao Koomyo-Dai, para os projetos. Pretendo construir um pal\u00e1cio que abrigue aproximadamente 10.000 pessoas. At\u00e9 agora sempre constru\u00edmos edif\u00edcios retangulares, mas eles n\u00e3o abrigam um grande n\u00famero de pessoas. Poderiam caber, mas a funcionalidade seria prejudicada, pois as dist\u00e2ncias aumentam bastante. Eu estaria falando e as pessoas precisariam de bin\u00f3culos para me verem. Isso n\u00e3o pode acontecer. Portanto, adotaremos agora a forma circular, desenvolvendo um leque. Assim, 10.000 pessoas poder\u00e3o ser abrigadas sem problemas. N\u00e3o se trata de um semi-c\u00edrculo, mas uma forma de leque com mais ou menos 2\/3 do arco da circunfer\u00eancia. \u00c9 uma forma que se desenvolve. Esta forma possui um significado especial. O leque branco utilizado em ocasi\u00f5es festivas \u00e9 devido a isso. \u00c9 por isso que se usa o leque branco em casamento. Essa forma \u00e9 utilizada em diversas circunst\u00e2ncias e ser\u00e1 a melhor op\u00e7\u00e3o. Ocuparemos mais ou menos 2\/3 (dois ter\u00e7os) da \u00e1rea com as cadeiras, sendo que 10.000 pessoas se acomodariam facilmente. E como o projeto de terraplenagem est\u00e1 totalmente conclu\u00eddo, eu ordenei o in\u00edcio das obras.<\/p>\n<p style=\"text-align: right;\">24 de setembro de 1953<\/p>\n<p>&nbsp;<\/p>\n<p><strong>Um Pal\u00e1cio em meio a um jardim<\/strong><\/p>\n<p style=\"text-align: justify;\">O Pal\u00e1cio dar\u00e1 acesso a dez mil pessoas. Como estamos nos referindo \u00e0 quantidade de assentos, ser\u00e1 uma constru\u00e7\u00e3o in\u00e9dita no Jap\u00e3o. Atualmente temos o Teatro Internacional de Asakusa que abriga o maior n\u00famero de pessoas no Jap\u00e3o, mas com capacidade para 5.000 pessoas, n\u00e3o existindo nenhum edif\u00edcio no g\u00eanero para 10.000 pessoas. E quanto ao terreno ao redor, sendo ele bastante amplo, creio que vinte ou trinta mil pessoas. poderiam acomodar-se com folga. E, nessa \u00e1rea, n\u00e3o haveria somente o Pal\u00e1cio, mas como a topografia \u00e9 favor\u00e1vel, construiremos um jardim.<\/p>\n<p style=\"text-align: right;\">27 de mar\u00e7o de 1952<\/p>\n<p style=\"text-align: center;\"><img loading=\"lazy\" decoding=\"async\" class=\"alignnone size-full wp-image-3413\" src=\"https:\/\/www.jinsai.org\/pt-BR\/wp-content\/uploads\/2018\/09\/shinsenkyo.jpg\" alt=\"\" width=\"700\" height=\"373\" srcset=\"https:\/\/www.jinsai.org\/pt-BR\/wp-content\/uploads\/2018\/09\/shinsenkyo.jpg 700w, https:\/\/www.jinsai.org\/pt-BR\/wp-content\/uploads\/2018\/09\/shinsenkyo-300x160.jpg 300w\" sizes=\"auto, (max-width: 700px) 100vw, 700px\" \/><\/p>\n<p style=\"text-align: center;\">Projeto de conclus\u00e3o da via de acesso entre o Koomyo-Dai e o Shinsen-kyo<\/p>\n<p>&nbsp;<\/p>\n<p style=\"text-align: center;\"><strong>POEMAS SOBRE O KOOMYO DAI<br \/>\n<\/strong><\/p>\n<p style=\"text-align: center;\">O topo das montanhas de Hakone<\/p>\n<p style=\"text-align: center;\">Do pa\u00eds do Sol Nascente<\/p>\n<p style=\"text-align: center;\">\u00c9 o la\u00e7o que une o leste e o oeste.<\/p>\n<p style=\"text-align: center;\">Numa remota Era dos Deuses,<\/p>\n<p style=\"text-align: center;\">O Deus Criador estabeleceu, sobre as rochas<\/p>\n<p style=\"text-align: center;\">De Hakone, os alicerces do Para\u00edso.<\/p>\n<p style=\"text-align: center;\">Estabelecerei, neste momento,<\/p>\n<p style=\"text-align: center;\">Os alicerces da Era da Eterna Paz sobre rocha<\/p>\n<p style=\"text-align: center;\">Profunda e solidamente arraigada.<\/p>\n<p>&nbsp;<\/p>\n<p style=\"text-align: center;\">Mesmo invis\u00edvel aos olhos do homem<\/p>\n<p style=\"text-align: center;\">J\u00e1 se processa, no Mundo Espiritual,<\/p>\n<p style=\"text-align: center;\">O Divino Programa de Deus.<\/p>\n<p style=\"text-align: center;\">A partir da pequenina forma do Para\u00edso<\/p>\n<p style=\"text-align: center;\">Estabelecerei o alicerce<\/p>\n<p style=\"text-align: center;\">Da Grandiosa Era de Miroku.<\/p>\n<p style=\"text-align: center;\">Ah, que alegria! Recebamos o Supremo Deus<\/p>\n<p style=\"text-align: center;\">Edificando as colunas da Morada Divina<\/p>\n<p style=\"text-align: center;\">Sobre rocha profundamente arraigada.<\/p>\n<p>&nbsp;<\/p>\n<p><a href=\"https:\/\/www.jinsai.org\/pt-BR\/prototipos\/trecho-da-entrevita-com-o-escritor-isamu-kurita\/\">Leia aqui a descoberta do asceta Shin-no-Gyoja sobre o Koomyo-Dai!<\/a><\/p>\n<p>&nbsp;<br \/>\n<iframe src=\"http:\/\/www.facebook.com\/plugins\/like.php?href= https:\/\/www.jinsai.org\/pt-BR\/prototipos-do-paraiso-terrestre\/koomyo-dai\/ &amp;%0Alayout=standard&amp;show_faces=false&amp;width=380&amp;action=like&amp;colorscheme=light&amp;height=25\" style=\"border: medium none ; overflow: hidden; width: 350px; height: 25px;\" allowtransparency=\"true\" frameborder=\"0\" scrolling=\"no\"><\/iframe><\/p>\n<div id=\"fb-root\"><\/div>\n<p><script src=\"http:\/\/connect.facebook.net\/pt_BR\/all.js#appId=APP_ID&amp;xfbml=1\"><\/script><fb:comments href=\"https:\/\/www.jinsai.org\/pt-BR\/prototipos-do-paraiso-terrestre\/koomyo-dai\/\" num_posts=\"100\" width=\"500\"><\/fb:comments><meta property=\"fb:app_id\" content=\"171964893011161\"><\/p>\n<div id=\"fb-root\"><\/div>\n<p><script>(function(d, s, id) {<br \/>\n  var js, fjs = d.getElementsByTagName(s)[0];<br \/>\n  if (d.getElementById(id)) return;<br \/>\n  js = d.createElement(s); js.id = id;<br \/>\n  js.src = 'https:\/\/connect.facebook.net\/pt_BR\/sdk.js#xfbml=1&version=v3.0&appId=171964893011161&autoLogAppEvents=1';<br \/>\n  fjs.parentNode.insertBefore(js, fjs);<br \/>\n}(document, 'script', 'facebook-jssdk'));<\/script><\/p>\n<div class=\"fb-share-button\" data-href=\"https:\/\/www.jinsai.org\/pt-BR\/prototipos-do-paraiso-terrestre\/koomyo-dai\/\" data-layout=\"button_count\" data-size=\"large\" data-mobile-iframe=\"true\"><a target=\"_blank\" href=\"https:\/\/www.facebook.com\/sharer\/sharer.php?u=http%3A%2F% https:\/\/www.jinsai.org\/pt-BR\/prototipos-do-paraiso-terrestre\/koomyo-dai\/%2F&amp;src=sdkpreparse\" class=\"fb-xfbml-parse-ignore\" rel=\"noopener noreferrer\">Compartilhar<\/a><\/div>\n","protected":false},"excerpt":{"rendered":"<p>O Koomyo-Dai \u00e9 a Colina da Luz Divina, localizado do outro lado do Shinsen-kyo, o Prot\u00f3tipo do Para\u00edso Terrestre de Hakone. Sobre ele, Meishu-Sama explica que \u00e9 o exato ponto de cruzamento entre o leste e o oeste, sobre a qual deveria ser erigido um santu\u00e1rio. Por isso, foi constru\u00eddo, em 1971, o &#8220;Santu\u00e1rio da [&hellip;]<\/p>\n","protected":false},"author":1,"featured_media":0,"parent":248,"menu_order":0,"comment_status":"open","ping_status":"closed","template":"","meta":{"footnotes":""},"class_list":["post-3411","page","type-page","status-publish","hentry","post"],"_links":{"self":[{"href":"https:\/\/www.jinsai.org\/pt-BR\/wp-json\/wp\/v2\/pages\/3411","targetHints":{"allow":["GET"]}}],"collection":[{"href":"https:\/\/www.jinsai.org\/pt-BR\/wp-json\/wp\/v2\/pages"}],"about":[{"href":"https:\/\/www.jinsai.org\/pt-BR\/wp-json\/wp\/v2\/types\/page"}],"author":[{"embeddable":true,"href":"https:\/\/www.jinsai.org\/pt-BR\/wp-json\/wp\/v2\/users\/1"}],"replies":[{"embeddable":true,"href":"https:\/\/www.jinsai.org\/pt-BR\/wp-json\/wp\/v2\/comments?post=3411"}],"version-history":[{"count":7,"href":"https:\/\/www.jinsai.org\/pt-BR\/wp-json\/wp\/v2\/pages\/3411\/revisions"}],"predecessor-version":[{"id":4850,"href":"https:\/\/www.jinsai.org\/pt-BR\/wp-json\/wp\/v2\/pages\/3411\/revisions\/4850"}],"up":[{"embeddable":true,"href":"https:\/\/www.jinsai.org\/pt-BR\/wp-json\/wp\/v2\/pages\/248"}],"wp:attachment":[{"href":"https:\/\/www.jinsai.org\/pt-BR\/wp-json\/wp\/v2\/media?parent=3411"}],"curies":[{"name":"wp","href":"https:\/\/api.w.org\/{rel}","templated":true}]}}