{"id":4683,"date":"2019-08-08T11:39:10","date_gmt":"2019-08-08T14:39:10","guid":{"rendered":"http:\/\/www.jinsai.org\/pt-BR\/?page_id=4683"},"modified":"2021-05-23T11:01:24","modified_gmt":"2021-05-23T14:01:24","slug":"okaniwa-shinjiro","status":"publish","type":"page","link":"https:\/\/www.jinsai.org\/pt-BR\/meishu-sama\/memorias\/okaniwa-shinjiro\/","title":{"rendered":"Okaniwa Shinjiro"},"content":{"rendered":"<div id=\"pl-4683\"  class=\"panel-layout\" ><div id=\"pg-4683-0\"  class=\"panel-grid panel-no-style\" ><div id=\"pgc-4683-0-0\"  class=\"panel-grid-cell\" ><div id=\"panel-4683-0-0-0\" class=\"so-panel widget_sow-editor panel-first-child panel-last-child\" data-index=\"0\" ><div\n\t\t\t\n\t\t\tclass=\"so-widget-sow-editor so-widget-sow-editor-base\"\n\t\t\t\n\t\t>\n<div class=\"siteorigin-widget-tinymce textwidget\">\n\t<p style=\"text-align: justify;\">Shinjiro Okaniwa, nascido em 1893, trabalhou ao lado de Meishu-Sama, tendo estado a seu servi\u00e7o desde o in\u00edcio, e foi um de seus fi\u00e9is mais pr\u00f3ximos. \u00c0 medida que ouvia as orienta\u00e7\u00f5es de Meishu-Sama, foi solidificando sua decis\u00e3o e, a partir de janeiro de 1932, come\u00e7ou a dedicar na seda da \u00e9poca, em Omori. Em 1933, ele foi designado para ser o respons\u00e1vel dessa filial. Com muito empenho, tornou-se realmente um dos principais disc\u00edpulos de Meishu-Sama, at\u00e9 seu falecimento em 15 de junho de 1954, aos 62 anos, justamente no dia da Comemora\u00e7\u00e3o Provis\u00f3ria da Vinda do Messias.<\/p>\n<p style=\"text-align: justify;\">Os documentos que aparecem aqui s\u00e3o os artigos completos publicados pelo Sr. Okaniwa entre setembro de 1952 e agosto de 1953. S\u00e3o os mesmos que apareceram na s\u00e9rie de 11 n\u00fameros da revista \u201cPara\u00edso Terrestre\u201d.<\/p>\n<p style=\"text-align: justify;\">Tratam-se de testemunhos valiosos, nos quais est\u00e3o descritas, tais como s\u00e3o, as obras divinas realizadas por Meishu-Sama durante a \u00e9poca de Oomori, e que v\u00e3o desde o per\u00edodo Taisho at\u00e9 o ano 10 da Era Showa. Este \u00e9 o per\u00edodo imediatamente anterior \u00e0 funda\u00e7\u00e3o da Igreja.<\/p>\n<p style=\"text-align: justify;\">Assim, os artigos do Sr. Okaniwa apresentam um enorme significado para n\u00f3s, que veneramos Meishu-Sama e buscamos Sua natureza divina. Por isso desejamos que os leiam com determina\u00e7\u00e3o.<\/p>\n<p>&nbsp;<\/p>\n<\/div>\n<\/div><\/div><\/div><\/div><div id=\"pg-4683-1\"  class=\"panel-grid panel-no-style\" ><div id=\"pgc-4683-1-0\"  class=\"panel-grid-cell\" ><div id=\"panel-4683-1-0-0\" class=\"so-panel widget_siteorigin-panels-postloop panel-first-child\" data-index=\"1\" >\n\t<div id=\"vantage-circleicon-loop\" class=\"vantage-circleicon-loop circleicon-loop-columns-3\">\n\n\t\t<div class=\"widget widget_circleicon-widget\">\t\t<div class=\"circle-icon-box circle-icon-position-top circle-icon-hide-box circle-icon-size-small\">\n\t\t\t<div class=\"circle-icon-wrapper\">\n\t\t\t\t<a href=\"https:\/\/www.jinsai.org\/pt-BR\/meishu-sama\/memorias\/okaniwa-shinjiro\/o-benfeitor-que-descobriu-meishu-sama\/\" class=\"link-icon\" >\t\t\t\t<div class=\"circle-icon icon-style-set\" style=\"background-image: url(https:\/\/www.jinsai.org\/pt-BR\/wp-content\/uploads\/2020\/01\/Logos-Ensinamentos-Mem\u00f3rias-Small.jpg)\">\n\t\t\t\t\t\t\t\t\t<\/div>\n\t\t\t\t<\/a>\t\t\t<\/div>\n\n\t\t\t<a href=\"https:\/\/www.jinsai.org\/pt-BR\/meishu-sama\/memorias\/okaniwa-shinjiro\/o-benfeitor-que-descobriu-meishu-sama\/\" class=\"link-title\" >\t\t\t<h5 >Okaniwa Shinjiro<\/h5>\t\t\t<h4 >O BENFEITOR QUE DESCOBRIU MEISHU-SAMA<\/h4>\t\t\t<\/a>\n\t\t\t<p class=\"text\" >No per\u00edodo anterior a estes acontecimentos, ou seja, a partir de 1914 aproximadamente, Meishu-Sama come\u00e7ou a receber revela\u00e7\u00f5es de Deus, \u00e0s quais tomava notas e casos em que passava oralmente \u00e0 sua esposa e esta as anotava. Naquela \u00e9poca j\u00e1 havia chegado a uma posi\u00e7\u00e3o que o permitia conhecer acontecimentos sucedidos h\u00e1 500 mil anos, [&hellip;]<\/p>\t\t\t\t\t\t\t<a href=\"https:\/\/www.jinsai.org\/pt-BR\/meishu-sama\/memorias\/okaniwa-shinjiro\/o-benfeitor-que-descobriu-meishu-sama\/\" class=\"more-button\" >Continue lendo <i><\/i><\/a>\n\t\t\t\t\t<\/div>\n\t\t<\/div><div class=\"widget widget_circleicon-widget\">\t\t<div class=\"circle-icon-box circle-icon-position-top circle-icon-hide-box circle-icon-size-small\">\n\t\t\t<div class=\"circle-icon-wrapper\">\n\t\t\t\t<a href=\"https:\/\/www.jinsai.org\/pt-BR\/meishu-sama\/memorias\/okaniwa-shinjiro\/toquio-se-convertera-num-mar-de-fogo\/\" class=\"link-icon\" >\t\t\t\t<div class=\"circle-icon icon-style-set\" style=\"background-image: url(https:\/\/www.jinsai.org\/pt-BR\/wp-content\/uploads\/2020\/01\/Logos-Ensinamentos-Mem\u00f3rias-Small.jpg)\">\n\t\t\t\t\t\t\t\t\t<\/div>\n\t\t\t\t<\/a>\t\t\t<\/div>\n\n\t\t\t<a href=\"https:\/\/www.jinsai.org\/pt-BR\/meishu-sama\/memorias\/okaniwa-shinjiro\/toquio-se-convertera-num-mar-de-fogo\/\" class=\"link-title\" >\t\t\t<h5 >Okaniwa Shinjiro<\/h5>\t\t\t<h4 >T\u00d3QUIO SE CONVERTER\u00c1 NUM MAR DE FOGO<\/h4>\t\t\t<\/a>\n\t\t\t<p class=\"text\" >Em maio de 1923, no mesmo ano em que aconteceu o terremoto de Kanto, Meishu-Sama, ent\u00e3o presidente de uma empresa de vendas, cuja loja estava localizada em Makimachi, vendeu sua casa localizada em Daikyo-cho, ao pre\u00e7o de 36.500 ienes (o valor corrente naquela \u00e9poca era mais de 50.000 ienes) e comprou outra casa em Oomori [&hellip;]<\/p>\t\t\t\t\t\t\t<a href=\"https:\/\/www.jinsai.org\/pt-BR\/meishu-sama\/memorias\/okaniwa-shinjiro\/toquio-se-convertera-num-mar-de-fogo\/\" class=\"more-button\" >Continue lendo <i><\/i><\/a>\n\t\t\t\t\t<\/div>\n\t\t<\/div><div class=\"widget widget_circleicon-widget\">\t\t<div class=\"circle-icon-box circle-icon-position-top circle-icon-hide-box circle-icon-size-small\">\n\t\t\t<div class=\"circle-icon-wrapper\">\n\t\t\t\t<a href=\"https:\/\/www.jinsai.org\/pt-BR\/meishu-sama\/memorias\/okaniwa-shinjiro\/na-reuniao-de-poemas-de-humor\/\" class=\"link-icon\" >\t\t\t\t<div class=\"circle-icon icon-style-set\" style=\"background-image: url(https:\/\/www.jinsai.org\/pt-BR\/wp-content\/uploads\/2020\/01\/Logos-Ensinamentos-Mem\u00f3rias-Small.jpg)\">\n\t\t\t\t\t\t\t\t\t<\/div>\n\t\t\t\t<\/a>\t\t\t<\/div>\n\n\t\t\t<a href=\"https:\/\/www.jinsai.org\/pt-BR\/meishu-sama\/memorias\/okaniwa-shinjiro\/na-reuniao-de-poemas-de-humor\/\" class=\"link-title\" >\t\t\t<h5 >Okaniwa Shinjiro<\/h5>\t\t\t<h4 >NA REUNI\u00c3O DE POEMAS DE HUMOR<\/h4>\t\t\t<\/a>\n\t\t\t<p class=\"text\" >Enquanto visitava a casa de Meishu-Sama, em 22 de janeiro de 1932, perdi a minha casa e comecei a dedicar exclusivamente a Deus, como tinha sido previsto por Meishu-Sama. Desde que havia recebido esta predi\u00e7\u00e3o, haviam transcorridos um ano e oito meses, durante os quais, quase todas as noites, havia ido ouvir suas experi\u00eancias. Ent\u00e3o [&hellip;]<\/p>\t\t\t\t\t\t\t<a href=\"https:\/\/www.jinsai.org\/pt-BR\/meishu-sama\/memorias\/okaniwa-shinjiro\/na-reuniao-de-poemas-de-humor\/\" class=\"more-button\" >Continue lendo <i><\/i><\/a>\n\t\t\t\t\t<\/div>\n\t\t<\/div><div class=\"clear\"><\/div><div class=\"widget widget_circleicon-widget\">\t\t<div class=\"circle-icon-box circle-icon-position-top circle-icon-hide-box circle-icon-size-small\">\n\t\t\t<div class=\"circle-icon-wrapper\">\n\t\t\t\t<a href=\"https:\/\/www.jinsai.org\/pt-BR\/meishu-sama\/memorias\/okaniwa-shinjiro\/vencer-com-um-por-cento-de-forca\/\" class=\"link-icon\" >\t\t\t\t<div class=\"circle-icon icon-style-set\" style=\"background-image: url(https:\/\/www.jinsai.org\/pt-BR\/wp-content\/uploads\/2020\/01\/Logos-Ensinamentos-Mem\u00f3rias-Small.jpg)\">\n\t\t\t\t\t\t\t\t\t<\/div>\n\t\t\t\t<\/a>\t\t\t<\/div>\n\n\t\t\t<a href=\"https:\/\/www.jinsai.org\/pt-BR\/meishu-sama\/memorias\/okaniwa-shinjiro\/vencer-com-um-por-cento-de-forca\/\" class=\"link-title\" >\t\t\t<h5 >Okaniwa Shinjiro<\/h5>\t\t\t<h4 >VENCER COM UM POR CENTO DE FOR\u00c7A<\/h4>\t\t\t<\/a>\n\t\t\t<p class=\"text\" >Em certa ocasi\u00e3o chegou, da regi\u00e3o de Tohoku, um enfermo grave, possu\u00eddo por um esp\u00edrito. Era um homem feroz que numa s\u00f3 noite era capaz de comer uma caixa de ma\u00e7\u00e3s ou de p\u00earas. Chamava-se Misawa. Quando Meishu-Sama nos contou que tal homem estava possu\u00eddo de esp\u00edrito de aranha, todos o chamavam de aranha, na [&hellip;]<\/p>\t\t\t\t\t\t\t<a href=\"https:\/\/www.jinsai.org\/pt-BR\/meishu-sama\/memorias\/okaniwa-shinjiro\/vencer-com-um-por-cento-de-forca\/\" class=\"more-button\" >Continue lendo <i><\/i><\/a>\n\t\t\t\t\t<\/div>\n\t\t<\/div><div class=\"widget widget_circleicon-widget\">\t\t<div class=\"circle-icon-box circle-icon-position-top circle-icon-hide-box circle-icon-size-small\">\n\t\t\t<div class=\"circle-icon-wrapper\">\n\t\t\t\t<a href=\"https:\/\/www.jinsai.org\/pt-BR\/meishu-sama\/memorias\/okaniwa-shinjiro\/o-milagre-de-oteshiro\/\" class=\"link-icon\" >\t\t\t\t<div class=\"circle-icon icon-style-set\" style=\"background-image: url(https:\/\/www.jinsai.org\/pt-BR\/wp-content\/uploads\/2020\/01\/Logos-Ensinamentos-Mem\u00f3rias-Small.jpg)\">\n\t\t\t\t\t\t\t\t\t<\/div>\n\t\t\t\t<\/a>\t\t\t<\/div>\n\n\t\t\t<a href=\"https:\/\/www.jinsai.org\/pt-BR\/meishu-sama\/memorias\/okaniwa-shinjiro\/o-milagre-de-oteshiro\/\" class=\"link-title\" >\t\t\t<h5 >Okaniwa Shinjiro<\/h5>\t\t\t<h4 >O MILAGRE DE OTESHIRO<\/h4>\t\t\t<\/a>\n\t\t\t<p class=\"text\" >Como foi mencionado no n\u00famero anterior, Meishu-Sama come\u00e7ou a dar tratamento atrav\u00e9s do kototama. Embora falasse simplesmente o seu kototama, \u201cSuma-te, dor\u201d ela de imediato sumia; mas o que ele desejava, principalmente, era a elimina\u00e7\u00e3o das toxinas. Por isso deixou o tratamento atrav\u00e9s de kototama, e voltou novamente ao tratamento normal. Naquele tempo Meishu-Sama n\u00e3o [&hellip;]<\/p>\t\t\t\t\t\t\t<a href=\"https:\/\/www.jinsai.org\/pt-BR\/meishu-sama\/memorias\/okaniwa-shinjiro\/o-milagre-de-oteshiro\/\" class=\"more-button\" >Continue lendo <i><\/i><\/a>\n\t\t\t\t\t<\/div>\n\t\t<\/div><div class=\"widget widget_circleicon-widget\">\t\t<div class=\"circle-icon-box circle-icon-position-top circle-icon-hide-box circle-icon-size-small\">\n\t\t\t<div class=\"circle-icon-wrapper\">\n\t\t\t\t<a href=\"https:\/\/www.jinsai.org\/pt-BR\/meishu-sama\/memorias\/okaniwa-shinjiro\/a-grande-perspicacia-e-o-johrei\/\" class=\"link-icon\" >\t\t\t\t<div class=\"circle-icon icon-style-set\" style=\"background-image: url(https:\/\/www.jinsai.org\/pt-BR\/wp-content\/uploads\/2020\/01\/Logos-Ensinamentos-Mem\u00f3rias-Small.jpg)\">\n\t\t\t\t\t\t\t\t\t<\/div>\n\t\t\t\t<\/a>\t\t\t<\/div>\n\n\t\t\t<a href=\"https:\/\/www.jinsai.org\/pt-BR\/meishu-sama\/memorias\/okaniwa-shinjiro\/a-grande-perspicacia-e-o-johrei\/\" class=\"link-title\" >\t\t\t<h5 >Okaniwa Shinjiro<\/h5>\t\t\t<h4 >A GRANDE PERSPIC\u00c1CIA E O JOHREI<\/h4>\t\t\t<\/a>\n\t\t\t<p class=\"text\" >Enquanto Meishu-Sama se dedicava ao seu neg\u00f3cio, sucederam a crise financeira de 1920 e o grande terremoto de Kanto; devido a estes dois acontecimentos, decidiu deixar o neg\u00f3cio e dedicar-se exclusivamente \u00e0 Obra Divina. Desde ent\u00e3o foi reduzindo gradualmente as atividades do com\u00e9rcio e finalmente deixou-o para os seus empregados. Assim, a partir de 1928, [&hellip;]<\/p>\t\t\t\t\t\t\t<a href=\"https:\/\/www.jinsai.org\/pt-BR\/meishu-sama\/memorias\/okaniwa-shinjiro\/a-grande-perspicacia-e-o-johrei\/\" class=\"more-button\" >Continue lendo <i><\/i><\/a>\n\t\t\t\t\t<\/div>\n\t\t<\/div><div class=\"clear\"><\/div><div class=\"widget widget_circleicon-widget\">\t\t<div class=\"circle-icon-box circle-icon-position-top circle-icon-hide-box circle-icon-size-small\">\n\t\t\t<div class=\"circle-icon-wrapper\">\n\t\t\t\t<a href=\"https:\/\/www.jinsai.org\/pt-BR\/meishu-sama\/memorias\/okaniwa-shinjiro\/preparacao-para-a-cerimonia-inaugural-da-dai-nippon-kannon-kai\/\" class=\"link-icon\" >\t\t\t\t<div class=\"circle-icon icon-style-set\" style=\"background-image: url(https:\/\/www.jinsai.org\/pt-BR\/wp-content\/uploads\/2020\/01\/Logos-Ensinamentos-Mem\u00f3rias-Small.jpg)\">\n\t\t\t\t\t\t\t\t\t<\/div>\n\t\t\t\t<\/a>\t\t\t<\/div>\n\n\t\t\t<a href=\"https:\/\/www.jinsai.org\/pt-BR\/meishu-sama\/memorias\/okaniwa-shinjiro\/preparacao-para-a-cerimonia-inaugural-da-dai-nippon-kannon-kai\/\" class=\"link-title\" >\t\t\t<h5 >Okaniwa Shinjiro<\/h5>\t\t\t<h4 >PREPARA\u00c7\u00c3O PARA A CERIM\u00d4NIA INAUGURAL DA DAI NIPPON KANNON KAI<\/h4>\t\t\t<\/a>\n\t\t\t<p class=\"text\" >Em 18 de dezembro realizou-se a cerim\u00f4nia mensal no Ojindo e, por fim, o Deus Kannon Branco, que at\u00e9 ent\u00e3o havia sido a imagem divina, foi mudado ao t\u00e9rmino da cerim\u00f4nia. Em seu lugar, colocou-se o rolo pendente do Deus Senju Kannon, com o seu adorno maravilhosamente preparado para o evento. No dia seguinte, 19, [&hellip;]<\/p>\t\t\t\t\t\t\t<a href=\"https:\/\/www.jinsai.org\/pt-BR\/meishu-sama\/memorias\/okaniwa-shinjiro\/preparacao-para-a-cerimonia-inaugural-da-dai-nippon-kannon-kai\/\" class=\"more-button\" >Continue lendo <i><\/i><\/a>\n\t\t\t\t\t<\/div>\n\t\t<\/div><div class=\"widget widget_circleicon-widget\">\t\t<div class=\"circle-icon-box circle-icon-position-top circle-icon-hide-box circle-icon-size-small\">\n\t\t\t<div class=\"circle-icon-wrapper\">\n\t\t\t\t<a href=\"https:\/\/www.jinsai.org\/pt-BR\/meishu-sama\/memorias\/okaniwa-shinjiro\/uma-licao-a-dois-dirigentes\/\" class=\"link-icon\" >\t\t\t\t<div class=\"circle-icon icon-style-set\" style=\"background-image: url(https:\/\/www.jinsai.org\/pt-BR\/wp-content\/uploads\/2020\/01\/Logos-Ensinamentos-Mem\u00f3rias-Small.jpg)\">\n\t\t\t\t\t\t\t\t\t<\/div>\n\t\t\t\t<\/a>\t\t\t<\/div>\n\n\t\t\t<a href=\"https:\/\/www.jinsai.org\/pt-BR\/meishu-sama\/memorias\/okaniwa-shinjiro\/uma-licao-a-dois-dirigentes\/\" class=\"link-title\" >\t\t\t<h5 >Okaniwa Shinjiro<\/h5>\t\t\t<h4 >UMA LI\u00c7\u00c3O A DOIS DIRIGENTES<\/h4>\t\t\t<\/a>\n\t\t\t<p class=\"text\" >Em 17 de janeiro, quando me apresentei, Meishu-Sama estava come\u00e7ando a dar uma li\u00e7\u00e3o a dois dirigentes, pelo que me permiti ouvi-Io. Dizia: &#8220;A Deusa Kannon Se dedica a criar um mundo sem doen\u00e7as, pobreza e nem conflitos; portanto, aqueles que falam e agem de tal maneira que gerem problemas e provoquem desgostos s\u00e3o os [&hellip;]<\/p>\t\t\t\t\t\t\t<a href=\"https:\/\/www.jinsai.org\/pt-BR\/meishu-sama\/memorias\/okaniwa-shinjiro\/uma-licao-a-dois-dirigentes\/\" class=\"more-button\" >Continue lendo <i><\/i><\/a>\n\t\t\t\t\t<\/div>\n\t\t<\/div><div class=\"widget widget_circleicon-widget\">\t\t<div class=\"circle-icon-box circle-icon-position-top circle-icon-hide-box circle-icon-size-small\">\n\t\t\t<div class=\"circle-icon-wrapper\">\n\t\t\t\t<a href=\"https:\/\/www.jinsai.org\/pt-BR\/meishu-sama\/memorias\/okaniwa-shinjiro\/a-inauguracao-da-dai-nippon-kannon-kai\/\" class=\"link-icon\" >\t\t\t\t<div class=\"circle-icon icon-style-set\" style=\"background-image: url(https:\/\/www.jinsai.org\/pt-BR\/wp-content\/uploads\/2020\/01\/Logos-Ensinamentos-Mem\u00f3rias-Small.jpg)\">\n\t\t\t\t\t\t\t\t\t<\/div>\n\t\t\t\t<\/a>\t\t\t<\/div>\n\n\t\t\t<a href=\"https:\/\/www.jinsai.org\/pt-BR\/meishu-sama\/memorias\/okaniwa-shinjiro\/a-inauguracao-da-dai-nippon-kannon-kai\/\" class=\"link-title\" >\t\t\t<h5 >Okaniwa Shinjiro<\/h5>\t\t\t<h4 >A INAUGURA\u00c7\u00c3O DA DAI NIPPON KANNON KAI<\/h4>\t\t\t<\/a>\n\t\t\t<p class=\"text\" >Pensei que, tamb\u00e9m, era interessante o fato de que naquele dia, 25 de dezembro de 1934, o n\u00famero de participantes houvesse sido de cinquenta e tr\u00eas pessoas, o que se interpretava como Izunome. No mesmo dia houve uma pessoa que presenteou Meishu-Sama com uma moeda de um rin (d\u00e9cima parte de um sen, denomina\u00e7\u00e3o empregada [&hellip;]<\/p>\t\t\t\t\t\t\t<a href=\"https:\/\/www.jinsai.org\/pt-BR\/meishu-sama\/memorias\/okaniwa-shinjiro\/a-inauguracao-da-dai-nippon-kannon-kai\/\" class=\"more-button\" >Continue lendo <i><\/i><\/a>\n\t\t\t\t\t<\/div>\n\t\t<\/div><div class=\"clear\"><\/div><div class=\"widget widget_circleicon-widget\">\t\t<div class=\"circle-icon-box circle-icon-position-top circle-icon-hide-box circle-icon-size-small\">\n\t\t\t<div class=\"circle-icon-wrapper\">\n\t\t\t\t<a href=\"https:\/\/www.jinsai.org\/pt-BR\/meishu-sama\/memorias\/okaniwa-shinjiro\/se-adorarmos-as-divindades-daikoku-e-ebisu-deus-da-prosperidade-a-fortuna-nos-chegara\/\" class=\"link-icon\" >\t\t\t\t<div class=\"circle-icon icon-style-set\" style=\"background-image: url(https:\/\/www.jinsai.org\/pt-BR\/wp-content\/uploads\/2020\/01\/Logos-Ensinamentos-Mem\u00f3rias-Small.jpg)\">\n\t\t\t\t\t\t\t\t\t<\/div>\n\t\t\t\t<\/a>\t\t\t<\/div>\n\n\t\t\t<a href=\"https:\/\/www.jinsai.org\/pt-BR\/meishu-sama\/memorias\/okaniwa-shinjiro\/se-adorarmos-as-divindades-daikoku-e-ebisu-deus-da-prosperidade-a-fortuna-nos-chegara\/\" class=\"link-title\" >\t\t\t<h5 >Okaniwa Shinjiro<\/h5>\t\t\t<h4 >SE ADORARMOS AS DIVINDADES DAIKOKU E EBISU (DEUS DA PROSPERIDADE), A FORTUNA NOS CHEGAR\u00c1<\/h4>\t\t\t<\/a>\n\t\t\t<p class=\"text\" >Em 7 de janeiro, Meishu-Sama, juntamente com a Sua esposa, nos agraciou ao vir assistir \u00e0 cerim\u00f4nia mensal, em nossa casa. Ap\u00f3s o t\u00e9rmino da cerim\u00f4nia, Ele comentou que, se adorarmos as divindades Daikoku e Ebisu, a fortuna nos chegaria, e com isto a nossa vida seria mais folgada economicamente. Agradeci as suas palavras e, [&hellip;]<\/p>\t\t\t\t\t\t\t<a href=\"https:\/\/www.jinsai.org\/pt-BR\/meishu-sama\/memorias\/okaniwa-shinjiro\/se-adorarmos-as-divindades-daikoku-e-ebisu-deus-da-prosperidade-a-fortuna-nos-chegara\/\" class=\"more-button\" >Continue lendo <i><\/i><\/a>\n\t\t\t\t\t<\/div>\n\t\t<\/div><div class=\"widget widget_circleicon-widget\">\t\t<div class=\"circle-icon-box circle-icon-position-top circle-icon-hide-box circle-icon-size-small\">\n\t\t\t<div class=\"circle-icon-wrapper\">\n\t\t\t\t<a href=\"https:\/\/www.jinsai.org\/pt-BR\/meishu-sama\/memorias\/okaniwa-shinjiro\/uma-pessoa-que-nunca-tera-verdadeira-fe\/\" class=\"link-icon\" >\t\t\t\t<div class=\"circle-icon icon-style-set\" style=\"background-image: url(https:\/\/www.jinsai.org\/pt-BR\/wp-content\/uploads\/2020\/01\/Logos-Ensinamentos-Mem\u00f3rias-Small.jpg)\">\n\t\t\t\t\t\t\t\t\t<\/div>\n\t\t\t\t<\/a>\t\t\t<\/div>\n\n\t\t\t<a href=\"https:\/\/www.jinsai.org\/pt-BR\/meishu-sama\/memorias\/okaniwa-shinjiro\/uma-pessoa-que-nunca-tera-verdadeira-fe\/\" class=\"link-title\" >\t\t\t<h5 >Okaniwa Shinjiro<\/h5>\t\t\t<h4 >UMA PESSOA QUE NUNCA TER\u00c1 VERDADEIRA F\u00c9<\/h4>\t\t\t<\/a>\n\t\t\t<p class=\"text\" >Em 4 de novembro, ao terminar o Johrei, como tinha tempo livre, sa\u00ed para dedicar \u00e0 venda de jornais. Fui at\u00e9 Umagome, onde estava a casa de um senhor chamado Ryuzo Koshiti. Comprou-me um exemplar e me solicitou que falasse sobre Deus. Mostrou-se t\u00e3o interessado que inclusive convidou-me a sentar. Como gostava muito da minha [&hellip;]<\/p>\t\t\t\t\t\t\t<a href=\"https:\/\/www.jinsai.org\/pt-BR\/meishu-sama\/memorias\/okaniwa-shinjiro\/uma-pessoa-que-nunca-tera-verdadeira-fe\/\" class=\"more-button\" >Continue lendo <i><\/i><\/a>\n\t\t\t\t\t<\/div>\n\t\t<\/div>\t<\/div>\n\t<\/div><div id=\"panel-4683-1-0-1\" class=\"widget_text so-panel widget_custom_html panel-last-child\" data-index=\"2\" ><div class=\"textwidget custom-html-widget\"><iframe src=\"http:\/\/www.facebook.com\/plugins\/like.php?href=http:\/\/www.jinsai.org\/pt-BR\/meishu-sama\/memorias\/shinjiro-okaniwa&%0Alayout=standard&show_faces=false&width=380&action=like&colorscheme=light&height=25\" style=\"border: medium none ; overflow: hidden; width: 350px; height: 25px;\" allowtransparency=\"true\" frameborder=\"0\" scrolling=\"no\"><\/iframe>\n\n<div id=\"fb-root\"><\/div><script src=\"http:\/\/connect.facebook.net\/pt_BR\/all.js#appId=APP_ID&amp;xfbml=1\"><\/script><fb:comments href=\"http:\/\/www.jinsai.org\/pt-BR\/meishu-sama\/memorias\/shinjiro-okaniwa\" num_posts=\"100\" width=\"500\"><\/fb:comments><meta property='fb:app_id' content='171964893011161'\/> \n\n<div id=\"fb-root\"><\/div>\n<script>(function(d, s, id) {\n  var js, fjs = d.getElementsByTagName(s)[0];\n  if (d.getElementById(id)) return;\n  js = d.createElement(s); js.id = id;\n  js.src = 'https:\/\/connect.facebook.net\/pt_BR\/sdk.js#xfbml=1&version=v3.0&appId=171964893011161&autoLogAppEvents=1';\n  fjs.parentNode.insertBefore(js, fjs);\n}(document, 'script', 'facebook-jssdk'));<\/script>\n<div class=\"fb-share-button\" data-href=\"http:\/\/www.jinsai.org\/pt-BR\/meishu-sama\/memorias\/shinjiro-okaniwa\" data-layout=\"button_count\" data-size=\"large\" data-mobile-iframe=\"true\"><a target=\"_blank\" href=\"https:\/\/www.facebook.com\/sharer\/sharer.php?u=http%3A%2F%2Fwww.jinsai.org%2Fpt-BR%2Fmeishu-sama%2Fmemorias%2Fshinjiro-okaniwa%2F&amp;src=sdkpreparse\" class=\"fb-xfbml-parse-ignore\">Compartilhar<\/a><\/div>\n<\/div><\/div><\/div><\/div><\/div>","protected":false},"excerpt":{"rendered":"<p>Shinjiro Okaniwa, nascido em 1893, trabalhou ao lado de Meishu-Sama, tendo estado a seu servi\u00e7o desde o in\u00edcio, e foi um de seus fi\u00e9is mais pr\u00f3ximos. \u00c0 medida que ouvia as orienta\u00e7\u00f5es de Meishu-Sama, foi solidificando sua decis\u00e3o e, a partir de janeiro de 1932, come\u00e7ou a dedicar na seda da \u00e9poca, em Omori. Em [&hellip;]<\/p>\n","protected":false},"author":1,"featured_media":0,"parent":110,"menu_order":0,"comment_status":"open","ping_status":"closed","template":"templates\/template-full.php","meta":{"footnotes":""},"class_list":["post-4683","page","type-page","status-publish","hentry","post","post-with-thumbnail","post-with-thumbnail-icon"],"_links":{"self":[{"href":"https:\/\/www.jinsai.org\/pt-BR\/wp-json\/wp\/v2\/pages\/4683","targetHints":{"allow":["GET"]}}],"collection":[{"href":"https:\/\/www.jinsai.org\/pt-BR\/wp-json\/wp\/v2\/pages"}],"about":[{"href":"https:\/\/www.jinsai.org\/pt-BR\/wp-json\/wp\/v2\/types\/page"}],"author":[{"embeddable":true,"href":"https:\/\/www.jinsai.org\/pt-BR\/wp-json\/wp\/v2\/users\/1"}],"replies":[{"embeddable":true,"href":"https:\/\/www.jinsai.org\/pt-BR\/wp-json\/wp\/v2\/comments?post=4683"}],"version-history":[{"count":9,"href":"https:\/\/www.jinsai.org\/pt-BR\/wp-json\/wp\/v2\/pages\/4683\/revisions"}],"predecessor-version":[{"id":9301,"href":"https:\/\/www.jinsai.org\/pt-BR\/wp-json\/wp\/v2\/pages\/4683\/revisions\/9301"}],"up":[{"embeddable":true,"href":"https:\/\/www.jinsai.org\/pt-BR\/wp-json\/wp\/v2\/pages\/110"}],"wp:attachment":[{"href":"https:\/\/www.jinsai.org\/pt-BR\/wp-json\/wp\/v2\/media?parent=4683"}],"curies":[{"name":"wp","href":"https:\/\/api.w.org\/{rel}","templated":true}]}}