{"id":5360,"date":"2019-09-30T07:38:15","date_gmt":"2019-09-30T10:38:15","guid":{"rendered":"http:\/\/www.jinsai.org\/pt-BR\/?page_id=5360"},"modified":"2021-08-25T08:39:24","modified_gmt":"2021-08-25T11:39:24","slug":"primeira-parte","status":"publish","type":"page","link":"https:\/\/www.jinsai.org\/pt-BR\/ensinamentos\/a-formacao-espiritual-do-povo-japones\/primeira-parte\/","title":{"rendered":"Primeira Parte"},"content":{"rendered":"<div id=\"pl-5360\"  class=\"panel-layout\" ><div id=\"pg-5360-0\"  class=\"panel-grid panel-no-style\" ><div id=\"pgc-5360-0-0\"  class=\"panel-grid-cell\" ><div id=\"panel-5360-0-0-0\" class=\"so-panel widget_siteorigin-panels-postloop panel-first-child\" data-index=\"0\" >\n\t<div id=\"vantage-circleicon-loop\" class=\"vantage-circleicon-loop circleicon-loop-columns-3\">\n\n\t\t<div class=\"widget widget_circleicon-widget\">\t\t<div class=\"circle-icon-box circle-icon-position-top circle-icon-hide-box circle-icon-size-small\">\n\t\t\t<div class=\"circle-icon-wrapper\">\n\t\t\t\t<a href=\"https:\/\/www.jinsai.org\/pt-BR\/ensinamentos\/a-formacao-espiritual-do-povo-japones\/primeira-parte\/7-revelacao-de-deus\/\" class=\"link-icon\" >\t\t\t\t<div class=\"circle-icon icon-style-set\" style=\"background-image: url(https:\/\/www.jinsai.org\/pt-BR\/wp-content\/uploads\/2019\/10\/meiji-tenno_among_kami_and_emperors-150x150.jpg)\">\n\t\t\t\t\t\t\t\t\t<\/div>\n\t\t\t\t<\/a>\t\t\t<\/div>\n\n\t\t\t<a href=\"https:\/\/www.jinsai.org\/pt-BR\/ensinamentos\/a-formacao-espiritual-do-povo-japones\/primeira-parte\/7-revelacao-de-deus\/\" class=\"link-title\" >\t\t\t<h5 >Primeira Parte<\/h5>\t\t\t<h4 >7 \u2013 REVELA\u00c7\u00c3O DE DEUS<\/h4>\t\t\t<\/a>\n\t\t\t<p class=\"text\" >A partir de agora, os fatos que vou relatar me foram revelados por Deus.7.1 \u2013 O povo YamatoRelembrando o que disse no come\u00e7o, quando Kanssussanoo veio da Coreia para o Jap\u00e3o, desembarcou no Sul, numa regi\u00e3o chamada Izumo no Kuni. Mas quem o governava, nessa \u00e9poca, era o Imperador divino Izunome, o qual, segundo me [&hellip;]<\/p>\t\t\t\t\t\t\t<a href=\"https:\/\/www.jinsai.org\/pt-BR\/ensinamentos\/a-formacao-espiritual-do-povo-japones\/primeira-parte\/7-revelacao-de-deus\/\" class=\"more-button\" >Continue lendo <i><\/i><\/a>\n\t\t\t\t\t<\/div>\n\t\t<\/div><div class=\"widget widget_circleicon-widget\">\t\t<div class=\"circle-icon-box circle-icon-position-top circle-icon-hide-box circle-icon-size-small\">\n\t\t\t<div class=\"circle-icon-wrapper\">\n\t\t\t\t<a href=\"https:\/\/www.jinsai.org\/pt-BR\/ensinamentos\/a-formacao-espiritual-do-povo-japones\/primeira-parte\/6-episodio-da-vida-de-ookuninushi\/\" class=\"link-icon\" >\t\t\t\t<div class=\"circle-icon icon-style-set\" style=\"background-image: url(https:\/\/www.jinsai.org\/pt-BR\/wp-content\/uploads\/2019\/10\/Okuninushi1-150x150.jpg)\">\n\t\t\t\t\t\t\t\t\t<\/div>\n\t\t\t\t<\/a>\t\t\t<\/div>\n\n\t\t\t<a href=\"https:\/\/www.jinsai.org\/pt-BR\/ensinamentos\/a-formacao-espiritual-do-povo-japones\/primeira-parte\/6-episodio-da-vida-de-ookuninushi\/\" class=\"link-title\" >\t\t\t<h5 >Primeira Parte<\/h5>\t\t\t<h4 >6 \u2013 EPIS\u00d3DIO DA VIDA DE OOKUNINUSHI<\/h4>\t\t\t<\/a>\n\t\t\t<p class=\"text\" >O que vou dizer a seguir foge um pouco do assunto anterior. Ookuninushi-no-Mikoto (o que perdeu a guerra) tinha dois filhos: Kotoshironushi-no-Mikoto, o primog\u00eanito, e Takeminakata-no-Mikoto. O mais velho era uma pessoa extremamente cordata e aceitou facilmente a derrota. J\u00e1 o segundo n\u00e3o se conformou de jeito algum e resistiu com bravura ao inimigo. Foi [&hellip;]<\/p>\t\t\t\t\t\t\t<a href=\"https:\/\/www.jinsai.org\/pt-BR\/ensinamentos\/a-formacao-espiritual-do-povo-japones\/primeira-parte\/6-episodio-da-vida-de-ookuninushi\/\" class=\"more-button\" >Continue lendo <i><\/i><\/a>\n\t\t\t\t\t<\/div>\n\t\t<\/div><div class=\"widget widget_circleicon-widget\">\t\t<div class=\"circle-icon-box circle-icon-position-top circle-icon-hide-box circle-icon-size-small\">\n\t\t\t<div class=\"circle-icon-wrapper\">\n\t\t\t\t<a href=\"https:\/\/www.jinsai.org\/pt-BR\/ensinamentos\/a-formacao-espiritual-do-povo-japones\/primeira-parte\/5-historia-do-povo-tenson\/\" class=\"link-icon\" >\t\t\t\t<div class=\"circle-icon icon-style-set\" style=\"background-image: url(https:\/\/www.jinsai.org\/pt-BR\/wp-content\/uploads\/2019\/10\/haru-herlambang-susanoo-challange-wide-150x150.jpg)\">\n\t\t\t\t\t\t\t\t\t<\/div>\n\t\t\t\t<\/a>\t\t\t<\/div>\n\n\t\t\t<a href=\"https:\/\/www.jinsai.org\/pt-BR\/ensinamentos\/a-formacao-espiritual-do-povo-japones\/primeira-parte\/5-historia-do-povo-tenson\/\" class=\"link-title\" >\t\t\t<h5 >Primeira Parte<\/h5>\t\t\t<h4 >5 \u2013 HIST\u00d3RIA DO POVO TENSON<\/h4>\t\t\t<\/a>\n\t\t\t<p class=\"text\" >Voltando ao in\u00edcio da hist\u00f3ria do povo Tenson, o qual, segundo a mitologia, desceu do c\u00e9u, instalou-se no topo da montanha do Takachiho e a\u00ed permaneceu durante algum tempo, pode-se dizer que \u00e9 uma narrativa realmente absurda. Segundo esse relato, Ugayafukiaezu-no-Mikoto, filho de Tenson Minigui-no Mikoto e pai do imperador Jinmu, foi enviado por ordem [&hellip;]<\/p>\t\t\t\t\t\t\t<a href=\"https:\/\/www.jinsai.org\/pt-BR\/ensinamentos\/a-formacao-espiritual-do-povo-japones\/primeira-parte\/5-historia-do-povo-tenson\/\" class=\"more-button\" >Continue lendo <i><\/i><\/a>\n\t\t\t\t\t<\/div>\n\t\t<\/div><div class=\"clear\"><\/div><div class=\"widget widget_circleicon-widget\">\t\t<div class=\"circle-icon-box circle-icon-position-top circle-icon-hide-box circle-icon-size-small\">\n\t\t\t<div class=\"circle-icon-wrapper\">\n\t\t\t\t<a href=\"https:\/\/www.jinsai.org\/pt-BR\/ensinamentos\/a-formacao-espiritual-do-povo-japones\/primeira-parte\/4-lutas-pelo-poder-na-historia-do-japao\/\" class=\"link-icon\" >\t\t\t\t<div class=\"circle-icon icon-style-set\" style=\"background-image: url(https:\/\/www.jinsai.org\/pt-BR\/wp-content\/uploads\/2019\/10\/IMG_2394-150x150.jpg)\">\n\t\t\t\t\t\t\t\t\t<\/div>\n\t\t\t\t<\/a>\t\t\t<\/div>\n\n\t\t\t<a href=\"https:\/\/www.jinsai.org\/pt-BR\/ensinamentos\/a-formacao-espiritual-do-povo-japones\/primeira-parte\/4-lutas-pelo-poder-na-historia-do-japao\/\" class=\"link-title\" >\t\t\t<h5 >Primeira Parte<\/h5>\t\t\t<h4 >4 &#8211; LUTAS PELO PODER NA HIST\u00d3RIA DO JAP\u00c3O<\/h4>\t\t\t<\/a>\n\t\t\t<p class=\"text\" >Em primeiro lugar \u00e9 preciso perceber com aten\u00e7\u00e3o que a troca de governo, passando do povo Izumo para o povo Tenson, originou, mais tarde, no Jap\u00e3o, as guerras de conquista, as quais sempre aconteceram entre os dois grupos e, ainda hoje, \u00e0s vezes, se manifestam em alguns setores.Na verdade, tais lutam significam que, no plano [&hellip;]<\/p>\t\t\t\t\t\t\t<a href=\"https:\/\/www.jinsai.org\/pt-BR\/ensinamentos\/a-formacao-espiritual-do-povo-japones\/primeira-parte\/4-lutas-pelo-poder-na-historia-do-japao\/\" class=\"more-button\" >Continue lendo <i><\/i><\/a>\n\t\t\t\t\t<\/div>\n\t\t<\/div><div class=\"widget widget_circleicon-widget\">\t\t<div class=\"circle-icon-box circle-icon-position-top circle-icon-hide-box circle-icon-size-small\">\n\t\t\t<div class=\"circle-icon-wrapper\">\n\t\t\t\t<a href=\"https:\/\/www.jinsai.org\/pt-BR\/ensinamentos\/a-formacao-espiritual-do-povo-japones\/primeira-parte\/3-episodios-correlatos\/\" class=\"link-icon\" >\t\t\t\t<div class=\"circle-icon icon-style-set\" style=\"background-image: url(https:\/\/www.jinsai.org\/pt-BR\/wp-content\/uploads\/2019\/10\/Namazu4-150x150.jpg)\">\n\t\t\t\t\t\t\t\t\t<\/div>\n\t\t\t\t<\/a>\t\t\t<\/div>\n\n\t\t\t<a href=\"https:\/\/www.jinsai.org\/pt-BR\/ensinamentos\/a-formacao-espiritual-do-povo-japones\/primeira-parte\/3-episodios-correlatos\/\" class=\"link-title\" >\t\t\t<h5 >Primeira Parte<\/h5>\t\t\t<h4 >3 &#8211; EPIS\u00d3DIOS CORRELATOS<\/h4>\t\t\t<\/a>\n\t\t\t<p class=\"text\" >Agora vou narrar alguns epis\u00f3dios que se afastam, um pouco, da ideia principal.O primeiro diz respeito ao casamento do segundo imperador, Suize (filho de Jinmu) com a filha de Ookuninushi (derrotado na guerra). Eu penso que essa uni\u00e3o tenha sido um ato pol\u00edtico do perdedor, pensando numa pacifica\u00e7\u00e3o futura dos dois povos.O outro acontecimento de [&hellip;]<\/p>\t\t\t\t\t\t\t<a href=\"https:\/\/www.jinsai.org\/pt-BR\/ensinamentos\/a-formacao-espiritual-do-povo-japones\/primeira-parte\/3-episodios-correlatos\/\" class=\"more-button\" >Continue lendo <i><\/i><\/a>\n\t\t\t\t\t<\/div>\n\t\t<\/div><div class=\"widget widget_circleicon-widget\">\t\t<div class=\"circle-icon-box circle-icon-position-top circle-icon-hide-box circle-icon-size-small\">\n\t\t\t<div class=\"circle-icon-wrapper\">\n\t\t\t\t<a href=\"https:\/\/www.jinsai.org\/pt-BR\/ensinamentos\/a-formacao-espiritual-do-povo-japones\/primeira-parte\/2-amaterassu-ookami\/\" class=\"link-icon\" >\t\t\t\t<div class=\"circle-icon icon-style-set\" style=\"background-image: url(https:\/\/www.jinsai.org\/pt-BR\/wp-content\/uploads\/2019\/09\/ama-150x150.jpg)\">\n\t\t\t\t\t\t\t\t\t<\/div>\n\t\t\t\t<\/a>\t\t\t<\/div>\n\n\t\t\t<a href=\"https:\/\/www.jinsai.org\/pt-BR\/ensinamentos\/a-formacao-espiritual-do-povo-japones\/primeira-parte\/2-amaterassu-ookami\/\" class=\"link-title\" >\t\t\t<h5 >Primeira Parte<\/h5>\t\t\t<h4 >2 &#8211; AMATERASSU OOKAMI<\/h4>\t\t\t<\/a>\n\t\t\t<p class=\"text\" >2.1 - Exist\u00eanciaCom base na mitologia, sabe-se que a mais alta hierarquia divina, cultuada no Jap\u00e3o, \u00e9 Amaterassu Ookami, entendida como ancestral da fam\u00edlia do imperador. Continua, ainda nos dias atuais, presente em esp\u00edrito, no Templo de Isse.Sobre essa divindade existem v\u00e1rias vers\u00f5es. A mais confi\u00e1vel \u00e9 a seguinte: em tempos remotos, a imagem de [&hellip;]<\/p>\t\t\t\t\t\t\t<a href=\"https:\/\/www.jinsai.org\/pt-BR\/ensinamentos\/a-formacao-espiritual-do-povo-japones\/primeira-parte\/2-amaterassu-ookami\/\" class=\"more-button\" >Continue lendo <i><\/i><\/a>\n\t\t\t\t\t<\/div>\n\t\t<\/div><div class=\"clear\"><\/div>\t<\/div>\n\t<\/div><div id=\"panel-5360-0-0-1\" class=\"widget_text so-panel widget_custom_html panel-last-child\" data-index=\"1\" ><div class=\"textwidget custom-html-widget\">\n\n\n&nbsp;\n\n\n<iframe\nsrc=\"http:\/\/www.facebook.com\/plugins\/like.php?href=\u00a0 \u00a0\u00a0http:\/\/www.jinsai.org\/pt-BR\/ensinamentos\/a-formacao-espiritual-do-povo-japones\/primeira-parte&%0Alayout=standard&show_faces=false&width=380&action=like&colorscheme=light&height=25\"\nstyle=\"border: medium none ; ovew: hidden; width: 350px; height:\n25px;\" allowtransparencyrflo =\"true\" frameborder=\"0\"\nscrolling=\"no\"><\/iframe>\n\n\n\u00a0\n\n\n<div\nid=\"fb-root\"><\/div><script\nsrc=\"http:\/\/connect.facebook.net\/pt_BR\/all.js#appId=APP_ID&amp;xfbml=1\"><\/script><fb:comments\nhref=\" \u00a0http:\/\/www.jinsai.org\/pt-BR\/ensinamentos\/a-formacao-espiritual-do-povo-japones\/primeira-parte\"\nnum_posts=\"100\" width=\"500\"><\/fb:comments><meta\nproperty='fb:app_id' content='171964893011161'\/> \n\n\n\u00a0\n\n\n<div\nid=\"fb-root\"><\/div>\n\n\n<script>(function(d,\ns, id) {\n\n\n\u00a0 var js, fjs = d.getElementsByTagName(s)[0];\n\n\n\u00a0 if (d.getElementById(id)) return;\n\n\n\u00a0 js = d.createElement(s); js.id = id;\n\n\n\u00a0 js.src =\n'https:\/\/connect.facebook.net\/pt_BR\/sdk.js#xfbml=1&version=v3.0&appId=171964893011161&autoLogAppEvents=1';\n\n\n\u00a0 fjs.parentNode.insertBefore(js, fjs);\n\n\n}(document,\n'script', 'facebook-jssdk'));<\/script>\n\n\n<div\nclass=\"fb-share-button\" data-href=\" \u00a0http:\/\/www.jinsai.org\/pt-BR\/ensinamentos\/a-formacao-espiritual-do-povo-japones\/primeira-parte\"\ndata-layout=\"button_count\" data-size=\"large\"\ndata-mobile-iframe=\"true\"><a target=\"_blank\"\nhref=\"https:\/\/www.facebook.com\/sharer\/sharer.php?u=http%3A%2F% \u00a0\u00a0http:\/\/www.jinsai.org\/pt-BR\/ensinamentos\/a-formacao-espiritual-do-povo-japones\/primeira-parte%2F&amp;src=sdkpreparse\"\nclass=\"fb-xfbml-parse-ignore\">Compartilhar<\/a><\/div>\n\n\n<\/div><\/div><\/div><\/div><\/div>","protected":false},"excerpt":{"rendered":"<p>2.1 &#8211; Exist\u00eanciaCom base na mitologia, sabe-se que a mais alta hierarquia divina, cultuada no Jap\u00e3o, \u00e9 Amaterassu Ookami, entendida como ancestral da fam\u00edlia do imperador. Continua, ainda nos dias atuais, presente em esp\u00edrito, no Templo de Isse.Sobre essa divindade existem v\u00e1rias vers\u00f5es. A mais confi\u00e1vel \u00e9 a seguinte: em tempos remotos, a imagem de [&hellip;]<\/p>\n","protected":false},"author":1,"featured_media":0,"parent":5352,"menu_order":0,"comment_status":"open","ping_status":"closed","template":"templates\/template-full.php","meta":{"footnotes":""},"class_list":["post-5360","page","type-page","status-publish","hentry","post","post-with-thumbnail","post-with-thumbnail-icon"],"_links":{"self":[{"href":"https:\/\/www.jinsai.org\/pt-BR\/wp-json\/wp\/v2\/pages\/5360","targetHints":{"allow":["GET"]}}],"collection":[{"href":"https:\/\/www.jinsai.org\/pt-BR\/wp-json\/wp\/v2\/pages"}],"about":[{"href":"https:\/\/www.jinsai.org\/pt-BR\/wp-json\/wp\/v2\/types\/page"}],"author":[{"embeddable":true,"href":"https:\/\/www.jinsai.org\/pt-BR\/wp-json\/wp\/v2\/users\/1"}],"replies":[{"embeddable":true,"href":"https:\/\/www.jinsai.org\/pt-BR\/wp-json\/wp\/v2\/comments?post=5360"}],"version-history":[{"count":4,"href":"https:\/\/www.jinsai.org\/pt-BR\/wp-json\/wp\/v2\/pages\/5360\/revisions"}],"predecessor-version":[{"id":9570,"href":"https:\/\/www.jinsai.org\/pt-BR\/wp-json\/wp\/v2\/pages\/5360\/revisions\/9570"}],"up":[{"embeddable":true,"href":"https:\/\/www.jinsai.org\/pt-BR\/wp-json\/wp\/v2\/pages\/5352"}],"wp:attachment":[{"href":"https:\/\/www.jinsai.org\/pt-BR\/wp-json\/wp\/v2\/media?parent=5360"}],"curies":[{"name":"wp","href":"https:\/\/api.w.org\/{rel}","templated":true}]}}