{"id":5524,"date":"2019-10-13T18:54:13","date_gmt":"2019-10-13T21:54:13","guid":{"rendered":"http:\/\/www.jinsai.org\/pt-BR\/?page_id=5524"},"modified":"2019-10-13T18:54:14","modified_gmt":"2019-10-13T21:54:14","slug":"segunda-parte","status":"publish","type":"page","link":"https:\/\/www.jinsai.org\/pt-BR\/ensinamentos\/a-formacao-espiritual-do-povo-japones\/segunda-parte\/","title":{"rendered":"Segunda Parte"},"content":{"rendered":"<div id=\"pl-5524\"  class=\"panel-layout\" ><div id=\"pg-5524-0\"  class=\"panel-grid panel-no-style\" ><div id=\"pgc-5524-0-0\"  class=\"panel-grid-cell\" ><div id=\"panel-5524-0-0-0\" class=\"so-panel widget_siteorigin-panels-postloop panel-first-child\" data-index=\"0\" >\n\t<div id=\"vantage-circleicon-loop\" class=\"vantage-circleicon-loop circleicon-loop-columns-3\">\n\n\t\t<div class=\"widget widget_circleicon-widget\">\t\t<div class=\"circle-icon-box circle-icon-position-top circle-icon-hide-box circle-icon-size-small\">\n\t\t\t<div class=\"circle-icon-wrapper\">\n\t\t\t\t<a href=\"https:\/\/www.jinsai.org\/pt-BR\/ensinamentos\/a-formacao-espiritual-do-povo-japones\/segunda-parte\/12-mudancas-no-mundo-espiritual\/\" class=\"link-icon\" >\t\t\t\t<div class=\"circle-icon icon-style-set\" style=\"background-image: url(https:\/\/www.jinsai.org\/pt-BR\/wp-content\/uploads\/2019\/10\/Tenrikyo_Church_Headquarters-150x150.jpg)\">\n\t\t\t\t\t\t\t\t\t<\/div>\n\t\t\t\t<\/a>\t\t\t<\/div>\n\n\t\t\t<a href=\"https:\/\/www.jinsai.org\/pt-BR\/ensinamentos\/a-formacao-espiritual-do-povo-japones\/segunda-parte\/12-mudancas-no-mundo-espiritual\/\" class=\"link-title\" >\t\t\t<h5 >Segunda Parte<\/h5>\t\t\t<h4 >12 \u2013 MUDAN\u00c7AS NO MUNDO ESPIRITUAL<\/h4>\t\t\t<\/a>\n\t\t\t<p class=\"text\" >A partir de agora, j\u00e1 posso explicar o processo de mudan\u00e7a ocorrido no Mundo Espiritual. Susanoo-no-Mikoto, mesmo tendo perdido o poder, continua usando de todos os subterf\u00fagios para reconquist\u00e1-lo, sem, contudo, revelar as suas inten\u00e7\u00f5es mais profundas. Por sua vez, tamb\u00e9m o imperador Jinmu vem planejando e, pouco a pouco, manifestando mais abertamente o seu [&hellip;]<\/p>\t\t\t\t\t\t\t<a href=\"https:\/\/www.jinsai.org\/pt-BR\/ensinamentos\/a-formacao-espiritual-do-povo-japones\/segunda-parte\/12-mudancas-no-mundo-espiritual\/\" class=\"more-button\" >Continue lendo <i><\/i><\/a>\n\t\t\t\t\t<\/div>\n\t\t<\/div><div class=\"widget widget_circleicon-widget\">\t\t<div class=\"circle-icon-box circle-icon-position-top circle-icon-hide-box circle-icon-size-small\">\n\t\t\t<div class=\"circle-icon-wrapper\">\n\t\t\t\t<a href=\"https:\/\/www.jinsai.org\/pt-BR\/ensinamentos\/a-formacao-espiritual-do-povo-japones\/segunda-parte\/11-causa-do-enfraquecimento-de-tokugawa\/\" class=\"link-icon\" >\t\t\t\t<div class=\"circle-icon icon-style-set\" style=\"background-image: url(https:\/\/www.jinsai.org\/pt-BR\/wp-content\/uploads\/2019\/10\/maxresdefault-150x150.jpg)\">\n\t\t\t\t\t\t\t\t\t<\/div>\n\t\t\t\t<\/a>\t\t\t<\/div>\n\n\t\t\t<a href=\"https:\/\/www.jinsai.org\/pt-BR\/ensinamentos\/a-formacao-espiritual-do-povo-japones\/segunda-parte\/11-causa-do-enfraquecimento-de-tokugawa\/\" class=\"link-title\" >\t\t\t<h5 >Segunda Parte<\/h5>\t\t\t<h4 >11 \u2013 CAUSA DO ENFRAQUECIMENTO DE TOKUGAWA<\/h4>\t\t\t<\/a>\n\t\t\t<p class=\"text\" >Mas, afinal, qual foi a causa do enfraquecimento de Tokugawa?Foi mais ou menos semelhante ao que ocorre hoje com os pa\u00edses: dificuldades financeiras.Na \u00e9poca, a \u00fanica fonte de renda dos Tokugawa era a produ\u00e7\u00e3o de ouro, que drasticamente come\u00e7ou a cair, especialmente quando as minas da ilha de Sado, que pertenciam \u00e0 fam\u00edlia Tokugawa, acabaram.Mas [&hellip;]<\/p>\t\t\t\t\t\t\t<a href=\"https:\/\/www.jinsai.org\/pt-BR\/ensinamentos\/a-formacao-espiritual-do-povo-japones\/segunda-parte\/11-causa-do-enfraquecimento-de-tokugawa\/\" class=\"more-button\" >Continue lendo <i><\/i><\/a>\n\t\t\t\t\t<\/div>\n\t\t<\/div><div class=\"widget widget_circleicon-widget\">\t\t<div class=\"circle-icon-box circle-icon-position-top circle-icon-hide-box circle-icon-size-small\">\n\t\t\t<div class=\"circle-icon-wrapper\">\n\t\t\t\t<a href=\"https:\/\/www.jinsai.org\/pt-BR\/ensinamentos\/a-formacao-espiritual-do-povo-japones\/segunda-parte\/10-o-governo-tokugawa\/\" class=\"link-icon\" >\t\t\t\t<div class=\"circle-icon icon-style-set\" style=\"background-image: url(https:\/\/www.jinsai.org\/pt-BR\/wp-content\/uploads\/2019\/10\/Tokugawa_Ieyasu2-150x150.jpg)\">\n\t\t\t\t\t\t\t\t\t<\/div>\n\t\t\t\t<\/a>\t\t\t<\/div>\n\n\t\t\t<a href=\"https:\/\/www.jinsai.org\/pt-BR\/ensinamentos\/a-formacao-espiritual-do-povo-japones\/segunda-parte\/10-o-governo-tokugawa\/\" class=\"link-title\" >\t\t\t<h5 >Segunda Parte<\/h5>\t\t\t<h4 >10 \u2013 O GOVERNO TOKUGAWA<\/h4>\t\t\t<\/a>\n\t\t\t<p class=\"text\" >Uma das \u00faltimas manifesta\u00e7\u00f5es de luta pelo poder foi a da era Tokugawa ou pol\u00edtica do Shogun (como \u00e9 conhecida no Ocidente, ou Bakufu, no Jap\u00e3o). Neste caso, quem venceu foi a fam\u00edlia Tokugawa, que dominou durante 264 anos (de 1603 a 1867), com sede em T\u00f3quio, embora o imperador continuasse em Kyoto. Sobre o [&hellip;]<\/p>\t\t\t\t\t\t\t<a href=\"https:\/\/www.jinsai.org\/pt-BR\/ensinamentos\/a-formacao-espiritual-do-povo-japones\/segunda-parte\/10-o-governo-tokugawa\/\" class=\"more-button\" >Continue lendo <i><\/i><\/a>\n\t\t\t\t\t<\/div>\n\t\t<\/div><div class=\"clear\"><\/div><div class=\"widget widget_circleicon-widget\">\t\t<div class=\"circle-icon-box circle-icon-position-top circle-icon-hide-box circle-icon-size-small\">\n\t\t\t<div class=\"circle-icon-wrapper\">\n\t\t\t\t<a href=\"https:\/\/www.jinsai.org\/pt-BR\/ensinamentos\/a-formacao-espiritual-do-povo-japones\/segunda-parte\/9-disputas-pelo-poder\/\" class=\"link-icon\" >\t\t\t\t<div class=\"circle-icon icon-style-set\" style=\"background-image: url(https:\/\/www.jinsai.org\/pt-BR\/wp-content\/uploads\/2019\/10\/h5_53.7.3-150x150.jpg)\">\n\t\t\t\t\t\t\t\t\t<\/div>\n\t\t\t\t<\/a>\t\t\t<\/div>\n\n\t\t\t<a href=\"https:\/\/www.jinsai.org\/pt-BR\/ensinamentos\/a-formacao-espiritual-do-povo-japones\/segunda-parte\/9-disputas-pelo-poder\/\" class=\"link-title\" >\t\t\t<h5 >Segunda Parte<\/h5>\t\t\t<h4 >9 \u2013 DISPUTAS PELO PODER<\/h4>\t\t\t<\/a>\n\t\t\t<p class=\"text\" >Conforme j\u00e1 falei, quem conseguiu dominar e governar o Jap\u00e3o foi o povo Tenson, cujo poder se estendeu at\u00e9 o fim da Segunda Guerra Mundial. Mesmo assim, durante esse longo per\u00edodo, de vez em quando, aparecia um dirigente de origem pura, como, por exemplo, o imperador Nintoku, a imperatriz Komyo e o imperador Komyo. Por [&hellip;]<\/p>\t\t\t\t\t\t\t<a href=\"https:\/\/www.jinsai.org\/pt-BR\/ensinamentos\/a-formacao-espiritual-do-povo-japones\/segunda-parte\/9-disputas-pelo-poder\/\" class=\"more-button\" >Continue lendo <i><\/i><\/a>\n\t\t\t\t\t<\/div>\n\t\t<\/div><div class=\"widget widget_circleicon-widget\">\t\t<div class=\"circle-icon-box circle-icon-position-top circle-icon-hide-box circle-icon-size-small\">\n\t\t\t<div class=\"circle-icon-wrapper\">\n\t\t\t\t<a href=\"https:\/\/www.jinsai.org\/pt-BR\/ensinamentos\/a-formacao-espiritual-do-povo-japones\/segunda-parte\/8-genealogia-do-povo-japones\/\" class=\"link-icon\" >\t\t\t\t<div class=\"circle-icon icon-style-set\" style=\"background-image: url(https:\/\/www.jinsai.org\/pt-BR\/wp-content\/uploads\/2019\/10\/susanoo-no-mikoto-150x150.jpg)\">\n\t\t\t\t\t\t\t\t\t<\/div>\n\t\t\t\t<\/a>\t\t\t<\/div>\n\n\t\t\t<a href=\"https:\/\/www.jinsai.org\/pt-BR\/ensinamentos\/a-formacao-espiritual-do-povo-japones\/segunda-parte\/8-genealogia-do-povo-japones\/\" class=\"link-title\" >\t\t\t<h5 >Segunda Parte<\/h5>\t\t\t<h4 >8 \u2013 GENEALOGIA DO POVO JAPON\u00caS<\/h4>\t\t\t<\/a>\n\t\t\t<p class=\"text\" >Ap\u00f3s um longo per\u00edodo de lutas, teve in\u00edcio o governo do imperador Jinmu, que come\u00e7ou a pacificar os quatro cantos do Jap\u00e3o.Aconteceu, por\u00e9m, que as tribos nativas, espalhadas por toda parte, j\u00e1 tinham bastante poder e ofereceram resist\u00eancia \u00e0 conquista militar empreendida pelo povo Tenson. Entre elas, a hist\u00f3ria registra os grupos Yasotakeru, Nagasunehiko, Kawakami [&hellip;]<\/p>\t\t\t\t\t\t\t<a href=\"https:\/\/www.jinsai.org\/pt-BR\/ensinamentos\/a-formacao-espiritual-do-povo-japones\/segunda-parte\/8-genealogia-do-povo-japones\/\" class=\"more-button\" >Continue lendo <i><\/i><\/a>\n\t\t\t\t\t<\/div>\n\t\t<\/div>\t<\/div>\n\t<\/div><div id=\"panel-5524-0-0-1\" class=\"widget_text so-panel widget_custom_html panel-last-child\" data-index=\"1\" ><div class=\"textwidget custom-html-widget\">\n\n\n&nbsp;\n\n\n<iframe\nsrc=\"http:\/\/www.facebook.com\/plugins\/like.php?href=\u00a0 http:\/\/www.jinsai.org\/pt-BR\/ensinamentos\/a-formacao-espiritual-do-povo-japones\/segunda-parte\n&amp;%0Alayout=standard&amp;show_faces=false&amp;width=380&amp;action=like&amp;colorscheme=light&amp;height=25\"\nstyle=\"border: medium none ; ovew: hidden; width: 350px; height:\n25px;\" allowtransparencyrflo=\"true\" scrolling=\"no\"\nframeborder=\"0\"><\/iframe>\n\n\n<div\nid=\"fb-root\"><\/div>\n\n\n<script\nsrc=\"http:\/\/connect.facebook.net\/pt_BR\/all.js#appId=APP_ID&amp;xfbml=1\"><\/script><fb:comments\nhref=\" http:\/\/www.jinsai.org\/pt-BR\/ensinamentos\/a-formacao-espiritual-do-povo-japones\/segunda-parte\"\nnum_posts=\"100\" width=\"500\"><\/fb:comments><meta\nproperty=\"fb:app_id\" content=\"171964893011161\">\n\n\n\u00a0\n\n\n<div\nid=\"fb-root\"><\/div>\n\n\n<script>(function(d,\ns, id) {<br \/>\n\n\n\u00a0 var js, fjs =\nd.getElementsByTagName(s)[0];<br \/>\n\n\n\u00a0 if (d.getElementById(id)) return;<br \/>\n\n\n\u00a0 js = d.createElement(s); js.id = id;<br\n\/>\n\n\n\u00a0 js.src =\n'https:\/\/connect.facebook.net\/pt_BR\/sdk.js#xfbml=1&version=v3.0&appId=171964893011161&autoLogAppEvents=1';<br\n\/>\n\n\n\u00a0 fjs.parentNode.insertBefore(js, fjs);<br\n\/>\n\n\n}(document,\n'script', 'facebook-jssdk'));<\/script>\n\n\n<div\nclass=\"fb-share-button\" data-href=\" http:\/\/www.jinsai.org\/pt-BR\/ensinamentos\/a-formacao-espiritual-do-povo-japones\/segunda-parte\"\ndata-layout=\"button_count\" data-size=\"large\" data-mobile-iframe=\"true\"><a\ntarget=\"_blank\"\nhref=\"https:\/\/www.facebook.com\/sharer\/sharer.php?u=http%3A%2F%\u00a0 http:\/\/www.jinsai.org\/pt-BR\/ensinamentos\/a-formacao-espiritual-do-povo-japones\/segunda-parte%2F&amp;src=sdkpreparse\"\nclass=\"fb-xfbml-parse-ignore\">Compartilhar<\/a><\/div>\n\n\n\n<\/div><\/div><\/div><\/div><\/div>","protected":false},"excerpt":{"rendered":"<p>Ap\u00f3s um longo per\u00edodo de lutas, teve in\u00edcio o governo do imperador Jinmu, que come\u00e7ou a pacificar os quatro cantos do Jap\u00e3o.Aconteceu, por\u00e9m, que as tribos nativas, espalhadas por toda parte, j\u00e1 tinham bastante poder e ofereceram resist\u00eancia \u00e0 conquista militar empreendida pelo povo Tenson. Entre elas, a hist\u00f3ria registra os grupos Yasotakeru, Nagasunehiko, Kawakami [&hellip;]<\/p>\n","protected":false},"author":1,"featured_media":0,"parent":5352,"menu_order":0,"comment_status":"closed","ping_status":"closed","template":"templates\/template-full.php","meta":{"footnotes":""},"class_list":["post-5524","page","type-page","status-publish","hentry","post","post-with-thumbnail","post-with-thumbnail-icon"],"_links":{"self":[{"href":"https:\/\/www.jinsai.org\/pt-BR\/wp-json\/wp\/v2\/pages\/5524","targetHints":{"allow":["GET"]}}],"collection":[{"href":"https:\/\/www.jinsai.org\/pt-BR\/wp-json\/wp\/v2\/pages"}],"about":[{"href":"https:\/\/www.jinsai.org\/pt-BR\/wp-json\/wp\/v2\/types\/page"}],"author":[{"embeddable":true,"href":"https:\/\/www.jinsai.org\/pt-BR\/wp-json\/wp\/v2\/users\/1"}],"replies":[{"embeddable":true,"href":"https:\/\/www.jinsai.org\/pt-BR\/wp-json\/wp\/v2\/comments?post=5524"}],"version-history":[{"count":2,"href":"https:\/\/www.jinsai.org\/pt-BR\/wp-json\/wp\/v2\/pages\/5524\/revisions"}],"predecessor-version":[{"id":5526,"href":"https:\/\/www.jinsai.org\/pt-BR\/wp-json\/wp\/v2\/pages\/5524\/revisions\/5526"}],"up":[{"embeddable":true,"href":"https:\/\/www.jinsai.org\/pt-BR\/wp-json\/wp\/v2\/pages\/5352"}],"wp:attachment":[{"href":"https:\/\/www.jinsai.org\/pt-BR\/wp-json\/wp\/v2\/media?parent=5524"}],"curies":[{"name":"wp","href":"https:\/\/api.w.org\/{rel}","templated":true}]}}