{"id":5607,"date":"2019-10-22T13:34:21","date_gmt":"2019-10-22T16:34:21","guid":{"rendered":"http:\/\/www.jinsai.org\/pt-BR\/?page_id=5607"},"modified":"2019-11-04T15:38:34","modified_gmt":"2019-11-04T18:38:34","slug":"terceira-parte","status":"publish","type":"page","link":"https:\/\/www.jinsai.org\/pt-BR\/ensinamentos\/a-formacao-espiritual-do-povo-japones\/terceira-parte\/","title":{"rendered":"Terceira Parte"},"content":{"rendered":"<div id=\"pl-5607\"  class=\"panel-layout\" ><div id=\"pg-5607-0\"  class=\"panel-grid panel-no-style\" ><div id=\"pgc-5607-0-0\"  class=\"panel-grid-cell\" ><div id=\"panel-5607-0-0-0\" class=\"so-panel widget_siteorigin-panels-postloop panel-first-child\" data-index=\"0\" >\n\t<div id=\"vantage-circleicon-loop\" class=\"vantage-circleicon-loop circleicon-loop-columns-3\">\n\n\t\t<div class=\"widget widget_circleicon-widget\">\t\t<div class=\"circle-icon-box circle-icon-position-top circle-icon-hide-box circle-icon-size-small\">\n\t\t\t<div class=\"circle-icon-wrapper\">\n\t\t\t\t<a href=\"https:\/\/www.jinsai.org\/pt-BR\/ensinamentos\/a-formacao-espiritual-do-povo-japones\/terceira-parte\/23-densidade-demografica-correspondente-a-cada-um-dos-quatro-grupos\/\" class=\"link-icon\" >\t\t\t\t<div class=\"circle-icon icon-style-set\" style=\"background-image: url(https:\/\/www.jinsai.org\/pt-BR\/wp-content\/uploads\/2019\/11\/jap\u00e3o-densidade-populacional-mapa-150x150.jpg)\">\n\t\t\t\t\t\t\t\t\t<\/div>\n\t\t\t\t<\/a>\t\t\t<\/div>\n\n\t\t\t<a href=\"https:\/\/www.jinsai.org\/pt-BR\/ensinamentos\/a-formacao-espiritual-do-povo-japones\/terceira-parte\/23-densidade-demografica-correspondente-a-cada-um-dos-quatro-grupos\/\" class=\"link-title\" >\t\t\t<h5 >Terceira Parte<\/h5>\t\t\t<h4 >23 &#8211; DENSIDADE DEMOGR\u00c1FICA CORRESPONDENTE A CADA UM DOS QUATRO GRUPOS<\/h4>\t\t\t<\/a>\n\t\t\t<p class=\"text\" >Agora vou falar sobre a porcentagem representativa destes quatro grupos: Tenson, Izumo, Yamato e nativos.O maior n\u00famero \u00e9 composto pelo povo Tenson (chin\u00eas), seguido do Izumo (coreano). H\u00e1 ainda um reduzid\u00edssimo grupo formado pelos c\u00e1ucasos (nativos). O menor de todos, entretanto, \u00e9 o representado pelo povo Yamato. Eu calculo que corresponda a um por cento [&hellip;]<\/p>\t\t\t\t\t\t\t<a href=\"https:\/\/www.jinsai.org\/pt-BR\/ensinamentos\/a-formacao-espiritual-do-povo-japones\/terceira-parte\/23-densidade-demografica-correspondente-a-cada-um-dos-quatro-grupos\/\" class=\"more-button\" >Continue lendo <i><\/i><\/a>\n\t\t\t\t\t<\/div>\n\t\t<\/div><div class=\"widget widget_circleicon-widget\">\t\t<div class=\"circle-icon-box circle-icon-position-top circle-icon-hide-box circle-icon-size-small\">\n\t\t\t<div class=\"circle-icon-wrapper\">\n\t\t\t\t<a href=\"https:\/\/www.jinsai.org\/pt-BR\/ensinamentos\/a-formacao-espiritual-do-povo-japones\/terceira-parte\/22-o-exemplo-do-tear\/\" class=\"link-icon\" >\t\t\t\t<div class=\"circle-icon icon-style-set\" style=\"background-image: url(https:\/\/www.jinsai.org\/pt-BR\/wp-content\/uploads\/2019\/11\/CapaConexaoTear-150x150.jpg)\">\n\t\t\t\t\t\t\t\t\t<\/div>\n\t\t\t\t<\/a>\t\t\t<\/div>\n\n\t\t\t<a href=\"https:\/\/www.jinsai.org\/pt-BR\/ensinamentos\/a-formacao-espiritual-do-povo-japones\/terceira-parte\/22-o-exemplo-do-tear\/\" class=\"link-title\" >\t\t\t<h5 >Terceira Parte<\/h5>\t\t\t<h4 >22 &#8211; O EXEMPLO DO TEAR<\/h4>\t\t\t<\/a>\n\t\t\t<p class=\"text\" >Para ficar ainda mais clara a diferen\u00e7a entre as linhas sangu\u00ednea e espiritual, vou citar o exemplo do tear. Para tecer o pano, s\u00e3o necess\u00e1rios fios verticais que n\u00e3o mudam, permanecem firmes e retos durante todo o processo de tecelagem. Esse fato corresponde, na vida humana, \u00e0 parte da alma que continua sempre a mesma, [&hellip;]<\/p>\t\t\t\t\t\t\t<a href=\"https:\/\/www.jinsai.org\/pt-BR\/ensinamentos\/a-formacao-espiritual-do-povo-japones\/terceira-parte\/22-o-exemplo-do-tear\/\" class=\"more-button\" >Continue lendo <i><\/i><\/a>\n\t\t\t\t\t<\/div>\n\t\t<\/div><div class=\"widget widget_circleicon-widget\">\t\t<div class=\"circle-icon-box circle-icon-position-top circle-icon-hide-box circle-icon-size-small\">\n\t\t\t<div class=\"circle-icon-wrapper\">\n\t\t\t\t<a href=\"https:\/\/www.jinsai.org\/pt-BR\/ensinamentos\/a-formacao-espiritual-do-povo-japones\/terceira-parte\/21-diferenca-entre-as-linhas-sanguinea-e-espiritual\/\" class=\"link-icon\" >\t\t\t\t<div class=\"circle-icon icon-style-set\" style=\"background-image: url(https:\/\/www.jinsai.org\/pt-BR\/wp-content\/uploads\/2019\/11\/treeee-150x150.jpg)\">\n\t\t\t\t\t\t\t\t\t<\/div>\n\t\t\t\t<\/a>\t\t\t<\/div>\n\n\t\t\t<a href=\"https:\/\/www.jinsai.org\/pt-BR\/ensinamentos\/a-formacao-espiritual-do-povo-japones\/terceira-parte\/21-diferenca-entre-as-linhas-sanguinea-e-espiritual\/\" class=\"link-title\" >\t\t\t<h5 >Terceira Parte<\/h5>\t\t\t<h4 >21 &#8211; DIFEREN\u00c7A ENTRE AS LINHAS SANGU\u00cdNEA E ESPIRITUAL<\/h4>\t\t\t<\/a>\n\t\t\t<p class=\"text\" >De uma maneira geral, as pessoas n\u00e3o veem diferen\u00e7a alguma entre ambas, mas n\u00e3o \u00e9 bem assim. A linha espiritual refere-se \u00e0 liga\u00e7\u00e3o entre as almas e permanece eternamente. J\u00e1 o lado sangu\u00edneo est\u00e1 sempre mudando, devido ao contato que se estabelece entre as ra\u00e7as. Ent\u00e3o, mesmo sendo um povo nascido no Jap\u00e3o, n\u00e3o se [&hellip;]<\/p>\t\t\t\t\t\t\t<a href=\"https:\/\/www.jinsai.org\/pt-BR\/ensinamentos\/a-formacao-espiritual-do-povo-japones\/terceira-parte\/21-diferenca-entre-as-linhas-sanguinea-e-espiritual\/\" class=\"more-button\" >Continue lendo <i><\/i><\/a>\n\t\t\t\t\t<\/div>\n\t\t<\/div><div class=\"clear\"><\/div><div class=\"widget widget_circleicon-widget\">\t\t<div class=\"circle-icon-box circle-icon-position-top circle-icon-hide-box circle-icon-size-small\">\n\t\t\t<div class=\"circle-icon-wrapper\">\n\t\t\t\t<a href=\"https:\/\/www.jinsai.org\/pt-BR\/ensinamentos\/a-formacao-espiritual-do-povo-japones\/terceira-parte\/20-os-nativos\/\" class=\"link-icon\" >\t\t\t\t<div class=\"circle-icon icon-style-set\" style=\"background-image: url(https:\/\/www.jinsai.org\/pt-BR\/wp-content\/uploads\/2019\/11\/ainu-povo-japao_opt-150x150.jpg)\">\n\t\t\t\t\t\t\t\t\t<\/div>\n\t\t\t\t<\/a>\t\t\t<\/div>\n\n\t\t\t<a href=\"https:\/\/www.jinsai.org\/pt-BR\/ensinamentos\/a-formacao-espiritual-do-povo-japones\/terceira-parte\/20-os-nativos\/\" class=\"link-title\" >\t\t\t<h5 >Terceira Parte<\/h5>\t\t\t<h4 >20 &#8211; OS NATIVOS<\/h4>\t\t\t<\/a>\n\t\t\t<p class=\"text\" >A seguir, falarei sobre os nativos, os mais distantes ancestrais dos japoneses, que foram conquistados pelo imperador Jinmu e, por isso, esse povo, ainda hoje, conserva o sentimento de rancor. Dessa linha, originaram-se os comunistas do Jap\u00e3o, os quais, antes do t\u00e9rmino da Segunda Guerra, cultivavam grande antipatia ao imperador. Essa atitude tem origem no [&hellip;]<\/p>\t\t\t\t\t\t\t<a href=\"https:\/\/www.jinsai.org\/pt-BR\/ensinamentos\/a-formacao-espiritual-do-povo-japones\/terceira-parte\/20-os-nativos\/\" class=\"more-button\" >Continue lendo <i><\/i><\/a>\n\t\t\t\t\t<\/div>\n\t\t<\/div><div class=\"widget widget_circleicon-widget\">\t\t<div class=\"circle-icon-box circle-icon-position-top circle-icon-hide-box circle-icon-size-small\">\n\t\t\t<div class=\"circle-icon-wrapper\">\n\t\t\t\t<a href=\"https:\/\/www.jinsai.org\/pt-BR\/ensinamentos\/a-formacao-espiritual-do-povo-japones\/terceira-parte\/19-os-povos-tenson-e-izumo\/\" class=\"link-icon\" >\t\t\t\t<div class=\"circle-icon icon-style-set\" style=\"background-image: url(https:\/\/www.jinsai.org\/pt-BR\/wp-content\/uploads\/2019\/10\/images-1-150x150.jpg)\">\n\t\t\t\t\t\t\t\t\t<\/div>\n\t\t\t\t<\/a>\t\t\t<\/div>\n\n\t\t\t<a href=\"https:\/\/www.jinsai.org\/pt-BR\/ensinamentos\/a-formacao-espiritual-do-povo-japones\/terceira-parte\/19-os-povos-tenson-e-izumo\/\" class=\"link-title\" >\t\t\t<h5 >Terceira Parte<\/h5>\t\t\t<h4 >19 &#8211; OS POVOS TENSON E IZUMO<\/h4>\t\t\t<\/a>\n\t\t\t<p class=\"text\" >A seguir, eu deveria tamb\u00e9m falar sobre o povo Tenson e Izumo, mas os omiti porque s\u00e3o fatos muito conhecidos atrav\u00e9s da Hist\u00f3ria. N\u00e3o preciso, pois, dizer que os militares e os generais famosos originaram-se, quase todos, desses dois povos. Na linha Tenson, entretanto, surgiram tamb\u00e9m alguns eruditos e escritores, mas, de modo especial, ligados [&hellip;]<\/p>\t\t\t\t\t\t\t<a href=\"https:\/\/www.jinsai.org\/pt-BR\/ensinamentos\/a-formacao-espiritual-do-povo-japones\/terceira-parte\/19-os-povos-tenson-e-izumo\/\" class=\"more-button\" >Continue lendo <i><\/i><\/a>\n\t\t\t\t\t<\/div>\n\t\t<\/div><div class=\"widget widget_circleicon-widget\">\t\t<div class=\"circle-icon-box circle-icon-position-top circle-icon-hide-box circle-icon-size-small\">\n\t\t\t<div class=\"circle-icon-wrapper\">\n\t\t\t\t<a href=\"https:\/\/www.jinsai.org\/pt-BR\/ensinamentos\/a-formacao-espiritual-do-povo-japones\/terceira-parte\/18-outros-artistas\/\" class=\"link-icon\" >\t\t\t\t<div class=\"circle-icon icon-style-set\" style=\"background-image: url(https:\/\/www.jinsai.org\/pt-BR\/wp-content\/uploads\/2019\/10\/images-150x150.jpg)\">\n\t\t\t\t\t\t\t\t\t<\/div>\n\t\t\t\t<\/a>\t\t\t<\/div>\n\n\t\t\t<a href=\"https:\/\/www.jinsai.org\/pt-BR\/ensinamentos\/a-formacao-espiritual-do-povo-japones\/terceira-parte\/18-outros-artistas\/\" class=\"link-title\" >\t\t\t<h5 >Terceira Parte<\/h5>\t\t\t<h4 >18 &#8211; OUTROS ARTISTAS<\/h4>\t\t\t<\/a>\n\t\t\t<p class=\"text\" >H\u00e1 ainda outros artistas tamb\u00e9m importantes, mas sobre os quais n\u00e3o vou falar, porque o objetivo principal deste artigo \u00e9 um estudo sobre o povo Yamato. Da\u00ed propositadamente eu ter evitado refer\u00eancias \u00e0s manifesta\u00e7\u00f5es art\u00edsticas de origem chinesa. S\u00f3 escrevi, portanto, sobre aspectos culturais t\u00edpicos do Jap\u00e3o.<\/p>\t\t\t\t\t\t\t<a href=\"https:\/\/www.jinsai.org\/pt-BR\/ensinamentos\/a-formacao-espiritual-do-povo-japones\/terceira-parte\/18-outros-artistas\/\" class=\"more-button\" >Continue lendo <i><\/i><\/a>\n\t\t\t\t\t<\/div>\n\t\t<\/div><div class=\"clear\"><\/div><div class=\"widget widget_circleicon-widget\">\t\t<div class=\"circle-icon-box circle-icon-position-top circle-icon-hide-box circle-icon-size-small\">\n\t\t\t<div class=\"circle-icon-wrapper\">\n\t\t\t\t<a href=\"https:\/\/www.jinsai.org\/pt-BR\/ensinamentos\/a-formacao-espiritual-do-povo-japones\/terceira-parte\/17-os-ceramistas\/\" class=\"link-icon\" >\t\t\t\t<div class=\"circle-icon icon-style-set\" style=\"background-image: url(https:\/\/www.jinsai.org\/pt-BR\/wp-content\/uploads\/2018\/06\/pote-1-150x150.jpg)\">\n\t\t\t\t\t\t\t\t\t<\/div>\n\t\t\t\t<\/a>\t\t\t<\/div>\n\n\t\t\t<a href=\"https:\/\/www.jinsai.org\/pt-BR\/ensinamentos\/a-formacao-espiritual-do-povo-japones\/terceira-parte\/17-os-ceramistas\/\" class=\"link-title\" >\t\t\t<h5 >Terceira Parte<\/h5>\t\t\t<h4 >17 &#8211; OS CERAMISTAS<\/h4>\t\t\t<\/a>\n\t\t\t<p class=\"text\" >A produ\u00e7\u00e3o de cer\u00e2mica come\u00e7ou a desenvolver-se no Jap\u00e3o, na \u00e9poca Kamakura. Foram constru\u00eddos fornos nas regi\u00f5es de Seto no Obari e Arita no Kyushu, al\u00e9m de outros. Mais tarde, a atividade dos ceramistas passou tamb\u00e9m a ser desenvolvida em Kyoto, onde obras famosas foram deixadas por um artista not\u00e1vel chamado Ninsei. Tamb\u00e9m n\u00e3o pode [&hellip;]<\/p>\t\t\t\t\t\t\t<a href=\"https:\/\/www.jinsai.org\/pt-BR\/ensinamentos\/a-formacao-espiritual-do-povo-japones\/terceira-parte\/17-os-ceramistas\/\" class=\"more-button\" >Continue lendo <i><\/i><\/a>\n\t\t\t\t\t<\/div>\n\t\t<\/div><div class=\"widget widget_circleicon-widget\">\t\t<div class=\"circle-icon-box circle-icon-position-top circle-icon-hide-box circle-icon-size-small\">\n\t\t\t<div class=\"circle-icon-wrapper\">\n\t\t\t\t<a href=\"https:\/\/www.jinsai.org\/pt-BR\/ensinamentos\/a-formacao-espiritual-do-povo-japones\/terceira-parte\/16-epoca-guenroku\/\" class=\"link-icon\" >\t\t\t\t<div class=\"circle-icon icon-style-set\" style=\"background-image: url(https:\/\/www.jinsai.org\/pt-BR\/wp-content\/uploads\/2019\/10\/biobu-150x150.jpg)\">\n\t\t\t\t\t\t\t\t\t<\/div>\n\t\t\t\t<\/a>\t\t\t<\/div>\n\n\t\t\t<a href=\"https:\/\/www.jinsai.org\/pt-BR\/ensinamentos\/a-formacao-espiritual-do-povo-japones\/terceira-parte\/16-epoca-guenroku\/\" class=\"link-title\" >\t\t\t<h5 >Terceira Parte<\/h5>\t\t\t<h4 >16- \u00c9POCA GUENROKU<\/h4>\t\t\t<\/a>\n\t\t\t<p class=\"text\" >Passados, mais ou menos, duzentos (200) anos, chegou a \u00e9poca Guenroku caracterizada por um ambiente de muita paz e suntuosidade. Nesta fase, surgiram dois grandes nomes na pintura, os irm\u00e3os Korin e Kenzan.Bem mais recentemente, apareceram outros dois famosos pintores a quem n\u00e3o posso deixar de fazer refer\u00eancia. S\u00e3o eles Hooitsu e Seihou que fizeram [&hellip;]<\/p>\t\t\t\t\t\t\t<a href=\"https:\/\/www.jinsai.org\/pt-BR\/ensinamentos\/a-formacao-espiritual-do-povo-japones\/terceira-parte\/16-epoca-guenroku\/\" class=\"more-button\" >Continue lendo <i><\/i><\/a>\n\t\t\t\t\t<\/div>\n\t\t<\/div><div class=\"widget widget_circleicon-widget\">\t\t<div class=\"circle-icon-box circle-icon-position-top circle-icon-hide-box circle-icon-size-small\">\n\t\t\t<div class=\"circle-icon-wrapper\">\n\t\t\t\t<a href=\"https:\/\/www.jinsai.org\/pt-BR\/ensinamentos\/a-formacao-espiritual-do-povo-japones\/terceira-parte\/15-epoca-momoyama\/\" class=\"link-icon\" >\t\t\t\t<div class=\"circle-icon icon-style-set\" style=\"background-image: url(https:\/\/www.jinsai.org\/pt-BR\/wp-content\/uploads\/2019\/10\/matsushima_saseki-150x150.jpg)\">\n\t\t\t\t\t\t\t\t\t<\/div>\n\t\t\t\t<\/a>\t\t\t<\/div>\n\n\t\t\t<a href=\"https:\/\/www.jinsai.org\/pt-BR\/ensinamentos\/a-formacao-espiritual-do-povo-japones\/terceira-parte\/15-epoca-momoyama\/\" class=\"link-title\" >\t\t\t<h5 >Terceira Parte<\/h5>\t\t\t<h4 >15 &#8211; \u00c9POCA MOMOYAMA<\/h4>\t\t\t<\/a>\n\t\t\t<p class=\"text\" >Pode-se dizer que esta \u00e9poca, de uma forma mais ou menos misteriosa, coincidiu com a Renascen\u00e7a europeia. Neste per\u00edodo, surgiram, como nuvens no c\u00e9u, muitos mestres e grandes homens na \u00e1rea cultural. Por exemplo, na pintura, Sotatsu, com uma t\u00e9cnica pr\u00f3pria, individual, criativa; no Makie (arte do Sharon), o artista mais famoso desta \u00e9poca foi [&hellip;]<\/p>\t\t\t\t\t\t\t<a href=\"https:\/\/www.jinsai.org\/pt-BR\/ensinamentos\/a-formacao-espiritual-do-povo-japones\/terceira-parte\/15-epoca-momoyama\/\" class=\"more-button\" >Continue lendo <i><\/i><\/a>\n\t\t\t\t\t<\/div>\n\t\t<\/div><div class=\"clear\"><\/div><div class=\"widget widget_circleicon-widget\">\t\t<div class=\"circle-icon-box circle-icon-position-top circle-icon-hide-box circle-icon-size-small\">\n\t\t\t<div class=\"circle-icon-wrapper\">\n\t\t\t\t<a href=\"https:\/\/www.jinsai.org\/pt-BR\/ensinamentos\/a-formacao-espiritual-do-povo-japones\/terceira-parte\/14-epoca-kamakura-1192-a-1333\/\" class=\"link-icon\" >\t\t\t\t<div class=\"circle-icon icon-style-set\" style=\"background-image: url(https:\/\/www.jinsai.org\/pt-BR\/wp-content\/uploads\/2019\/10\/GettyImages-481316952-5c604d9ec9e77c000159c4ce-150x150.jpg)\">\n\t\t\t\t\t\t\t\t\t<\/div>\n\t\t\t\t<\/a>\t\t\t<\/div>\n\n\t\t\t<a href=\"https:\/\/www.jinsai.org\/pt-BR\/ensinamentos\/a-formacao-espiritual-do-povo-japones\/terceira-parte\/14-epoca-kamakura-1192-a-1333\/\" class=\"link-title\" >\t\t\t<h5 >Terceira Parte<\/h5>\t\t\t<h4 >14 &#8211; \u00c9POCA KAMAKURA (1192 A 1333)<\/h4>\t\t\t<\/a>\n\t\t\t<p class=\"text\" >Quando teve in\u00edcio esta fase, a escultura, que j\u00e1 havia come\u00e7ado a desenvolver-se, atingiu um alto n\u00edvel de perfei\u00e7\u00e3o, principalmente as que foram influenciadas pela arte do budismo. Apareceu, ent\u00e3o, um famoso escultor, Unkei, grande mestre da \u00e9poca. Aconteceu, por\u00e9m, que as guerras se intensificaram e o lado da cultura pac\u00edfica foi ficando adormecido. Depois [&hellip;]<\/p>\t\t\t\t\t\t\t<a href=\"https:\/\/www.jinsai.org\/pt-BR\/ensinamentos\/a-formacao-espiritual-do-povo-japones\/terceira-parte\/14-epoca-kamakura-1192-a-1333\/\" class=\"more-button\" >Continue lendo <i><\/i><\/a>\n\t\t\t\t\t<\/div>\n\t\t<\/div>\t<\/div>\n\t\t<nav role=\"navigation\" id=\"nav-below\" class=\"site-navigation paging-navigation\">\n\t\t<h2 class=\"assistive-text\">Post navigation<\/h2>\n\n\t\n\t\t<div class='pagination'><span aria-current=\"page\" class=\"page-numbers current\">1<\/span>\n<a class=\"page-numbers\" href=\"https:\/\/www.jinsai.org\/pt-BR\/wp-json\/wp\/v2\/pages\/5607\/page\/2\/\">2<\/a>\n<a class=\"next page-numbers\" href=\"https:\/\/www.jinsai.org\/pt-BR\/wp-json\/wp\/v2\/pages\/5607\/page\/2\/\">Pr\u00f3ximo &raquo;<\/a><\/div>\n\n\t\n\t<\/nav><!-- #nav-below -->\n\t<\/div><div id=\"panel-5607-0-0-1\" class=\"widget_text so-panel widget_custom_html panel-last-child\" data-index=\"1\" ><div class=\"textwidget custom-html-widget\">\n\n&nbsp;\n\n\n<iframe\nsrc=\"http:\/\/www.facebook.com\/plugins\/like.php?href=\u00a0 http:\/\/www.jinsai.org\/pt-BR\/ensinamentos\/a-formacao-espiritual-do-povo-japones\/terceira-parte\n&amp;%0Alayout=standard&amp;show_faces=false&amp;width=380&amp;action=like&amp;colorscheme=light&amp;height=25\"\nstyle=\"border: medium none ; ovew: hidden; width: 350px; height:\n25px;\" allowtransparencyrflo=\"true\" scrolling=\"no\"\nframeborder=\"0\"><\/iframe>\n\n\n<div\nid=\"fb-root\"><\/div>\n\n\n<script\nsrc=\"http:\/\/connect.facebook.net\/pt_BR\/all.js#appId=APP_ID&amp;xfbml=1\"><\/script><fb:comments\nhref=\" http:\/\/www.jinsai.org\/pt-BR\/ensinamentos\/a-formacao-espiritual-do-povo-japones\/terceira-parte\"\nnum_posts=\"100\" width=\"500\"><\/fb:comments><meta\nproperty=\"fb:app_id\" content=\"171964893011161\">\n\n\n\u00a0\n\n\n<div\nid=\"fb-root\"><\/div>\n\n\n<script>(function(d,\ns, id) {<br \/>\n\n\n\u00a0 var js, fjs =\nd.getElementsByTagName(s)[0];<br \/>\n\n\n\u00a0 if (d.getElementById(id)) return;<br \/>\n\n\n\u00a0 js = d.createElement(s); js.id = id;<br\n\/>\n\n\n\u00a0 js.src =\n'https:\/\/connect.facebook.net\/pt_BR\/sdk.js#xfbml=1&version=v3.0&appId=171964893011161&autoLogAppEvents=1';<br\n\/>\n\n\n\u00a0 fjs.parentNode.insertBefore(js, fjs);<br\n\/>\n\n\n}(document,\n'script', 'facebook-jssdk'));<\/script>\n\n\n<div\nclass=\"fb-share-button\" data-href=\" http:\/\/www.jinsai.org\/pt-BR\/ensinamentos\/a-formacao-espiritual-do-povo-japones\/terceira-parte\"\ndata-layout=\"button_count\" data-size=\"large\" data-mobile-iframe=\"true\"><a\ntarget=\"_blank\"\nhref=\"https:\/\/www.facebook.com\/sharer\/sharer.php?u=http%3A%2F%\u00a0 http:\/\/www.jinsai.org\/pt-BR\/ensinamentos\/a-formacao-espiritual-do-povo-japones\/terceira-parte%2F&amp;src=sdkpreparse\"\nclass=\"fb-xfbml-parse-ignore\">Compartilhar<\/a><\/div>\n\n\n\n<\/div><\/div><\/div><\/div><\/div>","protected":false},"excerpt":{"rendered":"<p>Quando teve in\u00edcio esta fase, a escultura, que j\u00e1 havia come\u00e7ado a desenvolver-se, atingiu um alto n\u00edvel de perfei\u00e7\u00e3o, principalmente as que foram influenciadas pela arte do budismo. Apareceu, ent\u00e3o, um famoso escultor, Unkei, grande mestre da \u00e9poca. Aconteceu, por\u00e9m, que as guerras se intensificaram e o lado da cultura pac\u00edfica foi ficando adormecido. Depois [&hellip;]<\/p>\n","protected":false},"author":1,"featured_media":0,"parent":5352,"menu_order":0,"comment_status":"closed","ping_status":"closed","template":"templates\/template-full.php","meta":{"footnotes":""},"class_list":["post-5607","page","type-page","status-publish","hentry","post","post-with-thumbnail","post-with-thumbnail-icon"],"_links":{"self":[{"href":"https:\/\/www.jinsai.org\/pt-BR\/wp-json\/wp\/v2\/pages\/5607","targetHints":{"allow":["GET"]}}],"collection":[{"href":"https:\/\/www.jinsai.org\/pt-BR\/wp-json\/wp\/v2\/pages"}],"about":[{"href":"https:\/\/www.jinsai.org\/pt-BR\/wp-json\/wp\/v2\/types\/page"}],"author":[{"embeddable":true,"href":"https:\/\/www.jinsai.org\/pt-BR\/wp-json\/wp\/v2\/users\/1"}],"replies":[{"embeddable":true,"href":"https:\/\/www.jinsai.org\/pt-BR\/wp-json\/wp\/v2\/comments?post=5607"}],"version-history":[{"count":2,"href":"https:\/\/www.jinsai.org\/pt-BR\/wp-json\/wp\/v2\/pages\/5607\/revisions"}],"predecessor-version":[{"id":5609,"href":"https:\/\/www.jinsai.org\/pt-BR\/wp-json\/wp\/v2\/pages\/5607\/revisions\/5609"}],"up":[{"embeddable":true,"href":"https:\/\/www.jinsai.org\/pt-BR\/wp-json\/wp\/v2\/pages\/5352"}],"wp:attachment":[{"href":"https:\/\/www.jinsai.org\/pt-BR\/wp-json\/wp\/v2\/media?parent=5607"}],"curies":[{"name":"wp","href":"https:\/\/api.w.org\/{rel}","templated":true}]}}