{"id":6186,"date":"2019-12-08T21:45:51","date_gmt":"2019-12-09T00:45:51","guid":{"rendered":"http:\/\/www.jinsai.org\/pt-BR\/?page_id=6186"},"modified":"2020-08-11T15:23:38","modified_gmt":"2020-08-11T18:23:38","slug":"encarnacoes","status":"publish","type":"page","link":"https:\/\/www.jinsai.org\/pt-BR\/meishu-sama\/encarnacoes\/","title":{"rendered":"Encarna\u00e7\u00f5es"},"content":{"rendered":"<div id=\"pl-6186\"  class=\"panel-layout\" ><div id=\"pg-6186-0\"  class=\"panel-grid panel-no-style\" ><div id=\"pgc-6186-0-0\"  class=\"panel-grid-cell\" ><div id=\"panel-6186-0-0-0\" class=\"so-panel widget_sow-editor panel-first-child\" data-index=\"0\" ><div\n\t\t\t\n\t\t\tclass=\"so-widget-sow-editor so-widget-sow-editor-base\"\n\t\t\t\n\t\t>\n<div class=\"siteorigin-widget-tinymce textwidget\">\n\t<p class=\"MsoNormal\" style=\"text-align: justify;\"><b style=\"mso-bidi-font-weight: normal;\">RINNETENSHO \u2013 CICLOS ENCARNAT\u00d3RIOS<\/b><\/p>\n<p style=\"text-align: justify;\">Em seus Ensinamentos, Meishu-Sama descreve quais foram os personagens que Ele viveu na Terra em suas encarna\u00e7\u00f5es anteriores. Esse conhecimento Ele obteve atrav\u00e9s das revela\u00e7\u00f5es divinas de 1926.<\/p>\n<p class=\"MsoNormal\" style=\"text-align: justify;\">Grosso modo, podemos dividir as encarna\u00e7\u00f5es de Meishu-Sama em dois tipos: divinas e humanas.<\/p>\n<p style=\"text-align: justify;\">Sobre as encarna\u00e7\u00f5es divinas, primeiro \u00e9 preciso entender: como o Supremo Deus pode encarnar como ser humano? Meishu-Sama nos esclarece a esse respeito no \"Inicia\u00e7\u00e3o \u00e0 F\u00e9 Kannon\", citando a express\u00e3o \"wakoo doojin\" (ocultar a Luz e misturar-se \u00e0 poeira). Ou seja, para poder Se assentar em um corpo f\u00edsico, Deus oculta Sua Luz temporariamente, de modo a poder viver no mundo dos homens (\"misturar-se \u00e0 poeira\").<\/p>\n<p style=\"text-align: justify;\">Outro ponto a ser entendido \u00e9 que todas as encarna\u00e7\u00f5es de Meishu-Sama foram no Jap\u00e3o, de modo a preparar esse pa\u00eds para ser a base do Para\u00edso Terrestre. Lendo-as, o leitor entender\u00e1 melhor.<\/p>\n<p style=\"text-align: justify;\">Leia <a href=\"http:\/\/www.jinsai.org\/pt-BR\/meishu-sama\/historia\/lembrancas-das-vidas-passadas\/\">aqui<\/a> um Ensinamento in\u00e9dito sobre algumas das encarna\u00e7\u00f5es passadas de Meishu-Sama!<\/p>\n<\/div>\n<\/div><\/div><div id=\"panel-6186-0-0-1\" class=\"so-panel widget_siteorigin-panels-postloop\" data-index=\"1\" >\n\t<div id=\"vantage-circleicon-loop\" class=\"vantage-circleicon-loop circleicon-loop-columns-3\">\n\n\t\t<div class=\"widget widget_circleicon-widget\">\t\t<div class=\"circle-icon-box circle-icon-position-top circle-icon-hide-box circle-icon-size-small\">\n\t\t\t<div class=\"circle-icon-wrapper\">\n\t\t\t\t<a href=\"https:\/\/www.jinsai.org\/pt-BR\/meishu-sama\/encarnacoes\/kannon\/\" class=\"link-icon\" >\t\t\t\t<div class=\"circle-icon icon-style-set\" style=\"background-image: url(https:\/\/www.jinsai.org\/pt-BR\/wp-content\/uploads\/slider8\/divindade15-150x150.jpeg)\">\n\t\t\t\t\t\t\t\t\t<\/div>\n\t\t\t\t<\/a>\t\t\t<\/div>\n\n\t\t\t<a href=\"https:\/\/www.jinsai.org\/pt-BR\/meishu-sama\/encarnacoes\/kannon\/\" class=\"link-title\" >\t\t\t<h5 >Encarna\u00e7\u00f5es<\/h5>\t\t\t<h4 >KANNON<\/h4>\t\t\t<\/a>\n\t\t\t<p class=\"text\" >Kannon\u00a0\u00e9 provavelmente a mais popular e a mais complexa figura de adora\u00e7\u00e3o do budismo. Ele \u00e9 tamb\u00e9m conhecido como Lokeshvara, \u201cSenhor do Mundo\u201d ou Lokanatha, \u201cProtetor do Mundo\u201d. Al\u00e9m disso, por fornecer seguran\u00e7a \u00e0queles que se encontram em situa\u00e7\u00f5es perigosas, adversas e dif\u00edceis, ele \u00e9 tamb\u00e9m chamado \u201cAquele que d\u00e1 Seguran\u00e7a\u201d (Abhayandada).Tamb\u00e9m conhecido como Kanzeon [&hellip;]<\/p>\t\t\t\t\t\t\t<a href=\"https:\/\/www.jinsai.org\/pt-BR\/meishu-sama\/encarnacoes\/kannon\/\" class=\"more-button\" >Continue lendo <i><\/i><\/a>\n\t\t\t\t\t<\/div>\n\t\t<\/div><div class=\"widget widget_circleicon-widget\">\t\t<div class=\"circle-icon-box circle-icon-position-top circle-icon-hide-box circle-icon-size-small\">\n\t\t\t<div class=\"circle-icon-wrapper\">\n\t\t\t\t<a href=\"https:\/\/www.jinsai.org\/pt-BR\/meishu-sama\/encarnacoes\/kunitokotati-no-mikoto\/\" class=\"link-icon\" >\t\t\t\t<div class=\"circle-icon icon-style-set\" style=\"background-image: url(https:\/\/www.jinsai.org\/pt-BR\/wp-content\/uploads\/2020\/02\/IMG-20180421-WA0032-150x150.jpg)\">\n\t\t\t\t\t\t\t\t\t<\/div>\n\t\t\t\t<\/a>\t\t\t<\/div>\n\n\t\t\t<a href=\"https:\/\/www.jinsai.org\/pt-BR\/meishu-sama\/encarnacoes\/kunitokotati-no-mikoto\/\" class=\"link-title\" >\t\t\t<h5 >Encarna\u00e7\u00f5es<\/h5>\t\t\t<h4 >KUNITOKOTATI-NO-MIKOTO<\/h4>\t\t\t<\/a>\n\t\t\t<p class=\"text\" >O Deus regente da Era do Dia anterior era o Deus Kunitokotati-no-Mikoto. Ele governava a Terra, mas, como a Sua provid\u00eancia era extremamente rigorosa, os deuses em geral Lhe fizeram oposi\u00e7\u00e3o e Ele Se retirou para o nordeste. Foi h\u00e1 9 mil anos que o Deus Kunitokotati-no-Mikoto foi ordenado pelo Deus Amaterasu Sume Ookami. A [&hellip;]<\/p>\t\t\t\t\t\t\t<a href=\"https:\/\/www.jinsai.org\/pt-BR\/meishu-sama\/encarnacoes\/kunitokotati-no-mikoto\/\" class=\"more-button\" >Continue lendo <i><\/i><\/a>\n\t\t\t\t\t<\/div>\n\t\t<\/div><div class=\"widget widget_circleicon-widget\">\t\t<div class=\"circle-icon-box circle-icon-position-top circle-icon-hide-box circle-icon-size-small\">\n\t\t\t<div class=\"circle-icon-wrapper\">\n\t\t\t\t<a href=\"https:\/\/www.jinsai.org\/pt-BR\/meishu-sama\/encarnacoes\/mulher-comum\/\" class=\"link-icon\" >\t\t\t\t<div class=\"circle-icon icon-style-set\" style=\"background-image: url(https:\/\/www.jinsai.org\/pt-BR\/wp-content\/uploads\/2019\/12\/images-150x150.jpg)\">\n\t\t\t\t\t\t\t\t\t<\/div>\n\t\t\t\t<\/a>\t\t\t<\/div>\n\n\t\t\t<a href=\"https:\/\/www.jinsai.org\/pt-BR\/meishu-sama\/encarnacoes\/mulher-comum\/\" class=\"link-title\" >\t\t\t<h5 >Encarna\u00e7\u00f5es<\/h5>\t\t\t<h4 >MULHER COMUM<\/h4>\t\t\t<\/a>\n\t\t\t<p class=\"text\" >Esta \u00e9 a encarna\u00e7\u00e3o imediatamente anterior de Meishu-Sama. Ele n\u00e3o cita nada espec\u00edfico a respeito de sua encarna\u00e7\u00e3o passada como mulher. Diz apenas que foi uma mulher simples do povo. O Ensinamento abaixo confirma isso: G\u00eanero espiritual e g\u00eanero f\u00edsico Pergunta: Por favor, explique como uma pessoa pode nascer fisicamente mulher, mas ter um esp\u00edrito [&hellip;]<\/p>\t\t\t\t\t\t\t<a href=\"https:\/\/www.jinsai.org\/pt-BR\/meishu-sama\/encarnacoes\/mulher-comum\/\" class=\"more-button\" >Continue lendo <i><\/i><\/a>\n\t\t\t\t\t<\/div>\n\t\t<\/div><div class=\"clear\"><\/div><div class=\"widget widget_circleicon-widget\">\t\t<div class=\"circle-icon-box circle-icon-position-top circle-icon-hide-box circle-icon-size-small\">\n\t\t\t<div class=\"circle-icon-wrapper\">\n\t\t\t\t<a href=\"https:\/\/www.jinsai.org\/pt-BR\/meishu-sama\/encarnacoes\/ogata-korin\/\" class=\"link-icon\" >\t\t\t\t<div class=\"circle-icon icon-style-set\" style=\"background-image: url(https:\/\/www.jinsai.org\/pt-BR\/wp-content\/uploads\/2019\/12\/Bamboo-and-plum-tree-150x150.jpg)\">\n\t\t\t\t\t\t\t\t\t<\/div>\n\t\t\t\t<\/a>\t\t\t<\/div>\n\n\t\t\t<a href=\"https:\/\/www.jinsai.org\/pt-BR\/meishu-sama\/encarnacoes\/ogata-korin\/\" class=\"link-title\" >\t\t\t<h5 >Encarna\u00e7\u00f5es<\/h5>\t\t\t<h4 >OGATA KORIN<\/h4>\t\t\t<\/a>\n\t\t\t<p class=\"text\" >Ogata K\u014drin (\u5c3e\u5f62\u5149\u7433 Kyoto, 1658 \u2014 Kyoto, 2 de junho de 1716) foi um pintor, envernizador e desenhador japon\u00eas da escola Rinpa.Fato curioso \u00e9 que ele nasceu exatamente cem anos depois de Koetsu (1558 \u2013 1637), que, juntamente com Sotatsu, \u00e9 creditado como o fundador da Escola Rinpa, cujo estilo decorativo ficou famoso por incluir [&hellip;]<\/p>\t\t\t\t\t\t\t<a href=\"https:\/\/www.jinsai.org\/pt-BR\/meishu-sama\/encarnacoes\/ogata-korin\/\" class=\"more-button\" >Continue lendo <i><\/i><\/a>\n\t\t\t\t\t<\/div>\n\t\t<\/div><div class=\"widget widget_circleicon-widget\">\t\t<div class=\"circle-icon-box circle-icon-position-top circle-icon-hide-box circle-icon-size-small\">\n\t\t\t<div class=\"circle-icon-wrapper\">\n\t\t\t\t<a href=\"https:\/\/www.jinsai.org\/pt-BR\/meishu-sama\/encarnacoes\/toyotomi-hideyoshi\/\" class=\"link-icon\" >\t\t\t\t<div class=\"circle-icon icon-style-set\" style=\"background-image: url(https:\/\/www.jinsai.org\/pt-BR\/wp-content\/uploads\/2019\/12\/Toyotomi_hideyoshi-150x150.jpg)\">\n\t\t\t\t\t\t\t\t\t<\/div>\n\t\t\t\t<\/a>\t\t\t<\/div>\n\n\t\t\t<a href=\"https:\/\/www.jinsai.org\/pt-BR\/meishu-sama\/encarnacoes\/toyotomi-hideyoshi\/\" class=\"link-title\" >\t\t\t<h5 >Encarna\u00e7\u00f5es<\/h5>\t\t\t<h4 >TOYOTOMI HIDEYOSHI<\/h4>\t\t\t<\/a>\n\t\t\t<p class=\"text\" >Toyotomi Hideyoshi, tamb\u00e9m chamado Hashiba Hideyoshi (2 de fevereiro de 1536 ou 26 de mar\u00e7o de 1537 \u2013 18 de setembro de 1598), foi um daimi\u00f4 do Per\u00edodo Sengoku que unificou o Jap\u00e3o. Ele sucedeu seu antigo senhor feudal, Oda Nobunaga, e trouxe um fim ao Per\u00edodo Sengoku. O per\u00edodo de seu governo \u00e9 muitas [&hellip;]<\/p>\t\t\t\t\t\t\t<a href=\"https:\/\/www.jinsai.org\/pt-BR\/meishu-sama\/encarnacoes\/toyotomi-hideyoshi\/\" class=\"more-button\" >Continue lendo <i><\/i><\/a>\n\t\t\t\t\t<\/div>\n\t\t<\/div><div class=\"widget widget_circleicon-widget\">\t\t<div class=\"circle-icon-box circle-icon-position-top circle-icon-hide-box circle-icon-size-small\">\n\t\t\t<div class=\"circle-icon-wrapper\">\n\t\t\t\t<a href=\"https:\/\/www.jinsai.org\/pt-BR\/meishu-sama\/encarnacoes\/minamoto-no-yoshitsune\/\" class=\"link-icon\" >\t\t\t\t<div class=\"circle-icon icon-style-set\" style=\"background-image: url(https:\/\/www.jinsai.org\/pt-BR\/wp-content\/uploads\/2019\/12\/Minamoto_Yoshitsune-150x150.jpg)\">\n\t\t\t\t\t\t\t\t\t<\/div>\n\t\t\t\t<\/a>\t\t\t<\/div>\n\n\t\t\t<a href=\"https:\/\/www.jinsai.org\/pt-BR\/meishu-sama\/encarnacoes\/minamoto-no-yoshitsune\/\" class=\"link-title\" >\t\t\t<h5 >Encarna\u00e7\u00f5es<\/h5>\t\t\t<h4 >MINAMOTO-NO-YOSHITSUNE<\/h4>\t\t\t<\/a>\n\t\t\t<p class=\"text\" >Minamoto-no-Yoshitsune (\u6e90 \u7fa9\u7d4c) (1159 - 15 de junho de 1189) foi um general do cl\u00e3 Minamoto do Jap\u00e3o que viveu durante os \u00faltimos anos do per\u00edodo Heian e in\u00edcio do per\u00edodo Kamakura. Foi um dos samurais mais not\u00e1veis da hist\u00f3ria japonesa, por ser ter sido um dos elementos fundamentais dos Minamoto para recuperar o prest\u00edgio [&hellip;]<\/p>\t\t\t\t\t\t\t<a href=\"https:\/\/www.jinsai.org\/pt-BR\/meishu-sama\/encarnacoes\/minamoto-no-yoshitsune\/\" class=\"more-button\" >Continue lendo <i><\/i><\/a>\n\t\t\t\t\t<\/div>\n\t\t<\/div><div class=\"clear\"><\/div><div class=\"widget widget_circleicon-widget\">\t\t<div class=\"circle-icon-box circle-icon-position-top circle-icon-hide-box circle-icon-size-small\">\n\t\t\t<div class=\"circle-icon-wrapper\">\n\t\t\t\t<a href=\"https:\/\/www.jinsai.org\/pt-BR\/meishu-sama\/encarnacoes\/imperatriz-komyo\/\" class=\"link-icon\" >\t\t\t\t<div class=\"circle-icon icon-style-set\" style=\"background-image: url(https:\/\/www.jinsai.org\/pt-BR\/wp-content\/uploads\/2019\/12\/De_keizerin_K\u00f4my\u00f4g\u00f4-Rijksmuseum_RP-P-1958-521-150x150.jpeg)\">\n\t\t\t\t\t\t\t\t\t<\/div>\n\t\t\t\t<\/a>\t\t\t<\/div>\n\n\t\t\t<a href=\"https:\/\/www.jinsai.org\/pt-BR\/meishu-sama\/encarnacoes\/imperatriz-komyo\/\" class=\"link-title\" >\t\t\t<h5 >Encarna\u00e7\u00f5es<\/h5>\t\t\t<h4 >IMPERATRIZ KOMYO<\/h4>\t\t\t<\/a>\n\t\t\t<p class=\"text\" >A imperatriz K\u014dmy\u014d (\u5149\u660e\u7687\u540e K\u014dmy\u014d-k\u014dg\u014d) (701\u2013760) foi a consorte do imperador japon\u00eas Sh\u014dmu (701\u2013756) no per\u00edodo Nara.Membro do cl\u00e3 Fujiwara, seu pai era Fujiwara no Fuhito e sua m\u00e3e era Agata Inukai no Michiyo (\u770c \u72ac \u990a \u4e09\u5343 \u4e09\u5343). Durante sua vida, ela tamb\u00e9m era conhecida como Asukabehime (\u5b89 \u5bbf \u5a9b), K\u014dmy\u014dshi (\u5149\u660e \u5b50) e [&hellip;]<\/p>\t\t\t\t\t\t\t<a href=\"https:\/\/www.jinsai.org\/pt-BR\/meishu-sama\/encarnacoes\/imperatriz-komyo\/\" class=\"more-button\" >Continue lendo <i><\/i><\/a>\n\t\t\t\t\t<\/div>\n\t\t<\/div><div class=\"widget widget_circleicon-widget\">\t\t<div class=\"circle-icon-box circle-icon-position-top circle-icon-hide-box circle-icon-size-small\">\n\t\t\t<div class=\"circle-icon-wrapper\">\n\t\t\t\t<a href=\"https:\/\/www.jinsai.org\/pt-BR\/meishu-sama\/encarnacoes\/shotoku-taishi\/\" class=\"link-icon\" >\t\t\t\t<div class=\"circle-icon icon-style-set\" style=\"background-image: url(https:\/\/www.jinsai.org\/pt-BR\/wp-content\/uploads\/2019\/12\/shotoku-150x150.jpg)\">\n\t\t\t\t\t\t\t\t\t<\/div>\n\t\t\t\t<\/a>\t\t\t<\/div>\n\n\t\t\t<a href=\"https:\/\/www.jinsai.org\/pt-BR\/meishu-sama\/encarnacoes\/shotoku-taishi\/\" class=\"link-title\" >\t\t\t<h5 >Encarna\u00e7\u00f5es<\/h5>\t\t\t<h4 >SH\u014cTOKU TAISHI<\/h4>\t\t\t<\/a>\n\t\t\t<p class=\"text\" >Pr\u00edncipe Shotoku e seus dois filhos, desenho de autoria desconhecida Pr\u00edncipe Sh\u014dtoku (\u8056\u5fb3\u592a\u5b50 Sh\u014dtoku Taishi, 7 de fevereiro de 574 \u2013 8 de abril de 622), conhecido tamb\u00e9m como Pr\u00edncipe Umayado (\u53a9\u6238\u7687\u5b50 Umayado no \u014dji) ou Pr\u00edncipe Kamitsumiya (\u4e0a\u5bae\u7687\u5b50 Kamitsumiya no \u014dji), foi um regente semi-lend\u00e1rio e pol\u00edtico influente do per\u00edodo Asuka, no Jap\u00e3o sob [&hellip;]<\/p>\t\t\t\t\t\t\t<a href=\"https:\/\/www.jinsai.org\/pt-BR\/meishu-sama\/encarnacoes\/shotoku-taishi\/\" class=\"more-button\" >Continue lendo <i><\/i><\/a>\n\t\t\t\t\t<\/div>\n\t\t<\/div><div class=\"widget widget_circleicon-widget\">\t\t<div class=\"circle-icon-box circle-icon-position-top circle-icon-hide-box circle-icon-size-small\">\n\t\t\t<div class=\"circle-icon-wrapper\">\n\t\t\t\t<a href=\"https:\/\/www.jinsai.org\/pt-BR\/meishu-sama\/encarnacoes\/ojin-tenno\/\" class=\"link-icon\" >\t\t\t\t<div class=\"circle-icon icon-style-set\" style=\"background-image: url(https:\/\/www.jinsai.org\/pt-BR\/wp-content\/uploads\/2019\/12\/Emperor_\u014cjin-150x150.jpg)\">\n\t\t\t\t\t\t\t\t\t<\/div>\n\t\t\t\t<\/a>\t\t\t<\/div>\n\n\t\t\t<a href=\"https:\/\/www.jinsai.org\/pt-BR\/meishu-sama\/encarnacoes\/ojin-tenno\/\" class=\"link-title\" >\t\t\t<h5 >Encarna\u00e7\u00f5es<\/h5>\t\t\t<h4 >\u014cJIN-TENN\u014c<\/h4>\t\t\t<\/a>\n\t\t\t<p class=\"text\" >Imperador \u014cjin (\u5fdc\u795e\u5929\u7687 - \u014cjin-tenn\u014d) \u00a0foi o 15\u00ba Imperador do Jap\u00e3o, na lista tradicional de sucess\u00e3o. Segundo o Gukansh\u014d, o livro dos escritos do Monge Jien, foi o quarto filho do Imperador Chuai com Okinaga Tarashi Hime-no-Mikoto (a futura Imperatriz Jing\u016b). Antes da sua ascens\u00e3o ao trono, seu nome era Fondano Miko-no-Mikoto. N\u00e3o h\u00e1 datas [&hellip;]<\/p>\t\t\t\t\t\t\t<a href=\"https:\/\/www.jinsai.org\/pt-BR\/meishu-sama\/encarnacoes\/ojin-tenno\/\" class=\"more-button\" >Continue lendo <i><\/i><\/a>\n\t\t\t\t\t<\/div>\n\t\t<\/div><div class=\"clear\"><\/div>\t<\/div>\n\t<\/div><div id=\"panel-6186-0-0-2\" class=\"widget_text so-panel widget_custom_html panel-last-child\" data-index=\"2\" ><div class=\"textwidget custom-html-widget\">\n\n\n&nbsp;\n\n\n<iframe\nsrc=\"http:\/\/www.facebook.com\/plugins\/like.php?href= http:\/\/www.jinsai.org\/pt-BR\/meishu-sama\/encarnacoes\u00a0\u00a0\n&amp;%0Alayout=standard&amp;show_faces=false&amp;width=380&amp;action=like&amp;colorscheme=light&amp;height=25\"\nstyle=\"border: medium none ; ovew: hidden; width: 350px; height:\n25px;\" allowtransparencyrflo=\"true\" scrolling=\"no\"\nframeborder=\"0\"><\/iframe>\n\n\n<div\nid=\"fb-root\"><\/div>\n\n\n<script\nsrc=\"http:\/\/connect.facebook.net\/pt_BR\/all.js#appId=APP_ID&amp;xfbml=1\"><\/script><fb:comments\nhref=\"http:\/\/www.jinsai.org\/pt-BR\/meishu-sama\/encarnacoes\u00a0 \" num_posts=\"100\" width=\"500\"><\/fb:comments><meta\nproperty=\"fb:app_id\" content=\"171964893011161\">\n\n\n<div\nid=\"fb-root\"><\/div>\n\n\n<script>(function(d,\ns, id) {<br \/>\n\n\n\u00a0 var js, fjs =\nd.getElementsByTagName(s)[0];<br \/>\n\n\n\u00a0 if (d.getElementById(id)) return;<br \/>\n\n\n\u00a0 js = d.createElement(s); js.id = id;<br\n\/>\n\n\n\u00a0 js.src =\n'https:\/\/connect.facebook.net\/pt_BR\/sdk.js#xfbml=1&version=v3.0&appId=171964893011161&autoLogAppEvents=1';<br\n\/>\n\n\n\u00a0 fjs.parentNode.insertBefore(js, fjs);<br\n\/>\n\n\n}(document,\n'script', 'facebook-jssdk'));<\/script>\n\n\n<div\nclass=\"fb-share-button\" data-href=\"http:\/\/www.jinsai.org\/pt-BR\/meishu-sama\/encarnacoes\u00a0 \" data-layout=\"button_count\"\ndata-size=\"large\" data-mobile-iframe=\"true\"><a\ntarget=\"_blank\" href=\"https:\/\/www.facebook.com\/sharer\/sharer.php?u=http%3A%2F%\nhttp:\/\/www.jinsai.org\/pt-BR\/meishu-sama\/encarnacoes\u00a0 %2F&amp;src=sdkpreparse\"\nclass=\"fb-xfbml-parse-ignore\">Compartilhar<\/a>\n\n\n<\/div><\/div><\/div><\/div><\/div>","protected":false},"excerpt":{"rendered":"<p>Imperador \u014cjin (\u5fdc\u795e\u5929\u7687 &#8211; \u014cjin-tenn\u014d) \u00a0foi o 15\u00ba Imperador do Jap\u00e3o, na lista tradicional de sucess\u00e3o. Segundo o Gukansh\u014d, o livro dos escritos do Monge Jien, foi o quarto filho do Imperador Chuai com Okinaga Tarashi Hime-no-Mikoto (a futura Imperatriz Jing\u016b). Antes da sua ascens\u00e3o ao trono, seu nome era Fondano Miko-no-Mikoto. N\u00e3o h\u00e1 datas [&hellip;]<\/p>\n","protected":false},"author":1,"featured_media":0,"parent":94,"menu_order":0,"comment_status":"open","ping_status":"closed","template":"templates\/template-full.php","meta":{"footnotes":""},"class_list":["post-6186","page","type-page","status-publish","hentry","post","post-with-thumbnail","post-with-thumbnail-icon"],"_links":{"self":[{"href":"https:\/\/www.jinsai.org\/pt-BR\/wp-json\/wp\/v2\/pages\/6186","targetHints":{"allow":["GET"]}}],"collection":[{"href":"https:\/\/www.jinsai.org\/pt-BR\/wp-json\/wp\/v2\/pages"}],"about":[{"href":"https:\/\/www.jinsai.org\/pt-BR\/wp-json\/wp\/v2\/types\/page"}],"author":[{"embeddable":true,"href":"https:\/\/www.jinsai.org\/pt-BR\/wp-json\/wp\/v2\/users\/1"}],"replies":[{"embeddable":true,"href":"https:\/\/www.jinsai.org\/pt-BR\/wp-json\/wp\/v2\/comments?post=6186"}],"version-history":[{"count":11,"href":"https:\/\/www.jinsai.org\/pt-BR\/wp-json\/wp\/v2\/pages\/6186\/revisions"}],"predecessor-version":[{"id":8085,"href":"https:\/\/www.jinsai.org\/pt-BR\/wp-json\/wp\/v2\/pages\/6186\/revisions\/8085"}],"up":[{"embeddable":true,"href":"https:\/\/www.jinsai.org\/pt-BR\/wp-json\/wp\/v2\/pages\/94"}],"wp:attachment":[{"href":"https:\/\/www.jinsai.org\/pt-BR\/wp-json\/wp\/v2\/media?parent=6186"}],"curies":[{"name":"wp","href":"https:\/\/api.w.org\/{rel}","templated":true}]}}