{"id":901,"date":"2018-06-26T10:42:51","date_gmt":"2018-06-26T13:42:51","guid":{"rendered":"http:\/\/www.jinsai.org\/pt-BR\/?page_id=901"},"modified":"2022-02-21T20:31:05","modified_gmt":"2022-02-21T23:31:05","slug":"yama-to-mizu","status":"publish","type":"page","link":"https:\/\/www.jinsai.org\/pt-BR\/mundo-do-belo\/yama-to-mizu\/","title":{"rendered":"Yama-to-Mizu"},"content":{"rendered":"<div id=\"pl-901\"  class=\"panel-layout\" ><div id=\"pg-901-0\"  class=\"panel-grid panel-no-style\" ><div id=\"pgc-901-0-0\"  class=\"panel-grid-cell\" ><div id=\"panel-901-0-0-0\" class=\"so-panel widget_sow-editor panel-first-child\" data-index=\"0\" ><div\n\t\t\t\n\t\t\tclass=\"so-widget-sow-editor so-widget-sow-editor-base\"\n\t\t\t\n\t\t>\n<div class=\"siteorigin-widget-tinymce textwidget\">\n\t<p class=\"style5 style51\" style=\"text-align: justify;\">Conforme explicado pelo Mestre Jinsai no Ensinamento \"<a href=\"http:\/\/www.jinsai.org\/pt-BR\/ensinamentos\/a-respeito-da-coletanea-de-poemas-yama-to-mizu\/\">A respeito da Colet\u00e2nea de Poemas Yama to Mizu<\/a>\", uma das formas de polir a alma e elevar a espiritualidade \u00e9 por meio da arte. Portanto, ler esses poemas aumenta o Tieshokaku (Intelig\u00eancia da Percep\u00e7\u00e3o Verdadeira), e a f\u00e9 se eleva mais facilmente.<\/p>\n<p class=\"style5 style51\" style=\"text-align: justify;\">O total de poemas \u00e9 de 1239, separados por t\u00f3picos. Nossa equipe ir\u00e1 traduzindo aos poucos, e contamos tamb\u00e9m com a colabora\u00e7\u00e3o de outras pessoas, as quais ter\u00e3o seus respectivos nomes citados nos cr\u00e9ditos. Esperamos que apreciem.<\/p>\n<p>\u00a0<\/p>\n<\/div>\n<\/div><\/div><div id=\"panel-901-0-0-1\" class=\"so-panel widget_siteorigin-panels-postloop\" data-index=\"1\" >\n\t<div id=\"vantage-circleicon-loop\" class=\"vantage-circleicon-loop circleicon-loop-columns-3\">\n\n\t\t<div class=\"widget widget_circleicon-widget\">\t\t<div class=\"circle-icon-box circle-icon-position-top circle-icon-hide-box circle-icon-size-small\">\n\t\t\t<div class=\"circle-icon-wrapper\">\n\t\t\t\t<a href=\"https:\/\/www.jinsai.org\/pt-BR\/mundo-do-belo\/yama-to-mizu\/monte-kenkon\/\" class=\"link-icon\" >\t\t\t\t<div class=\"circle-icon icon-style-set\" style=\"background-image: url(https:\/\/www.jinsai.org\/pt-BR\/wp-content\/uploads\/2022\/03\/Monte-Nokogiri-150x101.jpg)\">\n\t\t\t\t\t\t\t\t\t<\/div>\n\t\t\t\t<\/a>\t\t\t<\/div>\n\n\t\t\t<a href=\"https:\/\/www.jinsai.org\/pt-BR\/mundo-do-belo\/yama-to-mizu\/monte-kenkon\/\" class=\"link-title\" >\t\t\t<h5 >Yama-to-Mizu<\/h5>\t\t\t<h4 >MONTE KENKON<\/h4>\t\t\t<\/a>\n\t\t\t<p class=\"text\" >\u5149 \u662d\u548c\u516d\u5e74\u516d\u6708\u4e09\u65e5 15 de junho de 1931 19 \u65e5\u672c\u5bfa\u306e\u540d\u306b\u61a7\u308c\u3066\u8a2a\u3078\u3070\u307e\u3060\u898b\u306c\u6728\u306a\u308a\u6c99\u7f85\u53cc\u6a39\u3068\u3044\u3075 NIHONJINO NANIAKUGARETE OTONAEBA MADAMINUKINARI SARASOUJUTOIU Atra\u00eddo pelo nome Templo do Sol Nascente Quando o visitamos Vimos uma \u00e1rvore que nunca t\u00ednhamos Visto antes, o shala. \u00a020 \u3068\u3053\u308d\u3069\u3053\u308d\u77f3\u306e\u4ecf\u306e\u82d4\u3055\u3073\u3066\u3055\u307f\u3057\u304f\u7acb\u3066\u308a\u4e7e\u5764\u306e\u5c71 TOKORODOKORO ISHINOHOTOKENO KOKESABITE SAMISHIKUTATERI KENKONNOYAMA Espalhados ao redor, os musgos Est\u00e1tuas de pedra cobertas de Budas est\u00e3o desamparadas Ao [&hellip;]<\/p>\t\t\t\t\t\t\t<a href=\"https:\/\/www.jinsai.org\/pt-BR\/mundo-do-belo\/yama-to-mizu\/monte-kenkon\/\" class=\"more-button\" >Continue lendo <i><\/i><\/a>\n\t\t\t\t\t<\/div>\n\t\t<\/div><div class=\"widget widget_circleicon-widget\">\t\t<div class=\"circle-icon-box circle-icon-position-top circle-icon-hide-box circle-icon-size-small\">\n\t\t\t<div class=\"circle-icon-wrapper\">\n\t\t\t\t<a href=\"https:\/\/www.jinsai.org\/pt-BR\/mundo-do-belo\/yama-to-mizu\/luz\/\" class=\"link-icon\" >\t\t\t\t<div class=\"circle-icon icon-style-set\" style=\"background-image: url(https:\/\/www.jinsai.org\/pt-BR\/wp-content\/uploads\/2022\/02\/susanoo-no-mikoto-150x84.jpg)\">\n\t\t\t\t\t\t\t\t\t<\/div>\n\t\t\t\t<\/a>\t\t\t<\/div>\n\n\t\t\t<a href=\"https:\/\/www.jinsai.org\/pt-BR\/mundo-do-belo\/yama-to-mizu\/luz\/\" class=\"link-title\" >\t\t\t<h5 >Yama-to-Mizu<\/h5>\t\t\t<h4 >LUZ<\/h4>\t\t\t<\/a>\n\t\t\t<p class=\"text\" >\u5149 \u662d\u548c\u516d\u5e74\u516d\u6708\u4e09\u65e5 3 de junho de 1931 18 \u745e\u5fa1\u9b42)\u7d20\u76de\u55da\u795e\u306b\u306f\u3058\u307e\u308a\u3057\u548c\u6b4c\u306f\u5fa1\u56fd\u306e\u5149\u306a\u308b\u3089\u3080 MIZU MITAMA SUSANOO NO KAMI NI HAJIMARI SHI WAKA WA MIKUNI NO HIKARI NARURAN Iniciada pela Alma auspiciosa, Sussano-o, a poesia Waka \u00e9 a Luz de nossa na\u00e7\u00e3o Tradu\u00e7\u00e3o: Kouryu (Pseud\u00f4nimo de C.F.A)<\/p>\t\t\t\t\t\t\t<a href=\"https:\/\/www.jinsai.org\/pt-BR\/mundo-do-belo\/yama-to-mizu\/luz\/\" class=\"more-button\" >Continue lendo <i><\/i><\/a>\n\t\t\t\t\t<\/div>\n\t\t<\/div><div class=\"widget widget_circleicon-widget\">\t\t<div class=\"circle-icon-box circle-icon-position-top circle-icon-hide-box circle-icon-size-small\">\n\t\t\t<div class=\"circle-icon-wrapper\">\n\t\t\t\t<a href=\"https:\/\/www.jinsai.org\/pt-BR\/mundo-do-belo\/yama-to-mizu\/monte-fuji\/\" class=\"link-icon\" >\t\t\t\t<div class=\"circle-icon icon-style-set\" style=\"background-image: url(https:\/\/www.jinsai.org\/pt-BR\/wp-content\/uploads\/2022\/02\/maxresdefault-150x84.jpg)\">\n\t\t\t\t\t\t\t\t\t<\/div>\n\t\t\t\t<\/a>\t\t\t<\/div>\n\n\t\t\t<a href=\"https:\/\/www.jinsai.org\/pt-BR\/mundo-do-belo\/yama-to-mizu\/monte-fuji\/\" class=\"link-title\" >\t\t\t<h5 >Yama-to-Mizu<\/h5>\t\t\t<h4 >MONTE FUJI<\/h4>\t\t\t<\/a>\n\t\t\t<p class=\"text\" >\u5bcc\u58eb \u662d\u548c\u516d\u5e74\u4e94\u6708\u4e09\u65e5 3 de maio de 1931 17 \u6b66\u8535\u91ce\u306f\u898b\u6e21\u3059\u304b\u304e\u308a\u9752\u8449\u3057\u3066\u7a7a\u306e\u306f\u305f\u3066\u306b\u5bcc\u58eb\u898b\u3086\u308b\u306a\u308a MUSASHINO WA MIWATASU KAGIRI AOBA SHITE SORA NO HATATE NI FUJI MIYURU NARI Na Plan\u00edcie Musashi Com verdura fresca at\u00e9 onde O olho pode ver No final do C\u00e9u \u00e9 vis\u00edvel o Monte Fuji. Tradu\u00e7\u00e3o: Kouryu (Pseud\u00f4nimo de C.F.A)<\/p>\t\t\t\t\t\t\t<a href=\"https:\/\/www.jinsai.org\/pt-BR\/mundo-do-belo\/yama-to-mizu\/monte-fuji\/\" class=\"more-button\" >Continue lendo <i><\/i><\/a>\n\t\t\t\t\t<\/div>\n\t\t<\/div><div class=\"clear\"><\/div><div class=\"widget widget_circleicon-widget\">\t\t<div class=\"circle-icon-box circle-icon-position-top circle-icon-hide-box circle-icon-size-small\">\n\t\t\t<div class=\"circle-icon-wrapper\">\n\t\t\t\t<a href=\"https:\/\/www.jinsai.org\/pt-BR\/mundo-do-belo\/yama-to-mizu\/sol-e-lua\/\" class=\"link-icon\" >\t\t\t\t<div class=\"circle-icon icon-style-set\" style=\"background-image: url(https:\/\/www.jinsai.org\/pt-BR\/wp-content\/uploads\/2022\/02\/sol-e-lua-150x90.jpg)\">\n\t\t\t\t\t\t\t\t\t<\/div>\n\t\t\t\t<\/a>\t\t\t<\/div>\n\n\t\t\t<a href=\"https:\/\/www.jinsai.org\/pt-BR\/mundo-do-belo\/yama-to-mizu\/sol-e-lua\/\" class=\"link-title\" >\t\t\t<h5 >Yama-to-Mizu<\/h5>\t\t\t<h4 >SOL E LUA<\/h4>\t\t\t<\/a>\n\t\t\t<p class=\"text\" >\u65e5\u6708 \u662d\u548c\u516d\u5e74\u516d\u6708\u4e94\u65e5 5 de junho de 1931 14 \u65e5\u306e\u5149\u6708\u306e\u6075\u306b\u3059\u304f\u3059\u304f\u3068\u6c11\u8349\u306e\u3073\u308b\u6642\u305e\u5f85\u305f\u308b\u308b HI NO HIKARI TSUKI NO MEGUMI NI SUKUSUKU TO TAMIKUSA NOBIRU TOKI ZO MATARURU Aguardando o momento em que O povo crescer\u00e1 vigorosamente Com a benefic\u00eancia Da lua junto com A luz do sol. 15 \u65e5\u3068\u6708\u306e\u6075\u306e\u5149\u8c4a\u306b\u3046\u3051\u9ad8\u5929\u539f\u306b\u6c38\u4e45\u306b\u4f4f\u307e\u306a\u3080 HI TO TSUKI NO MEGUMI NO HIKARI YUTA NI UKE [&hellip;]<\/p>\t\t\t\t\t\t\t<a href=\"https:\/\/www.jinsai.org\/pt-BR\/mundo-do-belo\/yama-to-mizu\/sol-e-lua\/\" class=\"more-button\" >Continue lendo <i><\/i><\/a>\n\t\t\t\t\t<\/div>\n\t\t<\/div><div class=\"widget widget_circleicon-widget\">\t\t<div class=\"circle-icon-box circle-icon-position-top circle-icon-hide-box circle-icon-size-small\">\n\t\t\t<div class=\"circle-icon-wrapper\">\n\t\t\t\t<a href=\"https:\/\/www.jinsai.org\/pt-BR\/mundo-do-belo\/yama-to-mizu\/harusuguinu-fim-da-primavera-e-inicio-do-verao\/\" class=\"link-icon\" >\t\t\t\t<div class=\"circle-icon icon-style-set\" style=\"background-image: url(https:\/\/www.jinsai.org\/pt-BR\/wp-content\/uploads\/2018\/07\/hakone29-150x150.jpg)\">\n\t\t\t\t\t\t\t\t\t<\/div>\n\t\t\t\t<\/a>\t\t\t<\/div>\n\n\t\t\t<a href=\"https:\/\/www.jinsai.org\/pt-BR\/mundo-do-belo\/yama-to-mizu\/harusuguinu-fim-da-primavera-e-inicio-do-verao\/\" class=\"link-title\" >\t\t\t<h5 >Yama-to-Mizu<\/h5>\t\t\t<h4 >HARUSUGUINU &#8211; FIM DA PRIMAVERA E IN\u00cdCIO DO VER\u00c3O<\/h4>\t\t\t<\/a>\n\t\t\t<p class=\"text\" >\u6625\u3059\u304e\u306c Harusuguinu \u662d\u548c\u516d\u5e74\u4e94\u6708\u5341\u516b\u65e5 18 de maio de 1931<\/p>\t\t\t\t\t\t\t<a href=\"https:\/\/www.jinsai.org\/pt-BR\/mundo-do-belo\/yama-to-mizu\/harusuguinu-fim-da-primavera-e-inicio-do-verao\/\" class=\"more-button\" >Continue lendo <i><\/i><\/a>\n\t\t\t\t\t<\/div>\n\t\t<\/div>\t<\/div>\n\t<\/div><div id=\"panel-901-0-0-2\" class=\"widget_text so-panel widget_custom_html panel-last-child\" data-index=\"2\" ><div class=\"textwidget custom-html-widget\"><iframe src=\"http:\/\/www.facebook.com\/plugins\/like.php?href= http:\/\/www.jinsai.org\/pt-BR\/mundo-do-belo\/poemas-yama-to-mizu\/&%0Alayout=standard&show_faces=false&width=380&action=like&colorscheme=light&height=25\" style=\"border: medium none ; overflow: hidden; width: 350px; height: 25px;\" allowtransparency=\"true\" frameborder=\"0\" scrolling=\"no\"><\/iframe>\n\n<div id=\"fb-root\"><\/div><script src=\"http:\/\/connect.facebook.net\/pt_BR\/all.js#appId=APP_ID&amp;xfbml=1\"><\/script><fb:comments href=\"http:\/\/www.jinsai.org\/pt-BR\/mundo-do-belo\/poemas-yama-to-mizu\/\u201d num_posts=\"100\" width=\"500\"><\/fb:comments><meta property='fb:app_id' content='171964893011161'\/> \n\n<div id=\"fb-root\"><\/div>\n<script>(function(d, s, id) {\n  var js, fjs = d.getElementsByTagName(s)[0];\n  if (d.getElementById(id)) return;\n  js = d.createElement(s); js.id = id;\n  js.src = 'https:\/\/connect.facebook.net\/en_US\/sdk.js#xfbml=1&version=v3.0&appId=171964893011161&autoLogAppEvents=1';\n  fjs.parentNode.insertBefore(js, fjs);\n}(document, 'script', 'facebook-jssdk'));<\/script>\n<div class=\"fb-share-button\" data-href=\"http:\/\/www.jinsai.org\/pt-BR\/mundo-do-belo\/poemas-yama-to-mizu\/\" data-layout=\"button_count\" data-size=\"large\" data-mobile-iframe=\"true\"><a target=\"_blank\" href=\"https:\/\/www.facebook.com\/sharer\/sharer.php?u=http%3A%2F%2Fwww.jinsai.org%2Fpt-BR%2Fmundo-do-belo%2Fpoemas-yama-to-mizu%2F&amp;src=sdkpreparse\" class=\"fb-xfbml-parse-ignore\">Share<\/a><\/div>\n<\/div><\/div><\/div><\/div><\/div>","protected":false},"excerpt":{"rendered":"<p>Conforme explicado pelo Mestre Jinsai no Ensinamento &#8220;A respeito da Colet\u00e2nea de Poemas Yama to Mizu&#8220;, uma das formas de polir a alma e elevar a espiritualidade \u00e9 por meio da arte. Portanto, ler esses poemas aumenta o Tieshokaku (Intelig\u00eancia da Percep\u00e7\u00e3o Verdadeira), e a f\u00e9 se eleva mais facilmente. O total de poemas \u00e9 [&hellip;]<\/p>\n","protected":false},"author":1,"featured_media":0,"parent":492,"menu_order":0,"comment_status":"open","ping_status":"closed","template":"","meta":{"footnotes":""},"class_list":["post-901","page","type-page","status-publish","hentry","post","post-with-thumbnail","post-with-thumbnail-icon"],"_links":{"self":[{"href":"https:\/\/www.jinsai.org\/pt-BR\/wp-json\/wp\/v2\/pages\/901","targetHints":{"allow":["GET"]}}],"collection":[{"href":"https:\/\/www.jinsai.org\/pt-BR\/wp-json\/wp\/v2\/pages"}],"about":[{"href":"https:\/\/www.jinsai.org\/pt-BR\/wp-json\/wp\/v2\/types\/page"}],"author":[{"embeddable":true,"href":"https:\/\/www.jinsai.org\/pt-BR\/wp-json\/wp\/v2\/users\/1"}],"replies":[{"embeddable":true,"href":"https:\/\/www.jinsai.org\/pt-BR\/wp-json\/wp\/v2\/comments?post=901"}],"version-history":[{"count":26,"href":"https:\/\/www.jinsai.org\/pt-BR\/wp-json\/wp\/v2\/pages\/901\/revisions"}],"predecessor-version":[{"id":10517,"href":"https:\/\/www.jinsai.org\/pt-BR\/wp-json\/wp\/v2\/pages\/901\/revisions\/10517"}],"up":[{"embeddable":true,"href":"https:\/\/www.jinsai.org\/pt-BR\/wp-json\/wp\/v2\/pages\/492"}],"wp:attachment":[{"href":"https:\/\/www.jinsai.org\/pt-BR\/wp-json\/wp\/v2\/media?parent=901"}],"curies":[{"name":"wp","href":"https:\/\/api.w.org\/{rel}","templated":true}]}}