{"id":915,"date":"2018-06-26T10:52:28","date_gmt":"2018-06-26T13:52:28","guid":{"rendered":"http:\/\/www.jinsai.org\/pt-BR\/?page_id=915"},"modified":"2021-05-29T14:03:29","modified_gmt":"2021-05-29T17:03:29","slug":"meishu-sama","status":"publish","type":"page","link":"https:\/\/www.jinsai.org\/pt-BR\/mundo-do-belo\/imagens\/meishu-sama\/","title":{"rendered":"Meishu-Sama"},"content":{"rendered":"<div id=\"pl-915\"  class=\"panel-layout\" ><div id=\"pg-915-0\"  class=\"panel-grid panel-no-style\" ><div id=\"pgc-915-0-0\"  class=\"panel-grid-cell\" ><div id=\"panel-915-0-0-0\" class=\"so-panel widget_siteorigin-panels-postloop panel-first-child\" data-index=\"0\" >\n\t<div id=\"vantage-circleicon-loop\" class=\"vantage-circleicon-loop circleicon-loop-columns-3\">\n\n\t\t<div class=\"widget widget_circleicon-widget\">\t\t<div class=\"circle-icon-box circle-icon-position-top circle-icon-hide-box circle-icon-size-small\">\n\t\t\t<div class=\"circle-icon-wrapper\">\n\t\t\t\t<a href=\"https:\/\/www.jinsai.org\/pt-BR\/mundo-do-belo\/imagens\/meishu-sama-img\/goshotensai-culto-da-ascensao-de-meishu-sama\/\" class=\"link-icon\" >\t\t\t\t<div class=\"circle-icon icon-style-set\" style=\"background-image: url(https:\/\/www.jinsai.org\/pt-BR\/wp-content\/uploads\/2022\/02\/06-150x96.bmp)\">\n\t\t\t\t\t\t\t\t\t<\/div>\n\t\t\t\t<\/a>\t\t\t<\/div>\n\n\t\t\t<a href=\"https:\/\/www.jinsai.org\/pt-BR\/mundo-do-belo\/imagens\/meishu-sama-img\/goshotensai-culto-da-ascensao-de-meishu-sama\/\" class=\"link-title\" >\t\t\t<h5 >Meishu-Sama<\/h5>\t\t\t<h4 >GOSHOTENSAI &#8211; CULTO DA ASCENS\u00c3O DE MEISHU-SAMA<\/h4>\t\t\t<\/a>\n\t\t\t<p class=\"text\" >Na tarde do dia 9 de fevereiro de 1955, depois de ter dado instru\u00e7\u00f5es sobre a constru\u00e7\u00e3o em Atami e tamb\u00e9m sobre a reforma do anexo do Museu de Arte de Hakone e a prepara\u00e7\u00e3o de sua reabertura, ele foi para a sala de visitas, onde ficou muito tempo olhando fixamente para as velhas ameixeiras [&hellip;]<\/p>\t\t\t\t\t\t\t<a href=\"https:\/\/www.jinsai.org\/pt-BR\/mundo-do-belo\/imagens\/meishu-sama-img\/goshotensai-culto-da-ascensao-de-meishu-sama\/\" class=\"more-button\" >Continue lendo <i><\/i><\/a>\n\t\t\t\t\t<\/div>\n\t\t<\/div><div class=\"widget widget_circleicon-widget\">\t\t<div class=\"circle-icon-box circle-icon-position-top circle-icon-hide-box circle-icon-size-small\">\n\t\t\t<div class=\"circle-icon-wrapper\">\n\t\t\t\t<a href=\"https:\/\/www.jinsai.org\/pt-BR\/mundo-do-belo\/imagens\/meishu-sama-img\/foto-espiritual-do-mestre-jinsai-com-o-deus-dragao-dourado-tirada-por-mitsuo-azuma-em-21-de-outubro-de-1934\/\" class=\"link-icon\" >\t\t\t\t<div class=\"circle-icon icon-style-set\" style=\"background-image: url(https:\/\/www.jinsai.org\/pt-BR\/wp-content\/uploads\/2021\/01\/IMG-20180211-WA0037-C\u00f3pia-150x195.jpg)\">\n\t\t\t\t\t\t\t\t\t<\/div>\n\t\t\t\t<\/a>\t\t\t<\/div>\n\n\t\t\t<a href=\"https:\/\/www.jinsai.org\/pt-BR\/mundo-do-belo\/imagens\/meishu-sama-img\/foto-espiritual-do-mestre-jinsai-com-o-deus-dragao-dourado-tirada-por-mitsuo-azuma-em-21-de-outubro-de-1934\/\" class=\"link-title\" >\t\t\t<h5 >Meishu-Sama<\/h5>\t\t\t<h4 >FOTO ESPIRITUAL DO MESTRE JINSAI COM O DEUS DRAG\u00c3O DOURADO, TIRADA POR MITSUO AZUMA EM 21 DE OUTUBRO DE 1934<\/h4>\t\t\t<\/a>\n\t\t\t<p class=\"text\" >O fot\u00f3grado Mitsuo Azuma, que tirou a foto espiritual do Mestre Jinsai com o Deus Senju Kannon, e tamb\u00e9m a foto espiritual da aura do Mestre Jinsai, tirou, ainda, esta foto espiritual, na qual Ele aparece debru\u00e7ado sobre a mesa, cochilando. Em cima de Sua cabe\u00e7a v\u00ea-se um drag\u00e3o enrolado, cuja cabe\u00e7a est\u00e1 erguida e [&hellip;]<\/p>\t\t\t\t\t\t\t<a href=\"https:\/\/www.jinsai.org\/pt-BR\/mundo-do-belo\/imagens\/meishu-sama-img\/foto-espiritual-do-mestre-jinsai-com-o-deus-dragao-dourado-tirada-por-mitsuo-azuma-em-21-de-outubro-de-1934\/\" class=\"more-button\" >Continue lendo <i><\/i><\/a>\n\t\t\t\t\t<\/div>\n\t\t<\/div><div class=\"widget widget_circleicon-widget\">\t\t<div class=\"circle-icon-box circle-icon-position-top circle-icon-hide-box circle-icon-size-small\">\n\t\t\t<div class=\"circle-icon-wrapper\">\n\t\t\t\t<a href=\"https:\/\/www.jinsai.org\/pt-BR\/mundo-do-belo\/imagens\/meishu-sama-img\/o-mestre-jinsai-e-sua-esposa-no-kanzan-tei-o-solar-de-de-contemplacao-da-montanha-o-quadro-pendurado-na-parede-e-a-obra-riqueza-do-mar-de-seiho-takeuti\/\" class=\"link-icon\" >\t\t\t\t<div class=\"circle-icon icon-style-set\" style=\"background-image: url(https:\/\/www.jinsai.org\/pt-BR\/wp-content\/uploads\/2020\/01\/WhatsApp-Image-2020-01-15-at-19.47.22-150x150.jpeg)\">\n\t\t\t\t\t\t\t\t\t<\/div>\n\t\t\t\t<\/a>\t\t\t<\/div>\n\n\t\t\t<a href=\"https:\/\/www.jinsai.org\/pt-BR\/mundo-do-belo\/imagens\/meishu-sama-img\/o-mestre-jinsai-e-sua-esposa-no-kanzan-tei-o-solar-de-de-contemplacao-da-montanha-o-quadro-pendurado-na-parede-e-a-obra-riqueza-do-mar-de-seiho-takeuti\/\" class=\"link-title\" >\t\t\t<h5 >Meishu-Sama<\/h5>\t\t\t<h4 >O MESTRE JINSAI E SUA ESPOSA, NO KANZAN-TEI, O SOLAR DE DE CONTEMPLA\u00c7\u00c3O DA MONTANHA. O QUADRO PENDURADO NA PAREDE \u00c9 A OBRA RIQUEZA DO MAR, DE SEIHO TAKEUTI<\/h4>\t\t\t<\/a>\n\t\t\t<p class=\"text\" >Da Casa de Contempla\u00e7\u00e3o da Montanha, como seu nome indica, avistava-se, entre outras eleva\u00e7\u00f5es, a Montanha Daimonji (Pico Myojo), a leste, o Pico Myojin e o Monte Senguem. Mesmo no escaldante ver\u00e3o, os beirais bem largos proporcionavam uma sombra refrescante, e o vento trazia o ar fresco das montanhas. Com a expans\u00e3o da linha de [&hellip;]<\/p>\t\t\t\t\t\t\t<a href=\"https:\/\/www.jinsai.org\/pt-BR\/mundo-do-belo\/imagens\/meishu-sama-img\/o-mestre-jinsai-e-sua-esposa-no-kanzan-tei-o-solar-de-de-contemplacao-da-montanha-o-quadro-pendurado-na-parede-e-a-obra-riqueza-do-mar-de-seiho-takeuti\/\" class=\"more-button\" >Continue lendo <i><\/i><\/a>\n\t\t\t\t\t<\/div>\n\t\t<\/div><div class=\"clear\"><\/div><div class=\"widget widget_circleicon-widget\">\t\t<div class=\"circle-icon-box circle-icon-position-top circle-icon-hide-box circle-icon-size-small\">\n\t\t\t<div class=\"circle-icon-wrapper\">\n\t\t\t\t<a href=\"https:\/\/www.jinsai.org\/pt-BR\/mundo-do-belo\/imagens\/meishu-sama-img\/culto-de-outono-o-mestre-jinsai-aparece-no-centro-de-frente-compareceu-a-esse-culto-uma-caravana-da-filial-omiya\/\" class=\"link-icon\" >\t\t\t\t<div class=\"circle-icon icon-style-set\" style=\"background-image: url(https:\/\/www.jinsai.org\/pt-BR\/wp-content\/uploads\/2018\/06\/MeishuSama61-150x150.jpg)\">\n\t\t\t\t\t\t\t\t\t<\/div>\n\t\t\t\t<\/a>\t\t\t<\/div>\n\n\t\t\t<a href=\"https:\/\/www.jinsai.org\/pt-BR\/mundo-do-belo\/imagens\/meishu-sama-img\/culto-de-outono-o-mestre-jinsai-aparece-no-centro-de-frente-compareceu-a-esse-culto-uma-caravana-da-filial-omiya\/\" class=\"link-title\" >\t\t\t<h5 >Meishu-Sama<\/h5>\t\t\t<h4 >CULTO DE OUTONO. O MESTRE JINSAI APARECE NO CENTRO, DE FRENTE. COMPARECEU A ESSE CULTO UMA CARAVANA DA FILIAL OMIYA<\/h4>\t\t\t<\/a>\n\t\t\t<p class=\"text\" >Ap\u00f3s a inaugura\u00e7\u00e3o da nova sede da Dai Nippon Kannon Kai, em 10 de outubro de 1935, foram realizados os Cultos Mensais de novembro e dezembro e, no dia 11 de novembro, o Culto de Outono, passando-se a desenvolver entusi\u00e1sticas atividades religiosas. Em seu di\u00e1rio, o Mestre Jinsai escreveu: &#8220;O primeiro Culto de Outono Foi [&hellip;]<\/p>\t\t\t\t\t\t\t<a href=\"https:\/\/www.jinsai.org\/pt-BR\/mundo-do-belo\/imagens\/meishu-sama-img\/culto-de-outono-o-mestre-jinsai-aparece-no-centro-de-frente-compareceu-a-esse-culto-uma-caravana-da-filial-omiya\/\" class=\"more-button\" >Continue lendo <i><\/i><\/a>\n\t\t\t\t\t<\/div>\n\t\t<\/div><div class=\"widget widget_circleicon-widget\">\t\t<div class=\"circle-icon-box circle-icon-position-top circle-icon-hide-box circle-icon-size-small\">\n\t\t\t<div class=\"circle-icon-wrapper\">\n\t\t\t\t<a href=\"https:\/\/www.jinsai.org\/pt-BR\/mundo-do-belo\/imagens\/meishu-sama-img\/a-familia-do-mestre-jinsai-e-fieis-no-shofu-so-em-omori-na-fileira-de-tras-da-esquerda-para-a-direita-yoshi-e-shigueyoshi-pulando-uma-pessoa-o-mestre-jinsai-as-criancas-que-estao-na-fileira-da\/\" class=\"link-icon\" >\t\t\t\t<div class=\"circle-icon icon-style-set\" style=\"background-image: url(https:\/\/www.jinsai.org\/pt-BR\/wp-content\/uploads\/2018\/06\/MeishuSama60-150x150.jpg)\">\n\t\t\t\t\t\t\t\t\t<\/div>\n\t\t\t\t<\/a>\t\t\t<\/div>\n\n\t\t\t<a href=\"https:\/\/www.jinsai.org\/pt-BR\/mundo-do-belo\/imagens\/meishu-sama-img\/a-familia-do-mestre-jinsai-e-fieis-no-shofu-so-em-omori-na-fileira-de-tras-da-esquerda-para-a-direita-yoshi-e-shigueyoshi-pulando-uma-pessoa-o-mestre-jinsai-as-criancas-que-estao-na-fileira-da\/\" class=\"link-title\" >\t\t\t<h5 >Meishu-Sama<\/h5>\t\t\t<h4 >A FAM\u00cdLIA DO MESTRE JINSAI E FI\u00c9IS, NO SHOFU-SO, EM OMORI. NA FILEIRA DE TR\u00c1S, DA ESQUERDA PARA A DIREITA, YOSHI E SHIGUEYOSHI; PULANDO UMA PESSOA, O MESTRE JINSAI. AS CRIAN\u00c7AS QUE EST\u00c3O NA FILEIRA DA FRENTE S\u00c3O, DA ESQUERDA PARA A DIREITA, MITIKO, MIYAKO E ITSUKI<\/h4>\t\t\t<\/a>\n\t\t\t<p class=\"text\" >Na \u00e9poca em que o Mestre Jinsai residia no bairro de Koji, Ele dedicava-Se intensamente ao tratamento por meio do Johrei, hospedando muitos doentes no Shofu-So. Al\u00e9m disso, usava tamb\u00e9m seus filhos nas experi\u00eancias que fazia. Na ocasi\u00e3o, somando Kunihiro, nascido em 24 de mar\u00e7o de 1932, ele tinha seis filhos: tr\u00eas meninos e tr\u00eas [&hellip;]<\/p>\t\t\t\t\t\t\t<a href=\"https:\/\/www.jinsai.org\/pt-BR\/mundo-do-belo\/imagens\/meishu-sama-img\/a-familia-do-mestre-jinsai-e-fieis-no-shofu-so-em-omori-na-fileira-de-tras-da-esquerda-para-a-direita-yoshi-e-shigueyoshi-pulando-uma-pessoa-o-mestre-jinsai-as-criancas-que-estao-na-fileira-da\/\" class=\"more-button\" >Continue lendo <i><\/i><\/a>\n\t\t\t\t\t<\/div>\n\t\t<\/div><div class=\"widget widget_circleicon-widget\">\t\t<div class=\"circle-icon-box circle-icon-position-top circle-icon-hide-box circle-icon-size-small\">\n\t\t\t<div class=\"circle-icon-wrapper\">\n\t\t\t\t<a href=\"https:\/\/www.jinsai.org\/pt-BR\/mundo-do-belo\/imagens\/meishu-sama-img\/o-mestre-jinsai-caligrafando-com-uma-velocidade-sobre-humana-ajudado-por-dedicantes-ao-seu-lado-esta-colocado-um-radio\/\" class=\"link-icon\" >\t\t\t\t<div class=\"circle-icon icon-style-set\" style=\"background-image: url(https:\/\/www.jinsai.org\/pt-BR\/wp-content\/uploads\/2018\/06\/161-150x211.jpg)\">\n\t\t\t\t\t\t\t\t\t<\/div>\n\t\t\t\t<\/a>\t\t\t<\/div>\n\n\t\t\t<a href=\"https:\/\/www.jinsai.org\/pt-BR\/mundo-do-belo\/imagens\/meishu-sama-img\/o-mestre-jinsai-caligrafando-com-uma-velocidade-sobre-humana-ajudado-por-dedicantes-ao-seu-lado-esta-colocado-um-radio\/\" class=\"link-title\" >\t\t\t<h5 >Meishu-Sama<\/h5>\t\t\t<h4 >O MESTRE JINSAI CALIGRAFANDO COM UMA VELOCIDADE SOBRE-HUMANA, AJUDADO POR DEDICANTES. AO SEU LADO, EST\u00c1 COLOCADO UM R\u00c1DIO<\/h4>\t\t\t<\/a>\n\t\t\t<p class=\"text\" >Em seus \u00faltimos anos de vida, o Mestre Jinsai, nos dias pares, fazia caligrafias durante uma hora ou uma hora e meia ap\u00f3s o jantar. A Casa do Trevo, em Hakone, e uma sala do Solar da Nuvem Esmeralda, em Atami, estavam destinadas a esse fim. Assim que se sentava, com o papel \u00e0 sua [&hellip;]<\/p>\t\t\t\t\t\t\t<a href=\"https:\/\/www.jinsai.org\/pt-BR\/mundo-do-belo\/imagens\/meishu-sama-img\/o-mestre-jinsai-caligrafando-com-uma-velocidade-sobre-humana-ajudado-por-dedicantes-ao-seu-lado-esta-colocado-um-radio\/\" class=\"more-button\" >Continue lendo <i><\/i><\/a>\n\t\t\t\t\t<\/div>\n\t\t<\/div><div class=\"clear\"><\/div><div class=\"widget widget_circleicon-widget\">\t\t<div class=\"circle-icon-box circle-icon-position-top circle-icon-hide-box circle-icon-size-small\">\n\t\t\t<div class=\"circle-icon-wrapper\">\n\t\t\t\t<a href=\"https:\/\/www.jinsai.org\/pt-BR\/mundo-do-belo\/imagens\/meishu-sama-img\/a-loja-okada-no-bairro-de-kitamaki-vista-externa-e-funcionarios\/\" class=\"link-icon\" >\t\t\t\t<div class=\"circle-icon icon-style-set\" style=\"background-image: url(https:\/\/www.jinsai.org\/pt-BR\/wp-content\/uploads\/2018\/06\/MeishuSama58-150x150.jpg)\">\n\t\t\t\t\t\t\t\t\t<\/div>\n\t\t\t\t<\/a>\t\t\t<\/div>\n\n\t\t\t<a href=\"https:\/\/www.jinsai.org\/pt-BR\/mundo-do-belo\/imagens\/meishu-sama-img\/a-loja-okada-no-bairro-de-kitamaki-vista-externa-e-funcionarios\/\" class=\"link-title\" >\t\t\t<h5 >Meishu-Sama<\/h5>\t\t\t<h4 >A LOJA OKADA, NO BAIRRO DE KITAMAKI &#8211; VISTA EXTERNA E FUNCION\u00c1RIOS<\/h4>\t\t\t<\/a>\n\t\t\t<p class=\"text\" >Com a venda explosiva do \u201cDiamante Assahi\u201d, o pr\u00e9dio onde at\u00e9 ent\u00e3o se localizava a Loja Okada tornou-se muito pequeno. Morar ali, naquelas condi\u00e7\u00f5es, era muito inc\u00f4modo. N\u00e3o havia sequer lugar onde guardar os produtos rec\u00e9m-fabricados, nem sala de espera para os artes\u00e3os que viviam entrando e saindo. Al\u00e9m do mais, vinham muitas pessoas da [&hellip;]<\/p>\t\t\t\t\t\t\t<a href=\"https:\/\/www.jinsai.org\/pt-BR\/mundo-do-belo\/imagens\/meishu-sama-img\/a-loja-okada-no-bairro-de-kitamaki-vista-externa-e-funcionarios\/\" class=\"more-button\" >Continue lendo <i><\/i><\/a>\n\t\t\t\t\t<\/div>\n\t\t<\/div><div class=\"widget widget_circleicon-widget\">\t\t<div class=\"circle-icon-box circle-icon-position-top circle-icon-hide-box circle-icon-size-small\">\n\t\t\t<div class=\"circle-icon-wrapper\">\n\t\t\t\t<a href=\"https:\/\/www.jinsai.org\/pt-BR\/mundo-do-belo\/imagens\/meishu-sama-img\/foto-da-formatura-do-segundo-nivel-da-escola-primaria-assakussa-o-mestre-jinsai-e-o-quarto-da-segunda-fileira-da-direita-para-a-esquerda\/\" class=\"link-icon\" >\t\t\t\t<div class=\"circle-icon icon-style-set\" style=\"background-image: url(https:\/\/www.jinsai.org\/pt-BR\/wp-content\/uploads\/2018\/06\/MeishuSama57-150x150.jpg)\">\n\t\t\t\t\t\t\t\t\t<\/div>\n\t\t\t\t<\/a>\t\t\t<\/div>\n\n\t\t\t<a href=\"https:\/\/www.jinsai.org\/pt-BR\/mundo-do-belo\/imagens\/meishu-sama-img\/foto-da-formatura-do-segundo-nivel-da-escola-primaria-assakussa-o-mestre-jinsai-e-o-quarto-da-segunda-fileira-da-direita-para-a-esquerda\/\" class=\"link-title\" >\t\t\t<h5 >Meishu-Sama<\/h5>\t\t\t<h4 >FOTO DA FORMATURA DO SEGUNDO N\u00cdVEL DA ESCOLA PRIM\u00c1RIA ASSAKUSSA. O MESTRE JINSAI \u00c9 O QUARTO DA SEGUNDA FILEIRA, DA DIREITA PARA A ESQUERDA<\/h4>\t\t\t<\/a>\n\t\t\t<p class=\"text\" >Em mar\u00e7o de 1896, Meishu-Sama terminou o Segundo N\u00edvel da Escola Prim\u00e1ria Assakussa. Normalmente as crian\u00e7as levavam oito anos para termin\u00e1-lo, mas ele levou apenas sete. Era primavera, e Meishu-Sama estava com treze anos. Na lista dos formandos constava o rumo que os vinte e nove alunos iriam seguir. Tendo-se em vista que conclu\u00edram o [&hellip;]<\/p>\t\t\t\t\t\t\t<a href=\"https:\/\/www.jinsai.org\/pt-BR\/mundo-do-belo\/imagens\/meishu-sama-img\/foto-da-formatura-do-segundo-nivel-da-escola-primaria-assakussa-o-mestre-jinsai-e-o-quarto-da-segunda-fileira-da-direita-para-a-esquerda\/\" class=\"more-button\" >Continue lendo <i><\/i><\/a>\n\t\t\t\t\t<\/div>\n\t\t<\/div><div class=\"widget widget_circleicon-widget\">\t\t<div class=\"circle-icon-box circle-icon-position-top circle-icon-hide-box circle-icon-size-small\">\n\t\t\t<div class=\"circle-icon-wrapper\">\n\t\t\t\t<a href=\"https:\/\/www.jinsai.org\/pt-BR\/mundo-do-belo\/imagens\/meishu-sama-img\/exemplar-do-primeiro-numero-do-jornal-hikari-atingido-pelo-grande-incendio-de-atami-que-contudo-nao-queimou-a-foto-do-mestre-jinsai\/\" class=\"link-icon\" >\t\t\t\t<div class=\"circle-icon icon-style-set\" style=\"background-image: url(https:\/\/www.jinsai.org\/pt-BR\/wp-content\/uploads\/2018\/06\/MeishuSama56-150x150.jpg)\">\n\t\t\t\t\t\t\t\t\t<\/div>\n\t\t\t\t<\/a>\t\t\t<\/div>\n\n\t\t\t<a href=\"https:\/\/www.jinsai.org\/pt-BR\/mundo-do-belo\/imagens\/meishu-sama-img\/exemplar-do-primeiro-numero-do-jornal-hikari-atingido-pelo-grande-incendio-de-atami-que-contudo-nao-queimou-a-foto-do-mestre-jinsai\/\" class=\"link-title\" >\t\t\t<h5 >Meishu-Sama<\/h5>\t\t\t<h4 >EXEMPLAR DO PRIMEIRO N\u00daMERO DO JORNAL HIKARI, ATINGIDO PELO GRANDE INC\u00caNDIO DE ATAMI, QUE, CONTUDO, N\u00c3O QUEIMOU A FOTO DO MESTRE JINSAI<\/h4>\t\t\t<\/a>\n\t\t\t<p class=\"text\" >Dois meses depois que a Igreja, sob o novo sistema, iniciou a Obra Divina de salva\u00e7\u00e3o do mundo com um vigor igual ao do nascer do Sol, Atami sofreu dois grandes inc\u00eandios. O primeiro ocorreu na tarde do dia 3 de abril, no cenho comercial de Nakamisse, perto da esta\u00e7\u00e3o, atingindo noventa e quatro casas. [&hellip;]<\/p>\t\t\t\t\t\t\t<a href=\"https:\/\/www.jinsai.org\/pt-BR\/mundo-do-belo\/imagens\/meishu-sama-img\/exemplar-do-primeiro-numero-do-jornal-hikari-atingido-pelo-grande-incendio-de-atami-que-contudo-nao-queimou-a-foto-do-mestre-jinsai\/\" class=\"more-button\" >Continue lendo <i><\/i><\/a>\n\t\t\t\t\t<\/div>\n\t\t<\/div><div class=\"clear\"><\/div><div class=\"widget widget_circleicon-widget\">\t\t<div class=\"circle-icon-box circle-icon-position-top circle-icon-hide-box circle-icon-size-small\">\n\t\t\t<div class=\"circle-icon-wrapper\">\n\t\t\t\t<a href=\"https:\/\/www.jinsai.org\/pt-BR\/mundo-do-belo\/imagens\/meishu-sama-img\/o-mestre-jinsai-em-1907\/\" class=\"link-icon\" >\t\t\t\t<div class=\"circle-icon icon-style-set\" style=\"background-image: url(https:\/\/www.jinsai.org\/pt-BR\/wp-content\/uploads\/2018\/06\/MeishuSama55-1-150x150.jpg)\">\n\t\t\t\t\t\t\t\t\t<\/div>\n\t\t\t\t<\/a>\t\t\t<\/div>\n\n\t\t\t<a href=\"https:\/\/www.jinsai.org\/pt-BR\/mundo-do-belo\/imagens\/meishu-sama-img\/o-mestre-jinsai-em-1907\/\" class=\"link-title\" >\t\t\t<h5 >Meishu-Sama<\/h5>\t\t\t<h4 >O MESTRE JINSAI EM 1907<\/h4>\t\t\t<\/a>\n\t\t\t<p class=\"text\" >Guentaro Takahashi apresentou ao Mestre Jinsai Taka Aihara, uma parenta sua, cuja fam\u00edlia era da cidade de Yokohama, no Estado de Kanagawa. O pai dela, Fussakiti, havia sido lutador de sumo quando jovem, mas na \u00e9poca era dono de uma loja de arroz. Tori, a m\u00e3e do Mestre, gostou muito da mo\u00e7a, e o casamento [&hellip;]<\/p>\t\t\t\t\t\t\t<a href=\"https:\/\/www.jinsai.org\/pt-BR\/mundo-do-belo\/imagens\/meishu-sama-img\/o-mestre-jinsai-em-1907\/\" class=\"more-button\" >Continue lendo <i><\/i><\/a>\n\t\t\t\t\t<\/div>\n\t\t<\/div><div class=\"widget widget_circleicon-widget\">\t\t<div class=\"circle-icon-box circle-icon-position-top circle-icon-hide-box circle-icon-size-small\">\n\t\t\t<div class=\"circle-icon-wrapper\">\n\t\t\t\t<a href=\"https:\/\/www.jinsai.org\/pt-BR\/mundo-do-belo\/imagens\/meishu-sama-img\/foto-espiritual-tirada-por-mitsuo-azuma-em-21-10-1934-onde-se-ve-a-magnifica-aura-do-mestre-jinsai\/\" class=\"link-icon\" >\t\t\t\t<div class=\"circle-icon icon-style-set\" style=\"background-image: url(https:\/\/www.jinsai.org\/pt-BR\/wp-content\/uploads\/2018\/06\/MeishuSama54-150x150.jpg)\">\n\t\t\t\t\t\t\t\t\t<\/div>\n\t\t\t\t<\/a>\t\t\t<\/div>\n\n\t\t\t<a href=\"https:\/\/www.jinsai.org\/pt-BR\/mundo-do-belo\/imagens\/meishu-sama-img\/foto-espiritual-tirada-por-mitsuo-azuma-em-21-10-1934-onde-se-ve-a-magnifica-aura-do-mestre-jinsai\/\" class=\"link-title\" >\t\t\t<h5 >Meishu-Sama<\/h5>\t\t\t<h4 >FOTO ESPIRITUAL TIRADA POR MITSUO AZUMA EM 21\/10\/1934, ONDE SE V\u00ca A MAGN\u00cdFICA AURA DO MESTRE JINSAI<\/h4>\t\t\t<\/a>\n\t\t\t<p class=\"text\" >Nesta fotografia aparece uma aur\u00e9ola bem n\u00edtida rodeando o Mestre Jinsai, que est\u00e1 sentado, com as palmas das m\u00e3os unidas. A forte luz da aur\u00e9ola irradia-se por toda a sala, e, exceto a almofada e o vaso, tudo est\u00e1 indistinto como uma n\u00e9voa.<\/p>\t\t\t\t\t\t\t<a href=\"https:\/\/www.jinsai.org\/pt-BR\/mundo-do-belo\/imagens\/meishu-sama-img\/foto-espiritual-tirada-por-mitsuo-azuma-em-21-10-1934-onde-se-ve-a-magnifica-aura-do-mestre-jinsai\/\" class=\"more-button\" >Continue lendo <i><\/i><\/a>\n\t\t\t\t\t<\/div>\n\t\t<\/div><div class=\"widget widget_circleicon-widget\">\t\t<div class=\"circle-icon-box circle-icon-position-top circle-icon-hide-box circle-icon-size-small\">\n\t\t\t<div class=\"circle-icon-wrapper\">\n\t\t\t\t<a href=\"https:\/\/www.jinsai.org\/pt-BR\/mundo-do-belo\/imagens\/meishu-sama-img\/o-mestre-jinsai-e-yoshi-passeando-por-guinza-no-verao-de-1940-apos-esse-passeio-eles-foram-ao-cinema\/\" class=\"link-icon\" >\t\t\t\t<div class=\"circle-icon icon-style-set\" style=\"background-image: url(https:\/\/www.jinsai.org\/pt-BR\/wp-content\/uploads\/2018\/06\/MeishuSama53-150x150.jpg)\">\n\t\t\t\t\t\t\t\t\t<\/div>\n\t\t\t\t<\/a>\t\t\t<\/div>\n\n\t\t\t<a href=\"https:\/\/www.jinsai.org\/pt-BR\/mundo-do-belo\/imagens\/meishu-sama-img\/o-mestre-jinsai-e-yoshi-passeando-por-guinza-no-verao-de-1940-apos-esse-passeio-eles-foram-ao-cinema\/\" class=\"link-title\" >\t\t\t<h5 >Meishu-Sama<\/h5>\t\t\t<h4 >O MESTRE JINSAI E YOSHI PASSEANDO POR GUINZA, NO VER\u00c3O DE 1940. AP\u00d3S ESSE PASSEIO, ELES FORAM AO CINEMA<\/h4>\t\t\t<\/a>\n\t\t\t<p class=\"text\" >A minuciosa aten\u00e7\u00e3o que o Mestre Jinsai tinha para com Yoshi tamb\u00e9m era algo avan\u00e7ado para aquele tempo e mesmo para os dias atuais. Podemos constatar isso inclusive pelo fato de ele sempre lev\u00e1-la consigo, quando sa\u00eda. A esse respeito, Yoshi disse: &#8220;Na \u00e9poca, era uma grande novidade marido e mulher andarem juntos, de modo [&hellip;]<\/p>\t\t\t\t\t\t\t<a href=\"https:\/\/www.jinsai.org\/pt-BR\/mundo-do-belo\/imagens\/meishu-sama-img\/o-mestre-jinsai-e-yoshi-passeando-por-guinza-no-verao-de-1940-apos-esse-passeio-eles-foram-ao-cinema\/\" class=\"more-button\" >Continue lendo <i><\/i><\/a>\n\t\t\t\t\t<\/div>\n\t\t<\/div><div class=\"clear\"><\/div><div class=\"widget widget_circleicon-widget\">\t\t<div class=\"circle-icon-box circle-icon-position-top circle-icon-hide-box circle-icon-size-small\">\n\t\t\t<div class=\"circle-icon-wrapper\">\n\t\t\t\t<a href=\"https:\/\/www.jinsai.org\/pt-BR\/mundo-do-belo\/imagens\/meishu-sama-img\/espectadores-atentos-a-palestra-do-mestre-jinsai-no-hibya-public-hall\/\" class=\"link-icon\" >\t\t\t\t<div class=\"circle-icon icon-style-set\" style=\"background-image: url(https:\/\/www.jinsai.org\/pt-BR\/wp-content\/uploads\/2018\/06\/MeishuSama52-150x150.jpg)\">\n\t\t\t\t\t\t\t\t\t<\/div>\n\t\t\t\t<\/a>\t\t\t<\/div>\n\n\t\t\t<a href=\"https:\/\/www.jinsai.org\/pt-BR\/mundo-do-belo\/imagens\/meishu-sama-img\/espectadores-atentos-a-palestra-do-mestre-jinsai-no-hibya-public-hall\/\" class=\"link-title\" >\t\t\t<h5 >Meishu-Sama<\/h5>\t\t\t<h4 >ESPECTADORES ATENTOS \u00c0 PALESTRA DO MESTRE JINSAI NO HIBYA PUBLIC HALL<\/h4>\t\t\t<\/a>\n\t\t\t<p class=\"text\" >A palestra realizada no Hibya Public Hall, no dia 22 de maio de 1951, merece ser lembrada na hist\u00f3ria da Sekai Meshiya Kyo. Ap\u00f3s as palavras sucessivas de Ito Mitio, fiel e mestre de dan\u00e7a; de Tokugawa Mussei, que fez amizade com o Mestre Jinsai depois de sua participa\u00e7\u00e3o no espet\u00e1culo teatral apresentado no Culto [&hellip;]<\/p>\t\t\t\t\t\t\t<a href=\"https:\/\/www.jinsai.org\/pt-BR\/mundo-do-belo\/imagens\/meishu-sama-img\/espectadores-atentos-a-palestra-do-mestre-jinsai-no-hibya-public-hall\/\" class=\"more-button\" >Continue lendo <i><\/i><\/a>\n\t\t\t\t\t<\/div>\n\t\t<\/div><div class=\"widget widget_circleicon-widget\">\t\t<div class=\"circle-icon-box circle-icon-position-top circle-icon-hide-box circle-icon-size-small\">\n\t\t\t<div class=\"circle-icon-wrapper\">\n\t\t\t\t<a href=\"https:\/\/www.jinsai.org\/pt-BR\/mundo-do-belo\/imagens\/meishu-sama-img\/o-mestre-jinsai-e-sua-esposa-na-primavera-de-1953-escolhendo-tecido-na-loja-mitsukoshi\/\" class=\"link-icon\" >\t\t\t\t<div class=\"circle-icon icon-style-set\" style=\"background-image: url(https:\/\/www.jinsai.org\/pt-BR\/wp-content\/uploads\/2018\/06\/Digitalizar000005-150x119.jpg)\">\n\t\t\t\t\t\t\t\t\t<\/div>\n\t\t\t\t<\/a>\t\t\t<\/div>\n\n\t\t\t<a href=\"https:\/\/www.jinsai.org\/pt-BR\/mundo-do-belo\/imagens\/meishu-sama-img\/o-mestre-jinsai-e-sua-esposa-na-primavera-de-1953-escolhendo-tecido-na-loja-mitsukoshi\/\" class=\"link-title\" >\t\t\t<h5 >Meishu-Sama<\/h5>\t\t\t<h4 >O MESTRE JINSAI E SUA ESPOSA, NA PRIMAVERA DE 1953, ESCOLHENDO TECIDO NA LOJA MITSUKOSHI<\/h4>\t\t\t<\/a>\n\t\t\t<p class=\"text\" >Meishu-Sama era extremamente cuidadoso na Sua apar\u00eancia pessoal. Presume-se que essa sensibilidade Dele era resultado dos longos anos polimento da sua apurada percep\u00e7\u00e3o natural. Ele nos ensinou: &#8220;A roupa, a alimenta\u00e7\u00e3o e a moradia do ser humano devem ser os mais belos, desde que ele n\u00e3o ultrapasse os limites de suas possibilidades. Agindo assim, estaremos [&hellip;]<\/p>\t\t\t\t\t\t\t<a href=\"https:\/\/www.jinsai.org\/pt-BR\/mundo-do-belo\/imagens\/meishu-sama-img\/o-mestre-jinsai-e-sua-esposa-na-primavera-de-1953-escolhendo-tecido-na-loja-mitsukoshi\/\" class=\"more-button\" >Continue lendo <i><\/i><\/a>\n\t\t\t\t\t<\/div>\n\t\t<\/div><div class=\"widget widget_circleicon-widget\">\t\t<div class=\"circle-icon-box circle-icon-position-top circle-icon-hide-box circle-icon-size-small\">\n\t\t\t<div class=\"circle-icon-wrapper\">\n\t\t\t\t<a href=\"https:\/\/www.jinsai.org\/pt-BR\/mundo-do-belo\/imagens\/meishu-sama-img\/o-mestre-passeando-pelo-caminho-do-trevo\/\" class=\"link-icon\" >\t\t\t\t<div class=\"circle-icon icon-style-set\" style=\"background-image: url(https:\/\/www.jinsai.org\/pt-BR\/wp-content\/uploads\/2018\/06\/MeishuSama50-150x150.jpg)\">\n\t\t\t\t\t\t\t\t\t<\/div>\n\t\t\t\t<\/a>\t\t\t<\/div>\n\n\t\t\t<a href=\"https:\/\/www.jinsai.org\/pt-BR\/mundo-do-belo\/imagens\/meishu-sama-img\/o-mestre-passeando-pelo-caminho-do-trevo\/\" class=\"link-title\" >\t\t\t<h5 >Meishu-Sama<\/h5>\t\t\t<h4 >O MESTRE PASSEANDO PELO CAMINHO DO TREVO<\/h4>\t\t\t<\/a>\n\t\t\t<p class=\"text\" >Em maio de 1947, Meishu-Sama transportou uma das casas de aluguel localizada no\u00a0antigo jardim em estilo japon\u00eas do Gora-En para o declive existente atr\u00e1s da Casa de Contempla\u00e7\u00e3o da Montanha. Depois de reform\u00e1-la, deu-lhe o nome de Casa do Trevo. Ele guardava uma lembran\u00e7a especial dessa casa, pois no final da Era Taisho, quando a [&hellip;]<\/p>\t\t\t\t\t\t\t<a href=\"https:\/\/www.jinsai.org\/pt-BR\/mundo-do-belo\/imagens\/meishu-sama-img\/o-mestre-passeando-pelo-caminho-do-trevo\/\" class=\"more-button\" >Continue lendo <i><\/i><\/a>\n\t\t\t\t\t<\/div>\n\t\t<\/div><div class=\"clear\"><\/div><div class=\"widget widget_circleicon-widget\">\t\t<div class=\"circle-icon-box circle-icon-position-top circle-icon-hide-box circle-icon-size-small\">\n\t\t\t<div class=\"circle-icon-wrapper\">\n\t\t\t\t<a href=\"https:\/\/www.jinsai.org\/pt-BR\/mundo-do-belo\/imagens\/meishu-sama-img\/o-mestre-jinsai-e-sua-esposa-yoshi-apreciando-as-cerejeiras\/\" class=\"link-icon\" >\t\t\t\t<div class=\"circle-icon icon-style-set\" style=\"background-image: url(https:\/\/www.jinsai.org\/pt-BR\/wp-content\/uploads\/2018\/06\/MeishuSama49-150x150.jpg)\">\n\t\t\t\t\t\t\t\t\t<\/div>\n\t\t\t\t<\/a>\t\t\t<\/div>\n\n\t\t\t<a href=\"https:\/\/www.jinsai.org\/pt-BR\/mundo-do-belo\/imagens\/meishu-sama-img\/o-mestre-jinsai-e-sua-esposa-yoshi-apreciando-as-cerejeiras\/\" class=\"link-title\" >\t\t\t<h5 >Meishu-Sama<\/h5>\t\t\t<h4 >O MESTRE JINSAI E SUA ESPOSA YOSHI APRECIANDO AS CEREJEIRAS<\/h4>\t\t\t<\/a>\n\t\t\t<p class=\"text\" >Meishu-Sama costumava consultar a esposa em tudo que fazia e respeitava profundamente sua opini\u00e3o e seus sentimentos. Yoshi tinha muito boa mem\u00f3ria e, al\u00e9m de uma agu\u00e7ada sensibilidade, era possuidora de extraordin\u00e1rio senso de beleza. Por isso, freq\u00fcentemente emitia opini\u00f5es sobre arte ou assuntos da vida di\u00e1ria, jamais recuando de sua posi\u00e7\u00e3o; \u00e0s vezes o [&hellip;]<\/p>\t\t\t\t\t\t\t<a href=\"https:\/\/www.jinsai.org\/pt-BR\/mundo-do-belo\/imagens\/meishu-sama-img\/o-mestre-jinsai-e-sua-esposa-yoshi-apreciando-as-cerejeiras\/\" class=\"more-button\" >Continue lendo <i><\/i><\/a>\n\t\t\t\t\t<\/div>\n\t\t<\/div><div class=\"widget widget_circleicon-widget\">\t\t<div class=\"circle-icon-box circle-icon-position-top circle-icon-hide-box circle-icon-size-small\">\n\t\t\t<div class=\"circle-icon-wrapper\">\n\t\t\t\t<a href=\"https:\/\/www.jinsai.org\/pt-BR\/mundo-do-belo\/imagens\/meishu-sama-img\/o-mestre-jinsai-e-sua-familia-no-fujimi-tei-da-direita-para-a-esquerda-mihomaro-shigueyoshi-kunihiro-o-mestre-jinsai-itsuki-yoshi-miyako-e-mitiko\/\" class=\"link-icon\" >\t\t\t\t<div class=\"circle-icon icon-style-set\" style=\"background-image: url(https:\/\/www.jinsai.org\/pt-BR\/wp-content\/uploads\/2018\/06\/MeishuSama48-150x150.jpg)\">\n\t\t\t\t\t\t\t\t\t<\/div>\n\t\t\t\t<\/a>\t\t\t<\/div>\n\n\t\t\t<a href=\"https:\/\/www.jinsai.org\/pt-BR\/mundo-do-belo\/imagens\/meishu-sama-img\/o-mestre-jinsai-e-sua-familia-no-fujimi-tei-da-direita-para-a-esquerda-mihomaro-shigueyoshi-kunihiro-o-mestre-jinsai-itsuki-yoshi-miyako-e-mitiko\/\" class=\"link-title\" >\t\t\t<h5 >Meishu-Sama<\/h5>\t\t\t<h4 >O MESTRE JINSAI E SUA FAM\u00cdLIA, NO FUJIMI-TEI. DA DIREITA PARA A ESQUERDA, MIHOMARO, SHIGUEYOSHI, KUNIHIRO, O MESTRE JINSAI, ITSUKI, YOSHI, MIYAKO E MITIKO<\/h4>\t\t\t<\/a>\n\t\t\t<p class=\"text\" >Durante a Guerra, vivendo uma \u00e9poca dif\u00edcil, o Mestre Jinsai desenvolvia a Obra Divina sempre buscando o melhor caminho poss\u00edvel, de acordo com o momento; ao mesmo tempo, como chefe de fam\u00edlia, nunca Se esquecia de dar aten\u00e7\u00e3o aos Seus. Em rela\u00e7\u00e3o aos filhos, tinha por lema ensinar o que Ele pr\u00f3prio praticava. Entretanto, como [&hellip;]<\/p>\t\t\t\t\t\t\t<a href=\"https:\/\/www.jinsai.org\/pt-BR\/mundo-do-belo\/imagens\/meishu-sama-img\/o-mestre-jinsai-e-sua-familia-no-fujimi-tei-da-direita-para-a-esquerda-mihomaro-shigueyoshi-kunihiro-o-mestre-jinsai-itsuki-yoshi-miyako-e-mitiko\/\" class=\"more-button\" >Continue lendo <i><\/i><\/a>\n\t\t\t\t\t<\/div>\n\t\t<\/div><div class=\"widget widget_circleicon-widget\">\t\t<div class=\"circle-icon-box circle-icon-position-top circle-icon-hide-box circle-icon-size-small\">\n\t\t\t<div class=\"circle-icon-wrapper\">\n\t\t\t\t<a href=\"https:\/\/www.jinsai.org\/pt-BR\/mundo-do-belo\/imagens\/meishu-sama-img\/foto-tirada-nas-proximidades-do-atual-templo-messianico-na-ocasiao-em-que-o-mestre-jinsai-e-seus-acompanhantes-venceram-a-montanha-a-pe-vindo-de-yugawara-na-primeira-fila-a-terceira-pessoa-da-esqu\/\" class=\"link-icon\" >\t\t\t\t<div class=\"circle-icon icon-style-set\" style=\"background-image: url(https:\/\/www.jinsai.org\/pt-BR\/wp-content\/uploads\/2018\/06\/MeishuSama47-150x150.jpg)\">\n\t\t\t\t\t\t\t\t\t<\/div>\n\t\t\t\t<\/a>\t\t\t<\/div>\n\n\t\t\t<a href=\"https:\/\/www.jinsai.org\/pt-BR\/mundo-do-belo\/imagens\/meishu-sama-img\/foto-tirada-nas-proximidades-do-atual-templo-messianico-na-ocasiao-em-que-o-mestre-jinsai-e-seus-acompanhantes-venceram-a-montanha-a-pe-vindo-de-yugawara-na-primeira-fila-a-terceira-pessoa-da-esqu\/\" class=\"link-title\" >\t\t\t<h5 >Meishu-Sama<\/h5>\t\t\t<h4 >FOTO TIRADA NAS PROXIMIDADES DO ATUAL TEMPLO MESSI\u00c2NICO, NA OCASI\u00c3O EM QUE O MESTRE JINSAI E SEUS ACOMPANHANTES VENCERAM A MONTANHA A P\u00c9, VINDO DE YUGAWARA. NA PRIMEIRA FILA, A TERCEIRA PESSOA DA ESQUERDA PARA A DIREITA \u00c9 YOSHI, E A QUARTA, O MESTRE JINSAI<\/h4>\t\t\t<\/a>\n\t\t\t<p class=\"text\" >Atami \u00e9 a cidade de \u00e1guas termais mais visitada por turistas em todo o Jap\u00e3o. Em virtude de sua paisagem delineada por belas costas mar\u00edtimas lembrar a famosa Riviera Italiana, chamam-na de &#8220;Riviera do Oriente&#8221;. Dizem que a ba\u00eda de Atami, cercada por montanhas, formou-se com o afundamento da base da cratera do Vulc\u00e3o Atami, [&hellip;]<\/p>\t\t\t\t\t\t\t<a href=\"https:\/\/www.jinsai.org\/pt-BR\/mundo-do-belo\/imagens\/meishu-sama-img\/foto-tirada-nas-proximidades-do-atual-templo-messianico-na-ocasiao-em-que-o-mestre-jinsai-e-seus-acompanhantes-venceram-a-montanha-a-pe-vindo-de-yugawara-na-primeira-fila-a-terceira-pessoa-da-esqu\/\" class=\"more-button\" >Continue lendo <i><\/i><\/a>\n\t\t\t\t\t<\/div>\n\t\t<\/div><div class=\"clear\"><\/div><div class=\"widget widget_circleicon-widget\">\t\t<div class=\"circle-icon-box circle-icon-position-top circle-icon-hide-box circle-icon-size-small\">\n\t\t\t<div class=\"circle-icon-wrapper\">\n\t\t\t\t<a href=\"https:\/\/www.jinsai.org\/pt-BR\/mundo-do-belo\/imagens\/meishu-sama-img\/o-mestre-apos-uma-inspecao-das-obras-do-templo-messianico\/\" class=\"link-icon\" >\t\t\t\t<div class=\"circle-icon icon-style-set\" style=\"background-image: url(https:\/\/www.jinsai.org\/pt-BR\/wp-content\/uploads\/2018\/06\/MeishuSama46-150x150.jpg)\">\n\t\t\t\t\t\t\t\t\t<\/div>\n\t\t\t\t<\/a>\t\t\t<\/div>\n\n\t\t\t<a href=\"https:\/\/www.jinsai.org\/pt-BR\/mundo-do-belo\/imagens\/meishu-sama-img\/o-mestre-apos-uma-inspecao-das-obras-do-templo-messianico\/\" class=\"link-title\" >\t\t\t<h5 >Meishu-Sama<\/h5>\t\t\t<h4 >O MESTRE, AP\u00d3S UMA INSPE\u00c7\u00c3O DAS OBRAS DO TEMPLO MESSI\u00c2NICO<\/h4>\t\t\t<\/a>\n\t\t\t<p class=\"text\" >Meishu-Sama desenvolveu a constru\u00e7\u00e3o da Terra Celestial, em Atami, dividindo-a em tr\u00eas partes, \u00e0s quais deu o nome de Seissei-Dai (Monte L\u00edmpido), Keikan-Dai (Monte Paisagem) e Sekiun-Dai (Monte Nuvem de Pedras). O centro \u00e9 o Templo Messi\u00e2nico, erigido no Monte L\u00edmpido. Esse pr\u00e9dio, como podemos ver na foto ao lado, \u00e9 uma constru\u00e7\u00e3o de concreto [&hellip;]<\/p>\t\t\t\t\t\t\t<a href=\"https:\/\/www.jinsai.org\/pt-BR\/mundo-do-belo\/imagens\/meishu-sama-img\/o-mestre-apos-uma-inspecao-das-obras-do-templo-messianico\/\" class=\"more-button\" >Continue lendo <i><\/i><\/a>\n\t\t\t\t\t<\/div>\n\t\t<\/div><div class=\"widget widget_circleicon-widget\">\t\t<div class=\"circle-icon-box circle-icon-position-top circle-icon-hide-box circle-icon-size-small\">\n\t\t\t<div class=\"circle-icon-wrapper\">\n\t\t\t\t<a href=\"https:\/\/www.jinsai.org\/pt-BR\/mundo-do-belo\/imagens\/meishu-sama-img\/o-mestre-jinsai-junto-a-plantacao-de-milho-no-jardim-do-hozan-so\/\" class=\"link-icon\" >\t\t\t\t<div class=\"circle-icon icon-style-set\" style=\"background-image: url(https:\/\/www.jinsai.org\/pt-BR\/wp-content\/uploads\/2018\/06\/MeishuSama45-150x150.jpg)\">\n\t\t\t\t\t\t\t\t\t<\/div>\n\t\t\t\t<\/a>\t\t\t<\/div>\n\n\t\t\t<a href=\"https:\/\/www.jinsai.org\/pt-BR\/mundo-do-belo\/imagens\/meishu-sama-img\/o-mestre-jinsai-junto-a-plantacao-de-milho-no-jardim-do-hozan-so\/\" class=\"link-title\" >\t\t\t<h5 >Meishu-Sama<\/h5>\t\t\t<h4 >O MESTRE JINSAI, JUNTO \u00c0 PLANTA\u00c7\u00c3O DE MILHO, NO JARDIM DO HOZAN-SO<\/h4>\t\t\t<\/a>\n\t\t\t<p class=\"text\" >Ap\u00f3s receber a Revela\u00e7\u00e3o Divina sobre Sua miss\u00e3o de construir a Nova Civiliza\u00e7\u00e3o, Meishu-Sama passou a cuidar da cria\u00e7\u00e3o de um novo m\u00e9todo agr\u00edcola, pesquisa desenvolvida durante v\u00e1rios anos. A experi\u00eancia abrangia uma grande variedade de produtos: flores, frutas, verduras, arroz, trigo e at\u00e9 mesmo soja. E n\u00e3o deixou o trabalho unicamente ao encargo dos [&hellip;]<\/p>\t\t\t\t\t\t\t<a href=\"https:\/\/www.jinsai.org\/pt-BR\/mundo-do-belo\/imagens\/meishu-sama-img\/o-mestre-jinsai-junto-a-plantacao-de-milho-no-jardim-do-hozan-so\/\" class=\"more-button\" >Continue lendo <i><\/i><\/a>\n\t\t\t\t\t<\/div>\n\t\t<\/div><div class=\"widget widget_circleicon-widget\">\t\t<div class=\"circle-icon-box circle-icon-position-top circle-icon-hide-box circle-icon-size-small\">\n\t\t\t<div class=\"circle-icon-wrapper\">\n\t\t\t\t<a href=\"https:\/\/www.jinsai.org\/pt-BR\/mundo-do-belo\/imagens\/meishu-sama-img\/o-mestre-jinsai-atendendo-os-convidados\/\" class=\"link-icon\" >\t\t\t\t<div class=\"circle-icon icon-style-set\" style=\"background-image: url(https:\/\/www.jinsai.org\/pt-BR\/wp-content\/uploads\/2018\/06\/MeishuSama44-150x150.jpg)\">\n\t\t\t\t\t\t\t\t\t<\/div>\n\t\t\t\t<\/a>\t\t\t<\/div>\n\n\t\t\t<a href=\"https:\/\/www.jinsai.org\/pt-BR\/mundo-do-belo\/imagens\/meishu-sama-img\/o-mestre-jinsai-atendendo-os-convidados\/\" class=\"link-title\" >\t\t\t<h5 >Meishu-Sama<\/h5>\t\t\t<h4 >O MESTRE JINSAI ATENDENDO OS CONVIDADOS<\/h4>\t\t\t<\/a>\n\t\t\t<p class=\"text\" >No dia 15 de junho de 1952, foi inaugurado o Museu de Arte de Hakone. Do dia 29 de junho ao dia 1\u00ba de julho, agora com a presen\u00e7a n\u00e3o s\u00f3 de ilustres personalidades do mundo pol\u00edtico, cultural, art\u00edstico, informativo, etc., mas tamb\u00e9m de autoridades locais, o museu foi apresentado \u00e0 coletividade, expondo-se o objetivo [&hellip;]<\/p>\t\t\t\t\t\t\t<a href=\"https:\/\/www.jinsai.org\/pt-BR\/mundo-do-belo\/imagens\/meishu-sama-img\/o-mestre-jinsai-atendendo-os-convidados\/\" class=\"more-button\" >Continue lendo <i><\/i><\/a>\n\t\t\t\t\t<\/div>\n\t\t<\/div><div class=\"clear\"><\/div><div class=\"widget widget_circleicon-widget\">\t\t<div class=\"circle-icon-box circle-icon-position-top circle-icon-hide-box circle-icon-size-small\">\n\t\t\t<div class=\"circle-icon-wrapper\">\n\t\t\t\t<a href=\"https:\/\/www.jinsai.org\/pt-BR\/mundo-do-belo\/imagens\/meishu-sama-img\/sepulcro-do-mestre-jinsai-na-terra-divina-em-hakone\/\" class=\"link-icon\" >\t\t\t\t<div class=\"circle-icon icon-style-set\" style=\"background-image: url(https:\/\/www.jinsai.org\/pt-BR\/wp-content\/uploads\/2018\/06\/MeishuSama43-150x150.jpg)\">\n\t\t\t\t\t\t\t\t\t<\/div>\n\t\t\t\t<\/a>\t\t\t<\/div>\n\n\t\t\t<a href=\"https:\/\/www.jinsai.org\/pt-BR\/mundo-do-belo\/imagens\/meishu-sama-img\/sepulcro-do-mestre-jinsai-na-terra-divina-em-hakone\/\" class=\"link-title\" >\t\t\t<h5 >Meishu-Sama<\/h5>\t\t\t<h4 >SEPULCRO DO MESTRE JINSAI NA TERRA DIVINA, EM HAKONE<\/h4>\t\t\t<\/a>\n\t\t\t<p class=\"text\" >No dia 10 de fevereiro de 1955, \u00e0s 15:33 h, Meishu-Sama ascende para o Reino Divino. Assim, os fi\u00e9is come\u00e7aram a construir o sepulcro, pois o Culto do Sepultamento seria realizado no dia 17. A constru\u00e7\u00e3o do sepulcro sagrado foi considerada uma obra milagrosa realizada pelos dedicantes, que, erguendo-se de dentro de sua tristeza, trabalharam [&hellip;]<\/p>\t\t\t\t\t\t\t<a href=\"https:\/\/www.jinsai.org\/pt-BR\/mundo-do-belo\/imagens\/meishu-sama-img\/sepulcro-do-mestre-jinsai-na-terra-divina-em-hakone\/\" class=\"more-button\" >Continue lendo <i><\/i><\/a>\n\t\t\t\t\t<\/div>\n\t\t<\/div><div class=\"widget widget_circleicon-widget\">\t\t<div class=\"circle-icon-box circle-icon-position-top circle-icon-hide-box circle-icon-size-small\">\n\t\t\t<div class=\"circle-icon-wrapper\">\n\t\t\t\t<a href=\"https:\/\/www.jinsai.org\/pt-BR\/mundo-do-belo\/imagens\/meishu-sama-img\/a-cerimonia-de-comemoracao-provisoria-da-vinda-do-messias\/\" class=\"link-icon\" >\t\t\t\t<div class=\"circle-icon icon-style-set\" style=\"background-image: url(https:\/\/www.jinsai.org\/pt-BR\/wp-content\/uploads\/2018\/06\/MeishuSama42-150x150.jpg)\">\n\t\t\t\t\t\t\t\t\t<\/div>\n\t\t\t\t<\/a>\t\t\t<\/div>\n\n\t\t\t<a href=\"https:\/\/www.jinsai.org\/pt-BR\/mundo-do-belo\/imagens\/meishu-sama-img\/a-cerimonia-de-comemoracao-provisoria-da-vinda-do-messias\/\" class=\"link-title\" >\t\t\t<h5 >Meishu-Sama<\/h5>\t\t\t<h4 >A CERIM\u00d4NIA DE COMEMORA\u00c7\u00c3O PROVIS\u00d3RIA DA VINDA DO MESSIAS<\/h4>\t\t\t<\/a>\n\t\t\t<p class=\"text\" >No dia 15 de junho de 1954, dia do Culto do Para\u00edso Terrestre, foi solenemente realizada, no Templo Messi\u00e2nico, que estava 90% pronto, a Cerim\u00f4nia de Comemora\u00e7\u00e3o Provis\u00f3ria da Vinda do Messias. Nesse dia, o estado de sa\u00fade do Mestre n\u00e3o era muito bom, tendo Ele subido no altar com muito custo, ajudado por terceiros. [&hellip;]<\/p>\t\t\t\t\t\t\t<a href=\"https:\/\/www.jinsai.org\/pt-BR\/mundo-do-belo\/imagens\/meishu-sama-img\/a-cerimonia-de-comemoracao-provisoria-da-vinda-do-messias\/\" class=\"more-button\" >Continue lendo <i><\/i><\/a>\n\t\t\t\t\t<\/div>\n\t\t<\/div><div class=\"widget widget_circleicon-widget\">\t\t<div class=\"circle-icon-box circle-icon-position-top circle-icon-hide-box circle-icon-size-small\">\n\t\t\t<div class=\"circle-icon-wrapper\">\n\t\t\t\t<a href=\"https:\/\/www.jinsai.org\/pt-BR\/mundo-do-belo\/imagens\/meishu-sama-img\/uma-entrevista-com-o-mestre-na-sede-provisoria-de-sakimi\/\" class=\"link-icon\" >\t\t\t\t<div class=\"circle-icon icon-style-set\" style=\"background-image: url(https:\/\/www.jinsai.org\/pt-BR\/wp-content\/uploads\/2018\/06\/MeishuSama41-150x150.jpg)\">\n\t\t\t\t\t\t\t\t\t<\/div>\n\t\t\t\t<\/a>\t\t\t<\/div>\n\n\t\t\t<a href=\"https:\/\/www.jinsai.org\/pt-BR\/mundo-do-belo\/imagens\/meishu-sama-img\/uma-entrevista-com-o-mestre-na-sede-provisoria-de-sakimi\/\" class=\"link-title\" >\t\t\t<h5 >Meishu-Sama<\/h5>\t\t\t<h4 >UMA ENTREVISTA COM O MESTRE NA SEDE PROVIS\u00d3RIA DE SAKIMI<\/h4>\t\t\t<\/a>\n\t\t\t<p class=\"text\" >Na Igreja Miroku, h\u00e1 muito se planejava a constru\u00e7\u00e3o de uma sede. Decidiu-se, ent\u00e3o, construir, no bairro de Sakimi, pr\u00f3ximo da esta\u00e7\u00e3o ferrovi\u00e1ria de Atami, um sobrado de madeira onde tamb\u00e9m haveria um local para hospedar os fi\u00e9is. Entretanto, quando os alicerces j\u00e1 estavam conclu\u00eddos, ocorreu o grande inc\u00eandio e, pouco depois, a persegui\u00e7\u00e3o religiosa, [&hellip;]<\/p>\t\t\t\t\t\t\t<a href=\"https:\/\/www.jinsai.org\/pt-BR\/mundo-do-belo\/imagens\/meishu-sama-img\/uma-entrevista-com-o-mestre-na-sede-provisoria-de-sakimi\/\" class=\"more-button\" >Continue lendo <i><\/i><\/a>\n\t\t\t\t\t<\/div>\n\t\t<\/div><div class=\"clear\"><\/div><div class=\"widget widget_circleicon-widget\">\t\t<div class=\"circle-icon-box circle-icon-position-top circle-icon-hide-box circle-icon-size-small\">\n\t\t\t<div class=\"circle-icon-wrapper\">\n\t\t\t\t<a href=\"https:\/\/www.jinsai.org\/pt-BR\/mundo-do-belo\/imagens\/meishu-sama-img\/o-mestre-e-os-componentes-do-grupo-juikai-no-patio-interno-do-santuario-isse\/\" class=\"link-icon\" >\t\t\t\t<div class=\"circle-icon icon-style-set\" style=\"background-image: url(https:\/\/www.jinsai.org\/pt-BR\/wp-content\/uploads\/2018\/06\/MeishuSama40-150x150.jpg)\">\n\t\t\t\t\t\t\t\t\t<\/div>\n\t\t\t\t<\/a>\t\t\t<\/div>\n\n\t\t\t<a href=\"https:\/\/www.jinsai.org\/pt-BR\/mundo-do-belo\/imagens\/meishu-sama-img\/o-mestre-e-os-componentes-do-grupo-juikai-no-patio-interno-do-santuario-isse\/\" class=\"link-title\" >\t\t\t<h5 >Meishu-Sama<\/h5>\t\t\t<h4 >O MESTRE E OS COMPONENTES DO GRUPO JUIKAI, NO P\u00c1TIO INTERNO DO SANTU\u00c1RIO ISSE<\/h4>\t\t\t<\/a>\n\t\t\t<p class=\"text\" >A partir da comemora\u00e7\u00e3o do 58\u00ba anivers\u00e1rio de Meishu-Sama, em dezembro de 1940, as reuni\u00f5es feitas no Hozan So foram interrompidas, para desviar as persistentes interven\u00e7\u00f5es e press\u00f5es das autoridades. E, no lugar delas, sob a forma de &#8220;jantares&#8221;, os fi\u00e9is passaram a receber as orienta\u00e7\u00f5es do Mestre Jinsai em hot\u00e9is e restaurantes, formando-se grupos [&hellip;]<\/p>\t\t\t\t\t\t\t<a href=\"https:\/\/www.jinsai.org\/pt-BR\/mundo-do-belo\/imagens\/meishu-sama-img\/o-mestre-e-os-componentes-do-grupo-juikai-no-patio-interno-do-santuario-isse\/\" class=\"more-button\" >Continue lendo <i><\/i><\/a>\n\t\t\t\t\t<\/div>\n\t\t<\/div><div class=\"widget widget_circleicon-widget\">\t\t<div class=\"circle-icon-box circle-icon-position-top circle-icon-hide-box circle-icon-size-small\">\n\t\t\t<div class=\"circle-icon-wrapper\">\n\t\t\t\t<a href=\"https:\/\/www.jinsai.org\/pt-BR\/mundo-do-belo\/imagens\/meishu-sama-img\/o-mestre-jinsai-no-topo-do-monte-fuji\/\" class=\"link-icon\" >\t\t\t\t<div class=\"circle-icon icon-style-set\" style=\"background-image: url(https:\/\/www.jinsai.org\/pt-BR\/wp-content\/uploads\/2018\/06\/MeishuSama39-150x150.jpg)\">\n\t\t\t\t\t\t\t\t\t<\/div>\n\t\t\t\t<\/a>\t\t\t<\/div>\n\n\t\t\t<a href=\"https:\/\/www.jinsai.org\/pt-BR\/mundo-do-belo\/imagens\/meishu-sama-img\/o-mestre-jinsai-no-topo-do-monte-fuji\/\" class=\"link-title\" >\t\t\t<h5 >Meishu-Sama<\/h5>\t\t\t<h4 >O MESTRE JINSAI NO TOPO DO MONTE FUJI<\/h4>\t\t\t<\/a>\n\t\t\t<p class=\"text\" >No dia 21 de julho de 1930, Meishu-Sama escalou o Monte Fuji com Sua esposa e mais onze acompanhantes. Ele havia recebido, anteriormente, um esp\u00edrito de drag\u00e3o que Lhe disse: &#8220;Eu sou o guardi\u00e3o da deusa Konohana Sakuyahime-no-Mikoto, assentada no Monte Fuji; sou, tamb\u00e9m, a manifesta\u00e7\u00e3o do Drag\u00e3o de Nove Cabe\u00e7as, assentado no Santu\u00e1rio Kussuhi.&#8221; [&hellip;]<\/p>\t\t\t\t\t\t\t<a href=\"https:\/\/www.jinsai.org\/pt-BR\/mundo-do-belo\/imagens\/meishu-sama-img\/o-mestre-jinsai-no-topo-do-monte-fuji\/\" class=\"more-button\" >Continue lendo <i><\/i><\/a>\n\t\t\t\t\t<\/div>\n\t\t<\/div><div class=\"widget widget_circleicon-widget\">\t\t<div class=\"circle-icon-box circle-icon-position-top circle-icon-hide-box circle-icon-size-small\">\n\t\t\t<div class=\"circle-icon-wrapper\">\n\t\t\t\t<a href=\"https:\/\/www.jinsai.org\/pt-BR\/mundo-do-belo\/imagens\/meishu-sama-img\/o-casamento-com-yoshi\/\" class=\"link-icon\" >\t\t\t\t<div class=\"circle-icon icon-style-set\" style=\"background-image: url(https:\/\/www.jinsai.org\/pt-BR\/wp-content\/uploads\/2018\/06\/MeishuSama38-1-150x150.jpg)\">\n\t\t\t\t\t\t\t\t\t<\/div>\n\t\t\t\t<\/a>\t\t\t<\/div>\n\n\t\t\t<a href=\"https:\/\/www.jinsai.org\/pt-BR\/mundo-do-belo\/imagens\/meishu-sama-img\/o-casamento-com-yoshi\/\" class=\"link-title\" >\t\t\t<h5 >Meishu-Sama<\/h5>\t\t\t<h4 >O CASAMENTO COM YOSHI<\/h4>\t\t\t<\/a>\n\t\t\t<p class=\"text\" >O casamento do Mestre com Yoshi realizou-se no Grande Santu\u00e1rio Hibiya, pr\u00f3ximo ao Pal\u00e1cio Imperial, no final de 1919. Esse santu\u00e1rio \u00e9 um dos mais importantes santu\u00e1rios xinto\u00edstas do Jap\u00e3o, no qual se cultua a deusa Amaterassu e o deus Toyo uke. Interessante \u00e9 notar a atua\u00e7\u00e3o misteriosa do destino no fato de ter sido [&hellip;]<\/p>\t\t\t\t\t\t\t<a href=\"https:\/\/www.jinsai.org\/pt-BR\/mundo-do-belo\/imagens\/meishu-sama-img\/o-casamento-com-yoshi\/\" class=\"more-button\" >Continue lendo <i><\/i><\/a>\n\t\t\t\t\t<\/div>\n\t\t<\/div><div class=\"clear\"><\/div><div class=\"widget widget_circleicon-widget\">\t\t<div class=\"circle-icon-box circle-icon-position-top circle-icon-hide-box circle-icon-size-small\">\n\t\t\t<div class=\"circle-icon-wrapper\">\n\t\t\t\t<a href=\"https:\/\/www.jinsai.org\/pt-BR\/mundo-do-belo\/imagens\/meishu-sama-img\/o-mestre-jinsai-revisando-um-texto\/\" class=\"link-icon\" >\t\t\t\t<div class=\"circle-icon icon-style-set\" style=\"background-image: url(https:\/\/www.jinsai.org\/pt-BR\/wp-content\/uploads\/2018\/06\/MeishuSama37-150x150.jpg)\">\n\t\t\t\t\t\t\t\t\t<\/div>\n\t\t\t\t<\/a>\t\t\t<\/div>\n\n\t\t\t<a href=\"https:\/\/www.jinsai.org\/pt-BR\/mundo-do-belo\/imagens\/meishu-sama-img\/o-mestre-jinsai-revisando-um-texto\/\" class=\"link-title\" >\t\t\t<h5 >Meishu-Sama<\/h5>\t\t\t<h4 >O MESTRE JINSAI REVISANDO UM TEXTO<\/h4>\t\t\t<\/a>\n\t\t\t<p class=\"text\" >Embora os Ensinamentos ditados por Meishu-Sama fossem de inspira\u00e7\u00e3o divina, Ele revisava minuciosamente todos os textos, a fim de tornarem-se claros para que qualquer pessoa pudesse entend\u00ea-los. Frequentemente Ele dizia ao dedicante respons\u00e1vel por escrever os textos: &#8220;Ser\u00e1 que est\u00e1 claro para todos? E voc\u00ea, o que acha?&#8221; Alguns Ensinamentos eram revisados mais de vinte [&hellip;]<\/p>\t\t\t\t\t\t\t<a href=\"https:\/\/www.jinsai.org\/pt-BR\/mundo-do-belo\/imagens\/meishu-sama-img\/o-mestre-jinsai-revisando-um-texto\/\" class=\"more-button\" >Continue lendo <i><\/i><\/a>\n\t\t\t\t\t<\/div>\n\t\t<\/div><div class=\"widget widget_circleicon-widget\">\t\t<div class=\"circle-icon-box circle-icon-position-top circle-icon-hide-box circle-icon-size-small\">\n\t\t\t<div class=\"circle-icon-wrapper\">\n\t\t\t\t<a href=\"https:\/\/www.jinsai.org\/pt-BR\/mundo-do-belo\/imagens\/meishu-sama-img\/o-mestre-jinsai-cuidando-do-jardim\/\" class=\"link-icon\" >\t\t\t\t<div class=\"circle-icon icon-style-set\" style=\"background-image: url(https:\/\/www.jinsai.org\/pt-BR\/wp-content\/uploads\/2018\/06\/MeishuSama36-150x150.jpg)\">\n\t\t\t\t\t\t\t\t\t<\/div>\n\t\t\t\t<\/a>\t\t\t<\/div>\n\n\t\t\t<a href=\"https:\/\/www.jinsai.org\/pt-BR\/mundo-do-belo\/imagens\/meishu-sama-img\/o-mestre-jinsai-cuidando-do-jardim\/\" class=\"link-title\" >\t\t\t<h5 >Meishu-Sama<\/h5>\t\t\t<h4 >O MESTRE JINSAI CUIDANDO DO JARDIM<\/h4>\t\t\t<\/a>\n\t\t\t<p class=\"text\" >Sempre que tinha tempo, Meishu-Sama andava pelo jardim e podava as plantas, tirando-lhes os galhos sup\u00e9rfluos e dando-lhes um belo formato. Ele vivificava, tamb\u00e9m, \u00e1rvores e ervas do jardim em vasos e cestos. O Mestre tinha um especial amor pelas plantas. Ele costumava dizer: &#8220;\u00c9 preciso conversar com as flores e vivificar seu sentimento. Se [&hellip;]<\/p>\t\t\t\t\t\t\t<a href=\"https:\/\/www.jinsai.org\/pt-BR\/mundo-do-belo\/imagens\/meishu-sama-img\/o-mestre-jinsai-cuidando-do-jardim\/\" class=\"more-button\" >Continue lendo <i><\/i><\/a>\n\t\t\t\t\t<\/div>\n\t\t<\/div><div class=\"widget widget_circleicon-widget\">\t\t<div class=\"circle-icon-box circle-icon-position-top circle-icon-hide-box circle-icon-size-small\">\n\t\t\t<div class=\"circle-icon-wrapper\">\n\t\t\t\t<a href=\"https:\/\/www.jinsai.org\/pt-BR\/mundo-do-belo\/imagens\/meishu-sama-img\/o-mestre-caligrafando-com-uma-velocidade-sobre-humana\/\" class=\"link-icon\" >\t\t\t\t<div class=\"circle-icon icon-style-set\" style=\"background-image: url(https:\/\/www.jinsai.org\/pt-BR\/wp-content\/uploads\/2018\/06\/MeishuSama35-1-150x150.jpg)\">\n\t\t\t\t\t\t\t\t\t<\/div>\n\t\t\t\t<\/a>\t\t\t<\/div>\n\n\t\t\t<a href=\"https:\/\/www.jinsai.org\/pt-BR\/mundo-do-belo\/imagens\/meishu-sama-img\/o-mestre-caligrafando-com-uma-velocidade-sobre-humana\/\" class=\"link-title\" >\t\t\t<h5 >Meishu-Sama<\/h5>\t\t\t<h4 >O MESTRE CALIGRAFANDO COM UMA VELOCIDADE SOBRE-HUMANA<\/h4>\t\t\t<\/a>\n\t\t\t<p class=\"text\" >Nos anos finais de Sua vida, Meishu-Sama caligrafava nos dias pares, durante uma hora ou uma hora e meia, ap\u00f3s o jantar. A velocidade de trabalho do Mestre era impressionante; chegava a confeccionar 100 imagens da Luz Divina (aquelas verticais) em apenas 30 minutos. No caso de Ohikaris, fazia de 500 a 600 por hora. [&hellip;]<\/p>\t\t\t\t\t\t\t<a href=\"https:\/\/www.jinsai.org\/pt-BR\/mundo-do-belo\/imagens\/meishu-sama-img\/o-mestre-caligrafando-com-uma-velocidade-sobre-humana\/\" class=\"more-button\" >Continue lendo <i><\/i><\/a>\n\t\t\t\t\t<\/div>\n\t\t<\/div><div class=\"clear\"><\/div><div class=\"widget widget_circleicon-widget\">\t\t<div class=\"circle-icon-box circle-icon-position-top circle-icon-hide-box circle-icon-size-small\">\n\t\t\t<div class=\"circle-icon-wrapper\">\n\t\t\t\t<a href=\"https:\/\/www.jinsai.org\/pt-BR\/mundo-do-belo\/imagens\/meishu-sama-img\/o-mestre-jinsai-consultando-livros-de-arte-na-casa-de-cerimonia-de-cha-monte-e-lua\/\" class=\"link-icon\" >\t\t\t\t<div class=\"circle-icon icon-style-set\" style=\"background-image: url(https:\/\/www.jinsai.org\/pt-BR\/wp-content\/uploads\/2018\/06\/MeishuSama34-150x150.jpg)\">\n\t\t\t\t\t\t\t\t\t<\/div>\n\t\t\t\t<\/a>\t\t\t<\/div>\n\n\t\t\t<a href=\"https:\/\/www.jinsai.org\/pt-BR\/mundo-do-belo\/imagens\/meishu-sama-img\/o-mestre-jinsai-consultando-livros-de-arte-na-casa-de-cerimonia-de-cha-monte-e-lua\/\" class=\"link-title\" >\t\t\t<h5 >Meishu-Sama<\/h5>\t\t\t<h4 >O MESTRE JINSAI CONSULTANDO LIVROS DE ARTE NA CASA DE CERIM\u00d4NIA DE CH\u00c1 &#8220;MONTE E LUA&#8221;<\/h4>\t\t\t<\/a>\n\t\t\t<p class=\"text\" >O Mestre estudava constantemente Arte, lendo muitos livros e revistas. Este estudo incans\u00e1vel possibilitou-Lhe adquirir um profundo conhecimento sobre as belas-artes, tanto oriental como ocidental. Era comum os especialistas ficarem surpreendidos com a capacidade de avalia\u00e7\u00e3o de Meishu-Sama. Ele raramente pedia desconto nas pe\u00e7as. Dava, mesmo, gratifica\u00e7\u00f5es aos comerciantes, o que os incentivava a sempre [&hellip;]<\/p>\t\t\t\t\t\t\t<a href=\"https:\/\/www.jinsai.org\/pt-BR\/mundo-do-belo\/imagens\/meishu-sama-img\/o-mestre-jinsai-consultando-livros-de-arte-na-casa-de-cerimonia-de-cha-monte-e-lua\/\" class=\"more-button\" >Continue lendo <i><\/i><\/a>\n\t\t\t\t\t<\/div>\n\t\t<\/div><div class=\"widget widget_circleicon-widget\">\t\t<div class=\"circle-icon-box circle-icon-position-top circle-icon-hide-box circle-icon-size-small\">\n\t\t\t<div class=\"circle-icon-wrapper\">\n\t\t\t\t<a href=\"https:\/\/www.jinsai.org\/pt-BR\/mundo-do-belo\/imagens\/meishu-sama-img\/o-mestre-jinsai-corrigindo-um-texto\/\" class=\"link-icon\" >\t\t\t\t<div class=\"circle-icon icon-style-set\" style=\"background-image: url(https:\/\/www.jinsai.org\/pt-BR\/wp-content\/uploads\/2018\/06\/MeishuSama33-150x150.jpg)\">\n\t\t\t\t\t\t\t\t\t<\/div>\n\t\t\t\t<\/a>\t\t\t<\/div>\n\n\t\t\t<a href=\"https:\/\/www.jinsai.org\/pt-BR\/mundo-do-belo\/imagens\/meishu-sama-img\/o-mestre-jinsai-corrigindo-um-texto\/\" class=\"link-title\" >\t\t\t<h5 >Meishu-Sama<\/h5>\t\t\t<h4 >O MESTRE JINSAI CORRIGINDO UM TEXTO<\/h4>\t\t\t<\/a>\n\t\t\t<p class=\"text\" >Os Ensinamentos eram ditados pelo Mestre aos Seus disc\u00edpulos, mas Ele os revisava intensamente, a fim de que ficassem o mais claro poss\u00edvel. Chegava a revisar um mesmo Ensinamento mais de vinte vezes. Considerando-os como Escrituras Divinas, Meishu-Sama tomava o m\u00e1ximo de cuidado em suas corre\u00e7\u00f5es. Na mesa onde trabalhava, por exemplo, jamais colocava nada [&hellip;]<\/p>\t\t\t\t\t\t\t<a href=\"https:\/\/www.jinsai.org\/pt-BR\/mundo-do-belo\/imagens\/meishu-sama-img\/o-mestre-jinsai-corrigindo-um-texto\/\" class=\"more-button\" >Continue lendo <i><\/i><\/a>\n\t\t\t\t\t<\/div>\n\t\t<\/div><div class=\"widget widget_circleicon-widget\">\t\t<div class=\"circle-icon-box circle-icon-position-top circle-icon-hide-box circle-icon-size-small\">\n\t\t\t<div class=\"circle-icon-wrapper\">\n\t\t\t\t<a href=\"https:\/\/www.jinsai.org\/pt-BR\/mundo-do-belo\/imagens\/meishu-sama-img\/a-penitencia-do-mestre-jinsai\/\" class=\"link-icon\" >\t\t\t\t<div class=\"circle-icon icon-style-set\" style=\"background-image: url(https:\/\/www.jinsai.org\/pt-BR\/wp-content\/uploads\/2018\/06\/MeishuSama32-150x150.jpg)\">\n\t\t\t\t\t\t\t\t\t<\/div>\n\t\t\t\t<\/a>\t\t\t<\/div>\n\n\t\t\t<a href=\"https:\/\/www.jinsai.org\/pt-BR\/mundo-do-belo\/imagens\/meishu-sama-img\/a-penitencia-do-mestre-jinsai\/\" class=\"link-title\" >\t\t\t<h5 >Meishu-Sama<\/h5>\t\t\t<h4 >A PENIT\u00caNCIA DO MESTRE JINSAI<\/h4>\t\t\t<\/a>\n\t\t\t<p class=\"text\" >Quando perguntavam a Meishu-Sama que pr\u00e1ticas asc\u00e9ticas Ele tinha Se utilizado para tornar-Se um grande mestre, Ele respondia: &#8220;Suportar com paci\u00eancia o problema das d\u00edvidas e controlar a ira.&#8221; Esse aspecto devia ser o mais valorizado pelo Mestre, pois Ele comentou: &#8220;Deus emprega diversos meios para aprimorar a alma daqueles que t\u00eam uma importante miss\u00e3o [&hellip;]<\/p>\t\t\t\t\t\t\t<a href=\"https:\/\/www.jinsai.org\/pt-BR\/mundo-do-belo\/imagens\/meishu-sama-img\/a-penitencia-do-mestre-jinsai\/\" class=\"more-button\" >Continue lendo <i><\/i><\/a>\n\t\t\t\t\t<\/div>\n\t\t<\/div><div class=\"clear\"><\/div><div class=\"widget widget_circleicon-widget\">\t\t<div class=\"circle-icon-box circle-icon-position-top circle-icon-hide-box circle-icon-size-small\">\n\t\t\t<div class=\"circle-icon-wrapper\">\n\t\t\t\t<a href=\"https:\/\/www.jinsai.org\/pt-BR\/mundo-do-belo\/imagens\/meishu-sama-img\/o-mestre-jinsai-palestrando-no-hibiya-public-hall-em-22-de-maio-de-1951-falando-sobre-o-verdadeiro-mundo-civilizado\/\" class=\"link-icon\" >\t\t\t\t<div class=\"circle-icon icon-style-set\" style=\"background-image: url(https:\/\/www.jinsai.org\/pt-BR\/wp-content\/uploads\/2018\/06\/MeishuSama31-1-150x150.jpg)\">\n\t\t\t\t\t\t\t\t\t<\/div>\n\t\t\t\t<\/a>\t\t\t<\/div>\n\n\t\t\t<a href=\"https:\/\/www.jinsai.org\/pt-BR\/mundo-do-belo\/imagens\/meishu-sama-img\/o-mestre-jinsai-palestrando-no-hibiya-public-hall-em-22-de-maio-de-1951-falando-sobre-o-verdadeiro-mundo-civilizado\/\" class=\"link-title\" >\t\t\t<h5 >Meishu-Sama<\/h5>\t\t\t<h4 >O MESTRE JINSAI PALESTRANDO NO HIBIYA PUBLIC HALL, EM 22 DE MAIO DE 1951, FALANDO SOBRE O VERDADEIRO MUNDO CIVILIZADO<\/h4>\t\t\t<\/a>\n\t\t\t<p class=\"text\" >Nessa ocasi\u00e3o, o Mestre subiu ao palco e falou durante cerca de 30 minutos para mais de 3.000 pessoas, entre fi\u00e9is e n\u00e3o-fi\u00e9is. Essa foi a primeira palestra em que Ele explicou \u00e0 sociedade em geral a ess\u00eancia dos Ensinamentos. Ele comentou: &#8220;As palavras me surgiram t\u00e3o naturalmente, que nem tive muita necessidade de usar [&hellip;]<\/p>\t\t\t\t\t\t\t<a href=\"https:\/\/www.jinsai.org\/pt-BR\/mundo-do-belo\/imagens\/meishu-sama-img\/o-mestre-jinsai-palestrando-no-hibiya-public-hall-em-22-de-maio-de-1951-falando-sobre-o-verdadeiro-mundo-civilizado\/\" class=\"more-button\" >Continue lendo <i><\/i><\/a>\n\t\t\t\t\t<\/div>\n\t\t<\/div><div class=\"widget widget_circleicon-widget\">\t\t<div class=\"circle-icon-box circle-icon-position-top circle-icon-hide-box circle-icon-size-small\">\n\t\t\t<div class=\"circle-icon-wrapper\">\n\t\t\t\t<a href=\"https:\/\/www.jinsai.org\/pt-BR\/mundo-do-belo\/imagens\/meishu-sama-img\/o-mestre-jinsai-cuidando-de-camelias-na-terra-divina-em-hakone-em-1953\/\" class=\"link-icon\" >\t\t\t\t<div class=\"circle-icon icon-style-set\" style=\"background-image: url(https:\/\/www.jinsai.org\/pt-BR\/wp-content\/uploads\/2018\/06\/MeishuSama30.gif)\">\n\t\t\t\t\t\t\t\t\t<\/div>\n\t\t\t\t<\/a>\t\t\t<\/div>\n\n\t\t\t<a href=\"https:\/\/www.jinsai.org\/pt-BR\/mundo-do-belo\/imagens\/meishu-sama-img\/o-mestre-jinsai-cuidando-de-camelias-na-terra-divina-em-hakone-em-1953\/\" class=\"link-title\" >\t\t\t<h5 >Meishu-Sama<\/h5>\t\t\t<h4 >O MESTRE JINSAI CUIDANDO DE CAM\u00c9LIAS NA TERRA DIVINA, EM HAKONE, EM 1953<\/h4>\t\t\t<\/a>\n\t\t\t<p class=\"text\" >Desde Sua juventude, Meishu-Sama sempre foi um apreciador da Beleza. Entretanto, por ser de fam\u00edlia pobre, nem sempre podia apreci\u00e1-la da forma como gostaria. Assim, entre as coisas belas que estavam mais pr\u00f3ximas, Ele Se dedicou especialmente ao cultivo das flores, cultivando-as mesmo quando morava em casas pequenas. Ele fazia do tratamento das plantas uma [&hellip;]<\/p>\t\t\t\t\t\t\t<a href=\"https:\/\/www.jinsai.org\/pt-BR\/mundo-do-belo\/imagens\/meishu-sama-img\/o-mestre-jinsai-cuidando-de-camelias-na-terra-divina-em-hakone-em-1953\/\" class=\"more-button\" >Continue lendo <i><\/i><\/a>\n\t\t\t\t\t<\/div>\n\t\t<\/div><div class=\"widget widget_circleicon-widget\">\t\t<div class=\"circle-icon-box circle-icon-position-top circle-icon-hide-box circle-icon-size-small\">\n\t\t\t<div class=\"circle-icon-wrapper\">\n\t\t\t\t<a href=\"https:\/\/www.jinsai.org\/pt-BR\/mundo-do-belo\/imagens\/meishu-sama-img\/o-mestre-jinsai-um-homem-tranquilo\/\" class=\"link-icon\" >\t\t\t\t<div class=\"circle-icon icon-style-set\" style=\"background-image: url(https:\/\/www.jinsai.org\/pt-BR\/wp-content\/uploads\/2018\/06\/MeishuSama29-150x150.jpg)\">\n\t\t\t\t\t\t\t\t\t<\/div>\n\t\t\t\t<\/a>\t\t\t<\/div>\n\n\t\t\t<a href=\"https:\/\/www.jinsai.org\/pt-BR\/mundo-do-belo\/imagens\/meishu-sama-img\/o-mestre-jinsai-um-homem-tranquilo\/\" class=\"link-title\" >\t\t\t<h5 >Meishu-Sama<\/h5>\t\t\t<h4 >O MESTRE JINSAI, UM HOMEM TRANQ\u00dcILO<\/h4>\t\t\t<\/a>\n\t\t\t<p class=\"text\" >Meishu-Sama era uma pessoa excepcionalmente calma e tranquila,\u00a0n\u00e3o Se irritando at\u00e9 em casos mais s\u00e9rios. Ele costumava dizer: &#8220;As pessoas estranham quando eu rio de coisas que me contam e que, na opini\u00e3o delas, devia me causar preocupa\u00e7\u00e3o.&#8221; Mas, apesar dessa calma toda, o Mestre Se irritava com as injusti\u00e7as e iniquidades do mundo. A [&hellip;]<\/p>\t\t\t\t\t\t\t<a href=\"https:\/\/www.jinsai.org\/pt-BR\/mundo-do-belo\/imagens\/meishu-sama-img\/o-mestre-jinsai-um-homem-tranquilo\/\" class=\"more-button\" >Continue lendo <i><\/i><\/a>\n\t\t\t\t\t<\/div>\n\t\t<\/div><div class=\"clear\"><\/div><div class=\"widget widget_circleicon-widget\">\t\t<div class=\"circle-icon-box circle-icon-position-top circle-icon-hide-box circle-icon-size-small\">\n\t\t\t<div class=\"circle-icon-wrapper\">\n\t\t\t\t<a href=\"https:\/\/www.jinsai.org\/pt-BR\/mundo-do-belo\/imagens\/meishu-sama-img\/o-mestre-jinsai-pintando-imagens-de-kannon-no-fujimi-tei\/\" class=\"link-icon\" >\t\t\t\t<div class=\"circle-icon icon-style-set\" style=\"background-image: url(https:\/\/www.jinsai.org\/pt-BR\/wp-content\/uploads\/2018\/06\/MeishuSama28-150x150.jpg)\">\n\t\t\t\t\t\t\t\t\t<\/div>\n\t\t\t\t<\/a>\t\t\t<\/div>\n\n\t\t\t<a href=\"https:\/\/www.jinsai.org\/pt-BR\/mundo-do-belo\/imagens\/meishu-sama-img\/o-mestre-jinsai-pintando-imagens-de-kannon-no-fujimi-tei\/\" class=\"link-title\" >\t\t\t<h5 >Meishu-Sama<\/h5>\t\t\t<h4 >O MESTRE JINSAI PINTANDO IMAGENS DE KANNON NO FUJIMI-TEI<\/h4>\t\t\t<\/a>\n\t\t\t<p class=\"text\" >Em 1936, ap\u00f3s ter institu\u00eddo a Dai Nippon Kannon Kai, Meishu-Sama ficou extremamente atarefado. Assim, a sede, o Hozan-So, tornara-se pequena demais, principalmente porque hospedava muitos doentes. Dessa forma, o Mestre ordenou que se constru\u00edsse uma moradia particular. Era uma casa bem pequena, e foi constru\u00edda voltada para o lado Oeste, possibilitando a vista do [&hellip;]<\/p>\t\t\t\t\t\t\t<a href=\"https:\/\/www.jinsai.org\/pt-BR\/mundo-do-belo\/imagens\/meishu-sama-img\/o-mestre-jinsai-pintando-imagens-de-kannon-no-fujimi-tei\/\" class=\"more-button\" >Continue lendo <i><\/i><\/a>\n\t\t\t\t\t<\/div>\n\t\t<\/div><div class=\"widget widget_circleicon-widget\">\t\t<div class=\"circle-icon-box circle-icon-position-top circle-icon-hide-box circle-icon-size-small\">\n\t\t\t<div class=\"circle-icon-wrapper\">\n\t\t\t\t<a href=\"https:\/\/www.jinsai.org\/pt-BR\/mundo-do-belo\/imagens\/meishu-sama-img\/foto-do-mestre-jinsai-onde-se-ve-ao-fundo-senju-kannon-o-kannon-de-mil-bracos\/\" class=\"link-icon\" >\t\t\t\t<div class=\"circle-icon icon-style-set\" style=\"background-image: url(https:\/\/www.jinsai.org\/pt-BR\/wp-content\/uploads\/2018\/06\/MeishuSama27-150x150.jpg)\">\n\t\t\t\t\t\t\t\t\t<\/div>\n\t\t\t\t<\/a>\t\t\t<\/div>\n\n\t\t\t<a href=\"https:\/\/www.jinsai.org\/pt-BR\/mundo-do-belo\/imagens\/meishu-sama-img\/foto-do-mestre-jinsai-onde-se-ve-ao-fundo-senju-kannon-o-kannon-de-mil-bracos\/\" class=\"link-title\" >\t\t\t<h5 >Meishu-Sama<\/h5>\t\t\t<h4 >FOTO DO MESTRE JINSAI ONDE SE V\u00ca, AO FUNDO, SENJU KANNON, O KANNON DE MIL BRA\u00c7OS<\/h4>\t\t\t<\/a>\n\t\t\t<p class=\"text\" >Em 15 de setembro de 1934, Meishu-Sama recebeu a orienta\u00e7\u00e3o divina para desenhar Senju Kannon, o Kannon de mil bra\u00e7os. Imediatamente Ele fez um plano para confeccionar um quadro de 1,50 m de largura e 1,80 m de comprimento. Por\u00e9m, Sua resid\u00eancia na ocasi\u00e3o era pequena demais para pintar um quadro com tais dimens\u00f5es, mas [&hellip;]<\/p>\t\t\t\t\t\t\t<a href=\"https:\/\/www.jinsai.org\/pt-BR\/mundo-do-belo\/imagens\/meishu-sama-img\/foto-do-mestre-jinsai-onde-se-ve-ao-fundo-senju-kannon-o-kannon-de-mil-bracos\/\" class=\"more-button\" >Continue lendo <i><\/i><\/a>\n\t\t\t\t\t<\/div>\n\t\t<\/div><div class=\"widget widget_circleicon-widget\">\t\t<div class=\"circle-icon-box circle-icon-position-top circle-icon-hide-box circle-icon-size-small\">\n\t\t\t<div class=\"circle-icon-wrapper\">\n\t\t\t\t<a href=\"https:\/\/www.jinsai.org\/pt-BR\/mundo-do-belo\/imagens\/meishu-sama-img\/o-mestre-jinsai-e-sua-esposa-yoshi-em-frente-ao-predio-donkai-no-templo-nihon\/\" class=\"link-icon\" >\t\t\t\t<div class=\"circle-icon icon-style-set\" style=\"background-image: url(https:\/\/www.jinsai.org\/pt-BR\/wp-content\/uploads\/2018\/06\/MeishuSama26-150x150.jpg)\">\n\t\t\t\t\t\t\t\t\t<\/div>\n\t\t\t\t<\/a>\t\t\t<\/div>\n\n\t\t\t<a href=\"https:\/\/www.jinsai.org\/pt-BR\/mundo-do-belo\/imagens\/meishu-sama-img\/o-mestre-jinsai-e-sua-esposa-yoshi-em-frente-ao-predio-donkai-no-templo-nihon\/\" class=\"link-title\" >\t\t\t<h5 >Meishu-Sama<\/h5>\t\t\t<h4 >O MESTRE JINSAI E SUA ESPOSA, YOSHI, EM FRENTE AO PR\u00c9DIO DONKAI, NO TEMPLO NIHON<\/h4>\t\t\t<\/a>\n\t\t\t<p class=\"text\" >Em meados de maio de 1931, Meishu-Sama, que j\u00e1 havia Se conscientizado de Sua importante miss\u00e3o, recebeu de Deus esta revela\u00e7\u00e3o: &#8220;No dia 15 de junho, v\u00e1 ao Templo Nihon, na Montanha Nokoguiri, situada em Booshu, no Estado de Tiba&#8221;. O Templo Nihon, localizado na Montanha Kenkon, \u00e9 o mais antigo templo da regi\u00e3o Kanto. [&hellip;]<\/p>\t\t\t\t\t\t\t<a href=\"https:\/\/www.jinsai.org\/pt-BR\/mundo-do-belo\/imagens\/meishu-sama-img\/o-mestre-jinsai-e-sua-esposa-yoshi-em-frente-ao-predio-donkai-no-templo-nihon\/\" class=\"more-button\" >Continue lendo <i><\/i><\/a>\n\t\t\t\t\t<\/div>\n\t\t<\/div><div class=\"clear\"><\/div><div class=\"widget widget_circleicon-widget\">\t\t<div class=\"circle-icon-box circle-icon-position-top circle-icon-hide-box circle-icon-size-small\">\n\t\t\t<div class=\"circle-icon-wrapper\">\n\t\t\t\t<a href=\"https:\/\/www.jinsai.org\/pt-BR\/mundo-do-belo\/imagens\/meishu-sama-img\/o-mestre-ministrando-johrei-numa-crianca\/\" class=\"link-icon\" >\t\t\t\t<div class=\"circle-icon icon-style-set\" style=\"background-image: url(https:\/\/www.jinsai.org\/pt-BR\/wp-content\/uploads\/2018\/06\/MeishuSama25-150x150.jpg)\">\n\t\t\t\t\t\t\t\t\t<\/div>\n\t\t\t\t<\/a>\t\t\t<\/div>\n\n\t\t\t<a href=\"https:\/\/www.jinsai.org\/pt-BR\/mundo-do-belo\/imagens\/meishu-sama-img\/o-mestre-ministrando-johrei-numa-crianca\/\" class=\"link-title\" >\t\t\t<h5 >Meishu-Sama<\/h5>\t\t\t<h4 >O MESTRE MINISTRANDO JOHREI NUMA CRIAN\u00c7A<\/h4>\t\t\t<\/a>\n\t\t\t<p class=\"text\" >Meishu-Sama sempre Se preocupava com o estado de sa\u00fade de Seus familiares e dos dedicantes. Por mais atarefado que estivesse, sempre ministrava Johrei nas pessoas, sobretudo nos casos mais graves. Mesmo se estivesse confeccionando imagens de Kannon, interrompia o trabalho momentaneamente e, com muito amor, canalizava a Divina Luz a quem dela necessitasse. Em Sua [&hellip;]<\/p>\t\t\t\t\t\t\t<a href=\"https:\/\/www.jinsai.org\/pt-BR\/mundo-do-belo\/imagens\/meishu-sama-img\/o-mestre-ministrando-johrei-numa-crianca\/\" class=\"more-button\" >Continue lendo <i><\/i><\/a>\n\t\t\t\t\t<\/div>\n\t\t<\/div><div class=\"widget widget_circleicon-widget\">\t\t<div class=\"circle-icon-box circle-icon-position-top circle-icon-hide-box circle-icon-size-small\">\n\t\t\t<div class=\"circle-icon-wrapper\">\n\t\t\t\t<a href=\"https:\/\/www.jinsai.org\/pt-BR\/mundo-do-belo\/imagens\/meishu-sama-img\/o-mestre-jinsai-cuidando-de-um-doente\/\" class=\"link-icon\" >\t\t\t\t<div class=\"circle-icon icon-style-set\" style=\"background-image: url(https:\/\/www.jinsai.org\/pt-BR\/wp-content\/uploads\/2018\/06\/MeishuSama24-150x150.jpg)\">\n\t\t\t\t\t\t\t\t\t<\/div>\n\t\t\t\t<\/a>\t\t\t<\/div>\n\n\t\t\t<a href=\"https:\/\/www.jinsai.org\/pt-BR\/mundo-do-belo\/imagens\/meishu-sama-img\/o-mestre-jinsai-cuidando-de-um-doente\/\" class=\"link-title\" >\t\t\t<h5 >Meishu-Sama<\/h5>\t\t\t<h4 >O MESTRE JINSAI CUIDANDO DE UM DOENTE<\/h4>\t\t\t<\/a>\n\t\t\t<p class=\"text\" >Na casa de Meishu-Sama, sempre havia muitos doentes,\u00a0os quais eram tratados com o Johrei. Um dos filhos do Mestre comentou: &#8220;Em nossa casa, sempre havia muitos doentes. Meu pai fazia experi\u00eancias com eles, descobrindo os pontos focais das diversas doen\u00e7as e analisando os resultados da alimenta\u00e7\u00e3o baseada na Agricultura Natural. Evidentemente, tais experi\u00eancias eram aplicadas, [&hellip;]<\/p>\t\t\t\t\t\t\t<a href=\"https:\/\/www.jinsai.org\/pt-BR\/mundo-do-belo\/imagens\/meishu-sama-img\/o-mestre-jinsai-cuidando-de-um-doente\/\" class=\"more-button\" >Continue lendo <i><\/i><\/a>\n\t\t\t\t\t<\/div>\n\t\t<\/div><div class=\"widget widget_circleicon-widget\">\t\t<div class=\"circle-icon-box circle-icon-position-top circle-icon-hide-box circle-icon-size-small\">\n\t\t\t<div class=\"circle-icon-wrapper\">\n\t\t\t\t<a href=\"https:\/\/www.jinsai.org\/pt-BR\/mundo-do-belo\/imagens\/meishu-sama-img\/o-culto-do-inicio-da-primavera-em-04-de-fevereiro-de-1955-onde-se-deu-o-ultimo-encontro-do-mestre-jinsai-com-seus-discipulos\/\" class=\"link-icon\" >\t\t\t\t<div class=\"circle-icon icon-style-set\" style=\"background-image: url(https:\/\/www.jinsai.org\/pt-BR\/wp-content\/uploads\/2018\/06\/MeishuSama23-150x150.jpg)\">\n\t\t\t\t\t\t\t\t\t<\/div>\n\t\t\t\t<\/a>\t\t\t<\/div>\n\n\t\t\t<a href=\"https:\/\/www.jinsai.org\/pt-BR\/mundo-do-belo\/imagens\/meishu-sama-img\/o-culto-do-inicio-da-primavera-em-04-de-fevereiro-de-1955-onde-se-deu-o-ultimo-encontro-do-mestre-jinsai-com-seus-discipulos\/\" class=\"link-title\" >\t\t\t<h5 >Meishu-Sama<\/h5>\t\t\t<h4 >O CULTO DO IN\u00cdCIO DA PRIMAVERA EM 04 DE FEVEREIRO DE 1955, ONDE SE DEU O \u00daLTIMO ENCONTRO DO MESTRE JINSAI COM SEUS DISC\u00cdPULOS<\/h4>\t\t\t<\/a>\n\t\t\t<p class=\"text\" >A partir de 1954, Meishu-Sama come\u00e7ou a entrar em purifica\u00e7\u00e3o. Nessa \u00e9poca, os jornais come\u00e7aram a publicar not\u00edcias e especula\u00e7\u00f5es sobre Sua morte, os quais Ele desfez convocando os jornais e dando algumas entrevistas. Certo dia desse per\u00edodo, Ele acordou repentinamente, assustado e solu\u00e7ando. Quando Lhe perguntaram se estava passando mal, Ele respondeu: &#8220;N\u00e3o, n\u00e3o [&hellip;]<\/p>\t\t\t\t\t\t\t<a href=\"https:\/\/www.jinsai.org\/pt-BR\/mundo-do-belo\/imagens\/meishu-sama-img\/o-culto-do-inicio-da-primavera-em-04-de-fevereiro-de-1955-onde-se-deu-o-ultimo-encontro-do-mestre-jinsai-com-seus-discipulos\/\" class=\"more-button\" >Continue lendo <i><\/i><\/a>\n\t\t\t\t\t<\/div>\n\t\t<\/div><div class=\"clear\"><\/div><div class=\"widget widget_circleicon-widget\">\t\t<div class=\"circle-icon-box circle-icon-position-top circle-icon-hide-box circle-icon-size-small\">\n\t\t\t<div class=\"circle-icon-wrapper\">\n\t\t\t\t<a href=\"https:\/\/www.jinsai.org\/pt-BR\/mundo-do-belo\/imagens\/meishu-sama-img\/o-mestre-ministrando-johrei-no-final-de-uma-entrevista-realizada-no-palacio-da-luz-do-sol-em-1953\/\" class=\"link-icon\" >\t\t\t\t<div class=\"circle-icon icon-style-set\" style=\"background-image: url(https:\/\/www.jinsai.org\/pt-BR\/wp-content\/uploads\/2018\/06\/MeishuSama22-150x150.jpg)\">\n\t\t\t\t\t\t\t\t\t<\/div>\n\t\t\t\t<\/a>\t\t\t<\/div>\n\n\t\t\t<a href=\"https:\/\/www.jinsai.org\/pt-BR\/mundo-do-belo\/imagens\/meishu-sama-img\/o-mestre-ministrando-johrei-no-final-de-uma-entrevista-realizada-no-palacio-da-luz-do-sol-em-1953\/\" class=\"link-title\" >\t\t\t<h5 >Meishu-Sama<\/h5>\t\t\t<h4 >O MESTRE MINISTRANDO JOHREI, NO FINAL DE UMA ENTREVISTA REALIZADA NO PAL\u00c1CIO DA LUZ DO SOL EM 1953<\/h4>\t\t\t<\/a>\n\t\t\t<p class=\"text\" >At\u00e9 1950, o Johrei era ministrado tocando-se o corpo da pessoa, mas, a partir daquele ano, passou a ser ministrado de uma certa dist\u00e2ncia. Em dezembro do mesmo ano, Meishu-Sama escreveu um artigo explicando a mudan\u00e7a, no qual dizia que, com o aumento da Luz, n\u00e3o era mais necess\u00e1rio empregar a for\u00e7a da mat\u00e9ria (toque [&hellip;]<\/p>\t\t\t\t\t\t\t<a href=\"https:\/\/www.jinsai.org\/pt-BR\/mundo-do-belo\/imagens\/meishu-sama-img\/o-mestre-ministrando-johrei-no-final-de-uma-entrevista-realizada-no-palacio-da-luz-do-sol-em-1953\/\" class=\"more-button\" >Continue lendo <i><\/i><\/a>\n\t\t\t\t\t<\/div>\n\t\t<\/div><div class=\"widget widget_circleicon-widget\">\t\t<div class=\"circle-icon-box circle-icon-position-top circle-icon-hide-box circle-icon-size-small\">\n\t\t\t<div class=\"circle-icon-wrapper\">\n\t\t\t\t<a href=\"https:\/\/www.jinsai.org\/pt-BR\/mundo-do-belo\/imagens\/meishu-sama-img\/o-mestre-jinsai-ministrando-johrei\/\" class=\"link-icon\" >\t\t\t\t<div class=\"circle-icon icon-style-set\" style=\"background-image: url(https:\/\/www.jinsai.org\/pt-BR\/wp-content\/uploads\/2018\/06\/MeishuSama21-150x150.jpg)\">\n\t\t\t\t\t\t\t\t\t<\/div>\n\t\t\t\t<\/a>\t\t\t<\/div>\n\n\t\t\t<a href=\"https:\/\/www.jinsai.org\/pt-BR\/mundo-do-belo\/imagens\/meishu-sama-img\/o-mestre-jinsai-ministrando-johrei\/\" class=\"link-title\" >\t\t\t<h5 >Meishu-Sama<\/h5>\t\t\t<h4 >O MESTRE JINSAI MINISTRANDO JOHREI<\/h4>\t\t\t<\/a>\n\t\t\t<p class=\"text\" >Sendo possuidor de uma poderosa Bola de Luz instalada em Seu ventre, Meishu-Sama ministrava um poderos\u00edssimo Johrei, que curava at\u00e9 casos mais graves em pouqu\u00edssimo tempo. Aplicado inicialmente sob a forma de tratamento cient\u00edfico (devido \u00e0 censura religiosa do pr\u00e9-guerra), o Johrei era, em suas origens, uma forma de massagem feita no paciente. Evidentemente, contudo, [&hellip;]<\/p>\t\t\t\t\t\t\t<a href=\"https:\/\/www.jinsai.org\/pt-BR\/mundo-do-belo\/imagens\/meishu-sama-img\/o-mestre-jinsai-ministrando-johrei\/\" class=\"more-button\" >Continue lendo <i><\/i><\/a>\n\t\t\t\t\t<\/div>\n\t\t<\/div><div class=\"widget widget_circleicon-widget\">\t\t<div class=\"circle-icon-box circle-icon-position-top circle-icon-hide-box circle-icon-size-small\">\n\t\t\t<div class=\"circle-icon-wrapper\">\n\t\t\t\t<a href=\"https:\/\/www.jinsai.org\/pt-BR\/mundo-do-belo\/imagens\/meishu-sama-img\/a-primeira-sessao-do-julgamento-do-mestre-em-11-de-outubro-de-1950\/\" class=\"link-icon\" >\t\t\t\t<div class=\"circle-icon icon-style-set\" style=\"background-image: url(https:\/\/www.jinsai.org\/pt-BR\/wp-content\/uploads\/2018\/06\/MeishuSama20-150x150.jpg)\">\n\t\t\t\t\t\t\t\t\t<\/div>\n\t\t\t\t<\/a>\t\t\t<\/div>\n\n\t\t\t<a href=\"https:\/\/www.jinsai.org\/pt-BR\/mundo-do-belo\/imagens\/meishu-sama-img\/a-primeira-sessao-do-julgamento-do-mestre-em-11-de-outubro-de-1950\/\" class=\"link-title\" >\t\t\t<h5 >Meishu-Sama<\/h5>\t\t\t<h4 >A PRIMEIRA SESS\u00c3O DO JULGAMENTO DO MESTRE, EM 11 DE OUTUBRO DE 1950<\/h4>\t\t\t<\/a>\n\t\t\t<p class=\"text\" >Em 12 de julho de 1950, Meishu-Sama foi acusado formalmente de infra\u00e7\u00e3o da Lei dos Assuntos Econ\u00f4micos e de suborno. A primeira sess\u00e3o do julgamento foi realizada em 11 de outubro, tendo um total de 41 sess\u00f5es, que duraram 2 anos e 2 meses. A senten\u00e7a do julgamento foi dada em 24 de dezembro de [&hellip;]<\/p>\t\t\t\t\t\t\t<a href=\"https:\/\/www.jinsai.org\/pt-BR\/mundo-do-belo\/imagens\/meishu-sama-img\/a-primeira-sessao-do-julgamento-do-mestre-em-11-de-outubro-de-1950\/\" class=\"more-button\" >Continue lendo <i><\/i><\/a>\n\t\t\t\t\t<\/div>\n\t\t<\/div><div class=\"clear\"><\/div><div class=\"widget widget_circleicon-widget\">\t\t<div class=\"circle-icon-box circle-icon-position-top circle-icon-hide-box circle-icon-size-small\">\n\t\t\t<div class=\"circle-icon-wrapper\">\n\t\t\t\t<a href=\"https:\/\/www.jinsai.org\/pt-BR\/mundo-do-belo\/imagens\/meishu-sama-img\/meishu-sama-o-senhor-da-luz\/\" class=\"link-icon\" >\t\t\t\t<div class=\"circle-icon icon-style-set\" style=\"background-image: url(https:\/\/www.jinsai.org\/pt-BR\/wp-content\/uploads\/2018\/06\/MeishuSama19-150x150.jpg)\">\n\t\t\t\t\t\t\t\t\t<\/div>\n\t\t\t\t<\/a>\t\t\t<\/div>\n\n\t\t\t<a href=\"https:\/\/www.jinsai.org\/pt-BR\/mundo-do-belo\/imagens\/meishu-sama-img\/meishu-sama-o-senhor-da-luz\/\" class=\"link-title\" >\t\t\t<h5 >Meishu-Sama<\/h5>\t\t\t<h4 >MEISHU-SAMA, O SENHOR DA LUZ<\/h4>\t\t\t<\/a>\n\t\t\t<p class=\"text\" >At\u00e9 04 de fevereiro de 1950, Meishu-Sama era chamado pelo Seus disc\u00edpulos de &#8220;Dai Sensei&#8221; (=Grande Mestre), mas, a partir dessa data, por determina\u00e7\u00e3o divina, Ele mudou seu nome para Meishu-Sama (=Senhor da Luz), denomina\u00e7\u00e3o formada de Mei (que significa Sol e Lua) e Shu (que significa Senhor, dono). Sama \u00e9 apenas uma forma de [&hellip;]<\/p>\t\t\t\t\t\t\t<a href=\"https:\/\/www.jinsai.org\/pt-BR\/mundo-do-belo\/imagens\/meishu-sama-img\/meishu-sama-o-senhor-da-luz\/\" class=\"more-button\" >Continue lendo <i><\/i><\/a>\n\t\t\t\t\t<\/div>\n\t\t<\/div><div class=\"widget widget_circleicon-widget\">\t\t<div class=\"circle-icon-box circle-icon-position-top circle-icon-hide-box circle-icon-size-small\">\n\t\t\t<div class=\"circle-icon-wrapper\">\n\t\t\t\t<a href=\"https:\/\/www.jinsai.org\/pt-BR\/mundo-do-belo\/imagens\/meishu-sama-img\/o-mestre-jinsai-no-prototipo-do-paraiso-terrestre\/\" class=\"link-icon\" >\t\t\t\t<div class=\"circle-icon icon-style-set\" style=\"background-image: url(https:\/\/www.jinsai.org\/pt-BR\/wp-content\/uploads\/2018\/06\/MeishuSama18-150x150.jpg)\">\n\t\t\t\t\t\t\t\t\t<\/div>\n\t\t\t\t<\/a>\t\t\t<\/div>\n\n\t\t\t<a href=\"https:\/\/www.jinsai.org\/pt-BR\/mundo-do-belo\/imagens\/meishu-sama-img\/o-mestre-jinsai-no-prototipo-do-paraiso-terrestre\/\" class=\"link-title\" >\t\t\t<h5 >Meishu-Sama<\/h5>\t\t\t<h4 >O MESTRE JINSAI NO PROT\u00d3TIPO DO PARA\u00cdSO TERRESTRE<\/h4>\t\t\t<\/a>\n\t\t\t<p class=\"text\" >Meishu-Sama, em Sua velhice, era muito ativo, pois a atividade de salva\u00e7\u00e3o exigia um disp\u00eandio gigantesco de energia. Ap\u00f3s ter sido acometido de quase todas as doen\u00e7as, em Sua juventude, o Mestre purificara-Se de tal forma que era dotado de um corpo livre de toxinas, com muita energia. Ele costumava dizer: &#8220;Tive quase todas as [&hellip;]<\/p>\t\t\t\t\t\t\t<a href=\"https:\/\/www.jinsai.org\/pt-BR\/mundo-do-belo\/imagens\/meishu-sama-img\/o-mestre-jinsai-no-prototipo-do-paraiso-terrestre\/\" class=\"more-button\" >Continue lendo <i><\/i><\/a>\n\t\t\t\t\t<\/div>\n\t\t<\/div><div class=\"widget widget_circleicon-widget\">\t\t<div class=\"circle-icon-box circle-icon-position-top circle-icon-hide-box circle-icon-size-small\">\n\t\t\t<div class=\"circle-icon-wrapper\">\n\t\t\t\t<a href=\"https:\/\/www.jinsai.org\/pt-BR\/mundo-do-belo\/imagens\/meishu-sama-img\/meishu-sama-fazendo-o-outro-feliz-ii\/\" class=\"link-icon\" >\t\t\t\t<div class=\"circle-icon icon-style-set\" style=\"background-image: url(https:\/\/www.jinsai.org\/pt-BR\/wp-content\/uploads\/2018\/06\/MeishuSama17-150x150.jpg)\">\n\t\t\t\t\t\t\t\t\t<\/div>\n\t\t\t\t<\/a>\t\t\t<\/div>\n\n\t\t\t<a href=\"https:\/\/www.jinsai.org\/pt-BR\/mundo-do-belo\/imagens\/meishu-sama-img\/meishu-sama-fazendo-o-outro-feliz-ii\/\" class=\"link-title\" >\t\t\t<h5 >Meishu-Sama<\/h5>\t\t\t<h4 >MEISHU-SAMA: FAZENDO O OUTRO FELIZ II<\/h4>\t\t\t<\/a>\n\t\t\t<p class=\"text\" >A primeira sess\u00e3o humor\u00edstica organizada pelo Mestre na Associa\u00e7\u00e3o Ten\u00b4nin contou com 89 composi\u00e7\u00f5es que, expressando a situa\u00e7\u00e3o social de forma bastante ir\u00f4nica, ou com humor, faziam os presentes rirem intensamente. Meishu-Sama ria a ponto de Lhe escorrerem l\u00e1grimas, e todos os participantes seguiam a mesma tend\u00eancia. Ele reuniu as composi\u00e7\u00f5es feitas at\u00e9 a oitava [&hellip;]<\/p>\t\t\t\t\t\t\t<a href=\"https:\/\/www.jinsai.org\/pt-BR\/mundo-do-belo\/imagens\/meishu-sama-img\/meishu-sama-fazendo-o-outro-feliz-ii\/\" class=\"more-button\" >Continue lendo <i><\/i><\/a>\n\t\t\t\t\t<\/div>\n\t\t<\/div><div class=\"clear\"><\/div><div class=\"widget widget_circleicon-widget\">\t\t<div class=\"circle-icon-box circle-icon-position-top circle-icon-hide-box circle-icon-size-small\">\n\t\t\t<div class=\"circle-icon-wrapper\">\n\t\t\t\t<a href=\"https:\/\/www.jinsai.org\/pt-BR\/mundo-do-belo\/imagens\/meishu-sama-img\/meishu-sama-fazendo-o-outro-feliz\/\" class=\"link-icon\" >\t\t\t\t<div class=\"circle-icon icon-style-set\" style=\"background-image: url(https:\/\/www.jinsai.org\/pt-BR\/wp-content\/uploads\/2018\/06\/MeishuSama16-150x150.jpg)\">\n\t\t\t\t\t\t\t\t\t<\/div>\n\t\t\t\t<\/a>\t\t\t<\/div>\n\n\t\t\t<a href=\"https:\/\/www.jinsai.org\/pt-BR\/mundo-do-belo\/imagens\/meishu-sama-img\/meishu-sama-fazendo-o-outro-feliz\/\" class=\"link-title\" >\t\t\t<h5 >Meishu-Sama<\/h5>\t\t\t<h4 >MEISHU-SAMA: FAZENDO O OUTRO FELIZ<\/h4>\t\t\t<\/a>\n\t\t\t<p class=\"text\" >Meishu-Sama dedicava-Se \u00e0 Sua tarefa descontraidamente, como se fosse um hobby. Ele compunha, constantemente, s\u00e1tiras humor\u00edsticas, organizando sess\u00f5es de poesia humor\u00edstica. Assim, em 1930, surgiu a Associa\u00e7\u00e3o Ten\u00b4nin , na qual se faziam sess\u00f5es de poesia kanku humor\u00edstica, dirigidas por Ele pr\u00f3prio. A primeira sess\u00e3o foi realizada no dia 20 de setembro, com a participa\u00e7\u00e3o [&hellip;]<\/p>\t\t\t\t\t\t\t<a href=\"https:\/\/www.jinsai.org\/pt-BR\/mundo-do-belo\/imagens\/meishu-sama-img\/meishu-sama-fazendo-o-outro-feliz\/\" class=\"more-button\" >Continue lendo <i><\/i><\/a>\n\t\t\t\t\t<\/div>\n\t\t<\/div><div class=\"widget widget_circleicon-widget\">\t\t<div class=\"circle-icon-box circle-icon-position-top circle-icon-hide-box circle-icon-size-small\">\n\t\t\t<div class=\"circle-icon-wrapper\">\n\t\t\t\t<a href=\"https:\/\/www.jinsai.org\/pt-BR\/mundo-do-belo\/imagens\/meishu-sama-img\/mestre-jinsai-um-homem-singelo\/\" class=\"link-icon\" >\t\t\t\t<div class=\"circle-icon icon-style-set\" style=\"background-image: url(https:\/\/www.jinsai.org\/pt-BR\/wp-content\/uploads\/2018\/06\/MeishuSama15-150x150.jpg)\">\n\t\t\t\t\t\t\t\t\t<\/div>\n\t\t\t\t<\/a>\t\t\t<\/div>\n\n\t\t\t<a href=\"https:\/\/www.jinsai.org\/pt-BR\/mundo-do-belo\/imagens\/meishu-sama-img\/mestre-jinsai-um-homem-singelo\/\" class=\"link-title\" >\t\t\t<h5 >Meishu-Sama<\/h5>\t\t\t<h4 >MESTRE JINSAI, UM HOMEM SINGELO<\/h4>\t\t\t<\/a>\n\t\t\t<p class=\"text\" >O Mestre sempre dizia\u00a0que, sempre que uma pessoa procura mostrar-se importante, \u00e9 vista pelos demais como arrogante. Assim, \u00e9 de capital import\u00e2ncia que todos os Seus seguidores mostrem-se singelos, de apar\u00eancia simples, pois assim ganham o respeito dos demais e contribuem enormemente para a Obra Divina. Muitas pessoas achavam que, para encontr\u00e1-Lo, era necess\u00e1rio muito [&hellip;]<\/p>\t\t\t\t\t\t\t<a href=\"https:\/\/www.jinsai.org\/pt-BR\/mundo-do-belo\/imagens\/meishu-sama-img\/mestre-jinsai-um-homem-singelo\/\" class=\"more-button\" >Continue lendo <i><\/i><\/a>\n\t\t\t\t\t<\/div>\n\t\t<\/div><div class=\"widget widget_circleicon-widget\">\t\t<div class=\"circle-icon-box circle-icon-position-top circle-icon-hide-box circle-icon-size-small\">\n\t\t\t<div class=\"circle-icon-wrapper\">\n\t\t\t\t<a href=\"https:\/\/www.jinsai.org\/pt-BR\/mundo-do-belo\/imagens\/meishu-sama-img\/o-mestre-jinsai-e-o-cuidado-pessoal\/\" class=\"link-icon\" >\t\t\t\t<div class=\"circle-icon icon-style-set\" style=\"background-image: url(https:\/\/www.jinsai.org\/pt-BR\/wp-content\/uploads\/2018\/06\/MeishuSama14-150x150.jpg)\">\n\t\t\t\t\t\t\t\t\t<\/div>\n\t\t\t\t<\/a>\t\t\t<\/div>\n\n\t\t\t<a href=\"https:\/\/www.jinsai.org\/pt-BR\/mundo-do-belo\/imagens\/meishu-sama-img\/o-mestre-jinsai-e-o-cuidado-pessoal\/\" class=\"link-title\" >\t\t\t<h5 >Meishu-Sama<\/h5>\t\t\t<h4 >O MESTRE JINSAI E O CUIDADO PESSOAL<\/h4>\t\t\t<\/a>\n\t\t\t<p class=\"text\" >Meishu-Sama sempre andava muito bem vestido,\u00a0pois considerava esse fato uma esp\u00e9cie de Beleza, na medida em que apraz a vista dos demais. Em Seus Ensinamentos sobre Beleza, Ele dizia: &#8220;Morar em belos lugares, comer alimentos saud\u00e1veis, vestir boas roupas, n\u00e3o ser\u00e1 isso Beleza?&#8221;\u00a0Vemos, assim, que o Mestre Se preocupava at\u00e9 com os mais pequenos detalhes [&hellip;]<\/p>\t\t\t\t\t\t\t<a href=\"https:\/\/www.jinsai.org\/pt-BR\/mundo-do-belo\/imagens\/meishu-sama-img\/o-mestre-jinsai-e-o-cuidado-pessoal\/\" class=\"more-button\" >Continue lendo <i><\/i><\/a>\n\t\t\t\t\t<\/div>\n\t\t<\/div><div class=\"clear\"><\/div><div class=\"widget widget_circleicon-widget\">\t\t<div class=\"circle-icon-box circle-icon-position-top circle-icon-hide-box circle-icon-size-small\">\n\t\t\t<div class=\"circle-icon-wrapper\">\n\t\t\t\t<a href=\"https:\/\/www.jinsai.org\/pt-BR\/mundo-do-belo\/imagens\/meishu-sama-img\/apos-a-velhice-os-cabelos-pretos\/\" class=\"link-icon\" >\t\t\t\t<div class=\"circle-icon icon-style-set\" style=\"background-image: url(https:\/\/www.jinsai.org\/pt-BR\/wp-content\/uploads\/2018\/06\/MeishuSama13-150x150.jpg)\">\n\t\t\t\t\t\t\t\t\t<\/div>\n\t\t\t\t<\/a>\t\t\t<\/div>\n\n\t\t\t<a href=\"https:\/\/www.jinsai.org\/pt-BR\/mundo-do-belo\/imagens\/meishu-sama-img\/apos-a-velhice-os-cabelos-pretos\/\" class=\"link-title\" >\t\t\t<h5 >Meishu-Sama<\/h5>\t\t\t<h4 >AP\u00d3S A VELHICE, OS CABELOS PRETOS<\/h4>\t\t\t<\/a>\n\t\t\t<p class=\"text\" >Em Sua velhice, ap\u00f3s sucessivas purifica\u00e7\u00f5es ao longo de Sua vida, come\u00e7aram a nascer fios de cabelo preto em Meishu-Sama. Aos que perguntavam ou estranhavam o fato, considerando at\u00e9 mesmo um milagre, Ele dizia: &#8220;\u00c9 natural, pois meu corpo est\u00e1 desprovido de toxinas. O fato de eu ter &#8220;renascido&#8221; algumas vezes, por ocasi\u00e3o da miss\u00e3o [&hellip;]<\/p>\t\t\t\t\t\t\t<a href=\"https:\/\/www.jinsai.org\/pt-BR\/mundo-do-belo\/imagens\/meishu-sama-img\/apos-a-velhice-os-cabelos-pretos\/\" class=\"more-button\" >Continue lendo <i><\/i><\/a>\n\t\t\t\t\t<\/div>\n\t\t<\/div><div class=\"widget widget_circleicon-widget\">\t\t<div class=\"circle-icon-box circle-icon-position-top circle-icon-hide-box circle-icon-size-small\">\n\t\t\t<div class=\"circle-icon-wrapper\">\n\t\t\t\t<a href=\"https:\/\/www.jinsai.org\/pt-BR\/mundo-do-belo\/imagens\/meishu-sama-img\/uma-das-primeiras-fotos-tiradas-para-ser-usada-como-imagem-do-altar\/\" class=\"link-icon\" >\t\t\t\t<div class=\"circle-icon icon-style-set\" style=\"background-image: url(https:\/\/www.jinsai.org\/pt-BR\/wp-content\/uploads\/2018\/06\/MeishuSama12-150x150.jpg)\">\n\t\t\t\t\t\t\t\t\t<\/div>\n\t\t\t\t<\/a>\t\t\t<\/div>\n\n\t\t\t<a href=\"https:\/\/www.jinsai.org\/pt-BR\/mundo-do-belo\/imagens\/meishu-sama-img\/uma-das-primeiras-fotos-tiradas-para-ser-usada-como-imagem-do-altar\/\" class=\"link-title\" >\t\t\t<h5 >Meishu-Sama<\/h5>\t\t\t<h4 >UMA DAS PRIMEIRAS FOTOS TIRADAS PARA SER USADA COMO IMAGEM DO ALTAR<\/h4>\t\t\t<\/a>\n\t\t\t<p class=\"text\" >Essa foi uma das primeiras tentativas de fotos para ser usada como imagem. A fotografia de Meishu-Sama do Altar, usada hoje em dia, foi tirada posteriormente, e escolhida pelo Mestre como a ideal para esse prop\u00f3sito.<\/p>\t\t\t\t\t\t\t<a href=\"https:\/\/www.jinsai.org\/pt-BR\/mundo-do-belo\/imagens\/meishu-sama-img\/uma-das-primeiras-fotos-tiradas-para-ser-usada-como-imagem-do-altar\/\" class=\"more-button\" >Continue lendo <i><\/i><\/a>\n\t\t\t\t\t<\/div>\n\t\t<\/div><div class=\"widget widget_circleicon-widget\">\t\t<div class=\"circle-icon-box circle-icon-position-top circle-icon-hide-box circle-icon-size-small\">\n\t\t\t<div class=\"circle-icon-wrapper\">\n\t\t\t\t<a href=\"https:\/\/www.jinsai.org\/pt-BR\/mundo-do-belo\/imagens\/meishu-sama-img\/o-mestre-jinsai-pregando-seus-ensinamentos-em-1948-durante-uma-entrevista\/\" class=\"link-icon\" >\t\t\t\t<div class=\"circle-icon icon-style-set\" style=\"background-image: url(https:\/\/www.jinsai.org\/pt-BR\/wp-content\/uploads\/2018\/06\/MeishuSama11-150x150.jpg)\">\n\t\t\t\t\t\t\t\t\t<\/div>\n\t\t\t\t<\/a>\t\t\t<\/div>\n\n\t\t\t<a href=\"https:\/\/www.jinsai.org\/pt-BR\/mundo-do-belo\/imagens\/meishu-sama-img\/o-mestre-jinsai-pregando-seus-ensinamentos-em-1948-durante-uma-entrevista\/\" class=\"link-title\" >\t\t\t<h5 >Meishu-Sama<\/h5>\t\t\t<h4 >O MESTRE JINSAI PREGANDO SEUS ENSINAMENTOS, EM 1948, DURANTE UMA ENTREVISTA<\/h4>\t\t\t<\/a>\n\t\t\t<p class=\"text\" >Com o desenvolvimento dos trabalhos de difus\u00e3o, o Mestre deixou a cargo de Seus disc\u00edpulos tarefas como a a outorga do Ohikari e a ministra\u00e7\u00e3o de Johrei, passando a Se dedicar \u00e0 caligrafia e \u00e0 forma\u00e7\u00e3o de terapeutas. Durante as entrevistas, Ele respondia a qualquer pergunta com firmeza e naturalidade. Os temas iam desde fen\u00f4menos [&hellip;]<\/p>\t\t\t\t\t\t\t<a href=\"https:\/\/www.jinsai.org\/pt-BR\/mundo-do-belo\/imagens\/meishu-sama-img\/o-mestre-jinsai-pregando-seus-ensinamentos-em-1948-durante-uma-entrevista\/\" class=\"more-button\" >Continue lendo <i><\/i><\/a>\n\t\t\t\t\t<\/div>\n\t\t<\/div><div class=\"clear\"><\/div><div class=\"widget widget_circleicon-widget\">\t\t<div class=\"circle-icon-box circle-icon-position-top circle-icon-hide-box circle-icon-size-small\">\n\t\t\t<div class=\"circle-icon-wrapper\">\n\t\t\t\t<a href=\"https:\/\/www.jinsai.org\/pt-BR\/mundo-do-belo\/imagens\/meishu-sama-img\/meishu-sama-inspecionando-o-andamento-dos-trabalhos-na-terra-divina-em-hakone\/\" class=\"link-icon\" >\t\t\t\t<div class=\"circle-icon icon-style-set\" style=\"background-image: url(https:\/\/www.jinsai.org\/pt-BR\/wp-content\/uploads\/2018\/06\/MeishuSama10-150x150.jpg)\">\n\t\t\t\t\t\t\t\t\t<\/div>\n\t\t\t\t<\/a>\t\t\t<\/div>\n\n\t\t\t<a href=\"https:\/\/www.jinsai.org\/pt-BR\/mundo-do-belo\/imagens\/meishu-sama-img\/meishu-sama-inspecionando-o-andamento-dos-trabalhos-na-terra-divina-em-hakone\/\" class=\"link-title\" >\t\t\t<h5 >Meishu-Sama<\/h5>\t\t\t<h4 >MEISHU-SAMA INSPECIONANDO O ANDAMENTO DOS TRABALHOS NA TERRA DIVINA, EM HAKONE<\/h4>\t\t\t<\/a>\n\t\t\t<p class=\"text\" >Meishu-Sama sempre dispensou muita aten\u00e7\u00e3o aos m\u00ednimos detalhes de constru\u00e7\u00e3o dos Prot\u00f3tipos do Para\u00edso. Como as constru\u00e7\u00f5es se desenvolviam quase que paralelamente, Ele costumava passar 6 meses em Atami, e os outros 6, em Hakone. O projeto de constru\u00e7\u00e3o era t\u00e3o minucioso, que, certa vez, Ele ordenou que se movesse uma pedra &#8221; 4 cm [&hellip;]<\/p>\t\t\t\t\t\t\t<a href=\"https:\/\/www.jinsai.org\/pt-BR\/mundo-do-belo\/imagens\/meishu-sama-img\/meishu-sama-inspecionando-o-andamento-dos-trabalhos-na-terra-divina-em-hakone\/\" class=\"more-button\" >Continue lendo <i><\/i><\/a>\n\t\t\t\t\t<\/div>\n\t\t<\/div><div class=\"widget widget_circleicon-widget\">\t\t<div class=\"circle-icon-box circle-icon-position-top circle-icon-hide-box circle-icon-size-small\">\n\t\t\t<div class=\"circle-icon-wrapper\">\n\t\t\t\t<a href=\"https:\/\/www.jinsai.org\/pt-BR\/mundo-do-belo\/imagens\/meishu-sama-img\/meishu-sama-na-terra-divina-em-hakone\/\" class=\"link-icon\" >\t\t\t\t<div class=\"circle-icon icon-style-set\" style=\"background-image: url(https:\/\/www.jinsai.org\/pt-BR\/wp-content\/uploads\/2018\/06\/MeishuSama09-150x150.jpg)\">\n\t\t\t\t\t\t\t\t\t<\/div>\n\t\t\t\t<\/a>\t\t\t<\/div>\n\n\t\t\t<a href=\"https:\/\/www.jinsai.org\/pt-BR\/mundo-do-belo\/imagens\/meishu-sama-img\/meishu-sama-na-terra-divina-em-hakone\/\" class=\"link-title\" >\t\t\t<h5 >Meishu-Sama<\/h5>\t\t\t<h4 >MEISHU-SAMA NA TERRA DIVINA, EM HAKONE<\/h4>\t\t\t<\/a>\n\t\t\t<p class=\"text\" >Na primeira metade de 1950, a parte fundamental da Terra Divina estava quase pronta. Nessa ocasi\u00e3o, a Igreja passava por per\u00edodos dif\u00edceis, mas isso n\u00e3o atrapalhou o ritmo da constru\u00e7\u00e3o. Durante sete dias, a partir de 21 de setembro, foi realizado o Primeiro Culto de Outono, no qual estavam presentes participantes de todo o Jap\u00e3o, [&hellip;]<\/p>\t\t\t\t\t\t\t<a href=\"https:\/\/www.jinsai.org\/pt-BR\/mundo-do-belo\/imagens\/meishu-sama-img\/meishu-sama-na-terra-divina-em-hakone\/\" class=\"more-button\" >Continue lendo <i><\/i><\/a>\n\t\t\t\t\t<\/div>\n\t\t<\/div><div class=\"widget widget_circleicon-widget\">\t\t<div class=\"circle-icon-box circle-icon-position-top circle-icon-hide-box circle-icon-size-small\">\n\t\t\t<div class=\"circle-icon-wrapper\">\n\t\t\t\t<a href=\"https:\/\/www.jinsai.org\/pt-BR\/mundo-do-belo\/imagens\/meishu-sama-img\/meishu-sama-tomando-cha\/\" class=\"link-icon\" >\t\t\t\t<div class=\"circle-icon icon-style-set\" style=\"background-image: url(https:\/\/www.jinsai.org\/pt-BR\/wp-content\/uploads\/2018\/06\/MeishuSama08-150x150.jpg)\">\n\t\t\t\t\t\t\t\t\t<\/div>\n\t\t\t\t<\/a>\t\t\t<\/div>\n\n\t\t\t<a href=\"https:\/\/www.jinsai.org\/pt-BR\/mundo-do-belo\/imagens\/meishu-sama-img\/meishu-sama-tomando-cha\/\" class=\"link-title\" >\t\t\t<h5 >Meishu-Sama<\/h5>\t\t\t<h4 >MEISHU-SAMA TOMANDO CH\u00c1<\/h4>\t\t\t<\/a>\n\t\t\t<p class=\"text\" >Meishu-Sama sempre pregava a import\u00e2ncia do equil\u00edbrio alimentar para manter a sa\u00fade. Ele costumava balancear Suas refei\u00e7\u00f5es metodicamente. Por exemplo, na refei\u00e7\u00e3o matinal Ele comia 70% de alimentos de origem vegetal e 30% de origem animal. No jantar, acontecia o inverso: 30% de alimentos de origem vegetal e 70% de origem animal. Isso mostra o [&hellip;]<\/p>\t\t\t\t\t\t\t<a href=\"https:\/\/www.jinsai.org\/pt-BR\/mundo-do-belo\/imagens\/meishu-sama-img\/meishu-sama-tomando-cha\/\" class=\"more-button\" >Continue lendo <i><\/i><\/a>\n\t\t\t\t\t<\/div>\n\t\t<\/div><div class=\"clear\"><\/div><div class=\"widget widget_circleicon-widget\">\t\t<div class=\"circle-icon-box circle-icon-position-top circle-icon-hide-box circle-icon-size-small\">\n\t\t\t<div class=\"circle-icon-wrapper\">\n\t\t\t\t<a href=\"https:\/\/www.jinsai.org\/pt-BR\/mundo-do-belo\/imagens\/meishu-sama-img\/meishu-sama-um-admirador-do-belo\/\" class=\"link-icon\" >\t\t\t\t<div class=\"circle-icon icon-style-set\" style=\"background-image: url(https:\/\/www.jinsai.org\/pt-BR\/wp-content\/uploads\/2018\/06\/MeishuSama07-150x150.jpg)\">\n\t\t\t\t\t\t\t\t\t<\/div>\n\t\t\t\t<\/a>\t\t\t<\/div>\n\n\t\t\t<a href=\"https:\/\/www.jinsai.org\/pt-BR\/mundo-do-belo\/imagens\/meishu-sama-img\/meishu-sama-um-admirador-do-belo\/\" class=\"link-title\" >\t\t\t<h5 >Meishu-Sama<\/h5>\t\t\t<h4 >MEISHU-SAMA, UM ADMIRADOR DO BELO<\/h4>\t\t\t<\/a>\n\t\t\t<p class=\"text\" >Meishu-Sama dava muita import\u00e2ncia ao Belo, colocando-a como um dos tr\u00eas pilares b\u00e1sicos da Doutrina Messi\u00e2nica (Verdade, Bem e Belo). Segundo Ele, apreciar o Belo, seja natural ou humano, eleva o esp\u00edrito, pois este entra em afinidade com a elevada vibra\u00e7\u00e3o do artista. Assim, Ele cultuava o Belo em todas as situa\u00e7\u00f5es, e a constru\u00e7\u00e3o [&hellip;]<\/p>\t\t\t\t\t\t\t<a href=\"https:\/\/www.jinsai.org\/pt-BR\/mundo-do-belo\/imagens\/meishu-sama-img\/meishu-sama-um-admirador-do-belo\/\" class=\"more-button\" >Continue lendo <i><\/i><\/a>\n\t\t\t\t\t<\/div>\n\t\t<\/div><div class=\"widget widget_circleicon-widget\">\t\t<div class=\"circle-icon-box circle-icon-position-top circle-icon-hide-box circle-icon-size-small\">\n\t\t\t<div class=\"circle-icon-wrapper\">\n\t\t\t\t<a href=\"https:\/\/www.jinsai.org\/pt-BR\/mundo-do-belo\/imagens\/meishu-sama-img\/meishu-sama-preparando-o-material-de-caligrafia\/\" class=\"link-icon\" >\t\t\t\t<div class=\"circle-icon icon-style-set\" style=\"background-image: url(https:\/\/www.jinsai.org\/pt-BR\/wp-content\/uploads\/2018\/06\/MeishuSama06-150x150.jpg)\">\n\t\t\t\t\t\t\t\t\t<\/div>\n\t\t\t\t<\/a>\t\t\t<\/div>\n\n\t\t\t<a href=\"https:\/\/www.jinsai.org\/pt-BR\/mundo-do-belo\/imagens\/meishu-sama-img\/meishu-sama-preparando-o-material-de-caligrafia\/\" class=\"link-title\" >\t\t\t<h5 >Meishu-Sama<\/h5>\t\t\t<h4 >MEISHU-SAMA PREPARANDO O MATERIAL DE CALIGRAFIA<\/h4>\t\t\t<\/a>\n\t\t\t<p class=\"text\" >Desde 1947, quando a Obra Divina entrou em uma fase de grande expans\u00e3o, o Mestre passou a dedicar-Se intensamente \u00e0 salva\u00e7\u00e3o da humanidade. Um dos aspectos dessa dedica\u00e7\u00e3o era a confec\u00e7\u00e3o de imagens de Kannon e de caligrafias da Luz Divina, para ser distribu\u00eddas entre os disc\u00edpulos que fossem abrir casas de difus\u00e3o. Assim, Meishu-Sama [&hellip;]<\/p>\t\t\t\t\t\t\t<a href=\"https:\/\/www.jinsai.org\/pt-BR\/mundo-do-belo\/imagens\/meishu-sama-img\/meishu-sama-preparando-o-material-de-caligrafia\/\" class=\"more-button\" >Continue lendo <i><\/i><\/a>\n\t\t\t\t\t<\/div>\n\t\t<\/div><div class=\"widget widget_circleicon-widget\">\t\t<div class=\"circle-icon-box circle-icon-position-top circle-icon-hide-box circle-icon-size-small\">\n\t\t\t<div class=\"circle-icon-wrapper\">\n\t\t\t\t<a href=\"https:\/\/www.jinsai.org\/pt-BR\/mundo-do-belo\/imagens\/meishu-sama-img\/meishu-sama-estava-sempre-alegre\/\" class=\"link-icon\" >\t\t\t\t<div class=\"circle-icon icon-style-set\" style=\"background-image: url(https:\/\/www.jinsai.org\/pt-BR\/wp-content\/uploads\/2018\/06\/MeishuSama05-150x150.jpg)\">\n\t\t\t\t\t\t\t\t\t<\/div>\n\t\t\t\t<\/a>\t\t\t<\/div>\n\n\t\t\t<a href=\"https:\/\/www.jinsai.org\/pt-BR\/mundo-do-belo\/imagens\/meishu-sama-img\/meishu-sama-estava-sempre-alegre\/\" class=\"link-title\" >\t\t\t<h5 >Meishu-Sama<\/h5>\t\t\t<h4 >MEISHU-SAMA ESTAVA SEMPRE ALEGRE<\/h4>\t\t\t<\/a>\n\t\t\t<p class=\"text\" >Por mais atarefado que estivesse, Meishu-Sama sempre executava Seu trabalho com alegria, como um hobby. Assim, o trabalho normalmente apresentava bons resultados, sem exigir desgaste exagerado por parte Dele. Uma das manifesta\u00e7\u00f5es de Kannon \u00e9 Yuguyo Kannon, o Kannon que se diverte. Dessa forma, o Mestre inspirava-Se nessa manifesta\u00e7\u00e3o para desenvolver Suas atividades de salva\u00e7\u00e3o. [&hellip;]<\/p>\t\t\t\t\t\t\t<a href=\"https:\/\/www.jinsai.org\/pt-BR\/mundo-do-belo\/imagens\/meishu-sama-img\/meishu-sama-estava-sempre-alegre\/\" class=\"more-button\" >Continue lendo <i><\/i><\/a>\n\t\t\t\t\t<\/div>\n\t\t<\/div><div class=\"clear\"><\/div><div class=\"widget widget_circleicon-widget\">\t\t<div class=\"circle-icon-box circle-icon-position-top circle-icon-hide-box circle-icon-size-small\">\n\t\t\t<div class=\"circle-icon-wrapper\">\n\t\t\t\t<a href=\"https:\/\/www.jinsai.org\/pt-BR\/mundo-do-belo\/imagens\/meishu-sama-img\/meishu-sama-no-jardim\/\" class=\"link-icon\" >\t\t\t\t<div class=\"circle-icon icon-style-set\" style=\"background-image: url(https:\/\/www.jinsai.org\/pt-BR\/wp-content\/uploads\/2018\/06\/MeishuSama04-150x150.jpg)\">\n\t\t\t\t\t\t\t\t\t<\/div>\n\t\t\t\t<\/a>\t\t\t<\/div>\n\n\t\t\t<a href=\"https:\/\/www.jinsai.org\/pt-BR\/mundo-do-belo\/imagens\/meishu-sama-img\/meishu-sama-no-jardim\/\" class=\"link-title\" >\t\t\t<h5 >Meishu-Sama<\/h5>\t\t\t<h4 >MEISHU-SAMA NO JARDIM<\/h4>\t\t\t<\/a>\n\t\t\t<p class=\"text\" >Meishu-Sama, que sempre foi um grande apreciador da beleza, constantemente passeava pelo jardim de Sua casa, para deleitar as maravilhas das paisagens naturais. Ele mesmo podava as \u00e1rvores e cuidava das flores, tornando a vista sempre apraz\u00edvel aos olhos de todos. &#8220;Apreciar a Beleza \u00e9 uma das formas de elevar o esp\u00edrito&#8221;, dizia sempre.<\/p>\t\t\t\t\t\t\t<a href=\"https:\/\/www.jinsai.org\/pt-BR\/mundo-do-belo\/imagens\/meishu-sama-img\/meishu-sama-no-jardim\/\" class=\"more-button\" >Continue lendo <i><\/i><\/a>\n\t\t\t\t\t<\/div>\n\t\t<\/div><div class=\"widget widget_circleicon-widget\">\t\t<div class=\"circle-icon-box circle-icon-position-top circle-icon-hide-box circle-icon-size-small\">\n\t\t\t<div class=\"circle-icon-wrapper\">\n\t\t\t\t<a href=\"https:\/\/www.jinsai.org\/pt-BR\/mundo-do-belo\/imagens\/meishu-sama-img\/meishu-sama-caligrafando-uma-imagem-da-luz-divina\/\" class=\"link-icon\" >\t\t\t\t<div class=\"circle-icon icon-style-set\" style=\"background-image: url(https:\/\/www.jinsai.org\/pt-BR\/wp-content\/uploads\/2018\/06\/MeishuSama03-150x150.jpg)\">\n\t\t\t\t\t\t\t\t\t<\/div>\n\t\t\t\t<\/a>\t\t\t<\/div>\n\n\t\t\t<a href=\"https:\/\/www.jinsai.org\/pt-BR\/mundo-do-belo\/imagens\/meishu-sama-img\/meishu-sama-caligrafando-uma-imagem-da-luz-divina\/\" class=\"link-title\" >\t\t\t<h5 >Meishu-Sama<\/h5>\t\t\t<h4 >MEISHU-SAMA CALIGRAFANDO UMA IMAGEM DA LUZ DIVINA<\/h4>\t\t\t<\/a>\n\t\t\t<p class=\"text\" >As imagens da Luz Divina eram rapidamente caligrafadas pelo Mestre, que fazia at\u00e9 cem em apenas meia hora. Tendo, no interior de Seu ventre, uma Bola de Luz Divina, Meishu-Sama dizia que Suas letras &#8220;tinham vida&#8221;, pois nelas emanava a Luz contida em Seu corpo. Tal Luz, evidentemente, \u00e9 a manifesta\u00e7\u00e3o do poder de Kanzeon [&hellip;]<\/p>\t\t\t\t\t\t\t<a href=\"https:\/\/www.jinsai.org\/pt-BR\/mundo-do-belo\/imagens\/meishu-sama-img\/meishu-sama-caligrafando-uma-imagem-da-luz-divina\/\" class=\"more-button\" >Continue lendo <i><\/i><\/a>\n\t\t\t\t\t<\/div>\n\t\t<\/div><div class=\"widget widget_circleicon-widget\">\t\t<div class=\"circle-icon-box circle-icon-position-top circle-icon-hide-box circle-icon-size-small\">\n\t\t\t<div class=\"circle-icon-wrapper\">\n\t\t\t\t<a href=\"https:\/\/www.jinsai.org\/pt-BR\/mundo-do-belo\/imagens\/meishu-sama-img\/meishu-sama-em-13-de-junho-de-1952-preparando-as-pecas-que-seriam-expostas-na-inauguracao-do-museu\/\" class=\"link-icon\" >\t\t\t\t<div class=\"circle-icon icon-style-set\" style=\"background-image: url(https:\/\/www.jinsai.org\/pt-BR\/wp-content\/uploads\/2018\/06\/MeishuSama02.gif)\">\n\t\t\t\t\t\t\t\t\t<\/div>\n\t\t\t\t<\/a>\t\t\t<\/div>\n\n\t\t\t<a href=\"https:\/\/www.jinsai.org\/pt-BR\/mundo-do-belo\/imagens\/meishu-sama-img\/meishu-sama-em-13-de-junho-de-1952-preparando-as-pecas-que-seriam-expostas-na-inauguracao-do-museu\/\" class=\"link-title\" >\t\t\t<h5 >Meishu-Sama<\/h5>\t\t\t<h4 >MEISHU-SAMA, EM 13 DE JUNHO DE 1952, PREPARANDO AS PE\u00c7AS QUE SERIAM EXPOSTAS NA INAUGURA\u00c7\u00c3O DO MUSEU<\/h4>\t\t\t<\/a>\n\t\t\t<p class=\"text\" >O Museu de Arte de Hakone foi conclu\u00eddo no dia 10 de junho de 1952 e, no dia 11, teve in\u00edcio a disposi\u00e7\u00e3o das obras que seriam expostas. Nessa \u00e9poca, o Mestre passava o dia todo no museu, coordenando os trabalhos. Preparava tudo nos m\u00ednimos detalhes, contando com a ajuda de v\u00e1rios comerciantes de arte. [&hellip;]<\/p>\t\t\t\t\t\t\t<a href=\"https:\/\/www.jinsai.org\/pt-BR\/mundo-do-belo\/imagens\/meishu-sama-img\/meishu-sama-em-13-de-junho-de-1952-preparando-as-pecas-que-seriam-expostas-na-inauguracao-do-museu\/\" class=\"more-button\" >Continue lendo <i><\/i><\/a>\n\t\t\t\t\t<\/div>\n\t\t<\/div><div class=\"clear\"><\/div><div class=\"widget widget_circleicon-widget\">\t\t<div class=\"circle-icon-box circle-icon-position-top circle-icon-hide-box circle-icon-size-small\">\n\t\t\t<div class=\"circle-icon-wrapper\">\n\t\t\t\t<a href=\"https:\/\/www.jinsai.org\/pt-BR\/mundo-do-belo\/imagens\/meishu-sama-img\/a-mao-que-salva-o-mundo\/\" class=\"link-icon\" >\t\t\t\t<div class=\"circle-icon icon-style-set\" style=\"background-image: url(https:\/\/www.jinsai.org\/pt-BR\/wp-content\/uploads\/2018\/06\/MeishuSama01-150x150.jpg)\">\n\t\t\t\t\t\t\t\t\t<\/div>\n\t\t\t\t<\/a>\t\t\t<\/div>\n\n\t\t\t<a href=\"https:\/\/www.jinsai.org\/pt-BR\/mundo-do-belo\/imagens\/meishu-sama-img\/a-mao-que-salva-o-mundo\/\" class=\"link-title\" >\t\t\t<h5 >Meishu-Sama<\/h5>\t\t\t<h4 >A M\u00c3O QUE SALVA O MUNDO<\/h4>\t\t\t<\/a>\n\t\t\t<p class=\"text\" >Em 22 de junho de 1952, o editor-chefe de um importante peri\u00f3dico franc\u00eas realizou uma entrevista a respeito da miss\u00e3o a que Meishu-Sama se dedicava na Terra. Nessa ocasi\u00e3o, o jornalista quis fotografar tamb\u00e9m a m\u00e3o de Meishu-Sama, para, mais tarde, public\u00e1-la sob o t\u00edtulo: &#8220;A m\u00e3o que elimina o sofrimento do mundo&#8221;. Tendo recebido [&hellip;]<\/p>\t\t\t\t\t\t\t<a href=\"https:\/\/www.jinsai.org\/pt-BR\/mundo-do-belo\/imagens\/meishu-sama-img\/a-mao-que-salva-o-mundo\/\" class=\"more-button\" >Continue lendo <i><\/i><\/a>\n\t\t\t\t\t<\/div>\n\t\t<\/div>\t<\/div>\n\t<\/div><div id=\"panel-915-0-0-1\" class=\"widget_text so-panel widget_custom_html panel-last-child\" data-index=\"1\" ><div class=\"textwidget custom-html-widget\"><iframe src=\"http:\/\/www.facebook.com\/plugins\/like.php?href= http:\/\/www.jinsai.org\/pt-BR\/mundo-do-belo\/imagens\/meishu-sama\/&%0Alayout=standard&show_faces=false&width=380&action=like&colorscheme=light&height=25\" style=\"border: medium none ; overflow: hidden; width: 350px; height: 25px;\" allowtransparency=\"true\" frameborder=\"0\" scrolling=\"no\"><\/iframe>\n\n<div id=\"fb-root\"><\/div><script src=\"http:\/\/connect.facebook.net\/pt_BR\/all.js#appId=APP_ID&amp;xfbml=1\"><\/script><fb:comments href=\"http:\/\/www.jinsai.org\/pt-BR\/mundo-do-belo\/imagens\/meishu-sama\/\u201d num_posts=\"100\" width=\"500\"><\/fb:comments><meta property='fb:app_id' content='171964893011161'\/> \n\n<div id=\"fb-root\"><\/div>\n<script>(function(d, s, id) {\n  var js, fjs = d.getElementsByTagName(s)[0];\n  if (d.getElementById(id)) return;\n  js = d.createElement(s); js.id = id;\n  js.src = 'https:\/\/connect.facebook.net\/en_US\/sdk.js#xfbml=1&version=v3.0&appId=171964893011161&autoLogAppEvents=1';\n  fjs.parentNode.insertBefore(js, fjs);\n}(document, 'script', 'facebook-jssdk'));<\/script>\n<div class=\"fb-share-button\" data-href=\"http:\/\/www.jinsai.org\/pt-BR\/mundo-do-belo\/imagens\/meishu-sama\/\" data-layout=\"button_count\" data-size=\"large\" data-mobile-iframe=\"true\"><a target=\"_blank\" href=\"https:\/\/www.facebook.com\/sharer\/sharer.php?u=http%3A%2F%2Fwww.jinsai.org%2Fpt-BR%2Fmundo-do-belo%2Fimagens%2Fmeishu-sama%2F&amp;src=sdkpreparse\" class=\"fb-xfbml-parse-ignore\">Share<\/a><\/div>\n<\/div><\/div><\/div><\/div><\/div>","protected":false},"excerpt":{"rendered":"","protected":false},"author":1,"featured_media":0,"parent":905,"menu_order":0,"comment_status":"open","ping_status":"closed","template":"","meta":{"footnotes":""},"class_list":["post-915","page","type-page","status-publish","hentry","post","post-with-thumbnail","post-with-thumbnail-icon"],"_links":{"self":[{"href":"https:\/\/www.jinsai.org\/pt-BR\/wp-json\/wp\/v2\/pages\/915","targetHints":{"allow":["GET"]}}],"collection":[{"href":"https:\/\/www.jinsai.org\/pt-BR\/wp-json\/wp\/v2\/pages"}],"about":[{"href":"https:\/\/www.jinsai.org\/pt-BR\/wp-json\/wp\/v2\/types\/page"}],"author":[{"embeddable":true,"href":"https:\/\/www.jinsai.org\/pt-BR\/wp-json\/wp\/v2\/users\/1"}],"replies":[{"embeddable":true,"href":"https:\/\/www.jinsai.org\/pt-BR\/wp-json\/wp\/v2\/comments?post=915"}],"version-history":[{"count":12,"href":"https:\/\/www.jinsai.org\/pt-BR\/wp-json\/wp\/v2\/pages\/915\/revisions"}],"predecessor-version":[{"id":9321,"href":"https:\/\/www.jinsai.org\/pt-BR\/wp-json\/wp\/v2\/pages\/915\/revisions\/9321"}],"up":[{"embeddable":true,"href":"https:\/\/www.jinsai.org\/pt-BR\/wp-json\/wp\/v2\/pages\/905"}],"wp:attachment":[{"href":"https:\/\/www.jinsai.org\/pt-BR\/wp-json\/wp\/v2\/media?parent=915"}],"curies":[{"name":"wp","href":"https:\/\/api.w.org\/{rel}","templated":true}]}}